
{"id":1198,"date":"2017-10-05T12:36:16","date_gmt":"2017-10-05T11:36:16","guid":{"rendered":"https:\/\/assemblee-nationale.bj\/?page_id=1198"},"modified":"2020-03-21T11:45:41","modified_gmt":"2020-03-21T10:45:41","slug":"repertoire-des-lois-votees","status":"publish","type":"page","link":"https:\/\/assemblee-nationale.bj\/index.php\/repertoire-des-lois\/lois-votees\/repertoire-des-lois-votees\/","title":{"rendered":"R\u00e9pertoire des lois vot\u00e9es"},"content":{"rendered":"<div id=\"pl-1198\"  class=\"panel-layout\" ><div id=\"pg-1198-0\"  class=\"panel-grid panel-no-style\" ><div id=\"pgc-1198-0-0\"  class=\"panel-grid-cell panel-grid-cell-empty\" ><\/div><div id=\"pgc-1198-0-1\"  class=\"panel-grid-cell panel-grid-cell-mobile-last\" ><div id=\"panel-1198-0-1-0\" class=\"so-panel widget widget_text panel-first-child\" data-index=\"0\" ><div class=\"panel-widget-style panel-widget-style-for-1198-0-1-0\" >\t\t\t<div class=\"textwidget\"><p>R\u00e9pertoire des lois vot\u00e9es<\/p>\n<\/div>\n\t\t<\/div><\/div><div id=\"panel-1198-0-1-1\" class=\"so-panel widget widget_text panel-last-child\" data-index=\"1\" >\t\t\t<div class=\"textwidget\"><p>&nbsp;<\/p>\n<p>&nbsp;<\/p>\n<\/div>\n\t\t<\/div><\/div><div id=\"pgc-1198-0-2\"  class=\"panel-grid-cell panel-grid-cell-empty\" ><\/div><\/div><div id=\"pg-1198-1\"  class=\"panel-grid panel-no-style\" ><div id=\"pgc-1198-1-0\"  class=\"panel-grid-cell panel-grid-cell-empty\" ><\/div><div id=\"pgc-1198-1-1\"  class=\"panel-grid-cell panel-grid-cell-mobile-last\" ><div id=\"panel-1198-1-1-0\" class=\"so-panel widget widget_text panel-first-child\" data-index=\"2\" >\t\t\t<div class=\"textwidget\"><p>Pour t\u00e9l\u00e9charger le r\u00e9pertoire de la huit\u00e8me l\u00e9gislature : <img loading=\"lazy\" decoding=\"async\" class=\"alignnone size-full wp-image-3519\" src=\"https:\/\/assemblee-nationale.bj\/wp-content\/uploads\/2020\/03\/pdf.png\" alt=\"\" width=\"16\" height=\"16\" \/> <span class=\"wf_file_text\"><a class=\"wf_file\" title=\"Il s'agit du r\u00e9pertoire des lois vot\u00e9es \u00e0 la huiti\u00e8me l\u00e9gislature\" href=\"https:\/\/assemblee-nationale.bj\/wp-content\/uploads\/2019\/07\/Huiti\u00e8me-l\u00e9gislature.pdf\" target=\"_blank\" rel=\"noopener\"><span class=\"wf_file_text\">\u00a0Veuillez cliquer ici <\/span><\/a><\/span><\/p>\n<\/div>\n\t\t<\/div><div id=\"panel-1198-1-1-1\" class=\"so-panel widget widget_text\" data-index=\"3\" >\t\t\t<div class=\"textwidget\">\n<table id=\"tablepress-2\" class=\"tablepress tablepress-id-2\">\n<thead>\n<tr class=\"row-1 odd\">\n\t<th class=\"column-1\">N\u00b0 D'ORDRE<\/th><th class=\"column-2\">REFERENCE<\/th><th class=\"column-3\">INTITULE<\/th><th class=\"column-4\">DATE D'ADOPTION<\/th><th class=\"column-5\">OBSERVATIONS<\/th>\n<\/tr>\n<\/thead>\n<tbody class=\"row-hover\">\n<tr class=\"row-2 even\">\n\t<td class=\"column-1\">1<\/td><td class=\"column-2\">2019-22 <\/td><td class=\"column-3\">loi   n\u00b0   2019-22  portant autorisation de ratification, de l'accord de pr\u00eat sign\u00e9 \u00e0 Cotonou, le 28 janvier 2019, entre la R\u00e9publique du B\u00e9nin et le Fonds Koweitien pour le D\u00e9veloppement Economique Arabe (FKDEA), dans le cadre du financement du Projet de Renforcement des Syst\u00e8mes d'Alimentation en Eau Potable (AEP) des villes de Boukoumb\u00e9, Cov\u00e8 et Zagnanado<\/td><td class=\"column-4\">24\/06\/2019<\/td><td class=\"column-5\">10 000 000 F CFA<\/td>\n<\/tr>\n<tr class=\"row-3 odd\">\n\t<td class=\"column-1\">2<\/td><td class=\"column-2\">2019-23 <\/td><td class=\"column-3\">loi   n\u00b0   2019-23  portant autorisation d'adh\u00e9sion \u00e0 la Convention des Nations Unies sur l'utilisation de communications \u00e9lectroniques dans les contrats internationaux adopt\u00e9e \u00e0 New York, le 23 novembre 2005<\/td><td class=\"column-4\">24\/06\/2019<\/td><td class=\"column-5\"><\/td>\n<\/tr>\n<tr class=\"row-4 even\">\n\t<td class=\"column-1\">3<\/td><td class=\"column-2\">2019-24<\/td><td class=\"column-3\">loi   n\u00b0   2019-24  portant autorisation de ratification, de l'accord relatif \u00e0 l'application de garanties dans le cadre du trait\u00e9 sur la Non-prolif\u00e9ration des armes nucl\u00e9aires sign\u00e9 le 15 mai 2005, du protocole additionnel \u00e0 cet accord et du protocole relatif aux petites quantit\u00e9s de mati\u00e8res<\/td><td class=\"column-4\">24\/06\/2019<\/td><td class=\"column-5\"><\/td>\n<\/tr>\n<tr class=\"row-5 odd\">\n\t<td class=\"column-1\">4<\/td><td class=\"column-2\">2019-25<\/td><td class=\"column-3\">loi   n\u00b0   2019-25  portant autorisation d'adh\u00e9sion aux Conventions, protocoles et accords de l'Agence Internationale de l'Energie Atomique (AIEA)<\/td><td class=\"column-4\">24\/06\/2019<\/td><td class=\"column-5\"><\/td>\n<\/tr>\n<tr class=\"row-6 even\">\n\t<td class=\"column-1\">5<\/td><td class=\"column-2\">2019-26<\/td><td class=\"column-3\">loi   n\u00b0   2019-26  portant autorisation de ratification, de la Charte africaine sur la s\u00fbret\u00e9 et la s\u00e9curit\u00e9 maritimes et le d\u00e9veloppement, sign\u00e9e par les Chef d'Etats et de Gouvernement de l'Union Africaine, \u00e0 Lom\u00e9, le 15 octobre 2016<\/td><td class=\"column-4\">24\/06\/2019<\/td><td class=\"column-5\"><\/td>\n<\/tr>\n<tr class=\"row-7 odd\">\n\t<td class=\"column-1\">6<\/td><td class=\"column-2\">2019-27<\/td><td class=\"column-3\">loi   n\u00b0   2019-27  portant autorisation de ratification, de la Charte africaine sur les valeurs et principes de la d\u00e9centralisation, de la gouvernance locale et du d\u00e9veloppement local adopt\u00e9e \u00e0 Malabo (Guin\u00e9e Equatoriale), le 27 juin 2014<\/td><td class=\"column-4\">24\/06\/2019<\/td><td class=\"column-5\"><\/td>\n<\/tr>\n<tr class=\"row-8 even\">\n\t<td class=\"column-1\">7<\/td><td class=\"column-2\">2019- 28<\/td><td class=\"column-3\">loi   n\u00b0   2019-28  portant autorisation de ratification de la Convention des Nations-unies sur la transparence dans l'arbitrage international entre  investisseurs et Etats , fond\u00e9 sur des Trait\u00e9s, sign\u00e9e \u00e0 Port-Louis en Ile Maurice, le 17 mars 2005<\/td><td class=\"column-4\">02\/07\/2019<\/td><td class=\"column-5\"><\/td>\n<\/tr>\n<tr class=\"row-9 odd\">\n\t<td class=\"column-1\">8<\/td><td class=\"column-2\">2019-29<\/td><td class=\"column-3\">loi   n\u00b0   2019-29  portant autorisation d'adh\u00e9sion \u00e0 l'accord sur la promotion, la protection et la garantie des investissements, conclu  le 05 juin 1981 \u00e0 Bagdad, en Irak, entre les Etats membres  de l'organisation de la Coop\u00e9ration islamique<\/td><td class=\"column-4\">02\/07\/2019<\/td><td class=\"column-5\"><\/td>\n<\/tr>\n<tr class=\"row-10 even\">\n\t<td class=\"column-1\">9<\/td><td class=\"column-2\">2019-30<\/td><td class=\"column-3\">loi   n\u00b0   2019-30  portant autorisation de ratification, de l'Accord relatif aux mesures  du ressort de l'Etat du port visant \u00e0 pr\u00e9venir, \u00e9liminer et contrecarrer la p\u00eache illicite  non d\u00e9clar\u00e9e et non r\u00e9glement\u00e9e, sign\u00e9 \u00e0 Rome, le 22  novembre 2009<\/td><td class=\"column-4\">02\/07\/2019<\/td><td class=\"column-5\"><\/td>\n<\/tr>\n<tr class=\"row-11 odd\">\n\t<td class=\"column-1\">10<\/td><td class=\"column-2\">2019- 31<\/td><td class=\"column-3\">loi   n\u00b0   2019-31  portant autorisation de ratification du Protocole \u00e0 la Charte africaine des droits de l'homme et des peuples, relatif aux droits des personnes \u00e2g\u00e9es, adopt\u00e9 \u00e0 Addis-Abeba, le 31 janvier 2016<\/td><td class=\"column-4\">04\/07\/2019<\/td><td class=\"column-5\"><\/td>\n<\/tr>\n<tr class=\"row-12 even\">\n\t<td class=\"column-1\">11<\/td><td class=\"column-2\">2019-32<\/td><td class=\"column-3\">loi   n\u00b0   2019-32  portant autorisation de ratification de la Convention des Nations-unies sur le contrat de transport de marchandises effectu\u00e9 enti\u00e8rement ou partiellement par mer, adopt\u00e9e \u00e0 New York, le 11 d\u00e9cembre 2008<\/td><td class=\"column-4\">04\/07\/2019<\/td><td class=\"column-5\"><\/td>\n<\/tr>\n<tr class=\"row-13 odd\">\n\t<td class=\"column-1\">12<\/td><td class=\"column-2\">2019-33<\/td><td class=\"column-3\">loi n\u00b0 2019-33  portant autorisation de ratification du trait\u00e9 r\u00e9vis\u00e9 de la Conf\u00e9rence Interafricaine de la Pr\u00e9voyance Sociale (CIPRES), sign\u00e9 le 14 f\u00e9vrier 2014 \u00e0 Abidjan en C\u00f4te d'Ivoire <\/td><td class=\"column-4\">11\/07\/2019<\/td><td class=\"column-5\"><\/td>\n<\/tr>\n<tr class=\"row-14 even\">\n\t<td class=\"column-1\">13<\/td><td class=\"column-2\">2019-34<\/td><td class=\"column-3\">loi n\u00b0 2019-34  portant autorisation de ratification de la Convention des Nations unies sur les immunit\u00e9s juridictionnelles des Etats et de leurs biens adopt\u00e9e par l'Assembl\u00e9e g\u00e9n\u00e9rale des Nations unies, le 02 d\u00e9cembre 2004<\/td><td class=\"column-4\">12\/07\/2019<\/td><td class=\"column-5\">Fin de la premi\u00e8re session ordinaire de l'ann\u00e9e 2019. Porto-Novo, le 12 juillet 2019<\/td>\n<\/tr>\n<tr class=\"row-15 odd\">\n\t<td class=\"column-1\">14<\/td><td class=\"column-2\">2019-35<\/td><td class=\"column-3\">loi n\u00b0 2019-35 portant autorisation de ratification de l\u2019accord de pr\u00eat sign\u00e9 \u00e0 Marrakech, le 05 avril 2019 entre la R\u00e9publique du B\u00e9nin et la Banque Arabe pour le D\u00e9veloppement Economique en Afrique (BADEA), dans le cadre du financement du projet d\u2019appui \u00e0 l\u2019Universit\u00e9 nationale d\u2019Agriculture (UNA) et \u00e0 l\u2019Universit\u00e9 nationale des sciences, Technologies, Ing\u00e9nierie et Math\u00e9matiques (UNSTIM)<\/td><td class=\"column-4\">25-sept-19<\/td><td class=\"column-5\">22 000 000 000 F CFA<\/td>\n<\/tr>\n<tr class=\"row-16 even\">\n\t<td class=\"column-1\">15<\/td><td class=\"column-2\">2019-36<\/td><td class=\"column-3\">loi n\u00b0 2019-36 portant autorisation de ratification de l'accord de pr\u00eat sign\u00e9 \u00e0 Cotonou, le 07 mai 2019 entre la R\u00e9publique du B\u00e9nin et le Fonds Africain de D\u00e9veloppement (FAD), dans le cadre du financement du Projet d'Appui au D\u00e9veloppement de la Fili\u00e8re Anacarde et de l'Entreprenariat Agricole<\/td><td class=\"column-4\">25-sept-19<\/td><td class=\"column-5\">5 671 001 680 F CFA<\/td>\n<\/tr>\n<tr class=\"row-17 odd\">\n\t<td class=\"column-1\">16<\/td><td class=\"column-2\">2019-37<\/td><td class=\"column-3\">loi n\u00b0 2019-37 portant autorisation de ratification de l'accord de pr\u00eat sign\u00e9 le 20 mai 2019 \u00e0 Cotonou entre la R\u00e9publique du B\u00e9nin et la Banque d'Investissement et de D\u00e9veloppement de la CEDEAO (BIDC), dans le cadre du financement compl\u00e9mentaire du Projet d'Equipement et de R\u00e9habilitation des Formations Sanitaires du B\u00e9nin (PERFSB)<\/td><td class=\"column-4\">25-sept-19<\/td><td class=\"column-5\">2 825 000 000 F CFA<\/td>\n<\/tr>\n<tr class=\"row-18 even\">\n\t<td class=\"column-1\">17<\/td><td class=\"column-2\">2019-38<\/td><td class=\"column-3\">loi n\u00b0 2019-38 portant autorisation de ratification de l'accord de pr\u00eat sign\u00e9 \u00e0 Lom\u00e9, le 16 juillet 2019, entre la R\u00e9publique du B\u00e9nin et la Banque Ouest Africaine de D\u00e9veloppement (BOAD), dans le cadre du financement partiel du projet d'am\u00e9nagement et de bitumage de la route Djougou- P\u00e9hunco-K\u00e9rou-Banikoara (209,68 km)<\/td><td class=\"column-4\">25-sept-19<\/td><td class=\"column-5\">17 000 000 000 F CFA<\/td>\n<\/tr>\n<tr class=\"row-19 odd\">\n\t<td class=\"column-1\">18<\/td><td class=\"column-2\">2019-39<\/td><td class=\"column-3\">Loi n\u00b0 2019-39 portant amnistie des faits criminels, d\u00e9lictuels et contraventionnels commis lors des \u00e9lections l\u00e9gislatives d'avril 2019 (P)<\/td><td class=\"column-4\">31-oct-19<\/td><td class=\"column-5\"><\/td>\n<\/tr>\n<tr class=\"row-20 even\">\n\t<td class=\"column-1\">19<\/td><td class=\"column-2\">2019-40<\/td><td class=\"column-3\">Loi n\u00b0 2019-40 portant r\u00e9vision de la loi n\u00b0 90-032 du 11 d\u00e9cembre 1990 portant Constitution de la R\u00e9publique du B\u00e9nin (P)<\/td><td class=\"column-4\">31-oct-19<\/td><td class=\"column-5\"><\/td>\n<\/tr>\n<tr class=\"row-21 odd\">\n\t<td class=\"column-1\">20<\/td><td class=\"column-2\">2019-41<\/td><td class=\"column-3\">Loi n\u00b0 2019-41 modifiant et compl\u00e9tant la loi n\u00b0 2018-23 du 17 septembre 2018 portant charte des partis politiques en R\u00e9publique du B\u00e9nin (P)<\/td><td class=\"column-4\">07-nov-19<\/td><td class=\"column-5\"><\/td>\n<\/tr>\n<tr class=\"row-22 even\">\n\t<td class=\"column-1\">21<\/td><td class=\"column-2\">2019-42<\/td><td class=\"column-3\">Loi n\u00b0 2019-42 portant autorisation de ratification  de l\u2019accord bilat\u00e9ral sign\u00e9 entre la R\u00e9publique du Niger et la R\u00e9publique du B\u00e9nin, dans le cadre de la construction et de l\u2019exploitation d\u2019un syst\u00e8me de transport des hydrocarbures par pipeline<\/td><td class=\"column-4\">07-nov-19<\/td><td class=\"column-5\"><\/td>\n<\/tr>\n<tr class=\"row-23 odd\">\n\t<td class=\"column-1\">22<\/td><td class=\"column-2\">2019-43<\/td><td class=\"column-3\">Loi n\u00b0 2019-43 portant code \u00e9lectoral en R\u00e9publique du B\u00e9nin (P)<\/td><td class=\"column-4\">13-nov-19<\/td><td class=\"column-5\"><\/td>\n<\/tr>\n<tr class=\"row-24 even\">\n\t<td class=\"column-1\">23<\/td><td class=\"column-2\">-<\/td><td class=\"column-3\">Relecture de la loi n\u00b0 2016-06 portant code p\u00e9trolier en R\u00e9publique du B\u00e9nin (P)<\/td><td class=\"column-4\">14-nov-19<\/td><td class=\"column-5\"><\/td>\n<\/tr>\n<tr class=\"row-25 odd\">\n\t<td class=\"column-1\">24<\/td><td class=\"column-2\">2019-44<\/td><td class=\"column-3\">Loi n\u00b0 2019-44 portant financement public des partis politiques en R\u00e9publique du B\u00e9nin (P)<\/td><td class=\"column-4\">14-nov-19<\/td><td class=\"column-5\"><\/td>\n<\/tr>\n<tr class=\"row-26 even\">\n\t<td class=\"column-1\">25<\/td><td class=\"column-2\">2019-45<\/td><td class=\"column-3\">Loi n\u00b0 2019-45 portant statut de l'opposition en R\u00e9publique du B\u00e9nin<\/td><td class=\"column-4\">21-nov-19<\/td><td class=\"column-5\"><\/td>\n<\/tr>\n<tr class=\"row-27 odd\">\n\t<td class=\"column-1\">26<\/td><td class=\"column-2\">2019-46<\/td><td class=\"column-3\">Loi n\u00b0 2019-46 portant loi de finances, gestion 2020<\/td><td class=\"column-4\">19-d\u00e9c-19<\/td><td class=\"column-5\"><\/td>\n<\/tr>\n<tr class=\"row-28 even\">\n\t<td class=\"column-1\">27<\/td><td class=\"column-2\">2020-01<\/td><td class=\"column-3\">loi n\u00b0 2020-01 portant autorisation d'adh\u00e9sion \u00e0 la Convention d'UNIDROIT sur les biens culturels vol\u00e9s ou illicitement export\u00e9s, adopt\u00e9e \u00e0 Rome, le 24 juin 1995<\/td><td class=\"column-4\">27-janv-20<\/td><td class=\"column-5\"><\/td>\n<\/tr>\n<tr class=\"row-29 odd\">\n\t<td class=\"column-1\">28<\/td><td class=\"column-2\">2020-02<\/td><td class=\"column-3\">loi n\u00b0 2020-02 portant code des investissements en R\u00e9publique du B\u00e9nin<\/td><td class=\"column-4\">29-janv-20<\/td><td class=\"column-5\"><\/td>\n<\/tr>\n<tr class=\"row-30 even\">\n\t<td class=\"column-1\">29<\/td><td class=\"column-2\">2020-03<\/td><td class=\"column-3\">loi n\u00b0 2020-03 portant promotion et d\u00e9veloppement des micros, petites et moyennes entreprises en R\u00e9publique du B\u00e9nin<\/td><td class=\"column-4\">29-janv-20<\/td><td class=\"column-5\"><\/td>\n<\/tr>\n<tr class=\"row-31 odd\">\n\t<td class=\"column-1\">30<\/td><td class=\"column-2\">2020-04<\/td><td class=\"column-3\">loi n\u00b0 2020-04 portant r\u00e9gime juridique, fiscal et  douanier du projet de construction de pipeline  d'exportation d'hydrocarbures Niger-B\u00e9nin<\/td><td class=\"column-4\">30-janv-20<\/td><td class=\"column-5\"><\/td>\n<\/tr>\n<tr class=\"row-32 even\">\n\t<td class=\"column-1\">31<\/td><td class=\"column-2\">2020-05<\/td><td class=\"column-3\">loi n\u00b0 2020-05 portant code de l'\u00e9lectricit\u00e9 en R\u00e9publique du B\u00e9nin<\/td><td class=\"column-4\">04-f\u00e9vr-20<\/td><td class=\"column-5\"><\/td>\n<\/tr>\n<tr class=\"row-33 odd\">\n\t<td class=\"column-1\">32<\/td><td class=\"column-2\">2020-06<\/td><td class=\"column-3\">loi n\u00b0 2020-06 modifiant et compl\u00e9tant la loi n\u00b0 2001-37 du 27 avril 2002 portant organisation judiciaire en R\u00e9publique du B\u00e9nin telle que modifi\u00e9e par la loi n\u00b0 2018-13 du 02 juillet 2018 relative \u00e0 la Cour de R\u00e9pression des Infractions Economiques et de Terrorisme<\/td><td class=\"column-4\">05-f\u00e9vr-20<\/td><td class=\"column-5\"><\/td>\n<\/tr>\n<tr class=\"row-34 even\">\n\t<td class=\"column-1\">33<\/td><td class=\"column-2\">2020-07<\/td><td class=\"column-3\">loi n\u00b0 2020-07 portant modification de la loi  n\u00b0 2019-11 du 25 f\u00e9vrier 2019 portant renforcement juridique et judiciaire de la gouvernance publique<\/td><td class=\"column-4\">05-f\u00e9vr-20<\/td><td class=\"column-5\"><\/td>\n<\/tr>\n<\/tbody>\n<\/table>\n<!-- #tablepress-2 from cache -->\n<\/div>\n\t\t<\/div><div id=\"panel-1198-1-1-2\" class=\"so-panel widget widget_text panel-last-child\" data-index=\"4\" >\t\t\t<div class=\"textwidget\"><\/div>\n\t\t<\/div><\/div><div id=\"pgc-1198-1-2\"  class=\"panel-grid-cell panel-grid-cell-empty\" ><\/div><\/div><div id=\"pg-1198-2\"  class=\"panel-grid panel-no-style\" ><div id=\"pgc-1198-2-0\"  class=\"panel-grid-cell panel-grid-cell-empty\" ><\/div><div id=\"pgc-1198-2-1\"  class=\"panel-grid-cell panel-grid-cell-mobile-last\" ><div id=\"panel-1198-2-1-0\" class=\"so-panel widget widget_text panel-first-child panel-last-child\" data-index=\"5\" >\t\t\t<div class=\"textwidget\"><p>&nbsp;<\/p>\n<p>&nbsp;<\/p>\n<\/div>\n\t\t<\/div><\/div><div id=\"pgc-1198-2-2\"  class=\"panel-grid-cell panel-grid-cell-empty\" ><\/div><\/div><\/div>","protected":false},"excerpt":{"rendered":"<p>R\u00e9pertoire des lois vot\u00e9es &nbsp; &nbsp; Pour t\u00e9l\u00e9charger le r\u00e9pertoire de la huit\u00e8me l\u00e9gislature : \u00a0Veuillez cliquer ici<\/p>\n","protected":false},"author":10,"featured_media":0,"parent":1426,"menu_order":0,"comment_status":"closed","ping_status":"closed","template":"","meta":{"footnotes":""},"categories":[1],"tags":[],"class_list":["post-1198","page","type-page","status-publish","hentry","category-uncategorized"],"_links":{"self":[{"href":"https:\/\/assemblee-nationale.bj\/index.php\/wp-json\/wp\/v2\/pages\/1198","targetHints":{"allow":["GET"]}}],"collection":[{"href":"https:\/\/assemblee-nationale.bj\/index.php\/wp-json\/wp\/v2\/pages"}],"about":[{"href":"https:\/\/assemblee-nationale.bj\/index.php\/wp-json\/wp\/v2\/types\/page"}],"author":[{"embeddable":true,"href":"https:\/\/assemblee-nationale.bj\/index.php\/wp-json\/wp\/v2\/users\/10"}],"replies":[{"embeddable":true,"href":"https:\/\/assemblee-nationale.bj\/index.php\/wp-json\/wp\/v2\/comments?post=1198"}],"version-history":[{"count":2,"href":"https:\/\/assemblee-nationale.bj\/index.php\/wp-json\/wp\/v2\/pages\/1198\/revisions"}],"predecessor-version":[{"id":1202,"href":"https:\/\/assemblee-nationale.bj\/index.php\/wp-json\/wp\/v2\/pages\/1198\/revisions\/1202"}],"up":[{"embeddable":true,"href":"https:\/\/assemblee-nationale.bj\/index.php\/wp-json\/wp\/v2\/pages\/1426"}],"wp:attachment":[{"href":"https:\/\/assemblee-nationale.bj\/index.php\/wp-json\/wp\/v2\/media?parent=1198"}],"wp:term":[{"taxonomy":"category","embeddable":true,"href":"https:\/\/assemblee-nationale.bj\/index.php\/wp-json\/wp\/v2\/categories?post=1198"},{"taxonomy":"post_tag","embeddable":true,"href":"https:\/\/assemblee-nationale.bj\/index.php\/wp-json\/wp\/v2\/tags?post=1198"}],"curies":[{"name":"wp","href":"https:\/\/api.w.org\/{rel}","templated":true}]}}