
{"id":1859,"date":"2017-10-23T17:34:13","date_gmt":"2017-10-23T16:34:13","guid":{"rendered":"https:\/\/assemblee-nationale.bj\/?page_id=1859"},"modified":"2018-12-17T13:42:53","modified_gmt":"2018-12-17T12:42:53","slug":"histoire_patrimoine","status":"publish","type":"page","link":"https:\/\/assemblee-nationale.bj\/index.php\/presentation\/histoire_patrimoine\/histoire_patrimoine\/","title":{"rendered":"Histoire et Patrimoine"},"content":{"rendered":"<div id=\"pl-1859\"  class=\"panel-layout\" ><div id=\"pg-1859-0\"  class=\"panel-grid panel-no-style\" ><div id=\"pgc-1859-0-0\"  class=\"panel-grid-cell panel-grid-cell-empty\" ><\/div><div id=\"pgc-1859-0-1\"  class=\"panel-grid-cell panel-grid-cell-mobile-last\" ><div id=\"panel-1859-0-1-0\" class=\"so-panel widget widget_text panel-first-child\" data-index=\"0\" ><div class=\"panel-widget-style panel-widget-style-for-1859-0-1-0\" >\t\t\t<div class=\"textwidget\"><p>Histoire et Patrimoine<\/p>\n<\/div>\n\t\t<\/div><\/div><div id=\"panel-1859-0-1-1\" class=\"so-panel widget widget_text panel-last-child\" data-index=\"1\" >\t\t\t<div class=\"textwidget\"><p>&nbsp;<\/p>\n<p>&nbsp;<\/p>\n<\/div>\n\t\t<\/div><\/div><div id=\"pgc-1859-0-2\"  class=\"panel-grid-cell panel-grid-cell-empty\" ><\/div><\/div><div id=\"pg-1859-1\"  class=\"panel-grid panel-has-style\" ><div class=\"panel-row-style panel-row-style-for-1859-1\" ><div id=\"pgc-1859-1-0\"  class=\"panel-grid-cell panel-grid-cell-empty\" ><\/div><div id=\"pgc-1859-1-1\"  class=\"panel-grid-cell panel-grid-cell-mobile-last\" ><div id=\"panel-1859-1-1-0\" class=\"so-panel widget widget_text panel-first-child panel-last-child\" data-index=\"2\" ><div class=\"panel-widget-style panel-widget-style-for-1859-1-1-0\" >\t\t\t<div class=\"textwidget\"><h3 style=\"color: #04373e;\"><strong>Historique<br \/>\n<\/strong><\/h3>\n<\/div>\n\t\t<\/div><\/div><\/div><div id=\"pgc-1859-1-2\"  class=\"panel-grid-cell panel-grid-cell-empty\" ><\/div><\/div><\/div><div id=\"pg-1859-2\"  class=\"panel-grid panel-has-style\" ><div class=\"panel-row-style panel-row-style-for-1859-2\" ><div id=\"pgc-1859-2-0\"  class=\"panel-grid-cell panel-grid-cell-empty\" ><\/div><div id=\"pgc-1859-2-1\"  class=\"panel-grid-cell panel-grid-cell-mobile-last\" ><div id=\"panel-1859-2-1-0\" class=\"so-panel widget widget_text panel-first-child panel-last-child\" data-index=\"3\" ><div class=\"panel-widget-style panel-widget-style-for-1859-2-1-0\" >\t\t\t<div class=\"textwidget\"><p>L&rsquo;Assembl\u00e9e Nationale est la deuxi\u00e8me Institution de l&rsquo;Etat. Son histoire montre qu&rsquo;elle a \u00e9t\u00e9 tr\u00e8s mouvement\u00e9e et faite jusqu&rsquo;ici d&rsquo;une succession d&rsquo;exp\u00e9riences aussi vari\u00e9es les unes que les autres.<\/p>\n<\/div>\n\t\t<\/div><\/div><\/div><div id=\"pgc-1859-2-2\"  class=\"panel-grid-cell panel-grid-cell-empty\" ><\/div><\/div><\/div><div id=\"pg-1859-3\"  class=\"panel-grid panel-has-style\" ><div class=\"panel-row-style panel-row-style-for-1859-3\" ><div id=\"pgc-1859-3-0\"  class=\"panel-grid-cell panel-grid-cell-empty\" ><\/div><div id=\"pgc-1859-3-1\"  class=\"panel-grid-cell panel-grid-cell-mobile-last\" ><div id=\"panel-1859-3-1-0\" class=\"so-panel widget widget_text panel-first-child panel-last-child\" data-index=\"4\" ><div class=\"panel-widget-style panel-widget-style-for-1859-3-1-0\" >\t\t\t<div class=\"textwidget\"><h3 style=\"color: #04373e;\"><strong>1\u00e8re exp\u00e9rience<br \/>\n<\/strong><\/h3>\n<\/div>\n\t\t<\/div><\/div><\/div><div id=\"pgc-1859-3-2\"  class=\"panel-grid-cell panel-grid-cell-empty\" ><\/div><\/div><\/div><div id=\"pg-1859-4\"  class=\"panel-grid panel-has-style\" ><div class=\"panel-row-style panel-row-style-for-1859-4\" ><div id=\"pgc-1859-4-0\"  class=\"panel-grid-cell panel-grid-cell-empty\" ><\/div><div id=\"pgc-1859-4-1\"  class=\"panel-grid-cell panel-grid-cell-mobile-last\" ><div id=\"panel-1859-4-1-0\" class=\"so-panel widget widget_text panel-first-child panel-last-child\" data-index=\"5\" ><div class=\"panel-widget-style panel-widget-style-for-1859-4-1-0\" >\t\t\t<div class=\"textwidget\"><p>La premi\u00e8re exp\u00e9rience faite dans le cadre institutionnel d\u00e9fini par la Constitution du 28 f\u00e9vrier 1959, a dur\u00e9 d&rsquo;avril 1959 \u00e0 novembre 1960. Elle a \u00e9t\u00e9 pr\u00e9sid\u00e9e par feu Justin Tom\u00e8tin AHOMADEGBE.<\/p>\n<\/div>\n\t\t<\/div><\/div><\/div><div id=\"pgc-1859-4-2\"  class=\"panel-grid-cell panel-grid-cell-empty\" ><\/div><\/div><\/div><div id=\"pg-1859-5\"  class=\"panel-grid panel-has-style\" ><div class=\"panel-row-style panel-row-style-for-1859-5\" ><div id=\"pgc-1859-5-0\"  class=\"panel-grid-cell panel-grid-cell-empty\" ><\/div><div id=\"pgc-1859-5-1\"  class=\"panel-grid-cell panel-grid-cell-mobile-last\" ><div id=\"panel-1859-5-1-0\" class=\"so-panel widget widget_text panel-first-child panel-last-child\" data-index=\"6\" ><div class=\"panel-widget-style panel-widget-style-for-1859-5-1-0\" >\t\t\t<div class=\"textwidget\"><h3 style=\"color: #04373e;\"><strong>2\u00e8me exp\u00e9rience<\/p>\n<p><\/strong><\/h3>\n<\/div>\n\t\t<\/div><\/div><\/div><div id=\"pgc-1859-5-2\"  class=\"panel-grid-cell panel-grid-cell-empty\" ><\/div><\/div><\/div><div id=\"pg-1859-6\"  class=\"panel-grid panel-has-style\" ><div class=\"panel-row-style panel-row-style-for-1859-6\" ><div id=\"pgc-1859-6-0\"  class=\"panel-grid-cell panel-grid-cell-empty\" ><\/div><div id=\"pgc-1859-6-1\"  class=\"panel-grid-cell panel-grid-cell-mobile-last\" ><div id=\"panel-1859-6-1-0\" class=\"so-panel widget widget_text panel-first-child panel-last-child\" data-index=\"7\" ><div class=\"panel-widget-style panel-widget-style-for-1859-6-1-0\" >\t\t\t<div class=\"textwidget\"><p>La deuxi\u00e8me exp\u00e9rience parlementaire a fonctionn\u00e9 du 04 novembre 1960 au 28 octobre 1963, dans le cadre de la Constitution du 26 novembre 1960, adopt\u00e9e apr\u00e8s l&rsquo;accession du Dahomey \u00e0 la souverainet\u00e9 internationale. Son Pr\u00e9sident fut feu Valentin Djibod\u00e9 AKPLOGAN.<\/p>\n<\/div>\n\t\t<\/div><\/div><\/div><div id=\"pgc-1859-6-2\"  class=\"panel-grid-cell panel-grid-cell-empty\" ><\/div><\/div><\/div><div id=\"pg-1859-7\"  class=\"panel-grid panel-has-style\" ><div class=\"panel-row-style panel-row-style-for-1859-7\" ><div id=\"pgc-1859-7-0\"  class=\"panel-grid-cell panel-grid-cell-empty\" ><\/div><div id=\"pgc-1859-7-1\"  class=\"panel-grid-cell panel-grid-cell-mobile-last\" ><div id=\"panel-1859-7-1-0\" class=\"so-panel widget widget_text panel-first-child panel-last-child\" data-index=\"8\" ><div class=\"panel-widget-style panel-widget-style-for-1859-7-1-0\" >\t\t\t<div class=\"textwidget\"><h3 style=\"color: #04373e;\"><strong>3\u00e8me exp\u00e9rience<\/strong><\/h3>\n<p>&nbsp;<\/p>\n<\/div>\n\t\t<\/div><\/div><\/div><div id=\"pgc-1859-7-2\"  class=\"panel-grid-cell panel-grid-cell-empty\" ><\/div><\/div><\/div><div id=\"pg-1859-8\"  class=\"panel-grid panel-has-style\" ><div class=\"panel-row-style panel-row-style-for-1859-8\" ><div id=\"pgc-1859-8-0\"  class=\"panel-grid-cell panel-grid-cell-empty\" ><\/div><div id=\"pgc-1859-8-1\"  class=\"panel-grid-cell panel-grid-cell-mobile-last\" ><div id=\"panel-1859-8-1-0\" class=\"so-panel widget widget_text panel-first-child panel-last-child\" data-index=\"9\" ><div class=\"panel-widget-style panel-widget-style-for-1859-8-1-0\" >\t\t\t<div class=\"textwidget\"><p>La troisi\u00e8me exp\u00e9rience parlementaire, dont le Pr\u00e9sident fut feu Ta\u00efrou CONGACOU, a dur\u00e9 de janvier 1964 \u00e0 novembre 1965. Les diff\u00e9rentes caract\u00e9ristiques de cette l\u00e9gislature \u00e9taient dans la Constitution du 11 janvier 1964.<\/p>\n<\/div>\n\t\t<\/div><\/div><\/div><div id=\"pgc-1859-8-2\"  class=\"panel-grid-cell panel-grid-cell-empty\" ><\/div><\/div><\/div><div id=\"pg-1859-9\"  class=\"panel-grid panel-has-style\" ><div class=\"panel-row-style panel-row-style-for-1859-9\" ><div id=\"pgc-1859-9-0\"  class=\"panel-grid-cell panel-grid-cell-empty\" ><\/div><div id=\"pgc-1859-9-1\"  class=\"panel-grid-cell panel-grid-cell-mobile-last\" ><div id=\"panel-1859-9-1-0\" class=\"so-panel widget widget_text panel-first-child panel-last-child\" data-index=\"10\" ><div class=\"panel-widget-style panel-widget-style-for-1859-9-1-0\" >\t\t\t<div class=\"textwidget\"><h3 style=\"color: #04373e;\"><strong>4\u00e8me exp\u00e9rience<\/strong><\/h3>\n<\/div>\n\t\t<\/div><\/div><\/div><div id=\"pgc-1859-9-2\"  class=\"panel-grid-cell panel-grid-cell-empty\" ><\/div><\/div><\/div><div id=\"pg-1859-10\"  class=\"panel-grid panel-has-style\" ><div class=\"panel-row-style panel-row-style-for-1859-10\" ><div id=\"pgc-1859-10-0\"  class=\"panel-grid-cell panel-grid-cell-empty\" ><\/div><div id=\"pgc-1859-10-1\"  class=\"panel-grid-cell panel-grid-cell-mobile-last\" ><div id=\"panel-1859-10-1-0\" class=\"so-panel widget widget_text panel-first-child panel-last-child\" data-index=\"11\" ><div class=\"panel-widget-style panel-widget-style-for-1859-10-1-0\" >\t\t\t<div class=\"textwidget\"><p>Apr\u00e8s les parenth\u00e8ses de 1964 \u00e0 1979 o\u00f9 diverses formes de r\u00e9gime avaient \u00e9t\u00e9 exp\u00e9riment\u00e9es, la mise en application de la Constitution du 09 septembre 1977 (appel\u00e9e Loi fondamentale) a permis de faire la quatri\u00e8me exp\u00e9rience parlementaire au B\u00e9nin.<\/p>\n<p>Le parlement \u00e9tait alors appel\u00e9 Assembl\u00e9e Nationale R\u00e9volutionnaire (ANR). La loi fondamentale a \u00e9t\u00e9 amend\u00e9e par la loi constitutionnelle du 06 mars 1984. Sous ce dispositif, la premi\u00e8re l\u00e9gislature de l&rsquo;Assembl\u00e9e Nationale R\u00e9volutionnaire a fonctionn\u00e9 du 04 f\u00e9vrier au 17 octobre 1982, avec pour pr\u00e9sident feu Ignace ADJO BOCO. La deuxi\u00e8me l\u00e9gislature de l&rsquo;ANR a fonctionn\u00e9 du 27 juillet 1984 au 28 f\u00e9vrier 1989 et a \u00e9t\u00e9 dirig\u00e9e par M. Romain VILON-GUEZO qui a d&rsquo;abord termin\u00e9 celle d&rsquo;Ignace ADJO BOCO. Il a \u00e9galement pr\u00e9sid\u00e9 la troisi\u00e8me l\u00e9gislature de l&rsquo;Assembl\u00e9e Nationale R\u00e9volutionnaire qui a dur\u00e9 de juillet 1989 \u00e0 f\u00e9vrier 1990.<\/p>\n<\/div>\n\t\t<\/div><\/div><\/div><div id=\"pgc-1859-10-2\"  class=\"panel-grid-cell panel-grid-cell-empty\" ><\/div><\/div><\/div><div id=\"pg-1859-11\"  class=\"panel-grid panel-has-style\" ><div class=\"panel-row-style panel-row-style-for-1859-11\" ><div id=\"pgc-1859-11-0\"  class=\"panel-grid-cell panel-grid-cell-empty\" ><\/div><div id=\"pgc-1859-11-1\"  class=\"panel-grid-cell panel-grid-cell-mobile-last\" ><div id=\"panel-1859-11-1-0\" class=\"so-panel widget widget_text panel-first-child panel-last-child\" data-index=\"12\" ><div class=\"panel-widget-style panel-widget-style-for-1859-11-1-0\" >\t\t\t<div class=\"textwidget\"><h3 style=\"color: #04373e;\"><strong>5\u00e8me exp\u00e9rience<\/strong><\/h3>\n<\/div>\n\t\t<\/div><\/div><\/div><div id=\"pgc-1859-11-2\"  class=\"panel-grid-cell panel-grid-cell-empty\" ><\/div><\/div><\/div><div id=\"pg-1859-12\"  class=\"panel-grid panel-has-style\" ><div class=\"panel-row-style panel-row-style-for-1859-12\" ><div id=\"pgc-1859-12-0\"  class=\"panel-grid-cell panel-grid-cell-empty\" ><\/div><div id=\"pgc-1859-12-1\"  class=\"panel-grid-cell panel-grid-cell-mobile-last\" ><div id=\"panel-1859-12-1-0\" class=\"so-panel widget widget_text panel-first-child panel-last-child\" data-index=\"13\" ><div class=\"panel-widget-style panel-widget-style-for-1859-12-1-0\" >\t\t\t<div class=\"textwidget\"><p>La cinqui\u00e8me exp\u00e9rience de parlement au B\u00e9nin a \u00e9t\u00e9 faite sous le Haut Conseil de la R\u00e9publique (HCR) qui, apr\u00e8s la conf\u00e9rence nationale des Forces Vives de la Nation avait \u00e0 la fois, la mission d&rsquo;un parlement et de la Cour Constitutionnelle, sous le r\u00e9gime de la Loi constitutionnelle du 13 ao\u00fbt 1990. Elle a \u00e9t\u00e9 pr\u00e9sid\u00e9e par feu Monseigneur Isidore de SOUZA et a fonctionn\u00e9 du 28 f\u00e9vrier 1990 au 31 mars 1991.<\/p>\n<\/div>\n\t\t<\/div><\/div><\/div><div id=\"pgc-1859-12-2\"  class=\"panel-grid-cell panel-grid-cell-empty\" ><\/div><\/div><\/div><div id=\"pg-1859-13\"  class=\"panel-grid panel-has-style\" ><div class=\"panel-row-style panel-row-style-for-1859-13\" ><div id=\"pgc-1859-13-0\"  class=\"panel-grid-cell panel-grid-cell-empty\" ><\/div><div id=\"pgc-1859-13-1\"  class=\"panel-grid-cell panel-grid-cell-mobile-last\" ><div id=\"panel-1859-13-1-0\" class=\"so-panel widget widget_text panel-first-child panel-last-child\" data-index=\"14\" ><div class=\"panel-widget-style panel-widget-style-for-1859-13-1-0\" >\t\t\t<div class=\"textwidget\"><h3 style=\"color: #04373e;\"><strong>6\u00e8me exp\u00e9rience<\/strong><\/h3>\n<\/div>\n\t\t<\/div><\/div><\/div><div id=\"pgc-1859-13-2\"  class=\"panel-grid-cell panel-grid-cell-empty\" ><\/div><\/div><\/div><div id=\"pg-1859-14\"  class=\"panel-grid panel-has-style\" ><div class=\"panel-row-style panel-row-style-for-1859-14\" ><div id=\"pgc-1859-14-0\"  class=\"panel-grid-cell panel-grid-cell-empty\" ><\/div><div id=\"pgc-1859-14-1\"  class=\"panel-grid-cell panel-grid-cell-mobile-last\" ><div id=\"panel-1859-14-1-0\" class=\"so-panel widget widget_text panel-first-child panel-last-child\" data-index=\"15\" ><div class=\"panel-widget-style panel-widget-style-for-1859-14-1-0\" >\t\t\t<div class=\"textwidget\"><p>La Constitution du 11 d\u00e9cembre 1990 a inaugur\u00e9 la sixi\u00e8me exp\u00e9rience parlementaire de l&rsquo;histoire politique de la R\u00e9publique du B\u00e9nin.<\/p>\n<p>La premi\u00e8re l\u00e9gislature\u00a0de cette nouvelle exp\u00e9rience parlementaire, a dur\u00e9 du 1er avril 1991 au 31 mars 1995 avec pour Pr\u00e9sident Me Adrien HOUNGBEDJI.<\/p>\n<p>La deuxi\u00e8me l\u00e9gislature\u00a0qui a dur\u00e9 du 04 avril 1995 au 19 avril 1999 \u00e9tait pr\u00e9sid\u00e9e par Monsieur Bruno AMOUSSOU.<\/p>\n<p>La troisi\u00e8me l\u00e9gislature\u00a0pr\u00e9sid\u00e9e par Me Adrien HOUNGBEDJI a dur\u00e9 du 20 avril 1999 au 19 avril 2003.<\/p>\n<p>La quatri\u00e8me l\u00e9gislature\u00a0qui a dur\u00e9 du 22 avril 2003 au 02 avril 2007, a eu comme Pr\u00e9sident M. Antoine Kolawol\u00e9 IDJI.<\/p>\n<p>La cinqui\u00e8me l\u00e9gislature\u00a0issue des \u00e9lections de mars 2007 a d\u00e9marr\u00e9 le 23 avril avec pour Pr\u00e9sident, le Professeur Mathurin Coffi NAGO.<\/p>\n<p>La sixi\u00e8me l\u00e9gislature\u00a0issue des \u00e9lections de mars 2011, et qui a d\u00e9marr\u00e9 depuis le 25 avril 2011 avec pour Pr\u00e9sident le Professeur Mathurin Coffi NAGO.<\/p>\n<p>La septi\u00e8me l\u00e9gislature est en cours<\/p>\n<\/div>\n\t\t<\/div><\/div><\/div><div id=\"pgc-1859-14-2\"  class=\"panel-grid-cell panel-grid-cell-empty\" ><\/div><\/div><\/div><div id=\"pg-1859-15\"  class=\"panel-grid panel-has-style\" ><div class=\"panel-row-style panel-row-style-for-1859-15\" ><div id=\"pgc-1859-15-0\"  class=\"panel-grid-cell panel-grid-cell-empty\" ><\/div><div id=\"pgc-1859-15-1\"  class=\"panel-grid-cell\" ><div id=\"panel-1859-15-1-0\" class=\"so-panel widget widget_text panel-first-child panel-last-child\" data-index=\"16\" ><div class=\"panel-widget-style panel-widget-style-for-1859-15-1-0\" >\t\t\t<div class=\"textwidget\"><p>L&rsquo;Assembl\u00e9e Nationale compte aujourd&rsquo;hui quatre vingt trois (83) d\u00e9put\u00e9s.<br \/>\n<span class=\"wf_file_text\">T\u00e9l\u00e9charger la version d\u00e9taill\u00e9e ici<\/span><\/p>\n<\/div>\n\t\t<\/div><\/div><\/div><div id=\"pgc-1859-15-2\"  class=\"panel-grid-cell\" ><div id=\"panel-1859-15-2-0\" class=\"so-panel widget widget_text panel-first-child panel-last-child\" data-index=\"17\" >\t\t\t<div class=\"textwidget\"><p>1019.82 k0<\/p>\n<\/div>\n\t\t<\/div><\/div><div id=\"pgc-1859-15-3\"  class=\"panel-grid-cell panel-grid-cell-mobile-last\" ><div id=\"panel-1859-15-3-0\" class=\"so-panel widget widget_text panel-first-child panel-last-child\" data-index=\"18\" >\t\t\t<div class=\"textwidget\"><p><a href=\"\/wp-content\/uploads\/2017\/10\/Histoire-et-patrimoine.pdf\"> <button>T\u00e9l\u00e9charger<\/button><\/a><\/p>\n<\/div>\n\t\t<\/div><\/div><div id=\"pgc-1859-15-4\"  class=\"panel-grid-cell panel-grid-cell-empty\" ><\/div><\/div><\/div><div id=\"pg-1859-16\"  class=\"panel-grid panel-no-style\" ><div id=\"pgc-1859-16-0\"  class=\"panel-grid-cell panel-grid-cell-empty\" ><\/div><div id=\"pgc-1859-16-1\"  class=\"panel-grid-cell panel-grid-cell-mobile-last\" ><div id=\"panel-1859-16-1-0\" class=\"so-panel widget widget_text panel-first-child panel-last-child\" data-index=\"19\" >\t\t\t<div class=\"textwidget\"><p>&nbsp;<\/p>\n<p>&nbsp;<\/p>\n<\/div>\n\t\t<\/div><\/div><div id=\"pgc-1859-16-2\"  class=\"panel-grid-cell panel-grid-cell-empty\" ><\/div><\/div><\/div>","protected":false},"excerpt":{"rendered":"<p>Histoire et Patrimoine &nbsp; &nbsp; Historique<\/p>\n","protected":false},"author":10,"featured_media":0,"parent":378,"menu_order":0,"comment_status":"closed","ping_status":"closed","template":"","meta":{"footnotes":""},"categories":[1],"tags":[],"class_list":["post-1859","page","type-page","status-publish","hentry","category-uncategorized"],"_links":{"self":[{"href":"https:\/\/assemblee-nationale.bj\/index.php\/wp-json\/wp\/v2\/pages\/1859","targetHints":{"allow":["GET"]}}],"collection":[{"href":"https:\/\/assemblee-nationale.bj\/index.php\/wp-json\/wp\/v2\/pages"}],"about":[{"href":"https:\/\/assemblee-nationale.bj\/index.php\/wp-json\/wp\/v2\/types\/page"}],"author":[{"embeddable":true,"href":"https:\/\/assemblee-nationale.bj\/index.php\/wp-json\/wp\/v2\/users\/10"}],"replies":[{"embeddable":true,"href":"https:\/\/assemblee-nationale.bj\/index.php\/wp-json\/wp\/v2\/comments?post=1859"}],"version-history":[{"count":3,"href":"https:\/\/assemblee-nationale.bj\/index.php\/wp-json\/wp\/v2\/pages\/1859\/revisions"}],"predecessor-version":[{"id":1912,"href":"https:\/\/assemblee-nationale.bj\/index.php\/wp-json\/wp\/v2\/pages\/1859\/revisions\/1912"}],"up":[{"embeddable":true,"href":"https:\/\/assemblee-nationale.bj\/index.php\/wp-json\/wp\/v2\/pages\/378"}],"wp:attachment":[{"href":"https:\/\/assemblee-nationale.bj\/index.php\/wp-json\/wp\/v2\/media?parent=1859"}],"wp:term":[{"taxonomy":"category","embeddable":true,"href":"https:\/\/assemblee-nationale.bj\/index.php\/wp-json\/wp\/v2\/categories?post=1859"},{"taxonomy":"post_tag","embeddable":true,"href":"https:\/\/assemblee-nationale.bj\/index.php\/wp-json\/wp\/v2\/tags?post=1859"}],"curies":[{"name":"wp","href":"https:\/\/api.w.org\/{rel}","templated":true}]}}