
{"id":2415,"date":"2017-11-14T18:06:17","date_gmt":"2017-11-14T17:06:17","guid":{"rendered":"https:\/\/assemblee-nationale.bj\/?page_id=2415"},"modified":"2026-02-13T17:14:25","modified_gmt":"2026-02-13T16:14:25","slug":"commissions-permanentes-de-lassemblee-nationale","status":"publish","type":"page","link":"https:\/\/assemblee-nationale.bj\/index.php\/presentation\/organisation_et_fonctionnement\/commissions-permanentes-de-lassemblee-nationale\/","title":{"rendered":"Commissions permanentes"},"content":{"rendered":"<div id=\"pl-2415\"  class=\"panel-layout\" ><div id=\"pg-2415-0\"  class=\"panel-grid panel-no-style\" ><div id=\"pgc-2415-0-0\"  class=\"panel-grid-cell panel-grid-cell-empty\" ><\/div><div id=\"pgc-2415-0-1\"  class=\"panel-grid-cell panel-grid-cell-mobile-last\" ><div id=\"panel-2415-0-1-0\" class=\"so-panel widget widget_text panel-first-child\" data-index=\"0\" ><div class=\"panel-widget-style panel-widget-style-for-2415-0-1-0\" >\t\t\t<div class=\"textwidget\"><p>Commissions permanentes<\/p>\n<\/div>\n\t\t<\/div><\/div><div id=\"panel-2415-0-1-1\" class=\"so-panel widget widget_text panel-last-child\" data-index=\"1\" >\t\t\t<div class=\"textwidget\"><p>&nbsp;<\/p>\n<p>&nbsp;<\/p>\n<\/div>\n\t\t<\/div><\/div><div id=\"pgc-2415-0-2\"  class=\"panel-grid-cell panel-grid-cell-empty\" ><\/div><\/div><div id=\"pg-2415-1\"  class=\"panel-grid panel-no-style\" ><div id=\"pgc-2415-1-0\"  class=\"panel-grid-cell panel-grid-cell-empty\" ><\/div><div id=\"pgc-2415-1-1\"  class=\"panel-grid-cell panel-grid-cell-mobile-last\" ><div id=\"panel-2415-1-1-0\" class=\"so-panel widget widget_text panel-first-child panel-last-child\" data-index=\"2\" ><div class=\"panel-widget-style panel-widget-style-for-2415-1-1-0\" >\t\t\t<div class=\"textwidget\"><p>Une Commission permanente est un organe \u00e0 caract\u00e8re purement technique cr\u00e9\u00e9 au sein du parlement. Les commissions sont au nombre de cinq (05). Il s\u2019agit de :<\/p>\n<p>&#8211; la Commission des Lois, de l&rsquo;Administration et des Droits de l&rsquo;Homme (C1) ;<br \/>\n&#8211; la Commission des Finances et des Echanges (C2) ;<br \/>\n&#8211; la Commission du Plan, de l&rsquo;Equipement et de Production (C3) ;<br \/>\n&#8211; la Commission de l&rsquo;Education, de la Culture, de l&rsquo;Emploi et des Affaires Sociales (C4);<br \/>\n&#8211; la Commission des Relations Ext\u00e9rieures, de la Coop\u00e9ration au D\u00e9veloppement, de la D\u00e9fense et de la S\u00e9curit\u00e9 (C5) ;<\/p>\n<p>Les modalit\u00e9s de constitution des Commissions permanentes se pr\u00e9sentent comme suit :<\/p>\n<p>Chaque Groupe parlementaire pr\u00e9sente au bureau la liste de ses candidats aux diff\u00e9rentes commissions en veillant \u00e0 ce qu&rsquo;elle soit proportionnelle \u00e0 la repr\u00e9sentativit\u00e9 du groupe au sein de l&rsquo;Assembl\u00e9e. Les d\u00e9put\u00e9s non-inscrits pr\u00e9sentent au Bureau leurs candidatures \u00e0 la commission de leur choix. Le bureau \u00e9tablit la liste d\u00e9finitive apr\u00e8s consultation des Pr\u00e9sidents de groupes.<\/p>\n<p>Quand le Pr\u00e9sident de l&rsquo;Assembl\u00e9e re\u00e7oit les projets ou propositions de lois, il les transmet selon l&rsquo;objet \u00e0 l&rsquo;une des commissions. Chaque commission permanente comprend au moins treize (13) d\u00e9put\u00e9s et est dirig\u00e9e par un Bureau de cinq (05) membres.<\/p>\n<p>Il y a lieu de souligner que l&rsquo;Assembl\u00e9e Nationale peut, pour un objet d\u00e9termin\u00e9, constituer en son sein des commissions sp\u00e9ciales et temporaires.<\/p>\n<p>Vous avez ci-apr\u00e8s l&rsquo;identit\u00e9 des Pr\u00e9sidents des Commissions permanentes :<\/p>\n<\/div>\n\t\t<\/div><\/div><\/div><div id=\"pgc-2415-1-2\"  class=\"panel-grid-cell panel-grid-cell-empty\" ><\/div><\/div><div id=\"pg-2415-2\"  class=\"panel-grid panel-has-style\" ><div class=\"panel-row-style panel-row-style-for-2415-2\" ><div id=\"pgc-2415-2-0\"  class=\"panel-grid-cell panel-grid-cell-empty\" ><\/div><div id=\"pgc-2415-2-1\"  class=\"panel-grid-cell panel-grid-cell-mobile-last\" ><div id=\"panel-2415-2-1-0\" class=\"so-panel widget widget_text panel-first-child panel-last-child\" data-index=\"3\" ><div class=\"panel-widget-style panel-widget-style-for-2415-2-1-0\" >\t\t\t<div class=\"textwidget\"><p><strong>Commission des Lois, de l&rsquo;Administration et des Droits de l&rsquo;Homme (C1)<\/strong><\/p>\n<\/div>\n\t\t<\/div><\/div><\/div><div id=\"pgc-2415-2-2\"  class=\"panel-grid-cell panel-grid-cell-empty\" ><\/div><\/div><\/div><div id=\"pg-2415-3\"  class=\"panel-grid panel-no-style\" ><div id=\"pgc-2415-3-0\"  class=\"panel-grid-cell panel-grid-cell-empty\" ><\/div><div id=\"pgc-2415-3-1\"  class=\"panel-grid-cell\" ><div id=\"panel-2415-3-1-0\" class=\"so-panel widget widget_media_image panel-first-child panel-last-child\" data-index=\"4\" ><div class=\"panel-widget-style panel-widget-style-for-2415-3-1-0\" ><img loading=\"lazy\" decoding=\"async\" width=\"200\" height=\"300\" src=\"https:\/\/assemblee-nationale.bj\/wp-content\/uploads\/2019\/06\/ALLADATIN-Orden-200x300.jpg\" class=\"image wp-image-3141  attachment-medium size-medium\" alt=\"\" style=\"max-width: 100%; height: auto;\" srcset=\"https:\/\/assemblee-nationale.bj\/wp-content\/uploads\/2019\/06\/ALLADATIN-Orden-200x300.jpg 200w, https:\/\/assemblee-nationale.bj\/wp-content\/uploads\/2019\/06\/ALLADATIN-Orden-768x1152.jpg 768w, https:\/\/assemblee-nationale.bj\/wp-content\/uploads\/2019\/06\/ALLADATIN-Orden-683x1024.jpg 683w\" sizes=\"auto, (max-width: 200px) 100vw, 200px\" \/><\/div><\/div><\/div><div id=\"pgc-2415-3-2\"  class=\"panel-grid-cell panel-grid-cell-mobile-last\" ><div id=\"panel-2415-3-2-0\" class=\"so-panel widget widget_text panel-first-child panel-last-child\" data-index=\"5\" ><div class=\"panel-widget-style panel-widget-style-for-2415-3-2-0\" >\t\t\t<div class=\"textwidget\"><p>Cr\u00e9\u00e9 le 13\/02\/2026<\/p>\n\n<table id=\"tablepress-65\" class=\"tablepress tablepress-id-65\">\n<thead>\n<tr class=\"row-1 odd\">\n\t<th class=\"column-1\">Nom et pr\u00e9noms<\/th><th class=\"column-2\">Parti<\/th><th class=\"column-3\">Fonction<\/th>\n<\/tr>\n<\/thead>\n<tbody class=\"row-hover\">\n<tr class=\"row-2 even\">\n\t<td class=\"column-1\">ALLADATIN Jean-Baptiste Orden Rosae<\/td><td class=\"column-2\">UP-R<\/td><td class=\"column-3\">Pr\u00e9sident<\/td>\n<\/tr>\n<tr class=\"row-3 odd\">\n\t<td class=\"column-1\">SOSSOU Casimir<\/td><td class=\"column-2\">BR<\/td><td class=\"column-3\">Vice-Pr\u00e9sident<\/td>\n<\/tr>\n<tr class=\"row-4 even\">\n\t<td class=\"column-1\">DADEGNON Alice M\u00e9l\u00e9vi<\/td><td class=\"column-2\">UP-R<\/td><td class=\"column-3\">Premier Rapporteur<\/td>\n<\/tr>\n<tr class=\"row-5 odd\">\n\t<td class=\"column-1\">ADAM MOHAMMED Zacharie<\/td><td class=\"column-2\">BR<\/td><td class=\"column-3\">Deuxi\u00e8me Rapporteur<\/td>\n<\/tr>\n<tr class=\"row-6 even\">\n\t<td class=\"column-1\">HOUNMENOU Denise Mahugnon<\/td><td class=\"column-2\">UP-R<\/td><td class=\"column-3\">Secr\u00e9taire<\/td>\n<\/tr>\n<tr class=\"row-7 odd\">\n\t<td class=\"column-1\">ABIOSSE A. Razack Olalandou<\/td><td class=\"column-2\">UP-R<\/td><td class=\"column-3\">Membre<\/td>\n<\/tr>\n<tr class=\"row-8 even\">\n\t<td class=\"column-1\">ADOMAHOU J\u00e9r\u00e9mie<\/td><td class=\"column-2\">UP-R<\/td><td class=\"column-3\">Membre<\/td>\n<\/tr>\n<tr class=\"row-9 odd\">\n\t<td class=\"column-1\">AKPONNA K. Paulin<\/td><td class=\"column-2\">BR<\/td><td class=\"column-3\">Membre<\/td>\n<\/tr>\n<tr class=\"row-10 even\">\n\t<td class=\"column-1\">ASSOUMAN Alimatou S.<\/td><td class=\"column-2\">BR<\/td><td class=\"column-3\">Membre<\/td>\n<\/tr>\n<tr class=\"row-11 odd\">\n\t<td class=\"column-1\">DEGLA ASSOUAN Comlan B\u00e9no\u00eet<\/td><td class=\"column-2\">BR<\/td><td class=\"column-3\">Membre<\/td>\n<\/tr>\n<tr class=\"row-12 even\">\n\t<td class=\"column-1\">GOUNOU Salifou Abdoulaye<\/td><td class=\"column-2\">BR<\/td><td class=\"column-3\">Membre<\/td>\n<\/tr>\n<tr class=\"row-13 odd\">\n\t<td class=\"column-1\">HAZOUME N. Hyppolite<\/td><td class=\"column-2\">UP-R<\/td><td class=\"column-3\">Membre<\/td>\n<\/tr>\n<tr class=\"row-14 even\">\n\t<td class=\"column-1\">HEHOMEY Herv\u00e9 Yves Martin<\/td><td class=\"column-2\">BR<\/td><td class=\"column-3\">Membre<\/td>\n<\/tr>\n<tr class=\"row-15 odd\">\n\t<td class=\"column-1\">KOUKPEMEDJI D. Louis<\/td><td class=\"column-2\">UP-R<\/td><td class=\"column-3\">Membre<\/td>\n<\/tr>\n<tr class=\"row-16 even\">\n\t<td class=\"column-1\">N'OUEMOU K. Domitien<\/td><td class=\"column-2\">UP-R<\/td><td class=\"column-3\">Membre<\/td>\n<\/tr>\n<tr class=\"row-17 odd\">\n\t<td class=\"column-1\">SEIBOU Assan<\/td><td class=\"column-2\">BR<\/td><td class=\"column-3\">Membre<\/td>\n<\/tr>\n<tr class=\"row-18 even\">\n\t<td class=\"column-1\">SOKPOEKPE Nathana\u00ebl <\/td><td class=\"column-2\">BR<\/td><td class=\"column-3\">Membre<\/td>\n<\/tr>\n<tr class=\"row-19 odd\">\n\t<td class=\"column-1\">VLAVONOU Gb\u00e8hounou Louis<\/td><td class=\"column-2\">UP-R<\/td><td class=\"column-3\">Membre<\/td>\n<\/tr>\n<tr class=\"row-20 even\">\n\t<td class=\"column-1\">YANKOTY N. Charlemagne<\/td><td class=\"column-2\">UP-R<\/td><td class=\"column-3\">Membre<\/td>\n<\/tr>\n<tr class=\"row-21 odd\">\n\t<td class=\"column-1\">ZANNOU V. Jean Mejor<\/td><td class=\"column-2\">UP-R<\/td><td class=\"column-3\">Membre<\/td>\n<\/tr>\n<\/tbody>\n<\/table>\n<!-- #tablepress-65 from cache -->\n<p>&nbsp;<\/p>\n<\/div>\n\t\t<\/div><\/div><\/div><div id=\"pgc-2415-3-3\"  class=\"panel-grid-cell panel-grid-cell-empty\" ><\/div><\/div><div id=\"pg-2415-4\"  class=\"panel-grid panel-has-style\" ><div class=\"panel-row-style panel-row-style-for-2415-4\" ><div id=\"pgc-2415-4-0\"  class=\"panel-grid-cell panel-grid-cell-empty\" ><\/div><div id=\"pgc-2415-4-1\"  class=\"panel-grid-cell panel-grid-cell-mobile-last\" ><div id=\"panel-2415-4-1-0\" class=\"so-panel widget widget_text panel-first-child panel-last-child\" data-index=\"6\" ><div class=\"panel-widget-style panel-widget-style-for-2415-4-1-0\" >\t\t\t<div class=\"textwidget\"><p><strong>Commission des Finances et des Echanges (C2)<\/strong><\/p>\n<\/div>\n\t\t<\/div><\/div><\/div><div id=\"pgc-2415-4-2\"  class=\"panel-grid-cell panel-grid-cell-empty\" ><\/div><\/div><\/div><div id=\"pg-2415-5\"  class=\"panel-grid panel-no-style\" ><div id=\"pgc-2415-5-0\"  class=\"panel-grid-cell panel-grid-cell-empty\" ><\/div><div id=\"pgc-2415-5-1\"  class=\"panel-grid-cell\" ><div id=\"panel-2415-5-1-0\" class=\"so-panel widget widget_media_image panel-first-child panel-last-child\" data-index=\"7\" ><div class=\"panel-widget-style panel-widget-style-for-2415-5-1-0\" ><img loading=\"lazy\" decoding=\"async\" width=\"2784\" height=\"4176\" src=\"https:\/\/assemblee-nationale.bj\/wp-content\/uploads\/2019\/06\/GBENONCHI-G\u00e9rard.jpg\" class=\"image wp-image-3142  attachment-full size-full\" alt=\"\" style=\"max-width: 100%; height: auto;\" srcset=\"https:\/\/assemblee-nationale.bj\/wp-content\/uploads\/2019\/06\/GBENONCHI-G\u00e9rard.jpg 2784w, https:\/\/assemblee-nationale.bj\/wp-content\/uploads\/2019\/06\/GBENONCHI-G\u00e9rard-200x300.jpg 200w, https:\/\/assemblee-nationale.bj\/wp-content\/uploads\/2019\/06\/GBENONCHI-G\u00e9rard-768x1152.jpg 768w, https:\/\/assemblee-nationale.bj\/wp-content\/uploads\/2019\/06\/GBENONCHI-G\u00e9rard-683x1024.jpg 683w\" sizes=\"auto, (max-width: 2784px) 100vw, 2784px\" \/><\/div><\/div><\/div><div id=\"pgc-2415-5-2\"  class=\"panel-grid-cell panel-grid-cell-mobile-last\" ><div id=\"panel-2415-5-2-0\" class=\"so-panel widget widget_text panel-first-child panel-last-child\" data-index=\"8\" ><div class=\"panel-widget-style panel-widget-style-for-2415-5-2-0\" >\t\t\t<div class=\"textwidget\"><p>Cr\u00e9\u00e9 le 31\/05\/2019<\/p>\n\n<table id=\"tablepress-33\" class=\"tablepress tablepress-id-33\">\n<thead>\n<tr class=\"row-1 odd\">\n\t<th class=\"column-1\">Nom et pr\u00e9noms<\/th><th class=\"column-2\">Parti<\/th><th class=\"column-3\">Fonction<\/th>\n<\/tr>\n<\/thead>\n<tbody class=\"row-hover\">\n<tr class=\"row-2 even\">\n\t<td class=\"column-1\">GBENONCHI G\u00e9rard<\/td><td class=\"column-2\">UP<\/td><td class=\"column-3\">Pr\u00e9sident<\/td>\n<\/tr>\n<tr class=\"row-3 odd\">\n\t<td class=\"column-1\">SEIBOU Assan <\/td><td class=\"column-2\">BR<\/td><td class=\"column-3\">Vice-Pr\u00e9sident<\/td>\n<\/tr>\n<tr class=\"row-4 even\">\n\t<td class=\"column-1\">NOBIME AGBODRANFO Comlan Patrice <\/td><td class=\"column-2\">UP<\/td><td class=\"column-3\">Premier Rapporteur<\/td>\n<\/tr>\n<tr class=\"row-5 odd\">\n\t<td class=\"column-1\">BABA MOUSSA Mariama<\/td><td class=\"column-2\">BR<\/td><td class=\"column-3\">Deuxi\u00e8me Rapporteur<\/td>\n<\/tr>\n<tr class=\"row-6 even\">\n\t<td class=\"column-1\">TOGNIGBAN Etienne<\/td><td class=\"column-2\">UP<\/td><td class=\"column-3\">Secr\u00e9taire<\/td>\n<\/tr>\n<tr class=\"row-7 odd\">\n\t<td class=\"column-1\">YEMPABOU Boundja Jacques <\/td><td class=\"column-2\">UP<\/td><td class=\"column-3\">Membre<\/td>\n<\/tr>\n<tr class=\"row-8 even\">\n\t<td class=\"column-1\">AHONOUKOUN Tossou Marcellin <\/td><td class=\"column-2\">UP<\/td><td class=\"column-3\">Membre<\/td>\n<\/tr>\n<tr class=\"row-9 odd\">\n\t<td class=\"column-1\">NOUTA\u00cf Tohou\u00e9gnon Nestor <\/td><td class=\"column-2\">UP<\/td><td class=\"column-3\">Membre<\/td>\n<\/tr>\n<tr class=\"row-10 even\">\n\t<td class=\"column-1\">AKIBOU SOR\u00d4 Yaya Worou<\/td><td class=\"column-2\">UP<\/td><td class=\"column-3\">Membre<\/td>\n<\/tr>\n<tr class=\"row-11 odd\">\n\t<td class=\"column-1\">AGONKAN Gildas Habib Bignon<\/td><td class=\"column-2\">UP<\/td><td class=\"column-3\">Membre<\/td>\n<\/tr>\n<tr class=\"row-12 even\">\n\t<td class=\"column-1\">AGBOJETE Hounsa Justin<\/td><td class=\"column-2\">UP<\/td><td class=\"column-3\">Membre<\/td>\n<\/tr>\n<tr class=\"row-13 odd\">\n\t<td class=\"column-1\">BANGANA Gilbert<\/td><td class=\"column-2\">BR<\/td><td class=\"column-3\">Membre<\/td>\n<\/tr>\n<tr class=\"row-14 even\">\n\t<td class=\"column-1\">TOGNI Cyprien <\/td><td class=\"column-2\">BR<\/td><td class=\"column-3\">Membre<\/td>\n<\/tr>\n<tr class=\"row-15 odd\">\n\t<td class=\"column-1\">ATCHAWE Dominique Coovi<\/td><td class=\"column-2\">BR<\/td><td class=\"column-3\">Membre<\/td>\n<\/tr>\n<tr class=\"row-16 even\">\n\t<td class=\"column-1\">DOSSOU Codjo Louis<\/td><td class=\"column-2\">UP<\/td><td class=\"column-3\">Membre<\/td>\n<\/tr>\n<\/tbody>\n<\/table>\n<!-- #tablepress-33 from cache -->\n<p>&nbsp;<\/p>\n<\/div>\n\t\t<\/div><\/div><\/div><div id=\"pgc-2415-5-3\"  class=\"panel-grid-cell panel-grid-cell-empty\" ><\/div><\/div><div id=\"pg-2415-6\"  class=\"panel-grid panel-has-style\" ><div class=\"panel-row-style panel-row-style-for-2415-6\" ><div id=\"pgc-2415-6-0\"  class=\"panel-grid-cell panel-grid-cell-empty\" ><\/div><div id=\"pgc-2415-6-1\"  class=\"panel-grid-cell panel-grid-cell-mobile-last\" ><div id=\"panel-2415-6-1-0\" class=\"so-panel widget widget_text panel-first-child panel-last-child\" data-index=\"9\" ><div class=\"panel-widget-style panel-widget-style-for-2415-6-1-0\" >\t\t\t<div class=\"textwidget\"><p><strong>Commission du Plan, de l&rsquo;Equipement et de Production (C3)<\/strong><\/p>\n<\/div>\n\t\t<\/div><\/div><\/div><div id=\"pgc-2415-6-2\"  class=\"panel-grid-cell panel-grid-cell-empty\" ><\/div><\/div><\/div><div id=\"pg-2415-7\"  class=\"panel-grid panel-no-style\" ><div id=\"pgc-2415-7-0\"  class=\"panel-grid-cell panel-grid-cell-empty\" ><\/div><div id=\"pgc-2415-7-1\"  class=\"panel-grid-cell\" ><div id=\"panel-2415-7-1-0\" class=\"so-panel widget widget_media_image panel-first-child panel-last-child\" data-index=\"10\" ><div class=\"panel-widget-style panel-widget-style-for-2415-7-1-0\" ><img loading=\"lazy\" decoding=\"async\" width=\"2784\" height=\"4176\" src=\"https:\/\/assemblee-nationale.bj\/wp-content\/uploads\/2019\/06\/KASSA-Dahoga-Barth\u00e9l\u00e9my.jpg\" class=\"image wp-image-3145  attachment-full size-full\" alt=\"\" style=\"max-width: 100%; height: auto;\" srcset=\"https:\/\/assemblee-nationale.bj\/wp-content\/uploads\/2019\/06\/KASSA-Dahoga-Barth\u00e9l\u00e9my.jpg 2784w, https:\/\/assemblee-nationale.bj\/wp-content\/uploads\/2019\/06\/KASSA-Dahoga-Barth\u00e9l\u00e9my-200x300.jpg 200w, https:\/\/assemblee-nationale.bj\/wp-content\/uploads\/2019\/06\/KASSA-Dahoga-Barth\u00e9l\u00e9my-768x1152.jpg 768w, https:\/\/assemblee-nationale.bj\/wp-content\/uploads\/2019\/06\/KASSA-Dahoga-Barth\u00e9l\u00e9my-683x1024.jpg 683w\" sizes=\"auto, (max-width: 2784px) 100vw, 2784px\" \/><\/div><\/div><\/div><div id=\"pgc-2415-7-2\"  class=\"panel-grid-cell panel-grid-cell-mobile-last\" ><div id=\"panel-2415-7-2-0\" class=\"so-panel widget widget_text panel-first-child panel-last-child\" data-index=\"11\" ><div class=\"panel-widget-style panel-widget-style-for-2415-7-2-0\" >\t\t\t<div class=\"textwidget\"><p>Cr\u00e9\u00e9 le 31\/05\/2019<\/p>\n\n<table id=\"tablepress-34\" class=\"tablepress tablepress-id-34\">\n<thead>\n<tr class=\"row-1 odd\">\n\t<th class=\"column-1\">Nom et pr\u00e9noms<\/th><th class=\"column-2\">Parti<\/th><th class=\"column-3\">Fonction<\/th>\n<\/tr>\n<\/thead>\n<tbody class=\"row-hover\">\n<tr class=\"row-2 even\">\n\t<td class=\"column-1\">KASSA Dahoga Barth\u00e9l\u00e9my M.<\/td><td class=\"column-2\">BR<\/td><td class=\"column-3\">Pr\u00e9sident<\/td>\n<\/tr>\n<tr class=\"row-3 odd\">\n\t<td class=\"column-1\">SINA OUNINGUI BIO Gounou<\/td><td class=\"column-2\">UP<\/td><td class=\"column-3\">Vice-Pr\u00e9sident<\/td>\n<\/tr>\n<tr class=\"row-4 even\">\n\t<td class=\"column-1\">AVALLA W. Charles Omer<\/td><td class=\"column-2\">BR<\/td><td class=\"column-3\">Premier Rapporteur<\/td>\n<\/tr>\n<tr class=\"row-5 odd\">\n\t<td class=\"column-1\">OROU SE GUENE Yacoubou N<\/td><td class=\"column-2\">UP<\/td><td class=\"column-3\">Deuxi\u00e8me Rapporteur<\/td>\n<\/tr>\n<tr class=\"row-6 even\">\n\t<td class=\"column-1\">KOUWANOU Gnonlonfin Mathias <\/td><td class=\"column-2\">BR<\/td><td class=\"column-3\">Secr\u00e9taire<\/td>\n<\/tr>\n<tr class=\"row-7 odd\">\n\t<td class=\"column-1\">ADOUN Hilaire<\/td><td class=\"column-2\">BR<\/td><td class=\"column-3\">Membre<\/td>\n<\/tr>\n<tr class=\"row-8 even\">\n\t<td class=\"column-1\">ADOMAHOU J\u00e9r\u00e9mie<\/td><td class=\"column-2\">UP<\/td><td class=\"column-3\">Membre<\/td>\n<\/tr>\n<tr class=\"row-9 odd\">\n\t<td class=\"column-1\">GUIDI Euric <\/td><td class=\"column-2\">UP<\/td><td class=\"column-3\">Membre<\/td>\n<\/tr>\n<tr class=\"row-10 even\">\n\t<td class=\"column-1\">BOKOVE L\u00e9on <\/td><td class=\"column-2\">UP<\/td><td class=\"column-3\">Membre<\/td>\n<\/tr>\n<tr class=\"row-11 odd\">\n\t<td class=\"column-1\">MEDEWANOU Koffi Ernest Serge <\/td><td class=\"column-2\">UP<\/td><td class=\"column-3\">Membre<\/td>\n<\/tr>\n<tr class=\"row-12 even\">\n\t<td class=\"column-1\">AGONGBONON Lambert<\/td><td class=\"column-2\">BR<\/td><td class=\"column-3\">Membre<\/td>\n<\/tr>\n<tr class=\"row-13 odd\">\n\t<td class=\"column-1\">KATE Saba\u00ef<\/td><td class=\"column-2\">BR<\/td><td class=\"column-3\">Membre<\/td>\n<\/tr>\n<tr class=\"row-14 even\">\n\t<td class=\"column-1\">OKOUNDE Kotchikpa Jean-Eudes <\/td><td class=\"column-2\">BR<\/td><td class=\"column-3\">Membre<\/td>\n<\/tr>\n<tr class=\"row-15 odd\">\n\t<td class=\"column-1\">GBENOU Paulin <\/td><td class=\"column-2\">BR<\/td><td class=\"column-3\">Membre<\/td>\n<\/tr>\n<tr class=\"row-16 even\">\n\t<td class=\"column-1\">YAHOUEDEHOU Janvier <\/td><td class=\"column-2\">BR<\/td><td class=\"column-3\">Membre<\/td>\n<\/tr>\n<tr class=\"row-17 odd\">\n\t<td class=\"column-1\">AFFO OBO Ahmed Tidjani<\/td><td class=\"column-2\">UP<\/td><td class=\"column-3\">Membre<\/td>\n<\/tr>\n<tr class=\"row-18 even\">\n\t<td class=\"column-1\">AHYI Chantal D\u00e8d\u00e9vi Eug\u00e9nie<\/td><td class=\"column-2\">BR<\/td><td class=\"column-3\">Membre<\/td>\n<\/tr>\n<tr class=\"row-19 odd\">\n\t<td class=\"column-1\">OGOUWALE Romaric<\/td><td class=\"column-2\">BR<\/td><td class=\"column-3\">Membre<\/td>\n<\/tr>\n<\/tbody>\n<\/table>\n<!-- #tablepress-34 from cache -->\n<p>&nbsp;<\/p>\n<\/div>\n\t\t<\/div><\/div><\/div><div id=\"pgc-2415-7-3\"  class=\"panel-grid-cell panel-grid-cell-empty\" ><\/div><\/div><div id=\"pg-2415-8\"  class=\"panel-grid panel-has-style\" ><div class=\"panel-row-style panel-row-style-for-2415-8\" ><div id=\"pgc-2415-8-0\"  class=\"panel-grid-cell panel-grid-cell-empty\" ><\/div><div id=\"pgc-2415-8-1\"  class=\"panel-grid-cell panel-grid-cell-mobile-last\" ><div id=\"panel-2415-8-1-0\" class=\"so-panel widget widget_text panel-first-child panel-last-child\" data-index=\"12\" ><div class=\"panel-widget-style panel-widget-style-for-2415-8-1-0\" >\t\t\t<div class=\"textwidget\"><p><strong>Commission de l&rsquo;Education, de la Culture, de l&rsquo;Emploi et des Affaires Sociales (C4)<\/strong><\/p>\n<\/div>\n\t\t<\/div><\/div><\/div><div id=\"pgc-2415-8-2\"  class=\"panel-grid-cell panel-grid-cell-empty\" ><\/div><\/div><\/div><div id=\"pg-2415-9\"  class=\"panel-grid panel-no-style\" ><div id=\"pgc-2415-9-0\"  class=\"panel-grid-cell panel-grid-cell-empty\" ><\/div><div id=\"pgc-2415-9-1\"  class=\"panel-grid-cell\" ><div id=\"panel-2415-9-1-0\" class=\"so-panel widget widget_media_image panel-first-child panel-last-child\" data-index=\"13\" ><div class=\"panel-widget-style panel-widget-style-for-2415-9-1-0\" ><img loading=\"lazy\" decoding=\"async\" width=\"2784\" height=\"4176\" src=\"https:\/\/assemblee-nationale.bj\/wp-content\/uploads\/2019\/06\/AKE-NATONDE.jpg\" class=\"image wp-image-3143  attachment-full size-full\" alt=\"\" style=\"max-width: 100%; height: auto;\" srcset=\"https:\/\/assemblee-nationale.bj\/wp-content\/uploads\/2019\/06\/AKE-NATONDE.jpg 2784w, https:\/\/assemblee-nationale.bj\/wp-content\/uploads\/2019\/06\/AKE-NATONDE-200x300.jpg 200w, https:\/\/assemblee-nationale.bj\/wp-content\/uploads\/2019\/06\/AKE-NATONDE-768x1152.jpg 768w, https:\/\/assemblee-nationale.bj\/wp-content\/uploads\/2019\/06\/AKE-NATONDE-683x1024.jpg 683w\" sizes=\"auto, (max-width: 2784px) 100vw, 2784px\" \/><\/div><\/div><\/div><div id=\"pgc-2415-9-2\"  class=\"panel-grid-cell panel-grid-cell-mobile-last\" ><div id=\"panel-2415-9-2-0\" class=\"so-panel widget widget_text panel-first-child panel-last-child\" data-index=\"14\" ><div class=\"panel-widget-style panel-widget-style-for-2415-9-2-0\" >\t\t\t<div class=\"textwidget\"><p>Cr\u00e9\u00e9 le 31\/05\/2019<\/p>\n\n<table id=\"tablepress-31\" class=\"tablepress tablepress-id-31\">\n<thead>\n<tr class=\"row-1 odd\">\n\t<th class=\"column-1\">Nom et pr\u00e9noms<\/th><th class=\"column-2\">Parti<\/th><th class=\"column-3\">Fonction<\/th>\n<\/tr>\n<\/thead>\n<tbody class=\"row-hover\">\n<tr class=\"row-2 even\">\n\t<td class=\"column-1\">AKE Natond\u00e9<\/td><td class=\"column-2\">UP<\/td><td class=\"column-3\">Pr\u00e9sident<\/td>\n<\/tr>\n<tr class=\"row-3 odd\">\n\t<td class=\"column-1\">HOUNSA Victor Mitondji<\/td><td class=\"column-2\">UP<\/td><td class=\"column-3\">Vice-Pr\u00e9sident<\/td>\n<\/tr>\n<tr class=\"row-4 even\">\n\t<td class=\"column-1\">HONFO Epiphane<\/td><td class=\"column-2\">UP<\/td><td class=\"column-3\">Premier Rapporteur<\/td>\n<\/tr>\n<tr class=\"row-5 odd\">\n\t<td class=\"column-1\">BISSIROU Eniola Awaou<\/td><td class=\"column-2\">BR<\/td><td class=\"column-3\">Deuxi\u00e8me Rapporteur<\/td>\n<\/tr>\n<tr class=\"row-6 even\">\n\t<td class=\"column-1\">OUSMANE Ibourahima<\/td><td class=\"column-2\">BR<\/td><td class=\"column-3\">Secr\u00e9taire<\/td>\n<\/tr>\n<tr class=\"row-7 odd\">\n\t<td class=\"column-1\">ADEN HOUESSOU L\u00e9on<\/td><td class=\"column-2\">UP<\/td><td class=\"column-3\">Membre<\/td>\n<\/tr>\n<tr class=\"row-8 even\">\n\t<td class=\"column-1\">AGOUA Assogba Edmond<\/td><td class=\"column-2\">UP<\/td><td class=\"column-3\">Membre<\/td>\n<\/tr>\n<tr class=\"row-9 odd\">\n\t<td class=\"column-1\">AGUEMON Badirou Din Owolad\u00e9<\/td><td class=\"column-2\">UP<\/td><td class=\"column-3\">Membre<\/td>\n<\/tr>\n<tr class=\"row-10 even\">\n\t<td class=\"column-1\">DANGNIHO Rosine<\/td><td class=\"column-2\">BR<\/td><td class=\"column-3\">Membre<\/td>\n<\/tr>\n<tr class=\"row-11 odd\">\n\t<td class=\"column-1\">HOUDEGBE Octave Cossi<\/td><td class=\"column-2\">BR<\/td><td class=\"column-3\">Membre<\/td>\n<\/tr>\n<tr class=\"row-12 even\">\n\t<td class=\"column-1\">MEDEGAN FAGLA S\u00e8dami Romarique<\/td><td class=\"column-2\">UP<\/td><td class=\"column-3\">Membre<\/td>\n<\/tr>\n<tr class=\"row-13 odd\">\n\t<td class=\"column-1\">MORA SANNI Sar\u00e8 Malick<\/td><td class=\"column-2\">UP<\/td><td class=\"column-3\">Membre<\/td>\n<\/tr>\n<tr class=\"row-14 even\">\n\t<td class=\"column-1\">N\u2019DA Antoine N\u2019Da<\/td><td class=\"column-2\">BR<\/td><td class=\"column-3\">Membre<\/td>\n<\/tr>\n<\/tbody>\n<\/table>\n<!-- #tablepress-31 from cache -->\n<p>&nbsp;<\/p>\n<\/div>\n\t\t<\/div><\/div><\/div><div id=\"pgc-2415-9-3\"  class=\"panel-grid-cell panel-grid-cell-empty\" ><\/div><\/div><div id=\"pg-2415-10\"  class=\"panel-grid panel-has-style\" ><div class=\"panel-row-style panel-row-style-for-2415-10\" ><div id=\"pgc-2415-10-0\"  class=\"panel-grid-cell panel-grid-cell-empty\" ><\/div><div id=\"pgc-2415-10-1\"  class=\"panel-grid-cell panel-grid-cell-mobile-last\" ><div id=\"panel-2415-10-1-0\" class=\"so-panel widget widget_text panel-first-child panel-last-child\" data-index=\"15\" ><div class=\"panel-widget-style panel-widget-style-for-2415-10-1-0\" >\t\t\t<div class=\"textwidget\"><p><strong>Commission des Relations Ext\u00e9rieures, de la Coop\u00e9ration au D\u00e9veloppement, de la D\u00e9fense et de la S\u00e9curit\u00e9 (C5)<\/strong><\/p>\n<\/div>\n\t\t<\/div><\/div><\/div><div id=\"pgc-2415-10-2\"  class=\"panel-grid-cell panel-grid-cell-empty\" ><\/div><\/div><\/div><div id=\"pg-2415-11\"  class=\"panel-grid panel-no-style\" ><div id=\"pgc-2415-11-0\"  class=\"panel-grid-cell panel-grid-cell-empty\" ><\/div><div id=\"pgc-2415-11-1\"  class=\"panel-grid-cell\" ><div id=\"panel-2415-11-1-0\" class=\"so-panel widget widget_media_image panel-first-child panel-last-child\" data-index=\"16\" ><div class=\"panel-widget-style panel-widget-style-for-2415-11-1-0\" ><img loading=\"lazy\" decoding=\"async\" width=\"2784\" height=\"4176\" src=\"https:\/\/assemblee-nationale.bj\/wp-content\/uploads\/2019\/06\/GBADAMASSI-Rachidi.jpg\" class=\"image wp-image-3144  attachment-full size-full\" alt=\"\" style=\"max-width: 100%; height: auto;\" srcset=\"https:\/\/assemblee-nationale.bj\/wp-content\/uploads\/2019\/06\/GBADAMASSI-Rachidi.jpg 2784w, https:\/\/assemblee-nationale.bj\/wp-content\/uploads\/2019\/06\/GBADAMASSI-Rachidi-200x300.jpg 200w, https:\/\/assemblee-nationale.bj\/wp-content\/uploads\/2019\/06\/GBADAMASSI-Rachidi-768x1152.jpg 768w, https:\/\/assemblee-nationale.bj\/wp-content\/uploads\/2019\/06\/GBADAMASSI-Rachidi-683x1024.jpg 683w\" sizes=\"auto, (max-width: 2784px) 100vw, 2784px\" \/><\/div><\/div><\/div><div id=\"pgc-2415-11-2\"  class=\"panel-grid-cell panel-grid-cell-mobile-last\" ><div id=\"panel-2415-11-2-0\" class=\"so-panel widget widget_text panel-first-child panel-last-child\" data-index=\"17\" ><div class=\"panel-widget-style panel-widget-style-for-2415-11-2-0\" >\t\t\t<div class=\"textwidget\"><p>Cr\u00e9\u00e9 le 31\/05\/2019<\/p>\n\n<table id=\"tablepress-36\" class=\"tablepress tablepress-id-36\">\n<thead>\n<tr class=\"row-1 odd\">\n\t<th class=\"column-1\">Nom et pr\u00e9noms<\/th><th class=\"column-2\">Parti<\/th><th class=\"column-3\">Fonction<\/th>\n<\/tr>\n<\/thead>\n<tbody class=\"row-hover\">\n<tr class=\"row-2 even\">\n\t<td class=\"column-1\">GBADAMASSI Rachidi<\/td><td class=\"column-2\">BR<\/td><td class=\"column-3\">Pr\u00e9sident<\/td>\n<\/tr>\n<tr class=\"row-3 odd\">\n\t<td class=\"column-1\">TCHOBO Val\u00e8re D\u00e8houegnon <\/td><td class=\"column-2\">UP<\/td><td class=\"column-3\">Vice-Pr\u00e9sident<\/td>\n<\/tr>\n<tr class=\"row-4 even\">\n\t<td class=\"column-1\">SOKPOEKPE Nathana\u00ebl<\/td><td class=\"column-2\">BR<\/td><td class=\"column-3\">Premier Rapporteur<\/td>\n<\/tr>\n<tr class=\"row-5 odd\">\n\t<td class=\"column-1\">HOUGNIBO Kokou Lucien<\/td><td class=\"column-2\">UP<\/td><td class=\"column-3\">Deuxi\u00e8me Rapporteur<\/td>\n<\/tr>\n<tr class=\"row-6 even\">\n\t<td class=\"column-1\">GBADAMASSI Abdel-Kader<\/td><td class=\"column-2\">BR<\/td><td class=\"column-3\">Secr\u00e9taire<\/td>\n<\/tr>\n<tr class=\"row-7 odd\">\n\t<td class=\"column-1\">ISSA Salifou<\/td><td class=\"column-2\">UP<\/td><td class=\"column-3\">Membre<\/td>\n<\/tr>\n<tr class=\"row-8 even\">\n\t<td class=\"column-1\">MAMA Sanni <\/td><td class=\"column-2\">UP<\/td><td class=\"column-3\">Membre<\/td>\n<\/tr>\n<tr class=\"row-9 odd\">\n\t<td class=\"column-1\">BIOKOU David Camille Gboss\u00e8<\/td><td class=\"column-2\">UP<\/td><td class=\"column-3\">Membre<\/td>\n<\/tr>\n<tr class=\"row-10 even\">\n\t<td class=\"column-1\">YOUSSOUFOU ABDOURAMANI Bida Nouhoume<\/td><td class=\"column-2\">BR<\/td><td class=\"column-3\">Membre<\/td>\n<\/tr>\n<tr class=\"row-11 odd\">\n\t<td class=\"column-1\">BAKO ARIFARI Nassirou<\/td><td class=\"column-2\">BR<\/td><td class=\"column-3\">Membre<\/td>\n<\/tr>\n<tr class=\"row-12 even\">\n\t<td class=\"column-1\">KORA GOUNOU Zim\u00e9<\/td><td class=\"column-2\">BR<\/td><td class=\"column-3\">Membre<\/td>\n<\/tr>\n<tr class=\"row-13 odd\">\n\t<td class=\"column-1\">ZOUMAROU WALLY BODA Mamoudou<\/td><td class=\"column-2\">BR<\/td><td class=\"column-3\">Membre<\/td>\n<\/tr>\n<tr class=\"row-14 even\">\n\t<td class=\"column-1\">TCHAOU Ahohounkpin Florentin<\/td><td class=\"column-2\">UP<\/td><td class=\"column-3\">Membre<\/td>\n<\/tr>\n<\/tbody>\n<\/table>\n<!-- #tablepress-36 from cache -->\n<p>&nbsp;<\/p>\n<\/div>\n\t\t<\/div><\/div><\/div><div id=\"pgc-2415-11-3\"  class=\"panel-grid-cell panel-grid-cell-empty\" ><\/div><\/div><\/div>","protected":false},"excerpt":{"rendered":"<p>Commissions permanentes &nbsp; &nbsp; Une Commission permanente est un organe \u00e0 caract\u00e8re purement technique cr\u00e9\u00e9 au sein du parlement. Les commissions sont au nombre de cinq (05). Il s\u2019agit de : &#8211; la Commission des Lois, de l&rsquo;Administration et des Droits de l&rsquo;Homme (C1) ; &#8211; la Commission des Finances et des Echanges (C2) ; [&hellip;]<\/p>\n","protected":false},"author":10,"featured_media":0,"parent":1381,"menu_order":0,"comment_status":"closed","ping_status":"closed","template":"","meta":{"footnotes":""},"categories":[],"tags":[],"class_list":["post-2415","page","type-page","status-publish","hentry"],"_links":{"self":[{"href":"https:\/\/assemblee-nationale.bj\/index.php\/wp-json\/wp\/v2\/pages\/2415","targetHints":{"allow":["GET"]}}],"collection":[{"href":"https:\/\/assemblee-nationale.bj\/index.php\/wp-json\/wp\/v2\/pages"}],"about":[{"href":"https:\/\/assemblee-nationale.bj\/index.php\/wp-json\/wp\/v2\/types\/page"}],"author":[{"embeddable":true,"href":"https:\/\/assemblee-nationale.bj\/index.php\/wp-json\/wp\/v2\/users\/10"}],"replies":[{"embeddable":true,"href":"https:\/\/assemblee-nationale.bj\/index.php\/wp-json\/wp\/v2\/comments?post=2415"}],"version-history":[{"count":2,"href":"https:\/\/assemblee-nationale.bj\/index.php\/wp-json\/wp\/v2\/pages\/2415\/revisions"}],"predecessor-version":[{"id":2979,"href":"https:\/\/assemblee-nationale.bj\/index.php\/wp-json\/wp\/v2\/pages\/2415\/revisions\/2979"}],"up":[{"embeddable":true,"href":"https:\/\/assemblee-nationale.bj\/index.php\/wp-json\/wp\/v2\/pages\/1381"}],"wp:attachment":[{"href":"https:\/\/assemblee-nationale.bj\/index.php\/wp-json\/wp\/v2\/media?parent=2415"}],"wp:term":[{"taxonomy":"category","embeddable":true,"href":"https:\/\/assemblee-nationale.bj\/index.php\/wp-json\/wp\/v2\/categories?post=2415"},{"taxonomy":"post_tag","embeddable":true,"href":"https:\/\/assemblee-nationale.bj\/index.php\/wp-json\/wp\/v2\/tags?post=2415"}],"curies":[{"name":"wp","href":"https:\/\/api.w.org\/{rel}","templated":true}]}}