
{"id":351,"date":"2026-02-15T17:30:46","date_gmt":"2026-02-15T16:30:46","guid":{"rendered":"https:\/\/assemblee-nationale.bj\/?page_id=351"},"modified":"2026-02-16T00:10:48","modified_gmt":"2026-02-15T23:10:48","slug":"cv_du_president","status":"publish","type":"page","link":"https:\/\/assemblee-nationale.bj\/index.php\/president-2\/le-president\/cv_du_president\/","title":{"rendered":"CV du Pr\u00e9sident du Parlement"},"content":{"rendered":"<div id=\"pl-351\"  class=\"panel-layout\" ><div id=\"pg-351-0\"  class=\"panel-grid panel-no-style\" ><div id=\"pgc-351-0-0\"  class=\"panel-grid-cell panel-grid-cell-empty\" ><\/div><div id=\"pgc-351-0-1\"  class=\"panel-grid-cell panel-grid-cell-mobile-last\" ><div id=\"panel-351-0-1-0\" class=\"so-panel widget widget_text panel-first-child\" data-index=\"0\" ><div class=\"panel-widget-style panel-widget-style-for-351-0-1-0\" >\t\t\t<div class=\"textwidget\"><p>Curiculum Vitae du Pr\u00e9sident du Parlement<\/p>\n<\/div>\n\t\t<\/div><\/div><div id=\"panel-351-0-1-1\" class=\"so-panel widget widget_text panel-last-child\" data-index=\"1\" >\t\t\t<div class=\"textwidget\"><p>&nbsp;<\/p>\n<p>&nbsp;<\/p>\n<\/div>\n\t\t<\/div><\/div><div id=\"pgc-351-0-2\"  class=\"panel-grid-cell panel-grid-cell-empty\" ><\/div><\/div><div id=\"pg-351-1\"  class=\"panel-grid panel-no-style\" ><div id=\"pgc-351-1-0\"  class=\"panel-grid-cell panel-grid-cell-empty\" ><\/div><div id=\"pgc-351-1-1\"  class=\"panel-grid-cell\" ><div id=\"panel-351-1-1-0\" class=\"so-panel widget widget_media_image panel-first-child panel-last-child\" data-index=\"2\" ><img loading=\"lazy\" decoding=\"async\" width=\"1024\" height=\"683\" src=\"https:\/\/assemblee-nationale.bj\/wp-content\/uploads\/PAN-DJOGBENOU-Joseph-5036x3357-1024x683.jpg\" class=\"image wp-image-15681  attachment-large size-large\" alt=\"\" style=\"max-width: 100%; height: auto;\" srcset=\"https:\/\/assemblee-nationale.bj\/wp-content\/uploads\/PAN-DJOGBENOU-Joseph-5036x3357-1024x683.jpg 1024w, https:\/\/assemblee-nationale.bj\/wp-content\/uploads\/PAN-DJOGBENOU-Joseph-5036x3357-300x200.jpg 300w, https:\/\/assemblee-nationale.bj\/wp-content\/uploads\/PAN-DJOGBENOU-Joseph-5036x3357-768x512.jpg 768w, https:\/\/assemblee-nationale.bj\/wp-content\/uploads\/PAN-DJOGBENOU-Joseph-5036x3357-1140x760.jpg 1140w, https:\/\/assemblee-nationale.bj\/wp-content\/uploads\/PAN-DJOGBENOU-Joseph-5036x3357-570x380.jpg 570w, https:\/\/assemblee-nationale.bj\/wp-content\/uploads\/PAN-DJOGBENOU-Joseph-5036x3357-380x254.jpg 380w, https:\/\/assemblee-nationale.bj\/wp-content\/uploads\/PAN-DJOGBENOU-Joseph-5036x3357-285x190.jpg 285w\" sizes=\"auto, (max-width: 1024px) 100vw, 1024px\" \/><\/div><\/div><div id=\"pgc-351-1-2\"  class=\"panel-grid-cell panel-grid-cell-mobile-last\" ><div id=\"panel-351-1-2-0\" class=\"so-panel widget widget_text panel-first-child panel-last-child\" data-index=\"3\" ><div class=\"panel-widget-style panel-widget-style-for-351-1-2-0\" >\t\t\t<div class=\"textwidget\"><p><em>Prof. Joseph Fifamin DJOGBENOU<\/em><br \/>\n<em>Pr\u00e9sident du Parlement<\/em><\/p>\n<\/div>\n\t\t<\/div><\/div><\/div><div id=\"pgc-351-1-3\"  class=\"panel-grid-cell panel-grid-cell-empty\" ><\/div><\/div><div id=\"pg-351-2\"  class=\"panel-grid panel-no-style\" ><div id=\"pgc-351-2-0\"  class=\"panel-grid-cell panel-grid-cell-empty\" ><\/div><div id=\"pgc-351-2-1\"  class=\"panel-grid-cell panel-grid-cell-mobile-last\" ><div id=\"panel-351-2-1-0\" class=\"so-panel widget widget_text panel-first-child panel-last-child\" data-index=\"4\" ><div class=\"panel-widget-style panel-widget-style-for-351-2-1-0\" >\t\t\t<div class=\"textwidget\"><div class=\"msg-body P_wpofO iy_A\" data-test-id=\"message-view-body-content\">\n<div class=\"jb_0 X_6MGW N_6Fd5\">\n<div>\n<div id=\"yiv7531514578\">\n<p><strong>ETAT CIVIL<br \/>\n<\/strong>Nom : DJOGBENOU<br \/>\nPr\u00e9noms : Joseph Fifamin<br \/>\nDate et lieu de naissance : en 1969 \u00e0 Abomey<br \/>\nNationalit\u00e9 : B\u00e9ninoise<br \/>\nAdresse actuelle : Cotonou, lot\t957, Sik\u00e8codji Enagnon,\tImmeuble Fifamin 01 BP 4452, Porto-Novo\/ T\u00e9l.\u00a0: 01 96 43 97 97<br \/>\nEmail\u00a0:\u00a0<a href=\"mailto:josephdjogbenou69@gmail.com\" target=\"_blank\" rel=\"nofollow noopener\">josephdjogbenou69@gmail.com<\/a><br \/>\nLangues parl\u00e9es : Fran\u00e7ais \u2013 Anglais &#8211; Fon<br \/>\nTitre : Agr\u00e9g\u00e9 des Facult\u00e9s de droit, Droit priv\u00e9 et sciences criminelles<br \/>\nEnseignant \u00e0 l\u2019Universit\u00e9 d\u2019Abomey Calavi (UAC,\tR\u00e9publique du B\u00e9nin, Afrique de\tl\u2019Ouest)<br \/>\nDirecteur du Centre de recherche et d\u2019\u00e9tude sur\tle droit et les\tinstitutions judiciaires en Afrique (CREDIJ)<br \/>\nAncien D\u00e9put\u00e9 l\u2019Assembl\u00e9e Nationale du B\u00e9nin<br \/>\nAvocat<br \/>\nGarde des Sceaux, Ministre de la Justice, de la L\u00e9gislation et des Droits de l&rsquo;Homme<br \/>\nPr\u00e9sident de la Cour constitutionnelle du B\u00e9nin<\/p>\n<div><\/div>\n<div><strong>ETUDES<\/strong><\/div>\n<div><\/div>\n<div>\n<ul>\n<li>Agr\u00e9gation de droit priv\u00e9 et de sciences criminelles, CAMES 2009, Major de promotion<\/li>\n<li>Doctorat d\u2019Etat en droit, Facult\u00e9 de droit et des sciences politiques de l\u2019UAC, B\u00e9nin, 2007<\/li>\n<li>Dipl\u00f4me d\u2019\u00e9tudes approfondies en droit de la personne, Chaire Unesco des droits de la personne et de la d\u00e9mocratie, Facult\u00e9 de droit, UAC, B\u00e9nin, 2000<\/li>\n<li>Certificat d\u2019aptitude \u00e0 la profession d\u2019avocat, Facult\u00e9 de droit, UAC, 1997, Major de promotion<\/li>\n<li>Ma\u00eetrise en droit, option, droit des affaires et carri\u00e8res judiciaires, Facult\u00e9 de droit, UAC, 1996<\/li>\n<li>Licence en droit, droit des affaires et carri\u00e8res judiciaires, Facult\u00e9 de droit, UAC, 1995<\/li>\n<li>Dipl\u00f4me d\u2019\u00e9tudes universitaires g\u00e9n\u00e9rales de droit, Facult\u00e9 de droit, UAC, 1994<\/li>\n<li>Baccalaur\u00e9at, s\u00e9rie A, Coll\u00e8ge du R\u00e9v\u00e9rend P\u00e8re Aupiais, Cotonou, 1992<\/li>\n<\/ul>\n<\/div>\n<div><\/div>\n<div><strong>FONCTIONS<\/strong><\/div>\n<div><\/div>\n<div>\n<ul>\n<li>\n<strong>Depuis 8 F\u00e9vrier 2026 : <\/strong><\/p>\n<ul class=\"niveau-2\">\n<li>Pr\u00e9sident de l&rsquo;Assembl\u00e9e nationale du B\u00e9nin ;<\/li>\n<\/ul>\n<\/li>\n<li><strong>Depuis le 16 juillet 2022 :<\/strong>\n<ul class=\"niveau-2\">\n<li>Pr\u00e9sident du parti Union Progressiste le Renouveau ;\n  <\/ul>\n<\/li>\n<li><strong>8 Juin 2018 &#8211; 12 Juillet 2022 :<\/strong>\n<ul class=\"niveau-2\">\n<li>Pr\u00e9sident de la Cour constitutionnelle du B\u00e9nin ;\n  <\/ul>\n<\/li>\n<li><strong>7 Avril 2016 &#8211; 5 Mai 2018 :<\/strong>\n<ul class=\"niveau-2\">\n<li>Garde des Sceaux, Ministre de la Justice, de la L\u00e9gislation et des Droits de l&rsquo;Homme\u00a0;\n  <\/ul>\n<\/li>\n<li><strong>2015 &#8211; 2016 :<\/strong>\n<ul class=\"niveau-2\">\n<li>D\u00e9put\u00e9 \u00e0 l\u2019Assembl\u00e9e Nationale du B\u00e9nin ;\n<li>Pr\u00e9sident de la Commission des Lois, de l\u2019Administration et des Droits de l\u2019Homme de l\u2019Assembl\u00e9e Nationale du B\u00e9nin; <\/li>\n<\/ul>\n<\/li>\n<li><strong>Depuis 2014 :<\/strong>\n<ul class=\"niveau-2\">\n<li>Chef du d\u00e9partement de droit priv\u00e9 de la Facult\u00e9 de droit et de sciences politiques de l\u2019Universit\u00e9 d\u2019Abomey-Calavi ;\n<li>Directeur du master strat\u00e9gie et ing\u00e9nierie juridique des entreprises, Universit\u00e9 de Parakou ;<\/li>\n<\/ul>\n<\/li>\n<li><strong>Depuis 2012 :<\/strong>\n<ul class=\"niveau-2\">\n<li>Directeur du master droit et institutions judiciaires \u00e0 l\u2019Ecole doctorale de la Facult\u00e9 de droit et de sciences politiques, Universit\u00e9 d\u2019Abomey-Calavi ;\n  <\/ul>\n<\/li>\n<li><strong>Depuis 2010 :<\/strong>\n<ul class=\"niveau-2\">\n<li>Professeur \u00e0 la Facult\u00e9 de Droit et des Sciences Politiques \u2013 Universit\u00e9 d\u2019Abomey-Calavi (UAC-B\u00e9nin)<\/li>\n<li>Professeur invit\u00e9 \u2013 Facult\u00e9 de Droit, Universit\u00e9 de Parakou (UP-B\u00e9nin)<\/li>\n<li>Professeur invit\u00e9 \u2013 Facult\u00e9 de Droit, Universit\u00e9 Catholique d\u2019Afrique de l\u2019Ouest (UCAO, Abidjan, C\u00f4te d\u2019Ivoire)<\/li>\n<li>Professeur invit\u00e9 \u2013 Facult\u00e9 de Droit, Universit\u00e9 de Lom\u00e9 (Togo)<\/li>\n<li>Formateur \u2013 \u00c9cole R\u00e9gionale Sup\u00e9rieure de Magistrature de l\u2019OHADA (ERSUMA), Porto-Novo, B\u00e9nin<\/li>\n<li>Directeur du Centre de Recherche et d\u2019\u00c9tude en Droit et Institutions Judiciaires en Afrique (CREDIJ) \u2013 <a href=\"https:\/\/www.credij.org\" target=\"_blank\">www.credij.org<\/a>\n    <\/li>\n<\/ul>\n<\/li>\n<li><strong>Depuis 2008 :<\/strong>\n<ul class=\"niveau-2\">\n<li>Charg\u00e9 de cours \u00e0 la Facult\u00e9 de droit de l\u2019Universit\u00e9 Catholique d\u2019Abidjan (UCAOAbidjan, C\u00f4te d\u2019Ivoire) ;\n  <\/ul>\n<\/li>\n<li><strong>2004 &#8211; 2010 :<\/strong>\n<ul class=\"niveau-2\">\n<li>Assistant \u00e0 la Facult\u00e9 de droit de l\u2019Universit\u00e9 d\u2019Abomey Calavi (UAC) ;\n<li>Charg\u00e9 de Cours \u00e0 la Facult\u00e9 de droit de l\u2019Universit\u00e9 de Parakou ; <\/li>\n<\/ul>\n<\/li>\n<li><strong>2008 &#8211; 2014 :<\/strong>\n<ul class=\"niveau-2\">\n<li>Membre du Conseil de l\u2019Ordre des Avocats du B\u00e9nin ;\n  <\/ul>\n<\/li>\n<li><strong>Depuis 2000 :<\/strong>\n<ul class=\"niveau-2\">\n<li>Avocat inscrit au Barreau du B\u00e9nin (Prestation de serment en 1998)<\/li>\n<li><em>Omis depuis avril 2016<\/em><\/li>\n<ul class=\"niveau-3\">\n<li>Avocat et conseil de plusieurs banques et institutions financi\u00e8res du B\u00e9nin<\/li>\n<li>Sp\u00e9cialiste du recouvrement de cr\u00e9ances bancaires et du droit bancaire<\/li>\n<li>Avocat et conseil de banques dans le cadre de pourvois en cassation devant la Cour Commune de Justice et d\u2019Arbitrage (CCJA)<\/li>\n<li>Avocat et conseil dans le cadre d\u2019arbitrages importants impliquant aussi bien les particuliers que l\u2019\u00c9tat (arbitrages ad hoc et arbitrage CCJA)\n        <\/li>\n<li>Avocat et conseil de soci\u00e9t\u00e9s de droit gabonais<\/li>\n<li>Avocat et conseil de particuliers dans le cadre de litiges internes et internationaux<\/li>\n<li><strong>Domaines :<\/strong> Droit civil \u2013 Droit p\u00e9nal des affaires \u2013 Droit des affaires<\/li>\n<\/ul>\n<\/ul>\n<\/li>\n<\/div>\n<div><\/div>\n<div><strong>PUBLICATIONS<\/strong><\/div>\n<div><\/div>\n<div>\n<ul>\n<li>\n<strong>Ouvrages<\/strong><\/p>\n<ul class=\"niveau-2\">\n<li>Code foncier et domanial comment\u00e9 et annot\u00e9, Les Editions du CREDIJ, 2016, 1\u00e8re \u00e9dition (Direction et r\u00e9daction) ;<\/li>\n<li>Code de proc\u00e9dure p\u00e9nale comment\u00e9 et annot\u00e9, Les Editions du CREDIJ, 2014, 2\u00e8me \u00e9dition, (Direction et r\u00e9daction) ;<\/li>\n<li>Code de proc\u00e9dure civile, commerciale, sociale, administrative et des comptes, Les Editions du CREDIJ, 2014, 2\u00e8me \u00e9dition, (Direction et r\u00e9daction) ;<\/li>\n<li>Les Cahiers du CREDIJ, n\u00b01 : Code de proc\u00e9dure p\u00e9nale : Guide \u00e0 l\u2019usage des officiers de police judiciaire, 2013 (Direction) ;<\/li>\n<li>Les Cahiers du CREDIJ, n\u00b00 : Rapport d\u2019\u00e9tude du code foncier et rapport d\u2019\u00e9tude du projet de code p\u00e9nal, Les Editions du CREDIJ, 2013 (Direction) ;<\/li>\n<li>Code de proc\u00e9dure p\u00e9nale comment\u00e9 et annot\u00e9, Les Editions du CREDIJ, 2013, (Direction et r\u00e9daction) ;<\/li>\n<li>Code de proc\u00e9dure civile, commerciale, sociale, administrative et des comptes : Formulaire d\u2019actes, Les Editions du CREDIJ, 2012, (Direction et r\u00e9daction) ;<\/li>\n<li>Code de proc\u00e9dure civile, commerciale, sociale, administrative et des comptes, Les Editions du CREDIJ, 2012, (Direction et r\u00e9daction) ;<\/li>\n<li>Saisie des droits d\u2019associ\u00e9s et valeurs mobili\u00e8res, in Paul-G\u00e9rard POUGOUE, Encyclop\u00e9die du droit OHADA, Lamy, 2011 ;<\/li>\n<li>Introduction \u00e0 l\u2019\u00e9tude du droit : perspectives africaines (avec M. Doroth\u00e9 SOSSA), Les Editions du CREDIJ, 2011 ;<\/li>\n<li>L\u2019ex\u00e9cution forc\u00e9e, Droit OHADA, 2\u00e8me \u00e9dition, CREDIJ, Avril 2011, 338 pages.<\/li>\n<\/ul>\n<\/li>\n<li><strong>Articles et Communications<\/strong>\n<ul class=\"niveau-2\">\n<li>La r\u00e9forme de la proc\u00e9dure civile, commerciale administrative, sociale et des comptes du B\u00e9nin : une l\u00e9gistique impossible ?, in M\u00e9langes en l\u2019honneur de Paul-G\u00e9rard POUGOUE, Lamy-Les Editions du CREDIJ, 2014<\/li>\n<li>La femme, la recherche en droit, la pratique du droit, au f\u00e9minin? Journ\u00e9e d\u2019\u00e9tude \u00ab Femme, recherche et droit \u00bb, CREDIJ, Universit\u00e9 d\u2019Abomey-Calavi, le 21 mars 2014<\/li>\n<li>A la recherche des principes directeurs du proc\u00e8s devant les juridictions d\u2019int\u00e9gration, Colloque \u00ab Juge, justice et l\u2019int\u00e9gration par le droit : exp\u00e9riences compar\u00e9es Union Europ\u00e9enne et droit africain de l\u2019OHADA \u00bb, Universit\u00e9 d\u2019Abomey-Calavi le 20 janvier 2014<\/li>\n<li>Le juge judiciaire et les libert\u00e9s, Communication \u00e0 la rentr\u00e9e solennelle conjointe 2013-2014 du Centre de recherches et d\u2019\u00e9tudes en droit et institutions judiciaires en Afrique (CREDIJ) et du Centre de droit constitutionnel (CDC), Universit\u00e9 d\u2019Abomey-Calavi le 11 novembre 2013<\/li>\n<li>Synth\u00e8se des travaux de la rentr\u00e9e solennelle conjointe 2012-2013 du Centre de recherches et d\u2019\u00e9tudes en droit et institutions judiciaires en Afrique (CREDIJ) et du Centre de droit constitutionnel (CDC) sur le th\u00e8me \u00ab La loi a-t-elle solution \u00e0 tout ? Le regard du privatiste \u00bb, Universit\u00e9 d\u2019Abomey-Calavi le 23 novembre 2010<\/li>\n<li>L\u2019informel et le r\u00e8glement des litiges par application du droit au OHADA, Contribution au colloque organis\u00e9 par l\u2019AEDJ et l\u2019IRJS : \u00ab Le syst\u00e8me juridique de l\u2019OHADA et l\u2019attractivit\u00e9 des \u00c9tats parties, 20 ans apr\u00e8s : bilan et d\u00e9fis \u00e0 relever \u00bb, Sorbonne-Paris, le 20 juin 2013<\/li>\n<li>Point de vue sur l\u2019attractivit\u00e9 \u00e9conomique du droit OHADA, Conf\u00e9rence de lancement de l\u2019Encyclop\u00e9die du droit OHADA, Cotonou, 27 avril 2012<\/li>\n<li>La privatisation du droit constitutionnel : le regard du privatiste, Communication \u00e0 la rentr\u00e9e solennelle conjointe 2011-2012 du Centre de recherches et d\u2019\u00e9tudes en droit et institutions judiciaires en Afrique (CREDIJ) et du Centre de droit constitutionnel (CDC) Universit\u00e9 d\u2019Abomey-Calavi le 12 avril 2012<\/li>\n<li>La part de la l\u00e9gistique dans la r\u00e9forme du Code de proc\u00e9dure civile, commerciale, administrative, sociale et des comptes en R\u00e9publique du B\u00e9nin, contribution dans le cadre de des journ\u00e9es scientifiques sur \u00ab Justice et R\u00e9formes dans un Etat en qu\u00eate de d\u00e9veloppement : le cas du B\u00e9nin \u00bb, 13 Janvier 2011.<\/li>\n<li>Rapport sur \u00ab Justice et R\u00e9formes dans un Etat en qu\u00eate de d\u00e9veloppement : le cas du B\u00e9nin \u00bb, Janvier 2011.<\/li>\n<li>La cybercriminalit\u00e9 : enjeux et d\u00e9fis pour le B\u00e9nin ; Conf\u00e9rence \u00e0 l\u2019initiative du CAPOD, Cotonou, le 30 juin 2010.<\/li>\n<li>Recouvrement de cr\u00e9ance et crise financi\u00e8re : \u00e0 la recherche de solutions alternatives ; Intervention \u00e0 la 3\u00e8me \u00e9dition du Congr\u00e8s africain des juristes d\u2019entreprise, Cotonou, le 6 mai 2010.<\/li>\n<li>La notion de magistrature \u00e9conomique, Intervention \u00e0 la session annuelle de l\u2019association africaine des juristes de banque et \u00e9tablissements financiers, Kinshasa, R\u00e9publique d\u00e9mocratique du Congo, 28 avril 2010<\/li>\n<li>Le bin\u00f4me banque et justice dans le d\u00e9veloppement \u00e9conomique des Etats parties au trait\u00e9 de l\u2019OHADA, Intervention \u00e0 la session annuelle de l\u2019association africaine des juristes de banque et \u00e9tablissements financiers, Kinshasa, R\u00e9publique d\u00e9mocratique du Congo, 28 avril 2010<\/li>\n<li>Le secteur de la justice et de l\u2019Etat de droit au B\u00e9nin : une \u00e9tude r\u00e9alis\u00e9e \u00e0 l\u2019initiative de Open Society Initiative for West Africa ; OSIWA 2010.<\/li>\n<li>L\u2019id\u00e9e de r\u00e9vision de la Constitution b\u00e9ninoise du 11 d\u00e9cembre 1990 : entre progr\u00e8s et regrets : Une tentative de lecture du \u00ab texte final \u00bb de la \u00ab commission ad\u2019hoc de relecture de la Constitution \u00bb, In, Fondation Konrad Adenauer, Projet de r\u00e9vision de la Constitution b\u00e9ninoise, port\u00e9e et limites, \u00e9d. COPEF, Cotonou, 2010.<\/li>\n<li>Commentaire de la Constitution b\u00e9ninoise du 11 d\u00e9cembre 1990 : Esprit, lettre, interpr\u00e9tation et pratique de la Constitution par le B\u00e9nin et ses institutions, Fondation Konrad Adenauer, \u00e9d. COPEF, Cotonou, Juillet 2009<\/li>\n<li><strong>JUSTICE DE DEJUDICIARISATION ET JUSTICE RESTAURATRICE AU PROFIT DE L\u2019ENFANT ;<\/strong> Intervention au colloque sur la protection des droits de l\u2019enfant par les juges africains francophones de l\u2019Association africaine des hautes juridictions francophones Cotonou, le 19 d\u00e9cembre 2009<\/li>\n<li>La cause dans les contrats conclus sur le fondement des Actes uniformes de l\u2019OHADA, Penant, n\u00b0867, Avril-juin 2009 ; Revue b\u00e9ninoise des sciences juridiques et administratives, n\u00b0 20 et 21, Ann\u00e9e 2008-2009.<\/li>\n<li>R\u00e9flexion sur la juridiction pr\u00e9sidentielle en mati\u00e8re d\u2019ex\u00e9cution forc\u00e9e en droit OHADA, \u00e0 para\u00eetre dans la revue b\u00e9ninoise des sciences juridiques et administratives.<\/li>\n<li>Les tendances essentielles de la jurisprudence de la Cour commune de justice et d\u2019arbitrage, Intervention \u00e0 la session annuelle de l\u2019association africaine des juristes de banque et \u00e9tablissements financiers, Cotonou, R\u00e9publique du B\u00e9nin, 23 juin 2009<\/li>\n<li>Le principe de s\u00e9curit\u00e9 juridique et judiciaire dans l\u2019espace OHADA, Intervention \u00e0 la session annuelle de l\u2019association africaine des juristes de banque et \u00e9tablissements financiers, Ouagadougou, Burkina Faso, 17 avril 2008<\/li>\n<li>L\u2019instance judiciaire au c\u0153ur du droit communautaire harmonis\u00e9 : la Cour commune de justice et d\u2019arbitrage, intervention en faveur des auditeurs du Centre International de Formation en Afrique des Avocats Francophones (CIFAF), septembre 2007.<\/li>\n<li>Les privations de la libert\u00e9 individuelle de mouvement non cons\u00e9cutives \u00e0 une d\u00e9cision p\u00e9nale de condamnation, Th\u00e8se, Doctorat unique, UAC, Cotonou, 1er d\u00e9cembre 2007<\/li>\n<li>L\u2019ex\u00e9cution forc\u00e9e : l\u00e9gislation b\u00e9ninoise et droit Ohada, \u00e9d. Juris Ouanilo, Ao\u00fbt 2006.<\/li>\n<li>Les personnes et la famille en R\u00e9publique du B\u00e9nin : de la r\u00e9alit\u00e9 sociale \u00e0 l\u2019actualit\u00e9 juridique ; in La personne, la famille et le droit en R\u00e9publique du B\u00e9nin : contribution \u00e0 l\u2019\u00e9tude du code des personnes et de la famille ; \u00e9d. Juris Ouanilo, f\u00e9vrier 2007.<\/li>\n<li>L\u2019instance judiciaire au c\u0153ur du droit africain harmonis\u00e9 : La cour de justice et d\u2019arbitrage d\u2019Abidjan ; communication aux auditeurs du Centre International de Formation des Avocats Francophones (CIFAF), Porto-Novo, le 6 septembre 2007<\/li>\n<li>L\u2019entraide judiciaire dans la l\u00e9gislation b\u00e9ninoise : perspective de coop\u00e9ration avec la Cour P\u00e9nale Internationale ; communication produite \u00e0 l\u2019atelier technique sur la r\u00e9pression du Droit Humanitaire International au B\u00e9nin tenu \u00e0 Cotonou le 12 d\u00e9cembre 2003.<\/li>\n<li>La question des Droits de l\u2019Homme au B\u00e9nin, d\u2019hier \u00e0 aujourd\u2019hui ; communication dite le 30 Octobre 2004 \u00e0 Cotonou, \u00e0 l\u2019initiative des anciens prisonniers politiques du r\u00e9gime marxiste du B\u00e9nin<\/li>\n<li>R\u00e9gime du contr\u00f4le de la garde \u00e0 vue et de la d\u00e9tention pr\u00e9ventive au B\u00e9nin ; M\u00e9moire de Dipl\u00f4me d\u2019Etudes Approfondies Chaire UNESCO des Droits de l\u2019Homme et de la D\u00e9mocratie ; 2000.<\/li>\n<li>La r\u00e9pression des infractions li\u00e9es au trafic et au travail des enfants : r\u00e9sultats, limites et perspectives ; Communication \u00e0 l&rsquo;occasion du forum social sur le th\u00e8me : \u00ab\u00a0lutter contre le trafic et le travail des enfants au B\u00e9nin : des discours \u00e0 la r\u00e9alit\u00e9\u00a0\u00bb, Organis\u00e9 par l&rsquo;Agence PROXIMITES, Bohicon, lundi 19 d\u00e9cembre 2005.<\/li>\n<li>Le juge et la protection des int\u00e9r\u00eats des parties dans une phase de proc\u00e9dure collective, Revue Droit et Lois, n\u00b0 5, Octobre 2005<\/li>\n<li>Le r\u00e9gime des nullit\u00e9s en mati\u00e8re de proc\u00e9dures simplifi\u00e9es de recouvrement et des voies d\u2019ex\u00e9cution, Revue Droit et Lois, n\u00b0 5, Octobre 2005<\/li>\n<li>La comp\u00e9tence du juge des r\u00e9f\u00e9r\u00e9s en mati\u00e8re de r\u00e9siliation du bail commercial ; Revue Droit et lois, n\u00b0 3<\/li>\n<li>Rapport sur l\u2019\u00e9tat de la libert\u00e9 de la presse au B\u00e9nin, ODEM, 1\u00e8re \u00e9d., Novembre 2005.<\/li>\n<li>Rapports sur l\u2019\u00e9tat des droits de l\u2019homme et de la d\u00e9mocratie au B\u00e9nin : 2003, 2004 ONG DHPD<\/li>\n<\/ul>\n<\/li>\n<li><strong>Autres travaux scientifiques<\/strong>\n<ul class=\"niveau-2\">\n<li>Session de formation des juristes de banque et \u00e9tablissements financiers sur le recouvrement de cr\u00e9ances, techniques, strat\u00e9gie et conseils pratiques, Kinshasa, R\u00e9publique D\u00e9mocratique du Congo, juillet 2015<\/li>\n<li>Intervention \u00e0 la journ\u00e9e des Barreaux de Kinshasa (GOMBE et MATETE) sur les contrats de partenariat public-priv\u00e9, les contrats de march\u00e9s publics et les contrats internationaux (contentieux et modes de r\u00e8glement), du 09 au 11 juillet 2015<\/li>\n<li>Session de formation professionnelle de l\u2019ordre des avocats du Mali \u00e0 l\u2019AUSCGIE, Bamako, du 16 au 17 d\u00e9cembre 2014<\/li>\n<li>Mod\u00e9ration de la conf\u00e9rence donn\u00e9e par le Professeur Mayatta Ndiaye MBAYE sur \u00ab Les principales innovations de l\u2019AUSCGIE r\u00e9vis\u00e9 du 30 janvier 2014 \u00bb, Universit\u00e9 d\u2019Abomey-Calavi, 26 d\u00e9cembre 2014<\/li>\n<li>Session d\u2019immersion \u00e0 l\u2019AUSCGIE r\u00e9vis\u00e9 du 30 janvier 2014 \u00e0 l\u2019intention des cadres et du personnel de la BANK OF AFRICA BENIN, Cotonou, le 28 juin 2014<\/li>\n<li>Animation de conf\u00e9rences de m\u00e9thodologie au profit des doctorants, 14 d\u00e9cembre 2013 et 19 mars 2014<\/li>\n<li>Formation des secr\u00e9taires et assistants des juridictions au nouveau code de proc\u00e9dure p\u00e9nale, Parakou et Abomey, du 3 au 6 mars 2014<\/li>\n<li>Animation de la conf\u00e9rence des chefs de juridictions, de parquets et de greffes, \u00e9largie aux auxiliaires de justice du B\u00e9nin sur le code de proc\u00e9dure p\u00e9nale, Ouidah, du 24 au 27 f\u00e9vrier 2014<\/li>\n<li>Formation des magistrats, greffiers et officiers de police judiciaire du ressort des trois cours d\u2019appel du B\u00e9nin au nouveau code de proc\u00e9dure p\u00e9nale, Cotonou, Porto-Novo, Lokossa, Abomey, Parakou, Natitingou, ao\u00fbt-septembre-octobre 2013<\/li>\n<li>Direction scientifiques des \u00ab Rencontres universitaires sur le foncier \u00bb, 5 juin 2013, Universit\u00e9 d\u2019Abomey-Calavi<\/li>\n<li>Formation des avocats au nouveau code de proc\u00e9dure p\u00e9nale, Possotom\u00e9, 12-14 juillet 2013<\/li>\n<li>Animation de la conf\u00e9rence des chefs de juridictions, de parquets et de greffes, \u00e9largie aux auxiliaires de justice du B\u00e9nin sur le code de proc\u00e9dure civile, commerciale, sociale, administrative et des comptes, Bohicon, du 15 au 19 octobre 2012<\/li>\n<li>Formation des magistrats et greffiers du ressort des trois cours d\u2019appel du B\u00e9nin au nouveau code de proc\u00e9dure civile, commerciale, sociale, administrative et des comptes<\/li>\n<li>Formation sur \u00ab Les \u00e9critures d\u2019avocat dans le contexte du nouveau code de proc\u00e9dure civile, commerciale, sociale, administrative et des comptes \u00bb, Possotom\u00e9, du 02 au 05 mars 2012<\/li>\n<li>Formation des avocats sur \u00ab Le code de proc\u00e9dure civile, commerciale, sociale, administrative et des comptes, les actes uniformes r\u00e9vis\u00e9s et la l\u00e9gislation fiscale \u00bb, du 06 au 10 janvier 2012<\/li>\n<li>Direction scientifique du Forum des doctorants du CREDIJ, Universit\u00e9 d\u2019Abomey-Calavi, 5 juin 2012<\/li>\n<li>Formation des notaires sur l\u2019acte uniforme relatif au droit des s\u00fbret\u00e9s<\/li>\n<li>Garanties et recouvrement de cr\u00e9ances \u00e0 l\u2019\u00e9preuve du droit OHADA, Formation du personnel des banques et \u00e9tablissements financiers, Possotom\u00e9, du 14 au 18 novembre 2011<\/li>\n<li>La pratique des garanties \u00e0 l\u2019\u00e9preuve de la r\u00e9forme de l\u2019Acte uniforme portant organisation des s\u00fbret\u00e9s, Formation du personnel des banques et \u00e9tablissements financiers, Possotom\u00e9, du 26 juin au 1er juillet 2011<\/li>\n<\/ul>\n<\/li>\n<\/div>\n<div><em>Je certifie sinc\u00e8res les informations ci-dessous indiqu\u00e9es.<\/em><br \/>\n<em>Porto-Novo, le 15 F\u00e9vrier 2026<\/em><br \/>\n<em>Joseph Fifamin <strong>DJOGBENOU<\/strong><\/em><\/div>\n<\/div>\n<\/div>\n<\/div>\n<\/div>\n<\/div>\n\t\t<\/div><\/div><\/div><div id=\"pgc-351-2-2\"  class=\"panel-grid-cell panel-grid-cell-empty\" ><\/div><\/div><div id=\"pg-351-3\"  class=\"panel-grid panel-no-style\" ><div id=\"pgc-351-3-0\"  class=\"panel-grid-cell panel-grid-cell-empty\" ><\/div><div id=\"pgc-351-3-1\"  class=\"panel-grid-cell panel-grid-cell-mobile-last\" ><div id=\"panel-351-3-1-0\" class=\"so-panel widget widget_text panel-first-child panel-last-child\" data-index=\"5\" >\t\t\t<div class=\"textwidget\"><p>&nbsp;<\/p>\n<p>&nbsp;<\/p>\n<\/div>\n\t\t<\/div><\/div><div id=\"pgc-351-3-2\"  class=\"panel-grid-cell panel-grid-cell-empty\" ><\/div><\/div><\/div>","protected":false},"excerpt":{"rendered":"<p>Curiculum Vitae du Pr\u00e9sident du Parlement &nbsp; &nbsp; Prof. Joseph Fifamin DJOGBENOU Pr\u00e9sident du Parlement<\/p>\n","protected":false},"author":10,"featured_media":0,"parent":1414,"menu_order":0,"comment_status":"closed","ping_status":"closed","template":"","meta":{"footnotes":""},"categories":[1],"tags":[],"class_list":["post-351","page","type-page","status-publish","hentry","category-uncategorized"],"_links":{"self":[{"href":"https:\/\/assemblee-nationale.bj\/index.php\/wp-json\/wp\/v2\/pages\/351","targetHints":{"allow":["GET"]}}],"collection":[{"href":"https:\/\/assemblee-nationale.bj\/index.php\/wp-json\/wp\/v2\/pages"}],"about":[{"href":"https:\/\/assemblee-nationale.bj\/index.php\/wp-json\/wp\/v2\/types\/page"}],"author":[{"embeddable":true,"href":"https:\/\/assemblee-nationale.bj\/index.php\/wp-json\/wp\/v2\/users\/10"}],"replies":[{"embeddable":true,"href":"https:\/\/assemblee-nationale.bj\/index.php\/wp-json\/wp\/v2\/comments?post=351"}],"version-history":[{"count":3,"href":"https:\/\/assemblee-nationale.bj\/index.php\/wp-json\/wp\/v2\/pages\/351\/revisions"}],"predecessor-version":[{"id":2737,"href":"https:\/\/assemblee-nationale.bj\/index.php\/wp-json\/wp\/v2\/pages\/351\/revisions\/2737"}],"up":[{"embeddable":true,"href":"https:\/\/assemblee-nationale.bj\/index.php\/wp-json\/wp\/v2\/pages\/1414"}],"wp:attachment":[{"href":"https:\/\/assemblee-nationale.bj\/index.php\/wp-json\/wp\/v2\/media?parent=351"}],"wp:term":[{"taxonomy":"category","embeddable":true,"href":"https:\/\/assemblee-nationale.bj\/index.php\/wp-json\/wp\/v2\/categories?post=351"},{"taxonomy":"post_tag","embeddable":true,"href":"https:\/\/assemblee-nationale.bj\/index.php\/wp-json\/wp\/v2\/tags?post=351"}],"curies":[{"name":"wp","href":"https:\/\/api.w.org\/{rel}","templated":true}]}}