
{"id":354,"date":"2017-09-13T12:30:32","date_gmt":"2017-09-13T11:30:32","guid":{"rendered":"https:\/\/assemblee-nationale.bj\/?page_id=354"},"modified":"2026-02-15T15:55:30","modified_gmt":"2026-02-15T14:55:30","slug":"president-2","status":"publish","type":"page","link":"https:\/\/assemblee-nationale.bj\/index.php\/presentation\/organisation_et_fonctionnement\/president-2\/","title":{"rendered":"Pr\u00e9sident"},"content":{"rendered":"<div id=\"pl-354\"  class=\"panel-layout\" ><div id=\"pg-354-0\"  class=\"panel-grid panel-no-style\" ><div id=\"pgc-354-0-0\"  class=\"panel-grid-cell panel-grid-cell-empty\" ><\/div><div id=\"pgc-354-0-1\"  class=\"panel-grid-cell panel-grid-cell-mobile-last\" ><div id=\"panel-354-0-1-0\" class=\"so-panel widget widget_text panel-first-child\" data-index=\"0\" ><div class=\"panel-widget-style panel-widget-style-for-354-0-1-0\" >\t\t\t<div class=\"textwidget\"><p>Pr\u00e9sident<\/p>\n<\/div>\n\t\t<\/div><\/div><div id=\"panel-354-0-1-1\" class=\"so-panel widget widget_text panel-last-child\" data-index=\"1\" >\t\t\t<div class=\"textwidget\"><p>&nbsp;<\/p>\n<p>&nbsp;<\/p>\n<\/div>\n\t\t<\/div><\/div><div id=\"pgc-354-0-2\"  class=\"panel-grid-cell panel-grid-cell-empty\" ><\/div><\/div><div id=\"pg-354-1\"  class=\"panel-grid panel-no-style\" ><div id=\"pgc-354-1-0\"  class=\"panel-grid-cell panel-grid-cell-empty\" ><\/div><div id=\"pgc-354-1-1\"  class=\"panel-grid-cell\" ><div id=\"panel-354-1-1-0\" class=\"so-panel widget widget_media_image panel-first-child panel-last-child\" data-index=\"2\" ><div class=\"panel-widget-style panel-widget-style-for-354-1-1-0\" ><img loading=\"lazy\" decoding=\"async\" width=\"300\" height=\"200\" src=\"https:\/\/assemblee-nationale.bj\/wp-content\/uploads\/PAN-DJOGBENOU-Joseph-300x200.jpg\" class=\"image wp-image-15676  attachment-medium size-medium\" alt=\"\" style=\"max-width: 100%; height: auto;\" srcset=\"https:\/\/assemblee-nationale.bj\/wp-content\/uploads\/PAN-DJOGBENOU-Joseph-300x200.jpg 300w, https:\/\/assemblee-nationale.bj\/wp-content\/uploads\/PAN-DJOGBENOU-Joseph-380x254.jpg 380w, https:\/\/assemblee-nationale.bj\/wp-content\/uploads\/PAN-DJOGBENOU-Joseph-285x190.jpg 285w, https:\/\/assemblee-nationale.bj\/wp-content\/uploads\/PAN-DJOGBENOU-Joseph.jpg 400w\" sizes=\"auto, (max-width: 300px) 100vw, 300px\" \/><\/div><\/div><\/div><div id=\"pgc-354-1-2\"  class=\"panel-grid-cell panel-grid-cell-mobile-last\" ><div id=\"panel-354-1-2-0\" class=\"so-panel widget widget_text panel-first-child\" data-index=\"3\" ><div class=\"panel-widget-style panel-widget-style-for-354-1-2-0\" >\t\t\t<div class=\"textwidget\"><p>Le Pr\u00e9sident de l&rsquo;Assembl\u00e9e est un d\u00e9put\u00e9 \u00e9lu par ses pairs pour la dur\u00e9e de la l\u00e9gislature. Il est, constitutionnellement, la deuxi\u00e8me personnalit\u00e9 de l&rsquo;Etat. En cas de vacance de la Pr\u00e9sidence de la R\u00e9publique, les fonctions de Pr\u00e9sident de la R\u00e9publique sont exerc\u00e9es par lui (article 50 de la Constitution), \u00e0 l&rsquo;exception de celles mentionn\u00e9es aux articles 54 alin\u00e9a 3, 58, 60, 101 et 154 de la Constitution.<\/p>\n<p>Le Pr\u00e9sident dirige l&rsquo;Assembl\u00e9e Nationale ; il la repr\u00e9sente dans la vie politique nationale et internationale ; il pr\u00e9side les s\u00e9ances pl\u00e9ni\u00e8res de l&rsquo;Assembl\u00e9e Nationale, les r\u00e9unions du Bureau et de la Conf\u00e9rence des Pr\u00e9sidents ; il a la haute direction des d\u00e9bats ; il est le chef de l&rsquo;Administration de l&rsquo;Assembl\u00e9e Nationale et l&rsquo;Ordonnateur du Budget de l&rsquo;Institution.<\/p>\n<\/div>\n\t\t<\/div><\/div><div id=\"panel-354-1-2-1\" class=\"so-panel widget widget_text panel-last-child\" data-index=\"4\" ><div class=\"panel-widget-style panel-widget-style-for-354-1-2-1\" >\t\t\t<div class=\"textwidget\"><p>Les attributions, pouvoirs, pr\u00e9rogatives et obligations du Pr\u00e9sident de l&rsquo;Assembl\u00e9e Nationale sont d\u00e9finis par les articles 17.1, 21, 42 et 49.1 du R\u00e8glement Int\u00e9rieur.<\/p>\n<\/div>\n\t\t<\/div><\/div><\/div><div id=\"pgc-354-1-3\"  class=\"panel-grid-cell panel-grid-cell-empty\" ><\/div><\/div><div id=\"pg-354-2\"  class=\"panel-grid panel-no-style\" ><div id=\"pgc-354-2-0\"  class=\"panel-grid-cell panel-grid-cell-empty\" ><\/div><div id=\"pgc-354-2-1\"  class=\"panel-grid-cell panel-grid-cell-mobile-last\" ><div id=\"panel-354-2-1-0\" class=\"so-panel widget widget_text panel-first-child panel-last-child\" data-index=\"5\" >\t\t\t<div class=\"textwidget\"><p>&nbsp;<\/p>\n<p>&nbsp;<\/p>\n<\/div>\n\t\t<\/div><\/div><div id=\"pgc-354-2-2\"  class=\"panel-grid-cell panel-grid-cell-empty\" ><\/div><\/div><\/div>","protected":false},"excerpt":{"rendered":"<p>Pr\u00e9sident &nbsp; &nbsp; Le Pr\u00e9sident de l&rsquo;Assembl\u00e9e est un d\u00e9put\u00e9 \u00e9lu par ses pairs pour la dur\u00e9e de la l\u00e9gislature. Il est, constitutionnellement, la deuxi\u00e8me personnalit\u00e9 de l&rsquo;Etat. En cas de vacance de la Pr\u00e9sidence de la R\u00e9publique, les fonctions de Pr\u00e9sident de la R\u00e9publique sont exerc\u00e9es par lui (article 50 de la Constitution), \u00e0 [&hellip;]<\/p>\n","protected":false},"author":10,"featured_media":0,"parent":1381,"menu_order":0,"comment_status":"closed","ping_status":"closed","template":"","meta":{"footnotes":""},"categories":[1],"tags":[],"class_list":["post-354","page","type-page","status-publish","hentry","category-uncategorized"],"_links":{"self":[{"href":"https:\/\/assemblee-nationale.bj\/index.php\/wp-json\/wp\/v2\/pages\/354","targetHints":{"allow":["GET"]}}],"collection":[{"href":"https:\/\/assemblee-nationale.bj\/index.php\/wp-json\/wp\/v2\/pages"}],"about":[{"href":"https:\/\/assemblee-nationale.bj\/index.php\/wp-json\/wp\/v2\/types\/page"}],"author":[{"embeddable":true,"href":"https:\/\/assemblee-nationale.bj\/index.php\/wp-json\/wp\/v2\/users\/10"}],"replies":[{"embeddable":true,"href":"https:\/\/assemblee-nationale.bj\/index.php\/wp-json\/wp\/v2\/comments?post=354"}],"version-history":[{"count":2,"href":"https:\/\/assemblee-nationale.bj\/index.php\/wp-json\/wp\/v2\/pages\/354\/revisions"}],"predecessor-version":[{"id":1526,"href":"https:\/\/assemblee-nationale.bj\/index.php\/wp-json\/wp\/v2\/pages\/354\/revisions\/1526"}],"up":[{"embeddable":true,"href":"https:\/\/assemblee-nationale.bj\/index.php\/wp-json\/wp\/v2\/pages\/1381"}],"wp:attachment":[{"href":"https:\/\/assemblee-nationale.bj\/index.php\/wp-json\/wp\/v2\/media?parent=354"}],"wp:term":[{"taxonomy":"category","embeddable":true,"href":"https:\/\/assemblee-nationale.bj\/index.php\/wp-json\/wp\/v2\/categories?post=354"},{"taxonomy":"post_tag","embeddable":true,"href":"https:\/\/assemblee-nationale.bj\/index.php\/wp-json\/wp\/v2\/tags?post=354"}],"curies":[{"name":"wp","href":"https:\/\/api.w.org\/{rel}","templated":true}]}}