
{"id":383,"date":"2017-09-13T13:20:12","date_gmt":"2017-09-13T12:20:12","guid":{"rendered":"https:\/\/assemblee-nationale.bj\/?page_id=383"},"modified":"2022-07-21T16:04:54","modified_gmt":"2022-07-21T15:04:54","slug":"structure_appui","status":"publish","type":"page","link":"https:\/\/assemblee-nationale.bj\/index.php\/presentation\/administration_parlementaire\/structure_appui\/","title":{"rendered":"Structures d&rsquo;appui"},"content":{"rendered":"<div id=\"pl-383\"  class=\"panel-layout\" ><div id=\"pg-383-0\"  class=\"panel-grid panel-no-style\" ><div id=\"pgc-383-0-0\"  class=\"panel-grid-cell panel-grid-cell-empty\" ><\/div><div id=\"pgc-383-0-1\"  class=\"panel-grid-cell panel-grid-cell-mobile-last\" ><div id=\"panel-383-0-1-0\" class=\"so-panel widget widget_text panel-first-child\" data-index=\"0\" ><div class=\"panel-widget-style panel-widget-style-for-383-0-1-0\" >\t\t\t<div class=\"textwidget\"><p>Structure d&rsquo;Appui<\/p>\n<\/div>\n\t\t<\/div><\/div><div id=\"panel-383-0-1-1\" class=\"so-panel widget widget_text panel-last-child\" data-index=\"1\" >\t\t\t<div class=\"textwidget\"><p>&nbsp;<\/p>\n<p>&nbsp;<\/p>\n<\/div>\n\t\t<\/div><\/div><div id=\"pgc-383-0-2\"  class=\"panel-grid-cell panel-grid-cell-empty\" ><\/div><\/div><div id=\"pg-383-1\"  class=\"panel-grid panel-no-style\" ><div id=\"pgc-383-1-0\"  class=\"panel-grid-cell panel-grid-cell-empty\" ><\/div><div id=\"pgc-383-1-1\"  class=\"panel-grid-cell panel-grid-cell-mobile-last\" ><div id=\"panel-383-1-1-0\" class=\"so-panel widget widget_text panel-first-child panel-last-child\" data-index=\"2\" ><div class=\"panel-widget-style panel-widget-style-for-383-1-1-0\" >\t\t\t<div class=\"textwidget\"><p>Outre le Secr\u00e9tariat G\u00e9n\u00e9ral Administratif, l&rsquo;Assembl\u00e9e Nationale est appuy\u00e9e dans l&rsquo;ex\u00e9cution de sa mission par des structures auxquelles elle apporte un soutien financier conjointement avec les partenaires au d\u00e9veloppement.<\/p>\n<p>Il s&rsquo;agit notamment de l&rsquo;Unit\u00e9 d&rsquo;Analyse de Contr\u00f4le et d&rsquo;Evaluation du Budget de l&rsquo;Etat (UNACEB), de la Cellule d&rsquo;Analyse des Politiques de D\u00e9veloppement de l&rsquo;Assembl\u00e9e Nationale (CAPAN) et du Projet d&rsquo;Appui au Renforcement et \u00e0 la Modernisation de l&rsquo;Assembl\u00e9e Nationale (PARMAN).<\/p>\n<\/div>\n\t\t<\/div><\/div><\/div><div id=\"pgc-383-1-2\"  class=\"panel-grid-cell panel-grid-cell-empty\" ><\/div><\/div><div id=\"pg-383-2\"  class=\"panel-grid panel-has-style\" ><div class=\"panel-row-style panel-row-style-for-383-2\" ><div id=\"pgc-383-2-0\"  class=\"panel-grid-cell panel-grid-cell-empty\" ><\/div><div id=\"pgc-383-2-1\"  class=\"panel-grid-cell panel-grid-cell-mobile-last\" ><div id=\"panel-383-2-1-0\" class=\"so-panel widget widget_text panel-first-child panel-last-child\" data-index=\"3\" ><div class=\"panel-widget-style panel-widget-style-for-383-2-1-0\" >\t\t\t<div class=\"textwidget\"><p><strong>L&rsquo;UNACEB<\/strong><\/p>\n<\/div>\n\t\t<\/div><\/div><\/div><div id=\"pgc-383-2-2\"  class=\"panel-grid-cell panel-grid-cell-empty\" ><\/div><\/div><\/div><div id=\"pg-383-3\"  class=\"panel-grid panel-no-style\" ><div id=\"pgc-383-3-0\"  class=\"panel-grid-cell panel-grid-cell-empty\" ><\/div><div id=\"pgc-383-3-1\"  class=\"panel-grid-cell\" ><div id=\"panel-383-3-1-0\" class=\"so-panel widget widget_media_image panel-first-child\" data-index=\"4\" ><div class=\"panel-widget-style panel-widget-style-for-383-3-1-0\" ><img loading=\"lazy\" decoding=\"async\" width=\"225\" height=\"300\" src=\"https:\/\/assemblee-nationale.bj\/wp-content\/uploads\/2022\/07\/Yai-Bienvenu.png\" class=\"image wp-image-4100  attachment-full size-full\" alt=\"\" style=\"max-width: 100%; height: auto;\" \/><\/div><\/div><div id=\"panel-383-3-1-1\" class=\"so-panel widget widget_text panel-last-child\" data-index=\"5\" >\t\t\t<div class=\"textwidget\"><div align=\"center\"><strong>YA\u00cf Bienvenu<\/strong><\/p>\n<p>Directeur de l\u2019Unit\u00e9 d\u2019Analyse de Contr\u00f4le et d\u2019Evaluation du Budget de l\u2019Etat (UNACEB)<\/p><\/div>\n<\/div>\n\t\t<\/div><\/div><div id=\"pgc-383-3-2\"  class=\"panel-grid-cell panel-grid-cell-mobile-last\" ><div id=\"panel-383-3-2-0\" class=\"so-panel widget widget_text panel-first-child panel-last-child\" data-index=\"6\" ><div class=\"panel-widget-style panel-widget-style-for-383-3-2-0\" >\t\t\t<div class=\"textwidget\"><p>Cette unit\u00e9 a d\u00e9marr\u00e9 ses activit\u00e9s en 2001. Elle est n\u00e9e d&rsquo;un projet cofinanc\u00e9 par l&rsquo;Assembl\u00e9e Nationale et le Programme des Nations Unies pour le D\u00e9veloppement (PNUD) et fait aujourd&rsquo;hui partie int\u00e9grante de l&rsquo;administration parlementaire.<\/p>\n<p>Elle a pour objectifs de :<br \/>\n&#8211; renforcer la capacit\u00e9 technique de l&rsquo;Assembl\u00e9e Nationale en mati\u00e8re d&rsquo;analyse, de contr\u00f4le et d&rsquo;\u00e9valuation du budget de l\u2019\u00c9tat ;<br \/>\n&#8211; r\u00e9duire le d\u00e9ficit de communication entre l&rsquo;Assembl\u00e9e Nationale et les populations en mati\u00e8re de contr\u00f4le du budget de l\u2019\u00c9tat.<\/p>\n<p>L&rsquo;\u00e9quipe de l&rsquo;UNACEB comporte d&rsquo;experts pluridisciplinaires y compris le Directeur. Elle r\u00e9alise ses activit\u00e9s \u00e0 travers des s\u00e9minaires, des formations, des \u00e9tudes, des publications de documents, des actions diverses d&rsquo;appui technique de renforcement institutionnel sur la base d&rsquo;un programme annuel \u00e9labor\u00e9 et soumis \u00e0 l&rsquo;appr\u00e9ciation des autorit\u00e9s parlementaires.<\/p>\n<\/div>\n\t\t<\/div><\/div><\/div><div id=\"pgc-383-3-3\"  class=\"panel-grid-cell panel-grid-cell-empty\" ><\/div><\/div><div id=\"pg-383-4\"  class=\"panel-grid panel-has-style\" ><div class=\"panel-row-style panel-row-style-for-383-4\" ><div id=\"pgc-383-4-0\"  class=\"panel-grid-cell panel-grid-cell-empty\" ><\/div><div id=\"pgc-383-4-1\"  class=\"panel-grid-cell panel-grid-cell-mobile-last\" ><div id=\"panel-383-4-1-0\" class=\"so-panel widget widget_text panel-first-child panel-last-child\" data-index=\"7\" ><div class=\"panel-widget-style panel-widget-style-for-383-4-1-0\" >\t\t\t<div class=\"textwidget\"><p><strong>LE PARCPOGE<\/strong><\/p>\n<\/div>\n\t\t<\/div><\/div><\/div><div id=\"pgc-383-4-2\"  class=\"panel-grid-cell panel-grid-cell-empty\" ><\/div><\/div><\/div><div id=\"pg-383-5\"  class=\"panel-grid panel-no-style\" ><div id=\"pgc-383-5-0\"  class=\"panel-grid-cell panel-grid-cell-empty\" ><\/div><div id=\"pgc-383-5-1\"  class=\"panel-grid-cell\" ><div id=\"panel-383-5-1-0\" class=\"so-panel widget widget_media_image panel-first-child\" data-index=\"8\" ><div class=\"panel-widget-style panel-widget-style-for-383-5-1-0\" ><img loading=\"lazy\" decoding=\"async\" width=\"159\" height=\"159\" src=\"https:\/\/assemblee-nationale.bj\/wp-content\/uploads\/2019\/05\/logo_an.png\" class=\"image wp-image-2728  attachment-full size-full\" alt=\"\" style=\"max-width: 100%; height: auto;\" srcset=\"https:\/\/assemblee-nationale.bj\/wp-content\/uploads\/2019\/05\/logo_an.png 159w, https:\/\/assemblee-nationale.bj\/wp-content\/uploads\/2019\/05\/logo_an-150x150.png 150w\" sizes=\"auto, (max-width: 159px) 100vw, 159px\" \/><\/div><\/div><div id=\"panel-383-5-1-1\" class=\"so-panel widget widget_text panel-last-child\" data-index=\"9\" >\t\t\t<div class=\"textwidget\"><div align=\"center\"><strong>ADJANAN Maroufou<\/strong><\/p>\n<p>Coordonnateur\u00a0 PARCPOGE-PNUD<\/p><\/div>\n<\/div>\n\t\t<\/div><\/div><div id=\"pgc-383-5-2\"  class=\"panel-grid-cell panel-grid-cell-mobile-last\" ><div id=\"panel-383-5-2-0\" class=\"so-panel widget widget_text panel-first-child panel-last-child\" data-index=\"10\" ><div class=\"panel-widget-style panel-widget-style-for-383-5-2-0\" >\t\t\t<div class=\"textwidget\"><p>Le Projet d\u2019Appui aux Renforcements des Capacit\u00e9s du Parlement et des Organes de Gestion des Elections (PARCPOGE) est le fruit de la coop\u00e9ration entre l&rsquo;Assembl\u00e9e Nationale et le Programme des Nations Unies pour le d\u00e9veloppement (PNUD).<\/p>\n<p>Il a pour objectifs de :<br \/>\n&#8211; renforcer les capacit\u00e9s de l&rsquo;Assembl\u00e9e Nationale en mati\u00e8re de l\u00e9gislation et de contr\u00f4le de l&rsquo;action gouvernementale ;<\/p>\n<p>&#8211; renforcer la fonction de repr\u00e9sentation de l&rsquo;Assembl\u00e9e Nationale et ses capacit\u00e9s en mati\u00e8re de communication dans le but d&rsquo;am\u00e9liorer son image aupr\u00e8s des citoyens b\u00e9ninois ;<\/p>\n<p>&#8211; faire un plaidoyer pour l&rsquo;adoption de nouveaux textes de lois en faveur de la promotion de la femme et de la protection de l&rsquo;enfant ;<\/p>\n<p>&#8211; assurer une meilleure connaissance des Objectifs du Mill\u00e9naire pour le d\u00e9veloppement (OMD) et du Document de Strat\u00e9gie de R\u00e9duction de la Pauvret\u00e9 par les d\u00e9put\u00e9s et cadres parlementaires ;<\/p>\n<p>&#8211; mettre en r\u00e9seaux tous les organes de l&rsquo;Assembl\u00e9e Nationale et en fin;<\/p>\n<p>&#8211; participer \u00e0 la modernisation de l&rsquo;Assembl\u00e9e nationale.<\/p>\n<\/div>\n\t\t<\/div><\/div><\/div><div id=\"pgc-383-5-3\"  class=\"panel-grid-cell panel-grid-cell-empty\" ><\/div><\/div><div id=\"pg-383-6\"  class=\"panel-grid panel-has-style\" ><div class=\"panel-row-style panel-row-style-for-383-6\" ><div id=\"pgc-383-6-0\"  class=\"panel-grid-cell panel-grid-cell-empty\" ><\/div><div id=\"pgc-383-6-1\"  class=\"panel-grid-cell panel-grid-cell-mobile-last\" ><div id=\"panel-383-6-1-0\" class=\"so-panel widget widget_text panel-first-child panel-last-child\" data-index=\"11\" ><div class=\"panel-widget-style panel-widget-style-for-383-6-1-0\" >\t\t\t<div class=\"textwidget\"><p><strong>L&rsquo;IPAB<\/strong><\/p>\n<\/div>\n\t\t<\/div><\/div><\/div><div id=\"pgc-383-6-2\"  class=\"panel-grid-cell panel-grid-cell-empty\" ><\/div><\/div><\/div><div id=\"pg-383-7\"  class=\"panel-grid panel-no-style\" ><div id=\"pgc-383-7-0\"  class=\"panel-grid-cell panel-grid-cell-empty\" ><\/div><div id=\"pgc-383-7-1\"  class=\"panel-grid-cell\" ><div id=\"panel-383-7-1-0\" class=\"so-panel widget widget_media_image panel-first-child\" data-index=\"12\" ><div class=\"panel-widget-style panel-widget-style-for-383-7-1-0\" ><img loading=\"lazy\" decoding=\"async\" width=\"632\" height=\"903\" src=\"https:\/\/assemblee-nationale.bj\/wp-content\/uploads\/2020\/02\/PHOTO-2020-02-11-13-06-24.jpg\" class=\"image wp-image-3490  attachment-full size-full\" alt=\"\" style=\"max-width: 100%; height: auto;\" srcset=\"https:\/\/assemblee-nationale.bj\/wp-content\/uploads\/2020\/02\/PHOTO-2020-02-11-13-06-24.jpg 632w, https:\/\/assemblee-nationale.bj\/wp-content\/uploads\/2020\/02\/PHOTO-2020-02-11-13-06-24-210x300.jpg 210w\" sizes=\"auto, (max-width: 632px) 100vw, 632px\" \/><\/div><\/div><div id=\"panel-383-7-1-1\" class=\"so-panel widget widget_text panel-last-child\" data-index=\"13\" >\t\t\t<div class=\"textwidget\"><p><strong>Dr DJIMA Fatahou<\/strong><\/p>\n<p>Directeur IPAB<\/p>\n<\/div>\n\t\t<\/div><\/div><div id=\"pgc-383-7-2\"  class=\"panel-grid-cell panel-grid-cell-mobile-last\" ><div id=\"panel-383-7-2-0\" class=\"so-panel widget widget_text panel-first-child panel-last-child\" data-index=\"14\" ><div class=\"panel-widget-style panel-widget-style-for-383-7-2-0\" >\t\t\t<div class=\"textwidget\"><p>L\u2019Institut parlementaire du B\u00e9nin (IPAB) a \u00e9t\u00e9 cr\u00e9\u00e9 par d\u00e9cision n\u00b02019-70 du 24 septembre 2019 en remplacement de la Cellule d\u2019Analyse des politiques de d\u00e9veloppement de l\u2019Assembl\u00e9e nationale (CAPAN) pour corriger l\u2019asym\u00e9trie des moyens techniques entre le gouvernement et le parlement en dotant ce dernier des moyens, outils, techniques et expertises n\u00e9cessaires \u00e0 l\u2019accomplissement de ses missions constitutionnelles.<\/p>\n<p>La gestion quotidienne de l\u2019Institut est assur\u00e9e par un Directeur. A ce titre, il coordonne les unit\u00e9s de recherches plac\u00e9es sous son autorit\u00e9, assure la gestion administrative de l\u2019Institut, recherche les financements et les accords de partenariat pour financer les activit\u00e9s de l\u2019institut et met en \u0153uvre les d\u00e9cisions du conseil d\u2019orientation.<\/p>\n<p>&nbsp;<\/p>\n<p>Il a pour mission de renforcer les capacit\u00e9s du parlement et de faire des recherches et \u00e9tudes en politiques de d\u00e9veloppement. Dans le cadre de l\u2019accomplissement de sa mission, l\u2019Institut parlementaire du B\u00e9nin\u00a0 exerce les attributions suivantes :<\/p>\n<p>Analyse et \u00e9valuation des politiques publiques et des orientations prises par le gouvernement ;<\/p>\n<p>Renforcement des capacit\u00e9s techniques, organisationnelles et fonctionnelles de l\u2019Assembl\u00e9e nationale ;<\/p>\n<p>Renforcement des capacit\u00e9s des d\u00e9put\u00e9s et des fonctionnaires parlementaires dans l\u2019exercice de leurs fonctions respectives ;<\/p>\n<p>Renforcement des capacit\u00e9s de l\u2019Assembl\u00e9e nationale en mati\u00e8re d\u2019analyse et du contr\u00f4le du budget de l\u2019Etat ;<\/p>\n<p>Am\u00e9lioration des \u00e9changes d\u2019exp\u00e9riences entre l\u2019Assembl\u00e9e nationale du B\u00e9nin et les parlements de la sous-r\u00e9gion ;<\/p>\n<p>Mise en place et suivi d\u2019un plan de d\u00e9veloppement institutionnel favorable \u00e0 la bonne gouvernance et \u00e0 une meilleure utilisation des ressources au sein de l\u2019Assembl\u00e9e nationale ;<\/p>\n<p>Appui conseil en mati\u00e8re de communication entre les parlementaires et leurs mandants ;<\/p>\n<p>D\u00e9veloppement d\u2019un programme d\u2019\u00e9tudes et de recherches sur les d\u00e9fis conjoncturels et structurels auxquels le B\u00e9nin est confront\u00e9 ;<\/p>\n<p>Assistance technique \u00e0 la r\u00e9daction des propositions de lois, de r\u00e9solutions et de questions au gouvernement, de communications, de discours et de tous autres documents utiles pour les d\u00e9put\u00e9s et l\u2019administration parlementaire ;<\/p>\n<p>Emission d\u2019avis technique sur les demandes d\u2019autorisations de ratification, les propositions de r\u00e9solution et les propositions ou projets de loi;<\/p>\n<p>Appui technique aux r\u00e9seaux parlementaires, groupes interparlementaires d\u2019amiti\u00e9 et aux commissions permanentes de l\u2019Assembl\u00e9e nationale.<\/p>\n<p>&nbsp;<\/p>\n<p>L\u2019institut parlementaire du B\u00e9nin dispose de cinq (05) unit\u00e9s de recherche dont les domaines de comp\u00e9tence co\u00efncident avec les attributions des cinq commissions permanentes de l\u2019Assembl\u00e9e nationale. Il s\u2019agit de\u00a0:<\/p>\n<p><strong>Unit\u00e9 de recherche en Sciences juridiques et politiques<\/strong><\/p>\n<p>Cette unit\u00e9 de recherche s\u2019occupe au sein de l\u2019Institut parlementaire du B\u00e9nin des activit\u00e9s d\u2019\u00e9tude, de recherche et de renforcement des capacit\u00e9s en lien avec les sciences juridiques et politiques.<\/p>\n<p><strong>Unit\u00e9 de recherche en Finances publiques et Economie<\/strong><\/p>\n<p>Cette unit\u00e9 de recherche s\u2019occupe au sein de l\u2019Institut parlementaire du B\u00e9nin des activit\u00e9s d\u2019\u00e9tude, de recherche et de renforcement des capacit\u00e9s en lien avec les finances publiques et l\u2019\u00e9conomie.<\/p>\n<p><strong>Unit\u00e9 de recherche en D\u00e9veloppement durable, Environnement et Climat<\/strong><\/p>\n<p>Cette unit\u00e9 de recherche s\u2019occupe au sein de l\u2019Institut parlementaire du B\u00e9nin des activit\u00e9s d\u2019\u00e9tude, de recherche et de renforcement des capacit\u00e9s en lien avec l\u2019environnement, le climat et le d\u00e9veloppement durable.<\/p>\n<p><strong>Unit\u00e9 de recherche en Communication et Technologies de l\u2019information <\/strong><\/p>\n<p>Cette unit\u00e9 de recherche s\u2019occupe au sein de l\u2019Institut parlementaire du B\u00e9nin des activit\u00e9s d\u2019\u00e9tude, de recherche et de renforcement des capacit\u00e9s en lien avec la communication et les technologies de l\u2019information.<\/p>\n<p><strong>Unit\u00e9 de recherche en Administration <\/strong><\/p>\n<p>Cette unit\u00e9 de recherche s\u2019occupe au sein de l\u2019Institut parlementaire du B\u00e9nin des activit\u00e9s d\u2019\u00e9tude, de recherche et de renforcement des capacit\u00e9s en lien avec l\u2019administration.<\/p>\n<\/div>\n\t\t<\/div><\/div><\/div><div id=\"pgc-383-7-3\"  class=\"panel-grid-cell panel-grid-cell-empty\" ><\/div><\/div><div id=\"pg-383-8\"  class=\"panel-grid panel-no-style\" ><div id=\"pgc-383-8-0\"  class=\"panel-grid-cell\" ><div id=\"panel-383-8-0-0\" class=\"so-panel widget widget_text panel-first-child panel-last-child\" data-index=\"15\" >\t\t\t<div class=\"textwidget\"><\/div>\n\t\t<\/div><\/div><div id=\"pgc-383-8-1\"  class=\"panel-grid-cell panel-grid-cell-mobile-last\" ><div id=\"panel-383-8-1-0\" class=\"so-panel widget widget_text panel-first-child panel-last-child\" data-index=\"16\" >\t\t\t<div class=\"textwidget\"><p>&nbsp;<\/p>\n<p>&nbsp;<\/p>\n<\/div>\n\t\t<\/div><\/div><div id=\"pgc-383-8-2\"  class=\"panel-grid-cell panel-grid-cell-empty\" ><\/div><\/div><\/div>","protected":false},"excerpt":{"rendered":"<p>Structure d&rsquo;Appui &nbsp; &nbsp; Outre le Secr\u00e9tariat G\u00e9n\u00e9ral Administratif, l&rsquo;Assembl\u00e9e Nationale est appuy\u00e9e dans l&rsquo;ex\u00e9cution de sa mission par des structures auxquelles elle apporte un soutien financier conjointement avec les partenaires au d\u00e9veloppement. Il s&rsquo;agit notamment de l&rsquo;Unit\u00e9 d&rsquo;Analyse de Contr\u00f4le et d&rsquo;Evaluation du Budget de l&rsquo;Etat (UNACEB), de la Cellule d&rsquo;Analyse des Politiques de [&hellip;]<\/p>\n","protected":false},"author":10,"featured_media":0,"parent":1385,"menu_order":0,"comment_status":"closed","ping_status":"closed","template":"","meta":{"footnotes":""},"categories":[1],"tags":[],"class_list":["post-383","page","type-page","status-publish","hentry","category-uncategorized"],"_links":{"self":[{"href":"https:\/\/assemblee-nationale.bj\/index.php\/wp-json\/wp\/v2\/pages\/383","targetHints":{"allow":["GET"]}}],"collection":[{"href":"https:\/\/assemblee-nationale.bj\/index.php\/wp-json\/wp\/v2\/pages"}],"about":[{"href":"https:\/\/assemblee-nationale.bj\/index.php\/wp-json\/wp\/v2\/types\/page"}],"author":[{"embeddable":true,"href":"https:\/\/assemblee-nationale.bj\/index.php\/wp-json\/wp\/v2\/users\/10"}],"replies":[{"embeddable":true,"href":"https:\/\/assemblee-nationale.bj\/index.php\/wp-json\/wp\/v2\/comments?post=383"}],"version-history":[{"count":2,"href":"https:\/\/assemblee-nationale.bj\/index.php\/wp-json\/wp\/v2\/pages\/383\/revisions"}],"predecessor-version":[{"id":1458,"href":"https:\/\/assemblee-nationale.bj\/index.php\/wp-json\/wp\/v2\/pages\/383\/revisions\/1458"}],"up":[{"embeddable":true,"href":"https:\/\/assemblee-nationale.bj\/index.php\/wp-json\/wp\/v2\/pages\/1385"}],"wp:attachment":[{"href":"https:\/\/assemblee-nationale.bj\/index.php\/wp-json\/wp\/v2\/media?parent=383"}],"wp:term":[{"taxonomy":"category","embeddable":true,"href":"https:\/\/assemblee-nationale.bj\/index.php\/wp-json\/wp\/v2\/categories?post=383"},{"taxonomy":"post_tag","embeddable":true,"href":"https:\/\/assemblee-nationale.bj\/index.php\/wp-json\/wp\/v2\/tags?post=383"}],"curies":[{"name":"wp","href":"https:\/\/api.w.org\/{rel}","templated":true}]}}