
{"id":4107,"date":"2022-07-22T16:40:19","date_gmt":"2022-07-22T15:40:19","guid":{"rendered":"https:\/\/assemblee-nationale.bj\/?page_id=4107"},"modified":"2022-09-22T12:01:40","modified_gmt":"2022-09-22T11:01:40","slug":"personne-responsable-des-marches-publics","status":"publish","type":"page","link":"https:\/\/assemblee-nationale.bj\/index.php\/presentation\/administration_parlementaire\/secretariat_general\/personne-responsable-des-marches-publics\/","title":{"rendered":"Personne Responsable des March\u00e9s Publics"},"content":{"rendered":"<div id=\"pl-4107\"  class=\"panel-layout\" ><div id=\"pg-4107-0\"  class=\"panel-grid panel-no-style\" ><div id=\"pgc-4107-0-0\"  class=\"panel-grid-cell panel-grid-cell-empty\" ><\/div><div id=\"pgc-4107-0-1\"  class=\"panel-grid-cell panel-grid-cell-mobile-last\" ><div id=\"panel-4107-0-1-0\" class=\"so-panel widget widget_text panel-first-child\" data-index=\"0\" ><div class=\"panel-widget-style panel-widget-style-for-4107-0-1-0\" >\t\t\t<div class=\"textwidget\"><p><span class=\"subheading-category\">Personne Responsable des March\u00e9s Publics<\/span><\/p>\n<\/div>\n\t\t<\/div><\/div><div id=\"panel-4107-0-1-1\" class=\"so-panel widget widget_text panel-last-child\" data-index=\"1\" >\t\t\t<div class=\"textwidget\"><p>&nbsp;<\/p>\n<p>&nbsp;<\/p>\n<\/div>\n\t\t<\/div><\/div><div id=\"pgc-4107-0-2\"  class=\"panel-grid-cell panel-grid-cell-empty\" ><\/div><\/div><div id=\"pg-4107-1\"  class=\"panel-grid panel-has-style\" ><div class=\"panel-row-style panel-row-style-for-4107-1\" ><div id=\"pgc-4107-1-0\"  class=\"panel-grid-cell panel-grid-cell-empty\" ><\/div><div id=\"pgc-4107-1-1\"  class=\"panel-grid-cell panel-grid-cell-mobile-last\" ><div id=\"panel-4107-1-1-0\" class=\"so-panel widget widget_text panel-first-child panel-last-child\" data-index=\"2\" ><div class=\"panel-widget-style panel-widget-style-for-4107-1-1-0\" >\t\t\t<div class=\"textwidget\"><p><strong>ATTRIBUTIONS<\/strong><\/p>\n<\/div>\n\t\t<\/div><\/div><\/div><div id=\"pgc-4107-1-2\"  class=\"panel-grid-cell panel-grid-cell-empty\" ><\/div><\/div><\/div><div id=\"pg-4107-2\"  class=\"panel-grid panel-no-style\" ><div id=\"pgc-4107-2-0\"  class=\"panel-grid-cell panel-grid-cell-empty\" ><\/div><div id=\"pgc-4107-2-1\"  class=\"panel-grid-cell\" ><div id=\"panel-4107-2-1-0\" class=\"so-panel widget widget_text panel-first-child\" data-index=\"3\" ><div class=\"panel-widget-style panel-widget-style-for-4107-2-1-0\" >\t\t\t<div class=\"textwidget\"><div align=\"center\" style=\"padding-top:20px\"><img loading=\"lazy\" decoding=\"async\" src=\"https:\/\/assemblee-nationale.bj\/wp-content\/uploads\/2017\/08\/logo-AN.png\" alt=\"\" width=\"177\" height=\"153\" class=\"alignnone size-full wp-image-17\" \/><\/div>\n<\/div>\n\t\t<\/div><\/div><div id=\"panel-4107-2-1-1\" class=\"so-panel widget widget_text panel-last-child\" data-index=\"4\" ><div class=\"panel-widget-style panel-widget-style-for-4107-2-1-1\" >\t\t\t<div class=\"textwidget\"><div align=\"center\"><strong>&#8230; <\/strong>&#8230;<strong><br \/>\n<\/strong><\/p>\n<p><em>Directeur de la PRMP<\/em><\/div>\n<\/div>\n\t\t<\/div><\/div><\/div><div id=\"pgc-4107-2-2\"  class=\"panel-grid-cell\" ><div id=\"panel-4107-2-2-0\" class=\"so-panel widget widget_text panel-first-child panel-last-child\" data-index=\"5\" ><div class=\"panel-widget-style panel-widget-style-for-4107-2-2-0\" >\t\t\t<div class=\"textwidget\"><p>&nbsp;<\/p>\n<p>La Personne responsable des march\u00e9s publics de l\u2019Assembl\u00e9e nationale est charg\u00e9e de mettre en \u0153uvre les proc\u00e9dures de passation et d\u2019ex\u00e9cution des march\u00e9s.<br \/>\nElle assure la qualit\u00e9 et la transparence des processus de passation de march\u00e9s publics et veille au respect des d\u00e9lais de passation des march\u00e9s.<br \/>\nA ce titre, elle est charg\u00e9e :<br \/>\n&#8211;\tde d\u00e9terminer la proc\u00e9dure et  le type de march\u00e9 ;<br \/>\n&#8211;\tde proc\u00e9der au lancement de la proc\u00e9dure ;<br \/>\n&#8211;\tde r\u00e9diger les contrats et avenants et de veiller \u00e0 leur signature ;<br \/>\n&#8211;\tde suivre l\u2019ex\u00e9cution des march\u00e9s et  de participer aux r\u00e9ceptions des ouvrages, fournitures et service, objet des march\u00e9s ;<br \/>\n&#8211;\tde tenir les statistiques et indicateurs de performance ;<br \/>\n&#8211;\tde r\u00e9diger les rapports sur la passation et l\u2019ex\u00e9cution des march\u00e9s publics pour l\u2019autorit\u00e9 contractante et  de les transmettre \u00e0 la cellule de contr\u00f4le des march\u00e9s publics de l\u2019Assembl\u00e9e nationale ;<br \/>\n&#8211;\tde veiller \u00e0 la mise en \u0153uvre de l\u2019ensemble des proc\u00e9dures d\u2019enregistrement des diff\u00e9rentes phases, qu\u2019elles soient administratives, techniques ou financi\u00e8res et d\u2019en assurer l\u2019archivage par les m\u00e9thodes modernes efficientes. <\/p>\n<\/div>\n\t\t<\/div><\/div><\/div><div id=\"pgc-4107-2-3\"  class=\"panel-grid-cell panel-grid-cell-mobile-last\" ><div id=\"panel-4107-2-3-0\" class=\"so-panel widget widget_text panel-first-child\" data-index=\"6\" ><div class=\"panel-widget-style panel-widget-style-for-4107-2-3-0\" >\t\t\t<div class=\"textwidget\"><div align=\"center\" style=\"padding-top:20px\"><img loading=\"lazy\" decoding=\"async\" src=\"https:\/\/assemblee-nationale.bj\/wp-content\/uploads\/2017\/08\/logo-AN.png\" alt=\"\" width=\"177\" height=\"153\" class=\"alignnone size-full wp-image-17\" \/><\/div>\n<\/div>\n\t\t<\/div><\/div><div id=\"panel-4107-2-3-1\" class=\"so-panel widget widget_text panel-last-child\" data-index=\"7\" ><div class=\"panel-widget-style panel-widget-style-for-4107-2-3-1\" >\t\t\t<div class=\"textwidget\"><div align=\"center\"><strong>&#8230; <\/strong>&#8230;<strong><br \/>\n<\/strong><\/p>\n<p><em>Directeur Adjoint de la PRMP<\/em><\/div>\n<\/div>\n\t\t<\/div><\/div><\/div><div id=\"pgc-4107-2-4\"  class=\"panel-grid-cell panel-grid-cell-empty\" ><\/div><\/div><div id=\"pg-4107-3\"  class=\"panel-grid panel-has-style\" ><div class=\"panel-row-style panel-row-style-for-4107-3\" ><div id=\"pgc-4107-3-0\"  class=\"panel-grid-cell panel-grid-cell-empty\" ><\/div><div id=\"pgc-4107-3-1\"  class=\"panel-grid-cell panel-grid-cell-mobile-last\" ><div id=\"panel-4107-3-1-0\" class=\"so-panel widget widget_text panel-first-child panel-last-child\" data-index=\"8\" ><div class=\"panel-widget-style panel-widget-style-for-4107-3-1-0\" >\t\t\t<div class=\"textwidget\"><p><strong>ORGANISATION<\/strong><\/p>\n<\/div>\n\t\t<\/div><\/div><\/div><div id=\"pgc-4107-3-2\"  class=\"panel-grid-cell panel-grid-cell-empty\" ><\/div><\/div><\/div><div id=\"pg-4107-4\"  class=\"panel-grid panel-no-style\" ><div id=\"pgc-4107-4-0\"  class=\"panel-grid-cell panel-grid-cell-empty\" ><\/div><div id=\"pgc-4107-4-1\"  class=\"panel-grid-cell panel-grid-cell-mobile-last\" ><div id=\"panel-4107-4-1-0\" class=\"so-panel widget widget_text panel-first-child panel-last-child\" data-index=\"9\" ><div class=\"panel-widget-style panel-widget-style-for-4107-4-1-0\" >\t\t\t<div class=\"textwidget\"><p>La Personne responsable des march\u00e9s publics a rang de Directeur technique, dispose d&rsquo;un secr\u00e9tariat permanent et est assist\u00e9e d\u2019une commission ad hoc d\u2019ouverture et d\u2019\u00e9valuation. Cette commission est cr\u00e9\u00e9e par d\u00e9cision du Pr\u00e9sident de l\u2019Assembl\u00e9e nationale.<br \/>\nLes modalit\u00e9s de fonctionnement du secr\u00e9tariat permanent font l&rsquo;objet d\u2019une d\u00e9cision prise par le Pr\u00e9sident de l\u2019Assembl\u00e9e nationale selon un mod\u00e8le pr\u00e9\u00e9tabli.<\/p>\n<p>Le secr\u00e9tariat permanent est compos\u00e9 au moins :<br \/>\n&#8211; d\u2019un Secr\u00e9taire des services administratifs ;<br \/>\n&#8211; d\u2019un Assistant en passation des march\u00e9s publics.<\/p>\n<p>Le secr\u00e9taire et l\u2019Assistant de la Personne responsable des march\u00e9s publics ont rang de Chef de service.<\/p>\n<\/div>\n\t\t<\/div><\/div><\/div><div id=\"pgc-4107-4-2\"  class=\"panel-grid-cell panel-grid-cell-empty\" ><\/div><\/div><div id=\"pg-4107-5\"  class=\"panel-grid panel-no-style\" ><div id=\"pgc-4107-5-0\"  class=\"panel-grid-cell panel-grid-cell-empty\" ><\/div><div id=\"pgc-4107-5-1\"  class=\"panel-grid-cell panel-grid-cell-mobile-last\" ><div id=\"panel-4107-5-1-0\" class=\"so-panel widget widget_text panel-first-child\" data-index=\"10\" >\t\t\t<div class=\"textwidget\"><div class=\"wonderpluginslider-container\" id=\"wonderpluginslider-container-6\" style=\"max-width:300px;margin:0 auto;padding-left:0px;padding-right:0px;padding-top:0px;padding-bottom:0px;\"><div class=\"wonderpluginslider\" id=\"wonderpluginslider-6\" data-sliderid=\"6\" data-width=\"300\" data-height=\"400\" data-skin=\"content\" data-playmutedandinlinewhenautoplay=\"false\" data-addextraattributes=\"false\" data-autoplay=\"true\" data-randomplay=\"false\" data-loadimageondemand=\"false\" data-transitiononfirstslide=\"false\" data-autoplayvideo=\"false\" data-isresponsive=\"true\" data-fullwidth=\"false\" data-isfullscreen=\"false\" data-ratioresponsive=\"false\" data-showtext=\"true\" data-showtimer=\"true\" data-showbottomshadow=\"true\" data-navshowpreview=\"false\" data-textautohide=\"true\" data-pauseonmouseover=\"false\" data-lightboxresponsive=\"true\" data-lightboxshownavigation=\"false\" data-lightboxshowtitle=\"true\" data-lightboxshowdescription=\"false\" data-texteffectresponsive=\"true\" data-donotinit=\"false\" data-addinitscript=\"false\" data-lightboxfullscreenmode=\"false\" data-lightboxcloseonoverlay=\"true\" data-lightboxvideohidecontrols=\"false\" data-lightboxnogroup=\"false\" data-shownav=\"true\" data-navthumbresponsive=\"false\" data-navshowfeaturedarrow=\"false\" data-lightboxshowsocial=\"false\" data-lightboxshowfacebook=\"true\" data-lightboxshowtwitter=\"true\" data-lightboxshowpinterest=\"true\" data-lightboxsocialrotateeffect=\"true\" data-showsocial=\"false\" data-showfacebook=\"true\" data-showtwitter=\"true\" data-showpinterest=\"true\" data-socialrotateeffect=\"true\" data-disableinlinecss=\"false\" data-triggerresize=\"false\" data-lightboxautoslide=\"false\" data-lightboxshowtimer=\"true\" data-lightboxshowplaybutton=\"true\" data-lightboxalwaysshownavarrows=\"false\" data-lightboxshowtitleprefix=\"true\" data-titleusealt=\"false\" data-outputtext=\"false\" data-titletag=\"h1\" data-descriptiontag=\"h2\" data-scalemode=\"fill\" data-arrowstyle=\"mouseover\" data-transition=\"fade,crossfade,slide,elastic,slice,blinds,shuffle,threed,threedwithzoom\" data-loop=\"0\" data-border=\"0\" data-slideinterval=\"8000\" data-arrowimage=\"arrows-32-32-4.png\" data-arrowwidth=\"32\" data-arrowheight=\"32\" data-arrowtop=\"50\" data-arrowmargin=\"0\" data-navstyle=\"bullets\" data-navimage=\"bullet-16-16-1.png\" data-navwidth=\"16\" data-navheight=\"16\" data-navspacing=\"8\" data-navmarginx=\"16\" data-navmarginy=\"16\" data-navposition=\"bottom\" data-navthumbnavigationstyle=\"arrow\" data-navthumbnavigationarrowimage=\"carouselarrows-32-32-0.png\" data-navthumbnavigationarrowimagewidth=\"32\" data-navthumbnavigationarrowimageheight=\"32\" data-playvideoimage=\"playvideo-64-64-0.png\" data-playvideoimagewidth=\"64\" data-playvideoimageheight=\"64\" data-lightboxthumbwidth=\"90\" data-lightboxthumbheight=\"60\" data-lightboxthumbtopmargin=\"12\" data-lightboxthumbbottommargin=\"4\" data-lightboxbarheight=\"64\" data-lightboxtitlebottomcss=\"color:#333; font-size:14px; font-family:Armata,sans-serif,Arial; overflow:hidden; text-align:left;\" data-lightboxdescriptionbottomcss=\"color:#333; font-size:12px; font-family:Arial,Helvetica,sans-serif; overflow:hidden; text-align:left; margin:4px 0px 0px; padding: 0px;\" data-textformat=\"Grey box\" data-textpositionstatic=\"bottom\" data-textpositiondynamic=\"bottomleft\" data-paddingleft=\"0\" data-paddingright=\"0\" data-paddingtop=\"0\" data-paddingbottom=\"0\" data-texteffectresponsivesize=\"640\" data-textleftrightpercentforstatic=\"40\" data-fadeduration=\"1000\" data-crossfadeduration=\"1000\" data-fadeoutfadeinduration=\"2000\" data-slideduration=\"1000\" data-cssslideduration=\"1000\" data-elasticduration=\"1000\" data-sliceduration=\"1500\" data-blindsduration=\"1500\" data-blocksduration=\"1500\" data-shuffleduration=\"1500\" data-tilesduration=\"2000\" data-kenburnsduration=\"5000\" data-flipduration=\"1500\" data-flipwithzoomduration=\"2000\" data-threedduration=\"1500\" data-threedhorizontalduration=\"1500\" data-threedwithzoomduration=\"2500\" data-threedhorizontalwithzoomduration=\"2200\" data-threedflipduration=\"1500\" data-threedflipwithzoomduration=\"2000\" data-threedtilesduration=\"2000\" data-threedfallback=\"flip\" data-threedhorizontalfallback=\"flip\" data-threedwithzoomfallback=\"flipwithzoom\" data-threedhorizontalwithzoomfallback=\"flipwithzoom\" data-threedflipfallback=\"flip\" data-threedflipwithzoomfallback=\"flipwithzoom\" data-threedtilesfallback=\"tiles\" data-ratiomediumscreen=\"800\" data-ratiomediumheight=\"1.2\" data-ratiosmallscreen=\"480\" data-ratiosmallheight=\"1.6\" data-socialmode=\"mouseover\" data-socialposition=\"position:absolute;top:8px;right:8px;\" data-socialpositionsmallscreen=\"position:absolute;top:8px;right:8px;\" data-socialdirection=\"horizontal\" data-socialbuttonsize=\"32\" data-socialbuttonfontsize=\"18\" data-navthumbcolumn=\"5\" data-navthumbtitleheight=\"20\" data-navthumbtitlewidth=\"120\" data-navthumbresponsivemode=\"samesize\" data-navthumbstyle=\"imageonly\" data-navthumbmediumsize=\"900\" data-navthumbmediumwidth=\"64\" data-navthumbmediumheight=\"64\" data-navthumbmediumcolumn=\"4\" data-navthumbmediumtitleheight=\"18\" data-navthumbmediumtitlewidth=\"120\" data-navthumbsmallsize=\"600\" data-navthumbsmallwidth=\"48\" data-navthumbsmallheight=\"48\" data-navthumbsmallcolumn=\"3\" data-navthumbsmalltitleheight=\"18\" data-navthumbsmalltitlewidth=\"120\" data-lightboxsocialposition=\"position:absolute;top:100%;right:0;\" data-lightboxsocialpositionsmallscreen=\"position:absolute;top:100%;right:0;left:0;\" data-lightboxsocialdirection=\"horizontal\" data-lightboxsocialbuttonsize=\"32\" data-lightboxsocialbuttonfontsize=\"18\" data-lightboxtitlestyle=\"bottom\" data-lightboximagepercentage=\"75\" data-lightboxdefaultvideovolume=\"1\" data-lightboxoverlaybgcolor=\"#000\" data-lightboxoverlayopacity=\"0.9\" data-lightboxbgcolor=\"#fff\" data-lightboxtitleprefix=\"%NUM \/ %TOTAL\" data-lightboxtitleinsidecss=\"color:#fff; font-size:16px; font-family:Arial,Helvetica,sans-serif; overflow:hidden; text-align:left;\" data-lightboxdescriptioninsidecss=\"color:#fff; font-size:12px; font-family:Arial,Helvetica,sans-serif; overflow:hidden; text-align:left; margin:4px 0px 0px; padding: 0px;\" data-triggerresizedelay=\"100\" data-lightboxslideinterval=\"5000\" data-lightboxtimerposition=\"bottom\" data-lightboxtimercolor=\"#dc572e\" data-lightboxtimeropacity=\"1\" data-lightboxbordersize=\"8\" data-lightboxborderradius=\"0\" data-textcss=\"display:block; padding:8px 16px; text-align:left;\" data-textbgcss=\"display:block; position:absolute; top:0px; left:0px; width:100%; height:100%; background-color:#333; opacity:0.7; filter:alpha(opacity=70);\" data-titlecss=\"display:block; position:relative; font:bold 14px &quot;Lucida Sans Unicode&quot;,&quot;Lucida Grande&quot;,sans-serif,Arial; color:#fff; white-space:nowrap;\" data-descriptioncss=\"display:block; position:relative; font:12px &quot;Lucida Sans Unicode&quot;,&quot;Lucida Grande&quot;,sans-serif,Arial; color:#fff; margin-top:8px;\" data-buttoncss=\"display:block; position:relative; margin-top:8px;\" data-titlecssresponsive=\"font-size:12px;\" data-descriptioncssresponsive=\"display:none !important;\" data-buttoncssresponsive=\"\" data-jsfolder=\"https:\/\/assemblee-nationale.bj\/wp-content\/plugins\/wonderplugin-slider-lite\/engine\/\" style=\"display:none;\" ><ul class=\"amazingslider-slides\"  style=\"display:none;\"><li><img decoding=\"async\" class=\"amazingslider-img-elem amazingsliderimg\" src=\"https:\/\/assemblee-nationale.bj\/wp-content\/uploads\/2017\/08\/logo-AN.png\" alt=\"...... - Assistant\" title=\"...... - Assistant\" data-description=\"\" \/><\/li><li><img decoding=\"async\" class=\"amazingslider-img-elem amazingsliderimg\" src=\"https:\/\/assemblee-nationale.bj\/wp-content\/uploads\/2017\/08\/logo-AN.png\" alt=\".... - Assistant\" title=\".... - Assistant\" data-description=\"\" \/><\/li><\/ul><\/div><\/div><div id=\"amazingslider_customtexteffect_6\" style=\"display:none;\" data-texteffect=\"{&quot;Grey box&quot;:{&quot;textstyle&quot;:&quot;dynamic&quot;,&quot;textpositionstatic&quot;:&quot;bottom&quot;,&quot;textautohide&quot;:true,&quot;textpositionmarginstatic&quot;:0,&quot;textpositiondynamic&quot;:&quot;bottomleft&quot;,&quot;textpositionmarginleft&quot;:24,&quot;textpositionmarginright&quot;:24,&quot;textpositionmargintop&quot;:24,&quot;textpositionmarginbottom&quot;:24,&quot;texteffect&quot;:&quot;slide&quot;,&quot;texteffecteasing&quot;:&quot;easeOutCubic&quot;,&quot;texteffectduration&quot;:600,&quot;texteffectslidedirection&quot;:&quot;left&quot;,&quot;texteffectslidedistance&quot;:30,&quot;texteffectdelay&quot;:500,&quot;texteffectseparate&quot;:false,&quot;texteffect1&quot;:&quot;slide&quot;,&quot;texteffectslidedirection1&quot;:&quot;right&quot;,&quot;texteffectslidedistance1&quot;:120,&quot;texteffecteasing1&quot;:&quot;easeOutCubic&quot;,&quot;texteffectduration1&quot;:600,&quot;texteffectdelay1&quot;:1000,&quot;texteffect2&quot;:&quot;slide&quot;,&quot;texteffectslidedirection2&quot;:&quot;right&quot;,&quot;texteffectslidedistance2&quot;:120,&quot;texteffecteasing2&quot;:&quot;easeOutCubic&quot;,&quot;texteffectduration2&quot;:600,&quot;texteffectdelay2&quot;:1500,&quot;textcss&quot;:&quot;display:block; padding:8px 16px; text-align:left;&quot;,&quot;textbgcss&quot;:&quot;display:block; position:absolute; top:0px; left:0px; width:100%; height:100%; background-color:#333; opacity:0.7; filter:alpha(opacity=70);&quot;,&quot;titlecss&quot;:&quot;display:block; position:relative; font:bold 14px \\&quot;Lucida Sans Unicode\\&quot;,\\&quot;Lucida Grande\\&quot;,sans-serif,Arial; color:#fff; white-space:nowrap;&quot;,&quot;descriptioncss&quot;:&quot;display:block; position:relative; font:12px \\&quot;Lucida Sans Unicode\\&quot;,\\&quot;Lucida Grande\\&quot;,sans-serif,Arial; color:#fff; margin-top:8px;&quot;,&quot;buttoncss&quot;:&quot;display:block; position:relative; margin-top:8px;&quot;,&quot;texteffectresponsive&quot;:true,&quot;texteffectresponsivesize&quot;:640,&quot;titlecssresponsive&quot;:&quot;font-size:12px;&quot;,&quot;descriptioncssresponsive&quot;:&quot;display:none !important;&quot;,&quot;buttoncssresponsive&quot;:&quot;&quot;,&quot;addgooglefonts&quot;:false,&quot;googlefonts&quot;:&quot;&quot;,&quot;textleftrightpercentforstatic&quot;:40}}\"><\/div>\n<\/div>\n\t\t<\/div><div id=\"panel-4107-5-1-1\" class=\"so-panel widget widget_text panel-last-child\" data-index=\"11\" >\t\t\t<div class=\"textwidget\"><p>&nbsp;<\/p>\n<p>&nbsp;<\/p>\n<\/div>\n\t\t<\/div><\/div><div id=\"pgc-4107-5-2\"  class=\"panel-grid-cell panel-grid-cell-empty\" ><\/div><\/div><div id=\"pg-4107-6\"  class=\"panel-grid panel-no-style\" ><div id=\"pgc-4107-6-0\"  class=\"panel-grid-cell panel-grid-cell-empty\" ><\/div><div id=\"pgc-4107-6-1\"  class=\"panel-grid-cell panel-grid-cell-mobile-last\" ><div id=\"panel-4107-6-1-0\" class=\"so-panel widget widget_text panel-first-child panel-last-child\" data-index=\"12\" >\t\t\t<div class=\"textwidget\"><p>&nbsp;<\/p>\n<p>&nbsp;<\/p>\n<\/div>\n\t\t<\/div><\/div><div id=\"pgc-4107-6-2\"  class=\"panel-grid-cell panel-grid-cell-empty\" ><\/div><\/div><\/div>","protected":false},"excerpt":{"rendered":"<p>Personne Responsable des March\u00e9s Publics &nbsp; &nbsp; ATTRIBUTIONS<\/p>\n","protected":false},"author":13,"featured_media":0,"parent":381,"menu_order":0,"comment_status":"closed","ping_status":"closed","template":"","meta":{"footnotes":""},"categories":[],"tags":[],"class_list":["post-4107","page","type-page","status-publish","hentry"],"_links":{"self":[{"href":"https:\/\/assemblee-nationale.bj\/index.php\/wp-json\/wp\/v2\/pages\/4107","targetHints":{"allow":["GET"]}}],"collection":[{"href":"https:\/\/assemblee-nationale.bj\/index.php\/wp-json\/wp\/v2\/pages"}],"about":[{"href":"https:\/\/assemblee-nationale.bj\/index.php\/wp-json\/wp\/v2\/types\/page"}],"author":[{"embeddable":true,"href":"https:\/\/assemblee-nationale.bj\/index.php\/wp-json\/wp\/v2\/users\/13"}],"replies":[{"embeddable":true,"href":"https:\/\/assemblee-nationale.bj\/index.php\/wp-json\/wp\/v2\/comments?post=4107"}],"version-history":[{"count":2,"href":"https:\/\/assemblee-nationale.bj\/index.php\/wp-json\/wp\/v2\/pages\/4107\/revisions"}],"predecessor-version":[{"id":4345,"href":"https:\/\/assemblee-nationale.bj\/index.php\/wp-json\/wp\/v2\/pages\/4107\/revisions\/4345"}],"up":[{"embeddable":true,"href":"https:\/\/assemblee-nationale.bj\/index.php\/wp-json\/wp\/v2\/pages\/381"}],"wp:attachment":[{"href":"https:\/\/assemblee-nationale.bj\/index.php\/wp-json\/wp\/v2\/media?parent=4107"}],"wp:term":[{"taxonomy":"category","embeddable":true,"href":"https:\/\/assemblee-nationale.bj\/index.php\/wp-json\/wp\/v2\/categories?post=4107"},{"taxonomy":"post_tag","embeddable":true,"href":"https:\/\/assemblee-nationale.bj\/index.php\/wp-json\/wp\/v2\/tags?post=4107"}],"curies":[{"name":"wp","href":"https:\/\/api.w.org\/{rel}","templated":true}]}}