
{"id":878,"date":"2017-09-19T17:25:05","date_gmt":"2017-09-19T16:25:05","guid":{"rendered":"https:\/\/assemblee-nationale.bj\/?page_id=878"},"modified":"2020-01-19T15:37:14","modified_gmt":"2020-01-19T14:37:14","slug":"espace-de-telechargement","status":"publish","type":"page","link":"https:\/\/assemblee-nationale.bj\/index.php\/liens\/espace-de-telechargement\/","title":{"rendered":"T\u00e9l\u00e9chargements"},"content":{"rendered":"<div id=\"pl-878\"  class=\"panel-layout\" ><div id=\"pg-878-0\"  class=\"panel-grid panel-no-style\" ><div id=\"pgc-878-0-0\"  class=\"panel-grid-cell panel-grid-cell-empty\" ><\/div><div id=\"pgc-878-0-1\"  class=\"panel-grid-cell panel-grid-cell-mobile-last\" ><div id=\"panel-878-0-1-0\" class=\"so-panel widget widget_text panel-first-child\" data-index=\"0\" ><div class=\"panel-widget-style panel-widget-style-for-878-0-1-0\" >\t\t\t<div class=\"textwidget\"><p>Espace de t\u00e9l\u00e9chargement<\/p>\n<\/div>\n\t\t<\/div><\/div><div id=\"panel-878-0-1-1\" class=\"so-panel widget widget_text panel-last-child\" data-index=\"1\" >\t\t\t<div class=\"textwidget\"><p>&nbsp;<\/p>\n<p>&nbsp;<\/p>\n<\/div>\n\t\t<\/div><\/div><div id=\"pgc-878-0-2\"  class=\"panel-grid-cell panel-grid-cell-empty\" ><\/div><\/div><div id=\"pg-878-1\"  class=\"panel-grid panel-has-style\" ><div class=\"panel-row-style panel-row-style-for-878-1\" ><div id=\"pgc-878-1-0\"  class=\"panel-grid-cell panel-grid-cell-empty\" ><\/div><div id=\"pgc-878-1-1\"  class=\"panel-grid-cell panel-grid-cell-mobile-last\" ><\/div><div id=\"pgc-878-1-2\"  class=\"panel-grid-cell panel-grid-cell-empty\" ><\/div><\/div><\/div><div id=\"pg-878-2\"  class=\"panel-grid panel-has-style\" ><div class=\"panel-row-style panel-row-style-for-878-2\" ><div id=\"pgc-878-2-0\"  class=\"panel-grid-cell panel-grid-cell-empty\" ><\/div><div id=\"pgc-878-2-1\"  class=\"panel-grid-cell panel-grid-cell-mobile-last\" ><div id=\"panel-878-2-1-0\" class=\"so-panel widget widget_text panel-first-child\" data-index=\"3\" >\t\t\t<div class=\"textwidget\"><p>Quelques documents \u00e0 t\u00e9l\u00e9charger :<\/p>\n<\/div>\n\t\t<\/div><div id=\"panel-878-2-1-1\" class=\"so-panel widget widget_text panel-last-child\" data-index=\"4\" >\t\t\t<div class=\"textwidget\">\n<table id=\"tablepress-58\" class=\"tablepress tablepress-id-58\">\n<thead>\n<tr class=\"row-1 odd\">\n\t<th class=\"column-1\">INTITULE<\/th><th class=\"column-2\">OBSERVATION<\/th><th class=\"column-3\">PUBLICATION<\/th><th class=\"column-4\">&nbsp;<\/th>\n<\/tr>\n<\/thead>\n<tbody class=\"row-hover\">\n<tr class=\"row-2 even\">\n\t<td class=\"column-1\">PROC\u00c8S-VERBAL D\u2019OUVERTURE DE PLIS RELATIF A LA DEMANDE DE RENSEIGNEMENTS ET DE PRIX POUR LA S\u00c9LECTION D\u2019UNE ENTREPRISE POUR LES TRAVAUX D\u2019AM\u00c9NAGEMENT ET D\u2019\u00c9QUIPEMENTS DU B\u00c2TIMENT EN FACE DU PALAIS DES GOUVERNEURS ET SUR LES MURS DES DEUX AILES DE LA ROUTE EN FACE DE L\u2019ENTREE PRINCIPALE DU PRESIDENT DE L\u2019ASSEMBL\u00c9E NATIONALE<\/td><td class=\"column-2\"><a href=\"https:\/\/assemblee-nationale.bj\/wp-content\/uploads\/PV-D\u2019OUVERTURE-DE-PLIS-RELATIF-A-LA-DEMANDE-DE-RENSEIGNEMENTS-ET-DE-PRIX-POUR-LA-S\u00c9LECTION-D\u2019UNE-ENTREPRISE-POUR-LES-TRAVAUX-D\u2019AM\u00c9NAGEMENT-ET-D\u2019\u00c9QUIPEMENTS-DU-B\u00c2TIMENT-EN-FACE-DU-PALAIS.pdf\" rel=\"noopener\" target=\"_blank\">T\u00e9l\u00e9charger<\/a><\/td><td class=\"column-3\">10\/02\/2026<\/td><td class=\"column-4\"><\/td>\n<\/tr>\n<tr class=\"row-3 odd\">\n\t<td class=\"column-1\">AVIS DE DEMANDE DE RENSEIGNEMENTS ET DE PRIX RRELATIF A LA SELECTION D'UNE ENTREPRISE POUR LES TRAVAUX D'AMENAGEMENT ET D'EQUIPEMENTS DU BATIMENT EN FACE DU PALAIS DES GOUVERNEURS ET SUR LES MURS DES DEUX AILES DE LA ROUTE EN FACE DE L'ENTREE PRINCIPALE DU PRESIDENT DE L'ASSEMBLEE NATIONALE<\/td><td class=\"column-2\"><a href=\"https:\/\/assemblee-nationale.bj\/wp-content\/uploads\/AVISDE_1.pdf\" rel=\"noopener\" target=\"_blank\">T\u00e9l\u00e9charger<\/a><\/td><td class=\"column-3\">27\/01\/2026<\/td><td class=\"column-4\"><\/td>\n<\/tr>\n<tr class=\"row-4 even\">\n\t<td class=\"column-1\">RAPPORT D\u2019ANALYSE ET D\u2019EVALUATION DES OFFRES RE\u00c7UES EN REPONSE A L\u2019AVIS A MANISFESTATION D\u2019INTERET (AMI) N\u00b0001-26\/AN\/PT\/SGA\/PRMP\/A-PRMP\/S-PRMP DU 12 JANVIER 2026 RELATIF A LA CONSTITUTION DU REPERTOIRE DES FOURNISSEURS ET PRESTATAIRES DE SERVICES ET DES ENTREPRENEURS DE L\u2019ASSEMBLEE NATIONALE, GESTION 2026<\/td><td class=\"column-2\"><a href=\"https:\/\/assemblee-nationale.bj\/wp-content\/uploads\/RAPPOR_1.pdf\" rel=\"noopener\" target=\"_blank\">T\u00e9l\u00e9charger<\/a><\/td><td class=\"column-3\">26\/01\/2026<\/td><td class=\"column-4\"><\/td>\n<\/tr>\n<tr class=\"row-5 odd\">\n\t<td class=\"column-1\">PROCES-VERBAL D\u2019OUVERTURE DES PLIS RELATIFS A LA CONSTITUTION DU REPERTOIRE DES ENTREPRENEURS, DES FOURNISSEURS ET PRESTATAIRES DE SERVICES DE L\u2019ASSEMBLEE NATIONALE, GESTION 2026<\/td><td class=\"column-2\"><a href=\"https:\/\/assemblee-nationale.bj\/wp-content\/uploads\/PV-OUVERTURE-DES-PLIS-RELATIFS-CONSTITUTION-REPERTOIRE-DES-ENTREPREUNEURS-DES-FOURNISSEURS-DES-PRESTATAIRES-DE-LASSEMBLEE-NATIONALE-GESTION-2026.pdf\" rel=\"noopener\" target=\"_blank\">T\u00e9l\u00e9charger<\/a><\/td><td class=\"column-3\">26\/01\/2026<\/td><td class=\"column-4\"><\/td>\n<\/tr>\n<tr class=\"row-6 even\">\n\t<td class=\"column-1\">PLAN DE PASSATION DES MARCHES PUBLICS DE L' ASSEMBLEE NATIONALE, GESTION 2026<\/td><td class=\"column-2\"><a href=\"https:\/\/assemblee-nationale.bj\/wp-content\/uploads\/PLAN-DE-PASSATION-DES-MARCHES-PUBLICS-DE-L-ASSEMBLEE-NATIONALE-GESTION-2026.pdf\" rel=\"noopener\" target=\"_blank\">T\u00e9l\u00e9charger<\/a><\/td><td class=\"column-3\">22\/01\/2026<\/td><td class=\"column-4\"><\/td>\n<\/tr>\n<tr class=\"row-7 odd\">\n\t<td class=\"column-1\">AVIS D\u2019APPEL A MANIFESTATION D\u2019INTERET (AMI) DU PREMIER SEMESTRE POUR LA CONSTITUTION DU REPERTOIRE DES FOURNISSEURS, DES PRESTATAIRES DE SERVICES ET DES ENTREPRENEURS DE L\u2019ASSEMBLEE NATIONALE AU TITRE DE LANNEE 2026<\/td><td class=\"column-2\"><a href=\"https:\/\/assemblee-nationale.bj\/wp-content\/uploads\/Avis-dAppel-\u00e0-Manifestation-dint\u00e9ret-du-Premier-Semestre-2026.pdf\" rel=\"noopener\" target=\"_blank\">T\u00e9l\u00e9charger<\/a><\/td><td class=\"column-3\">12\/01\/2026<\/td><td class=\"column-4\"><\/td>\n<\/tr>\n<tr class=\"row-8 even\">\n\t<td class=\"column-1\">AVIS GENERAL DE PASSATION DES MARCHES PUBLICS GESTON 2026<\/td><td class=\"column-2\"><a href=\"https:\/\/assemblee-nationale.bj\/wp-content\/uploads\/AVIS-GENERAL-DE-PASSATION-DES-MARCHES-PUBLICS-GESTON-2026.pdf\" rel=\"noopener\" target=\"_blank\">T\u00e9l\u00e9charger<\/a><\/td><td class=\"column-3\">05\/01\/2026<\/td><td class=\"column-4\"><\/td>\n<\/tr>\n<tr class=\"row-9 odd\">\n\t<td class=\"column-1\">PROCES VERBAL D\u2019ATTRIBUTION PROVISOIRE DU MARCHE RELATIF AU RECRUTEMENT DE PRESTATAIRES DE SERVICES POUR LA CONCLUSION D'UN ACCORD CADRE RELATIF A L\u2019ENTRETIEN ET AU NETTOYAGE DES BATIMENTS ADMINISTRATIFS ET A L\u2019ENTRETIEN DES ESPACES VERTS DE L\u2019ASSEMBLEE NATIONALE ET SES ANNEXES AU TITRE DES ANNEES 2026, 2027 ET 2028<\/td><td class=\"column-2\"><a href=\"https:\/\/assemblee-nationale.bj\/wp-content\/uploads\/PROCES-VERBAL-D\u2019ATTRIBUTION-PROVISOIRE-DU-MARCHE-RELATIF-AU-RECRUTEMENT-DE-PRESTATAIRES-DE-SERVICES-POUR-LA-CONCLUSION-DUN-ACCORD-CADRE-RE.pdf\" rel=\"noopener\" target=\"_blank\">T\u00e9l\u00e9charger<\/a><\/td><td class=\"column-3\">25\/11\/2025<\/td><td class=\"column-4\"><\/td>\n<\/tr>\n<tr class=\"row-10 even\">\n\t<td class=\"column-1\">PROCES VERBAL D'OUVERTURE DES PLIS RELATIFS AU DOSSIER D'APPEL D'OFFRES OUVERT NATIONAL POUR LE RECRUTEMENT DE PRESTATAIRES DE SERVICES POUR LA CONCLUSION D'UN ACCORD CADRE RELATIF A L\u2019ENTRETIEN ET AU NETTOYAGE DES BATIMENTS ADMINISTRATIFS ET A L\u2019ENTRETIEN DES ESPACES VERTS DE L\u2019ASSEMBLEE NATIONALE ET SES ANNEXES AU TITRE DES ANNEES 2026, 2027 ET 2028<\/td><td class=\"column-2\"><a href=\"https:\/\/assemblee-nationale.bj\/wp-content\/uploads\/PVDOU_1.pdf\" rel=\"noopener\" target=\"_blank\">T\u00e9l\u00e9charger<\/a><\/td><td class=\"column-3\">18\/11\/2025<\/td><td class=\"column-4\"><\/td>\n<\/tr>\n<tr class=\"row-11 odd\">\n\t<td class=\"column-1\">PROCES VERBAL D\u2019ATTRIBUTION DU MARCH\u00c9 RELATIF \u00c0 L\u2019ACQUISITION DE VINGT-DEUX (22) VEHICULES A QUATRE (04) ROUES : SEPT (07) VEHICULES 4*4 AU PROFIT DU PRESIDENT DE L\u2019ASSEMBLEE NATIONALE ET DES AUTRES MEMBRES DU BUREAU ET QUINZE (15) VEHICULES LEGERS AU PROFIT DES MEMBRES DE LA CONFERENCE DES PRESIDENTS DE L\u2019ASSEMBLEE NATIONALE AU TITRE DE LA 10EME LEGISLATURE<\/td><td class=\"column-2\"><a href=\"https:\/\/assemblee-nationale.bj\/wp-content\/uploads\/PROCES-VERBAL-D\u2019ATTRIBUTION-DU-MARCH\u00c9-RELATIF-\u00c0-L\u2019ACQUISITION-DE-VINGT-DEUX-22-VEHICULES-A-QUA.pdf\" rel=\"noopener\" target=\"_blank\">T\u00e9l\u00e9charger<\/a><\/td><td class=\"column-3\">03\/11\/2025<\/td><td class=\"column-4\"><\/td>\n<\/tr>\n<tr class=\"row-12 even\">\n\t<td class=\"column-1\">PROCES VERBAL D'OUVERTURE DES PLIS RELATIFS AU DOSSIER D'APPEL D'OFFRES OUVERT NATIONAL POUR L\u2019ACQUISITION DE VINGT-DEUX (22) VEHICULES A QUATRE (04) ROUES : SEPT (07) VEHICULES 4*4 AU PROFIT DU PRESIDENT DE L\u2019ASSEMBLEE NATIONALE ET DES AUTRES MEMBRES DU BUREAU ET QUINZE (15) VEHICULES LEGERS AU PROFIT DES MEMBRES DE LA CONFERENCE DES PRESIDENTS DE L\u2019ASSEMBLEE NATIONALE AU TITRE DE LA 10EME LEGISLATURE<\/td><td class=\"column-2\"><a href=\"https:\/\/assemblee-nationale.bj\/wp-content\/uploads\/PROCES-VERBAL-DOUVERTURE-DES-PLIS-RELATIFS-AU-DOSSIER-DAPPEL-DOFFRES-OUVERT-NATIONAL-POUR-L\u2019ACQUISITIO.pdf\" rel=\"noopener\" target=\"_blank\">T\u00e9l\u00e9charger<\/a><\/td><td class=\"column-3\">31\/10\/2025<\/td><td class=\"column-4\"><\/td>\n<\/tr>\n<tr class=\"row-13 odd\">\n\t<td class=\"column-1\">AVIS D\u2019APPEL D\u2019OFFRES OUVERT NATIONAL RELATIF AU RECRUTEMENT DE PRESTATAIRES DE SERVICES POUR LA CONCLUSION D'UN ACCORD CADRE RELATIF A L\u2019ENTRETIEN ET AU NETTOYAGE DES BATIMENTS ADMINISTRATIFS ET A L\u2019ENTRETIEN DES ESPACES VERTS DE L\u2019ASSEMBLEE NATIONALE ET SES ANNEXES AU TITRE DES ANNEES 2026, 2027 ET 2028<\/td><td class=\"column-2\"><a href=\"https:\/\/assemblee-nationale.bj\/wp-content\/uploads\/AVIS-DAO-ENTRETIEN-ET-NOTTOYAGE-AU-TITRE-DE-2026-2027-ET-2028.pdf\" rel=\"noopener\" target=\"_blank\">T\u00e9l\u00e9charger<\/a><\/td><td class=\"column-3\">24\/10\/2025<\/td><td class=\"column-4\"><\/td>\n<\/tr>\n<tr class=\"row-14 even\">\n\t<td class=\"column-1\">AVIS D\u2019APPEL D\u2019OFFRES OUVERT NATIONAL RELATIF A L\u2019ACQUISITION DE VINGT-DEUX (22) VEHICULES A QUATRE (04) ROUES : SEPT (07) VEHICULES 4*4 AU PROFIT DU PRESIDENT DE L\u2019ASSEMBLEE NATIONALE ET DES AUTRES MEMBRES DU BUREAU ET QUINZE (15) VEHICULES LEGERS AU PROFIT DES MEMBRES DE LA CONFERENCE DES PRESIDENTS DE L\u2019ASSEMBLEE NATIONALE AU TITRE DE LA 10EME LEGISLATURE<\/td><td class=\"column-2\"><a href=\"https:\/\/assemblee-nationale.bj\/wp-content\/uploads\/AVIS-D\u2019APPEL-D\u2019OFFRES-OUVERT-NATIONAL-RELATIF-A-L\u2019ACQUISITION-DE-VINGT-DEUX-22-VEHICULES-A-QUAT.pdf\" rel=\"noopener\" target=\"_blank\">T\u00e9l\u00e9charger<\/a><\/td><td class=\"column-3\">10\/10\/2025<\/td><td class=\"column-4\"><\/td>\n<\/tr>\n<tr class=\"row-15 odd\">\n\t<td class=\"column-1\">PLAN DE PASSATION DES MARCHES PUBLICS DE L' ASSEMBLEE NATIONALE, GESTION 2025 VERSION 3<\/td><td class=\"column-2\"><a href=\"https:\/\/assemblee-nationale.bj\/wp-content\/uploads\/PLAN-DE-PASSATION-DES-MARCHES-PUBLICS-DE-L-ASSEMBLEE-NATIONALE-GESTION-2025-VERSION-4.pdf\" rel=\"noopener\" target=\"_blank\">T\u00e9l\u00e9charger<\/a><\/td><td class=\"column-3\">10\/09\/2025<\/td><td class=\"column-4\"><\/td>\n<\/tr>\n<tr class=\"row-16 even\">\n\t<td class=\"column-1\">PROCES VERBAL D'ATTRIBUTION PROVISOIRE DU MARCHE RELATIF A L'ACQUISITION ET A L'INSALLATION DES MATERIELS ET EQUIPEMENTS INFORMATIQUES AU PROFIT DE L'ASSEMBLEE NATIONALE<\/td><td class=\"column-2\"><a href=\"https:\/\/assemblee-nationale.bj\/wp-content\/uploads\/PROCES-VERBAL-DATTRIBUTION-PROVISOIRE-DU-MARCHE-RELATIF-A-LACQUISITION-ET-A-LINSALLATION-DES-MATERIELS.pdf\" rel=\"noopener\" target=\"_blank\">T\u00e9l\u00e9charger<\/a><\/td><td class=\"column-3\">10\/09\/2025<\/td><td class=\"column-4\"><\/td>\n<\/tr>\n<tr class=\"row-17 odd\">\n\t<td class=\"column-1\">PROCES VERBAL D'OUVERTURE DES PLIS RELATIFS AU DOSSIER D'APPEL D'OFFRES OUVERT NATIONAL POUR L'ACQUISITION ET L'INSALLATION DES MATERIELS ET EQUIPEMENTS INFORMATIQUES AU PROFIT DE L'ASSEMBLEE NATIONALE<\/td><td class=\"column-2\"><a href=\"https:\/\/assemblee-nationale.bj\/wp-content\/uploads\/PV-DOUVERTURE-RELATIF-AU-DOSSIER-D\u2019APPEL-D\u2019OFFRES-OUVERT-NATIONAL-POUR-L\u2019ACQUISITION-ET-A-L\u2019INSTALLATION.pdf\" rel=\"noopener\" target=\"_blank\">T\u00e9l\u00e9charger<\/a><\/td><td class=\"column-3\">05\/09\/2025<\/td><td class=\"column-4\"><\/td>\n<\/tr>\n<tr class=\"row-18 even\">\n\t<td class=\"column-1\">AVIS RELATIF AU DOSSIER D\u2019APPEL D\u2019OFFRES OUVERT NATIONAL POUR L\u2019ACQUISITION ET A L\u2019INSTALLATION DES MATERIELS ET EQUIPEMENTS INFORMATIQUES AU PROFIT DE L\u2019ASSEMBLEE NATIONALE<\/td><td class=\"column-2\"><a href=\"https:\/\/assemblee-nationale.bj\/wp-content\/uploads\/AVIS-DAO-RELATIF-A-LAQUISITION-ET-LINSTALLATION-DES-MATERIELS-ET-EQUIPEMENTS-INFORMATIQUES-AU-PROFIT-D.pdf\" rel=\"noopener\" target=\"_blank\">T\u00e9l\u00e9charger<\/a><\/td><td class=\"column-3\">14\/08\/2025<\/td><td class=\"column-4\"><\/td>\n<\/tr>\n<tr class=\"row-19 odd\">\n\t<td class=\"column-1\">PROCES VERBAL D'ATTRIBUTION PROVISOIRE DU MARCHE RELATIF A L\u2019ACQUISITION ET A L\u2019INSTALLATION DE MOBILIERS ET MATERIELS DE BUREAU AU PROFIT DES AUTORITES POLITIQUES ET DE L'ADMINISTRATION PARLEMENTAIRE<\/td><td class=\"column-2\"><a href=\"https:\/\/assemblee-nationale.bj\/wp-content\/uploads\/PROCES-VERBAL-DATTRIBUTION-PROVISOIRE-DU-MARCHE-RELATIF-A-L\u2019ACQUISITION-ET-A-L\u2019INSTALLATION-DE-MOBILIERS.pdf\" rel=\"noopener\" target=\"_blank\">T\u00e9l\u00e9charger<\/a><\/td><td class=\"column-3\">13\/08\/2025<\/td><td class=\"column-4\"><\/td>\n<\/tr>\n<tr class=\"row-20 even\">\n\t<td class=\"column-1\">PROCES-VERBAL D\u2019OUVERTURE DES PLIS POUR LE DAO  RELATIF A L\u2019ACQUISITION ET A L\u2019INSTALLATION DE MOBILIERS ET MATERIELS DE BUREAU AU PROFIT DES AUTORITES POLITIQUES ET DE L'ADMINISTRATION PARLEMENTAIRE<\/td><td class=\"column-2\"><a href=\"https:\/\/assemblee-nationale.bj\/wp-content\/uploads\/PV-D\u2019OUVERTURE-DES-PLIS-POUR-LA-DAO-RELATIVE-A-L\u2019ACQUISITION-ET-A-L\u2019INSTALLATION-DE-MOBILIERS-ET-MATERIE.pdf\" rel=\"noopener\" target=\"_blank\">T\u00e9l\u00e9charger<\/a><\/td><td class=\"column-3\">08\/08\/2025<\/td><td class=\"column-4\"><\/td>\n<\/tr>\n<tr class=\"row-21 odd\">\n\t<td class=\"column-1\">RAPPORT D\u2019ANALYSE ET D\u2019EVALUATION DES OFFRES RE\u00c7UES EN REPONSE A L\u2019AVIS A MANISFESTATION D\u2019INTERET (AMI) N\u00b0003-25\/AN\/PT\/SGA\/PRMP\/A-PRMP\/S-PRMP DU 07 JUILLET 2025 RELATIF A L\u2019ACTUALISATION DU REPERTOIRE DES FOURNISSEURS ET PRESTATAIRES DE SERVICES ET DES ENTREPRENEURS DE L\u2019ASSEMBLEE NATIONALE, GESTION 2025<\/td><td class=\"column-2\"><a href=\"https:\/\/assemblee-nationale.bj\/wp-content\/uploads\/RAEO-RECUES-EN-REPONSE-A-LAVIS-A-MANISFESTATION-DINTERET-N003-25ANPTSGAPRMPA-PRMPS-PRMP-DU-07-JUILLET-2025-RELATIF-A-LACTUALISATION-DU-REPERTOIRE-DES-FOURNISSEURS.pdf\" rel=\"noopener\" target=\"_blank\">T\u00e9l\u00e9charger<\/a><\/td><td class=\"column-3\">21\/07\/2025<\/td><td class=\"column-4\"><\/td>\n<\/tr>\n<tr class=\"row-22 even\">\n\t<td class=\"column-1\">PROCES-VERBAL D\u2019OUVERTURE DES PLIS RELATIFS A L\u2019ACTUALISATION DU REPERTOIRE DES ENTREPRENEURS, DES FOURNISSEURS ET PRESTATAIRES DE SERVICES DE L\u2019ASSEMBLEE NATIONALE, GESTION 2025<\/td><td class=\"column-2\"><a href=\"https:\/\/assemblee-nationale.bj\/wp-content\/uploads\/PROCES-VERBAL-DOUVERTURE-DES-PLIS-RELATIFS-A-LACTUALISATION-DU-REPERTOIRE-DES-ENTREPRENEURS-DES-FOURNISSEURS-ET-PRESTATAIRES-DE-SERVICES-DE-LASSEMBLEE-NATIONALE-GESTION-2025.pdf\" rel=\"noopener\" target=\"_blank\">T\u00e9l\u00e9charger<\/a><\/td><td class=\"column-3\">21\/07\/2025<\/td><td class=\"column-4\"><\/td>\n<\/tr>\n<tr class=\"row-23 odd\">\n\t<td class=\"column-1\">AVIS D\u2019APPEL D\u2019OFFRES OUVERT NATIONAL N\u00b0 006-25\/AN\/PT\/SGA\/PRMP\/A-PRMP\/S-PRMP DU 09\/07\/2025 RELATIF A L\u2019ACQUISITION ET A L\u2019INSTALLATION DE MOBILIERS ET MATERIELS DE BUREAU AU PROFIT DES AUTORITES POLITIQUES ET DE L'ADMINISTRATION PARLEMENTAIRE<\/td><td class=\"column-2\"><a href=\"https:\/\/assemblee-nationale.bj\/wp-content\/uploads\/AVIS-D\u2019APPEL-D\u2019OFFRES-OUVERT-NATIONAL-N\u00b0-006-25ANPTSGAPRMPA-PRMPS-PRMP-DU-090720.pdf\" rel=\"noopener\" target=\"_blank\">T\u00e9l\u00e9charger<\/a><\/td><td class=\"column-3\">19\/07\/2025<\/td><td class=\"column-4\"><\/td>\n<\/tr>\n<tr class=\"row-24 even\">\n\t<td class=\"column-1\">PROCES VERBAL D'ATTRIBUTION PROVISOIRE DU MARCHE  DE RECRUTEMENT D\u2019UNE COMPAGNIE POUR LA CONCLUSION D\u2019UN ACCORD-CADRE RELATIF A L'ASSURANCE MALADIE AU PROFIT DES FONCTIONNAIRES PARLEMENTAIRES A LA RETRAITE AINSI QUE LES MEMBRES DE LEURS FAMILLES AU TITRE DES ANNEES\u00a02025\u00a0ET\u00a02026<\/td><td class=\"column-2\"><a href=\"https:\/\/assemblee-nationale.bj\/wp-content\/uploads\/PROCES-VERBAL-DATTRIBUTION-PROVISOIRE-DU-MARCHE-DE-RECRUTEMENT-D\u2019UNE-COMPAGNIE-POUR-LA-CONCLUSI.pdf\" rel=\"noopener\" target=\"_blank\">T\u00e9l\u00e9charger<\/a><\/td><td class=\"column-3\">14\/07\/2025<\/td><td class=\"column-4\"><\/td>\n<\/tr>\n<tr class=\"row-25 odd\">\n\t<td class=\"column-1\">PROCES-VERBAL D\u2019OUVERTURE DES PLIS POUR L'APPEL D\u2019OFFRES OUVERT NATIONAL N\u00b0 005-25\/AN\/PT\/SGA\/PRMP\/A-PRMP\/S-PRMP DU 18\/06\/2025 RELATIF AU RECRUTEMENT D\u2019UNE COMPAGNIE POUR LA CONCLUSION D\u2019UN ACCORD-CADRE RELATIF A L'ASSURANCE MALADIE AU PROFIT DES FONCTIONNAIRES PARLEMENTAIRES A LA RETRAITE AINSI QUE LES MEMBRES DE LEURS FAMILLES AU TITRE DES ANNEES 2025 ET 2026<\/td><td class=\"column-2\"><a href=\"https:\/\/assemblee-nationale.bj\/wp-content\/uploads\/PROCES-VERBAL-D\u2019OUVERTURE-DES-PLIS-POUR-LAPPEL-D\u2019OFFRES-OUVERT-NATIONAL-N\u00b0-005-25ANPTSGAPRMPA-PRMPS-PRMP.pdf\" rel=\"noopener\" target=\"_blank\">T\u00e9l\u00e9charger<\/a><\/td><td class=\"column-3\">09\/07\/2025<\/td><td class=\"column-4\"><\/td>\n<\/tr>\n<tr class=\"row-26 even\">\n\t<td class=\"column-1\">PROCES VERBAL D'ATTRIBUTION PROVISOIRE DU MARCHE RELATIF A L\u2019ACQUISITION ET A L\u2019INSTALLATION D'UN (01) GROUPE ELECTROGENE, DE VINGT-ET-UN (21) CLIMATISEURS DE 2 CHEVAUX, DE TROIS (03) CLIMATISEURS DE 5 CHEVAUX DE TYPE ARMOIRE, DE HUIT (08) BRASSEURS, D'UN APPAREIL DE LAVAGE, DE PRESSION D'AIR ET DE CONTROLE DE PRESSION DES PNEUS ET D'AUTRES EQUIPEMENTS AU PROFIT DE L\u2019ASSEMBLEE NATIONALE<\/td><td class=\"column-2\"><a href=\"https:\/\/assemblee-nationale.bj\/wp-content\/uploads\/PROCES-VERBAL-DATTRIBUTION-PROVISOIRE-DU-MARCHE-RELATIF-A-L\u2019ACQUISITION-ET-A-L\u2019INSTALLATION-DUN-01.pdf\" rel=\"noopener\" target=\"_blank\">T\u00e9l\u00e9charger<\/a><\/td><td class=\"column-3\">08\/07\/2025<\/td><td class=\"column-4\"><\/td>\n<\/tr>\n<tr class=\"row-27 odd\">\n\t<td class=\"column-1\">AVIS D\u2019APPEL A MANIFESTATION D\u2019INTERET (AMI) DU SECOND SEMESTRE POUR L\u2019ACTUALISATION DU REPERTOIRE DES FOURNISSEURS, DES PRESTATAIRES DE SERVICES ET DES ENTREPRENEURS DE L\u2019ASSEMBLEE NATIONALE DU BENIN, <br \/>\nGESTION 2025<\/td><td class=\"column-2\"><a href=\"https:\/\/assemblee-nationale.bj\/wp-content\/uploads\/AVIS-D\u2019APPEL-A-MANIFESTATION-D\u2019INTERET-AMI-DU-SECOND-SEMESTRE-POUR-L\u2019ACTUALISATION-DU-REPERTOIRE-DE.pdf\" rel=\"noopener\" target=\"_blank\">T\u00e9l\u00e9charger<\/a><\/td><td class=\"column-3\">07\/07\/2025<\/td><td class=\"column-4\"><\/td>\n<\/tr>\n<tr class=\"row-28 even\">\n\t<td class=\"column-1\">PROCES VERBAL D'ATTRIBUTION PROVISOIRE DU MARCHE RELATIF A LA SELECTION D'UNE ENTREPRISE POUR LES TRAVAUX D\u2019AMENAGEMENT ET DE REFECTION DES BATIMENTS DU PALAIS DES GOUVERNEURS, DES BATIMENTS DU SECRETARIAT GENERAL ADMINISTRATIF ET DE LA CANTINE DE L'ASSEMBLEE NATIONALE<\/td><td class=\"column-2\"><a href=\"https:\/\/assemblee-nationale.bj\/wp-content\/uploads\/PROCES-VERBAL-DATTRIBUTION-PROVISOIRE-DU-MARCHE-RELATIF-A-LA-SELECTION-DUNE-ENTREPRISE-POUR-LES-TRAVAUX.pdf\" rel=\"noopener\" target=\"_blank\">T\u00e9l\u00e9charger<\/a><\/td><td class=\"column-3\">01\/07\/2025<\/td><td class=\"column-4\"><\/td>\n<\/tr>\n<tr class=\"row-29 odd\">\n\t<td class=\"column-1\">PROCES VERBAL DE NEGOCIATIONS DU PLI RELATIF AUX PROPOSITIONS TECHNIQUE ET FINANCIERE POUR L\u2019AVIS A MANIFESTATION D\u2019INTERET N\u00b0 002-25\/AN\/PT\/SGA\/PRMP\/A-PRMP\/S-PRMP DU 06\/05\/2025 POUR LA SELECTION D\u2019UN CABINET POUR LA FORMATION INITIALE DES NOUVEAUX AGENTS ET LE RENFORCEMENT DES CAPACITES AU PROFIT DES CADRES DE L\u2019ADMINISTRATION PARLEMENTAIRE<\/td><td class=\"column-2\"><a href=\"https:\/\/assemblee-nationale.bj\/wp-content\/uploads\/PROCES-VERBAL-DE-NEGOCIATIONS-DU-PLI-RELATIF-AUX-PROPOSITIONS-TECHNIQUE-ET-FINANCIERE-POUR-L\u2019AVIS-A-MANIF.pdf\" rel=\"noopener\" target=\"_blank\">T\u00e9l\u00e9charger<\/a><\/td><td class=\"column-3\">26\/06\/2025<\/td><td class=\"column-4\"><\/td>\n<\/tr>\n<tr class=\"row-30 even\">\n\t<td class=\"column-1\">PROCES-VERBAL D\u2019OUVERTURE DES PLIS POUR L'APPEL D\u2019OFFRES OUVERT NATIONAL N\u00b0 004-25\/AN\/PT\/SGA\/PRMP\/A-PRMP\/S-PRMP DU 30\/05\/2025 RELATIF A L\u2019ACQUISITION ET A L\u2019INSTALLATION D'UN (01) GROUPE ELECTROGENE, DE VINGT-ET-UN (21) CLIMATISEURS DE 2 CHEVAUX, DE TROIS (03) CLIMATISEURS DE 5 CHEVAUX DE TYPE ARMOIRE, DE HUIT (08) BRASSEURS, D'UN APPAREIL DE LAVAGE, DE PRESSION D'AIR ET DE CONTROLE DE PRESSION DES PNEUS ET D'AUTRES EQUIPEMENTS AU PROFIT DE L\u2019ASSEMBLEE NATIONALE<\/td><td class=\"column-2\"><a href=\"https:\/\/assemblee-nationale.bj\/wp-content\/uploads\/PROCES-VERBAL-D\u2019OUVERTURE-DES-PLIS-POUR-LAPPEL-D\u2019OFFRES-OUVERT-NATIONAL-N\u00b0-004-25ANPTSGAPRMPA-PRMPS-PRMP.pdf\" rel=\"noopener\" target=\"_blank\">T\u00e9l\u00e9charger<\/a><\/td><td class=\"column-3\">25\/06\/2025<\/td><td class=\"column-4\"><\/td>\n<\/tr>\n<tr class=\"row-31 odd\">\n\t<td class=\"column-1\">PROCES VERBAL D\u2019OUVERTURE DU PLI RELATIF AUX PROPOSITIONS TECHNIQUE ET FINANCIERE POUR L\u2019AVIS A MANIFESTATION D\u2019INTERET N\u00b0 002-25\/AN\/PT\/SGA\/PRMP\/A-PRMP\/S-PRMP DU 06\/05\/2025 POUR LA SELECTION D\u2019UN CABINET POUR LA FORMATION INITIALE DES NOUVEAUX AGENTS ET LE RENFORCEMENT DES CAPACITES AU PROFIT DES CADRES DE L\u2019ADMINISTRATION PARLEMENTAIRE<\/td><td class=\"column-2\"><a href=\"https:\/\/assemblee-nationale.bj\/wp-content\/uploads\/PROCES-VERBAL-D\u2019OUVERTURE-DU-PLI-RELATIF-AUX-PROPOSITIONS-TECHNIQUE-ET-FINANCIERE-POUR-L\u2019AVIS-A-MANIFESTA.pdf\" rel=\"noopener\" target=\"_blank\">T\u00e9l\u00e9charger<\/a><\/td><td class=\"column-3\">24\/06\/2025<\/td><td class=\"column-4\"><\/td>\n<\/tr>\n<tr class=\"row-32 even\">\n\t<td class=\"column-1\">PROCES-VERBAL D\u2019OUVERTURE DES PLIS POUR L'APPEL D\u2019OFFRES OUVERT NATIONAL N\u00b0 003-25\/AN\/PT\/SGA\/PRMP\/A-PRMP\/S-PRMP DU 30\/05\/2025 RELATIF A LA SELECTION D'UNE ENTREPRISE POUR LES TRAVAUX D\u2019AMENAGEMENT ET DE REFECTION DES BATIMENTS DU PALAIS DES GOUVERNEURS, DES BATIMENTS DU SECRETARIAT GENERAL ADMINISTRATIF ET DE LA CANTINE DE L'ASSEMBLEE NATIONALE<\/td><td class=\"column-2\"><a href=\"https:\/\/assemblee-nationale.bj\/wp-content\/uploads\/PROCES-VERBAL-D\u2019OUVERTURE-DES-PLIS-POUR-LAPPEL-D\u2019OFFRES-OUVERT-NATIONAL-N\u00b0-003-25ANPTSGAPRMPA-PRMPS-PRMP.pdf\" rel=\"noopener\" target=\"_blank\">T\u00e9l\u00e9charger<\/a><\/td><td class=\"column-3\">23\/06\/2025<\/td><td class=\"column-4\"><\/td>\n<\/tr>\n<tr class=\"row-33 odd\">\n\t<td class=\"column-1\">AVIS D\u2019APPEL D\u2019OFFRES OUVERT NATIONAL N\u00b0 005-25\/AN\/PT\/SGA\/PRMP\/A-PRMP\/S-PRMP DU 18\/06\/2025 RELATIF AU RECRUTEMENT D\u2019UNE COMPAGNIE POUR LA CONCLUSION D\u2019UN ACCORD-CADRE RELATIF A L'ASSURANCE MALADIE AU PROFIT DES FONCTIONNAIRES PARLEMENTAIRES A LA RETRAITE AINSI QUE LES MEMBRES DE LEURS FAMILLES AU TITRE DES ANNEES 2025 ET 2026<\/td><td class=\"column-2\"><a href=\"https:\/\/assemblee-nationale.bj\/wp-content\/uploads\/AVIS-D\u2019APPEL-D\u2019OFFRES-OUVERT-NATIONAL-N\u00b0-004-25ANPTSGAPRMPA-PRMPS-PRMP-DU-18062025-RELATIF-AU-RECRUTEMENT.pdf\" rel=\"noopener\" target=\"_blank\">T\u00e9l\u00e9charger<\/a><\/td><td class=\"column-3\">18\/06\/2025<\/td><td class=\"column-4\"><\/td>\n<\/tr>\n<tr class=\"row-34 even\">\n\t<td class=\"column-1\">PROCES VERBAL D'ATTRIBUTION PROVISOIRE DU MARCHE RELATIF AU RECRUTEMENT D'UN PRESTATAIRE DE SERVICES POUR L\u2019EDITION DE LIVRES EN HOMMAGES AUX ANCIENS PRESIDENTS DE L\u2019ASSEMBLEE NATIONALE, L\u2019EDITION DE LA REVUE SEMESTRIELLE EN COULEUR, L\u2019EDITION DES JOURNAUX DES DEBATS PARLEMENTAIRES ET DES COMPTES RENDUS SOMMAIRES DES SEANCES PLENIERES AU PROFIT DE L\u2019ADMINISTRATION PARLEMENTAIRE<\/td><td class=\"column-2\"><a href=\"https:\/\/assemblee-nationale.bj\/wp-content\/uploads\/PROCES-VERBAL-DATTRIBUTION-PROVISOIRE-DU-MARCHE-RELATIF-AU-RECRUTEMENT-DUN-PRESTATAIRE-DE-SERVICES-2.pdf\" rel=\"noopener\" target=\"_blank\">T\u00e9l\u00e9charger<\/a><\/td><td class=\"column-3\">18\/06\/2025<\/td><td class=\"column-4\"><\/td>\n<\/tr>\n<tr class=\"row-35 odd\">\n\t<td class=\"column-1\">PROCES VERBAL D'ATTRIBUTION PROVISOIRE DU MARCHE RELATIF A L\u2019ACQUISITION  DE SIX (06) VEHICULES A QUATRE (04) ROUES : UN (01) GRAND BUS , UN (01) MINI BUS, DEUX (02) VEHICULES LEGERS, UN (01) PICK UP ET UNE (01) AMBULANCE BIEN EQUIPEE AU PROFIT DU PARC AUTOMOBILE DE L\u2019ASSEMBLEE NATIONALE<\/td><td class=\"column-2\"><a href=\"https:\/\/assemblee-nationale.bj\/wp-content\/uploads\/PROCES-VERBAL-DATTRIBUTION-PROVISOIRE-DU-MARCHE-RELATIF-A-L\u2019ACQUISITION-DE-SIX-06-VEHICULES-A-QUATRE-.pdf\" rel=\"noopener\" target=\"_blank\">T\u00e9l\u00e9charger<\/a><\/td><td class=\"column-3\">13\/06\/2025<\/td><td class=\"column-4\"><\/td>\n<\/tr>\n<tr class=\"row-36 even\">\n\t<td class=\"column-1\">LISTE RESTREINTE DES CABINETS SUITE AU RAPPORT D'EVALUATION DES OFFRES RELATIVES A L'AVIS A MANIFESTATION D\u2019INTERET POUR LA SELECTION D\u2019UN CABINET POUR LA FORMATION INITIALE DES NOUVEAUX AGENTS ET LE RENFORCEMENT DES CAPACITES AU PROFIT DES CADRES DE L\u2019ADMINISTRATION PARLEMENTAIRE<\/td><td class=\"column-2\"><a href=\"https:\/\/assemblee-nationale.bj\/wp-content\/uploads\/LISTE-RESTREINTE-DES-CABINETS-SUITE-AU-RAPPORT-DEVALUATION-DES-OFFRES-RELATIVES-A-LAVIS-A-MANIFESTA.pdf\" rel=\"noopener\" target=\"_blank\">T\u00e9l\u00e9charger<\/a><\/td><td class=\"column-3\">11\/06\/2025<\/td><td class=\"column-4\"><\/td>\n<\/tr>\n<tr class=\"row-37 odd\">\n\t<td class=\"column-1\">PROCES VERBAL D'ATTRIBUTION PROVISOIRE DU MARCHE RELATIF A L\u2019ACQUISITION DE COCARDES, D\u2019ECHARPES ET D\u2019INSIGNES AU PROFIT DES DEPUTES DE LA 10\u00e8me  LEGISLATURE<\/td><td class=\"column-2\"><a href=\"https:\/\/assemblee-nationale.bj\/wp-content\/uploads\/PROCES-VERBAL-DATTRIBUTION-PROVISOIRE-DU-MARCHE-RELATIF-A-L\u2019ACQUISITION-DE-COCARDES-D\u2019ECHARPES-ET-D\u2019INS.pdf\" rel=\"noopener\" target=\"_blank\">T\u00e9l\u00e9charger<\/a><\/td><td class=\"column-3\">11\/06\/2025<\/td><td class=\"column-4\"><\/td>\n<\/tr>\n<tr class=\"row-38 even\">\n\t<td class=\"column-1\">PROCES-VERBAL D\u2019OUVERTURE DES PLIS POUR L'APPEL D\u2019OFFRES OUVERT NATIONAL N\u00b0002-25\/AN\/PT\/SGA\/PRMP\/A-PRMP\/S-PRMP DU 16\/05\/2025 RELATIF A L\u2019ACQUISITION  DE SIX (06) VEHICULES A QUATRE (04) ROUES : UN (01) GRAND BUS , UN (01) MINI BUS, DEUX (02) VEHICULES LEGERS, UN (01) PICK UP ET UNE (01) AMBULANCE BIEN EQUIPEE AU PROFIT DU PARC AUTOMOBILE DE L\u2019ASSEMBLEE NATIONALE<\/td><td class=\"column-2\"><a href=\"https:\/\/assemblee-nationale.bj\/wp-content\/uploads\/PROCES-VERBAL-D\u2019OUVERTURE-DES-PLIS-POUR-LAPPEL-D\u2019OFFRES-OUVERT-NATIONAL-N\u00b0002-25ANPTSGAPRMPA-PRMPS-PRMP-1-1.pdf\" rel=\"noopener\" target=\"_blank\">T\u00e9l\u00e9charger<\/a><\/td><td class=\"column-3\">10\/06\/2025<\/td><td class=\"column-4\"><\/td>\n<\/tr>\n<tr class=\"row-39 odd\">\n\t<td class=\"column-1\">PROCES-VERBAL D\u2019OUVERTURE DES PLIS POUR LA DEMANDE DE RENSEIGNEMENTS ET DE PRIX N\u00b0 004-25\/AN\/PT\/SGA\/PRMP\/A-PRMP\/S-PRMP DU 21 MAI 2025 RELATIF AU RECRUTEMENT D'UN PRESTATAIRE DE SERVICES POUR L\u2019EDITION DE LIVRES EN HOMMAGES AUX ANCIENS PRESIDENTS DE L\u2019ASSEMBLEE NATIONALE, L\u2019EDITION DE LA REVUE SEMESTRIELLE EN COULEUR, L\u2019EDITION DES JOURNAUX DES DEBATS PARLEMENTAIRES ET DES COMPTES RENDUS SOMMAIRES DES SEANCES PLENIERES AU PROFIT DE L\u2019ADMINISTRATION PARLEMENTAIRE<\/td><td class=\"column-2\"><a href=\"https:\/\/assemblee-nationale.bj\/wp-content\/uploads\/PROCES-VERBAL-D\u2019OUVERTURE-DES-PLIS-POUR-LA-DEMANDE-DE-RENSEIGNEMENTS-ET-DE-PRIX-N\u00b0-004-25ANPTSGAPRMPA-PRM.pdf\" rel=\"noopener\" target=\"_blank\">T\u00e9l\u00e9charger<\/a><\/td><td class=\"column-3\">04\/06\/2025<\/td><td class=\"column-4\"><\/td>\n<\/tr>\n<tr class=\"row-40 even\">\n\t<td class=\"column-1\">PROCES VERBAL D'OUVERTURE DES PLIS POUR L'APPEL D\u2019OFFRES OUVERT NATIONAL N\u00b0 001-25\/AN\/PT\/SGA\/PRMP\/A-PRMP\/S-PRMP DU 13\/05\/2025 RELATIF A L\u2019ACQUISITION DE COCARDES, D\u2019ECHARPES ET D\u2019INSIGNES AU PROFIT DES DEPUTES DE LA 10\u00e8me  LEGISLATURE<\/td><td class=\"column-2\"><a href=\"https:\/\/assemblee-nationale.bj\/wp-content\/uploads\/PROCES-VERBAL-DOUVERTURE-DES-PLIS-POUR-LAPPEL-D\u2019OFFRES-OUVERT-NATIONAL-N\u00b0-001-25ANPTSGAPRMPA-PRMPS-PRMP.pdf\" rel=\"noopener\" target=\"_blank\">T\u00e9l\u00e9charger<\/a><\/td><td class=\"column-3\">03\/06\/2025<\/td><td class=\"column-4\"><\/td>\n<\/tr>\n<tr class=\"row-41 odd\">\n\t<td class=\"column-1\">AVIS D'APPEL D\u2019OFFRES OUVERT NATIONAL N\u00b0 004-25\/AN\/PT\/SGA\/PRMP\/A-PRMP\/S-PRMP DU 30\/05\/2025 RELATIF A L\u2019ACQUISITION ET A L\u2019INSTALLATION D'UN (01) GROUPE ELECTROGENE, DE VINGT-ET-UN (21) CLIMATISEURS DE 2 CHEVAUX, DE TROIS (03) CLIMATISEURS DE 5 CHEVAUX DE TYPE ARMOIRE, DE HUIT (08) BRASSEURS, D'UN APPAREIL DE LAVAGE, DE PRESSION D'AIR ET DE CONTROLE DE PRESSION DES PNEUS ET D'AUTRES EQUIPEMENTS AU PROFIT DE L\u2019ASSEMBLEE NATIONALE<\/td><td class=\"column-2\"><a href=\"https:\/\/assemblee-nationale.bj\/wp-content\/uploads\/AVIS-DAPPEL-D\u2019OFFRES-OUVERT-NATIONAL-N\u00b0-004-25ANPTSGAPRMPA-PRMPS-PRMP-DU-30052025-RELATIF-A-L\u2019ACQUISITIO.pdf\" rel=\"noopener\" target=\"_blank\">T\u00e9l\u00e9charger<\/a><\/td><td class=\"column-3\">30\/05\/2025<\/td><td class=\"column-4\"><\/td>\n<\/tr>\n<tr class=\"row-42 even\">\n\t<td class=\"column-1\">AVIS D'APPEL D\u2019OFFRES OUVERT NATIONAL N\u00b0 003-25\/AN\/PT\/SGA\/PRMP\/A-PRMP\/S-PRMP DU 30\/05\/2025 RELATIF A LA SELECTION D'UNE ENTREPRISE POUR LES TRAVAUX D\u2019AMENAGEMENT ET DE REFECTION DES BATIMENTS DU PALAIS DES GOUVERNEURS, DES BATIMENTS DU SECRETARIAT GENERAL ADMINISTRATIF ET DE LA CANTINE DE L'ASSEMBLEE NATIONALE<\/td><td class=\"column-2\"><a href=\"https:\/\/assemblee-nationale.bj\/wp-content\/uploads\/AVIS-DAPPEL-D\u2019OFFRES-OUVERT-NATIONAL-N\u00b0-003-25ANPTSGAPRMPA-PRMPS-PRMP-DU-30052025-RELATIF-A-LA-SELECTION.pdf\" rel=\"noopener\" target=\"_blank\">T\u00e9l\u00e9charger<\/a><\/td><td class=\"column-3\">30\/05\/2025<\/td><td class=\"column-4\"><\/td>\n<\/tr>\n<tr class=\"row-43 odd\">\n\t<td class=\"column-1\">PROCES VERBAL D'ATTRIBUTION PROVISOIRE DU MARCHE RELATIF AU RECRUTEMENT D'UN PRESTATAIRE DE SERVICES POUR LA CONFECTION DES TENUES AU PROFIT DES HUISSIERS PARLEMENTAIRES DE L'ASSEMBLEE NATIONALE<\/td><td class=\"column-2\"><a href=\"https:\/\/assemblee-nationale.bj\/wp-content\/uploads\/PROCES-VERBAL-DATTRIBUTION-PROVISOIRE-DU-MARCHE-RELATIF-AU-RECRUTEMENT-DUN-PRESTATAIRE-DE-SERVICES-POUR-1.pdf\" rel=\"noopener\" target=\"_blank\">T\u00e9l\u00e9charger<\/a><\/td><td class=\"column-3\">30\/05\/2025<\/td><td class=\"column-4\"><\/td>\n<\/tr>\n<tr class=\"row-44 even\">\n\t<td class=\"column-1\">PROCES VERBAL D'ATTRIBUTION PROVISOIRE DU MARCHE RELATIF AU RECRUTEMENT D'UN PRESTATAIRE DE SERVICES POUR LA CONFECTION DES TENUES AU PROFIT DES HUISSIERS PARLEMENTAIRES DE L'ASSEMBLEE NATIONALE<\/td><td class=\"column-2\"><a href=\"https:\/\/assemblee-nationale.bj\/wp-content\/uploads\/PROCES-VERBAL-DATTRIBUTION-PROVISOIRE-DU-MARCHE-RELATIF-AU-RECRUTEMENT-DUN-PRESTATAIRE-DE-SERVICES-.pdf\" rel=\"noopener\" target=\"_blank\">T\u00e9l\u00e9charger<\/a><\/td><td class=\"column-3\">30\/05\/2025<\/td><td class=\"column-4\"><\/td>\n<\/tr>\n<tr class=\"row-45 odd\">\n\t<td class=\"column-1\">PROCES VERBAL D'ATTRIBUTION PROVISOIRE DU MARCHE RELATIF A L\u2019ACQUISITION ET A L\u2019INSTALLATION  DE DIVERS MATERIELS, DES EQUIPEMENTS DE TRANSMISSION, DE PRODUCTION AUDIOVISUELLE ET RADIODIFFUSION AU PROFIT DE LA DIRECTION DES SERVICES DE L'INFORMATION ET DE LA COMMUNICATION (DSICOM)<\/td><td class=\"column-2\"><a href=\"https:\/\/assemblee-nationale.bj\/wp-content\/uploads\/PROCES-VERBAL-DATTRIBUTION-PROVISOIRE-DU-MARCHE-RELATIF-A-L\u2019ACQUISITION-ET-A-L\u2019INSTALLATION-DE-DIVE.pdf\" rel=\"noopener\" target=\"_blank\">T\u00e9l\u00e9charger<\/a><\/td><td class=\"column-3\">22\/05\/2025<\/td><td class=\"column-4\"><\/td>\n<\/tr>\n<tr class=\"row-46 even\">\n\t<td class=\"column-1\">PROCES-VERBAL D\u2019OUVERTURE DES PLIS RELATIF A LA DEMANDE DE RENSEIGNEMENTS ET DE PRIX N\u00b0 003-25\/AN\/PT\/SGA\/PRMP\/A-PRMP-S-PRMP DU 07 MAI 2025  POUR LE RECRUTEMENT D'UN PRESTATAIRE DE SERVICES POUR LA CONFECTION DES TENUES AU PROFIT DES HUISSIERS PARLEMENTAIRES DE L'ASSEMBLEE NATIONALE<\/td><td class=\"column-2\"><a href=\"https:\/\/assemblee-nationale.bj\/wp-content\/uploads\/PROCES-VERBAL-D\u2019OUVERTURE-DES-PLIS-RELATIF-A-LA-DEMANDE-DE-RENSEIGNEMENTS-ET-DE-PRIX-N\u00b0-003-25ANPTSGAPRMP.pdf\" rel=\"noopener\" target=\"_blank\">T\u00e9l\u00e9charger<\/a><\/td><td class=\"column-3\">21\/05\/2025<\/td><td class=\"column-4\"><\/td>\n<\/tr>\n<tr class=\"row-47 odd\">\n\t<td class=\"column-1\">AVIS DE DEMANDE DE RENSEIGNEMENTS ET DE PRIX N\u00b0 004-25\/AN\/PT\/SGA\/PRMP\/A-PRMP\/S-PRMP DU 21 MAI 2025 RELATIF AU RECRUTEMENT D'UN PRESTATAIRE DE SERVICES POUR L\u2019EDITION DE LIVRES EN HOMMAGES AUX ANCIENS PRESIDENTS DE L\u2019ASSEMBLEE NATIONALE, L\u2019EDITION DE LA REVUE SEMESTRIELLE EN COULEUR, L\u2019EDITION DES JOURNAUX DES DEBATS PARLEMENTAIRES ET DES COMPTES RENDUS SOMMAIRES DES SEANCES PLENIERES AU PROFIT DE L\u2019ADMINISTRATION PARLEMENTAIRE<\/td><td class=\"column-2\"><a href=\"https:\/\/assemblee-nationale.bj\/wp-content\/uploads\/AVIS-DE-DEMANDE-DE-RENSEIGNEMENTS-ET-DE-PRIX-N\u00b0-004-25ANPTSGAPRMPA-PRMPS-PRMP-DU-21-MAI-2025-RELATIF-AU-R.pdf\" rel=\"noopener\" target=\"_blank\">T\u00e9l\u00e9charger<\/a><\/td><td class=\"column-3\">21\/05\/2025<\/td><td class=\"column-4\"><\/td>\n<\/tr>\n<tr class=\"row-48 even\">\n\t<td class=\"column-1\">PROCES-VERBAL D\u2019OUVERTURE DES PLIS RELATIF A L'AVIS A MANIFESTATION D\u2019INTERET POUR LA SELECTION D\u2019UN CABINET POUR LA FORMATION INITIALE DES NOUVEAUX AGENTS ET LE RENFORCEMENT DES CAPACITES AU PROFIT DES CADRES DE L\u2019ADMINISTRATION PARLEMENTAIRE<\/td><td class=\"column-2\"><a href=\"https:\/\/assemblee-nationale.bj\/wp-content\/uploads\/PROCES-VERBAL-D\u2019OUVERTURE-DES-PLIS-RELATIF-A-LAVIS-A-MANIFESTATION-D\u2019INTERET-POUR-LA-SELECTION-D\u2019UN-.pdf\" rel=\"noopener\" target=\"_blank\">T\u00e9l\u00e9charger<\/a><\/td><td class=\"column-3\">19\/05\/2025<\/td><td class=\"column-4\"><\/td>\n<\/tr>\n<tr class=\"row-49 odd\">\n\t<td class=\"column-1\">AVIS D'APPEL D\u2019OFFRES OUVERT NATIONAL N\u00b0 002-25\/AN\/PT\/SGA\/PRMP\/A-PRMP\/S-PRMP DU 16\/05\/2025 RELATIF A L\u2019ACQUISITION  DE SIX (06) VEHICULES A QUATRE (04) ROUES : UN (01) GRAND BUS , UN (01) MINI BUS, DEUX (02) VEHICULES LEGERS, UN (01) PICK UP ET UNE (01) AMBULANCE BIEN EQUIPEE AU PROFIT DU PARC AUTOMOBILE DE L\u2019ASSEMBLEE\u00a0NATIONALE<\/td><td class=\"column-2\"><a href=\"https:\/\/assemblee-nationale.bj\/wp-content\/uploads\/AVIS-DAPPEL-D\u2019OFFRES-OUVERT-NATIONAL-N\u00b0-002-25ANPTSGAPRMPA-PRMPS-PRMP-DU-16052025-RELATIF-A-L\u2019ACQUISITIO.pdf\" rel=\"noopener\" target=\"_blank\">T\u00e9l\u00e9charger<\/a><\/td><td class=\"column-3\">16\/05\/2025<\/td><td class=\"column-4\"><\/td>\n<\/tr>\n<tr class=\"row-50 even\">\n\t<td class=\"column-1\">PROCES-VERBAL D\u2019OUVERTURE DES PLIS POUR LA DRP RELATIVE A L\u2019ACQUISITION ET A L\u2019INSTALLATION DE DIVERS MATERIELS, DES EQUIPEMENTS DE TRANSMISSION, DE PRODUCTION AUDIOVISUELLE ET RADIODIFFUSION AU PROFIT DE LA DIRECTION DES SERVICES DE L'INFORMATION ET DE LA COMMUNICATION (DSICOM)<\/td><td class=\"column-2\"><a href=\"https:\/\/assemblee-nationale.bj\/wp-content\/uploads\/PROCES-VERBAL-D\u2019OUVERTURE-DES-PLIS-POUR-LA-DRP-RELATIVE-A-L\u2019ACQUISITION-ET-A-L\u2019INSTALLATION-DE-DIVERS-MAT.pdf\" rel=\"noopener\" target=\"_blank\">T\u00e9l\u00e9charger<\/a><\/td><td class=\"column-3\">15\/05\/2025<\/td><td class=\"column-4\"><\/td>\n<\/tr>\n<tr class=\"row-51 odd\">\n\t<td class=\"column-1\">AVIS D'APPEL D\u2019OFFRES OUVERT NATIONAL N\u00b0 001-25\/AN\/PT\/SGA\/PRMP\/A-PRMP\/S-PRMP DU 13\/05\/2025 RELATIF A L\u2019ACQUISITION DE COCARDES, D\u2019ECHARPES ET D\u2019INSIGNES AU PROFIT DES DEPUTES DE LA 10\u00e8me  LEGISLATURE<\/td><td class=\"column-2\"><a href=\"https:\/\/assemblee-nationale.bj\/wp-content\/uploads\/AVIS-DAPPEL-D\u2019OFFRES-OUVERT-NATIONAL-N\u00b0-001-25ANPTSGAPRMPA-PRMPS-PRMP-DU-13052025-RELATIF-A-L\u2019ACQUISITIO.pdf\" rel=\"noopener\" target=\"_blank\">T\u00e9l\u00e9charger<\/a><\/td><td class=\"column-3\">13\/05\/2025<\/td><td class=\"column-4\"><\/td>\n<\/tr>\n<tr class=\"row-52 even\">\n\t<td class=\"column-1\">AVIS DE DEMANDE DE RENSEIGNEMENTS ET DE PRIX N\u00b0 003-25\/AN\/PT\/SGA\/PRMP\/A-PRMP-S-PRMP DU 07 MAI 2025 RELATIF AU RECRUTEMENT D'UN PRESTATAIRE DE SERVICES POUR LA CONFECTION DES TENUES AU PROFIT DES HUISSIERS PARLEMENTAIRES DE L'ASSEMBLEE NATIONALE<\/td><td class=\"column-2\"><a href=\"https:\/\/assemblee-nationale.bj\/wp-content\/uploads\/AVIS-DE-DEMANDE-DE-RENSEIGNEMENTS-ET-DE-PRIX-N\u00b0-003-25ANPTSGAPRMPA-PRMP-S-PRMP-DU-07-MAI-2025-RELATIF-AU-.pdf\" rel=\"noopener\" target=\"_blank\">T\u00e9l\u00e9charger<\/a><\/td><td class=\"column-3\">07\/05\/2025<\/td><td class=\"column-4\"><\/td>\n<\/tr>\n<tr class=\"row-53 odd\">\n\t<td class=\"column-1\">AVIS A MANIFESTATION D\u2019INTERET N\u00b0 002-25\/AN\/PT\/SGA\/PRMP\/A-PRMP\/S-PRMP DU 06\/05\/2025 RELATIF A LA SELECTION D\u2019UN CABINET POUR LA FORMATION INITIALE DES NOUVEAUX AGENTS ET LE RENFORCEMENT DES CAPACITES AU PROFIT DES CADRES DE L\u2019ADMINISTRATION PARLEMENTAIRE<\/td><td class=\"column-2\"><a href=\"https:\/\/assemblee-nationale.bj\/wp-content\/uploads\/AVIS-A-MANIFESTATION-D\u2019INTERET-N\u00b0-002-25ANPTSGAPRMPA-PRMPS-PRMP-DU-06052025-RELATIF-A-LA-SELECTION-D\u2019.pdf\" rel=\"noopener\" target=\"_blank\">T\u00e9l\u00e9charger<\/a><\/td><td class=\"column-3\">06\/05\/2025<\/td><td class=\"column-4\"><\/td>\n<\/tr>\n<tr class=\"row-54 even\">\n\t<td class=\"column-1\">AVIS DE DEMANDE DE RENSEIGNEMENTS ET DE PRIX N\u00b0 002-25\/AN\/PT\/SGA\/PRMP\/A-PRMP\/S-PRMP DU 29\/04\/2025 RELATIF A L\u2019ACQUISITION ET A L\u2019INSTALLATION DE DIVERS MATERIELS, DES EQUIPEMENTS DE TRANSMISSION, DE PRODUCTION AUDIOVISUELLE ET RADIODIFFUSION AU PROFIT DE LA DIRECTION DES SERVICES DE L'INFORMATION ET DE LA COMMUNICATION (DSICOM).<\/td><td class=\"column-2\"><a href=\"https:\/\/assemblee-nationale.bj\/wp-content\/uploads\/AVIS-DE-DEMANDE-DE-RENSEIGNEMENTS-ET-DE-PRIX-N\u00b0-002-25ANPTSGAPRMPA-PRMPS-PRMP-DU-29042025-RELATIF-A-L\u2019ACQ.pdf\" rel=\"noopener\" target=\"_blank\">T\u00e9l\u00e9charger<\/a><\/td><td class=\"column-3\">29\/04\/2025<\/td><td class=\"column-4\"><\/td>\n<\/tr>\n<tr class=\"row-55 odd\">\n\t<td class=\"column-1\">PLAN DE PASSATION DES MARCHES PUBLICS DE L' ASSEMBLEE NATIONALE, GESTION 2025 VERSION 2<\/td><td class=\"column-2\"><a href=\"https:\/\/assemblee-nationale.bj\/wp-content\/uploads\/PLAN-DE-PASSATION-DES-MARCHES-PUBLICS-DE-L-ASSEMBLEE-NATIONALE-GESTION-2025-VERSION-2.pdf\" rel=\"noopener\" target=\"_blank\">T\u00e9l\u00e9charger<\/a><\/td><td class=\"column-3\">24\/04\/2025<\/td><td class=\"column-4\"><\/td>\n<\/tr>\n<tr class=\"row-56 even\">\n\t<td class=\"column-1\">PROCES-VERBAL D\u2019ATTRIBUTION PROVISOIRE DU MARCHE  RELATIF AU RECRUTEMENT DE PRESTATAIRES DE SERVICES POUR LA CONCLUSION D'UN ACCORD CADRE RELATIF A L'ACQUISITION DE MATERIELS, A L'ENTRETIEN ET A LA MAINTENANCE DES MATERIELS ET EQUIPEMENTS DE LA RADIO, DE LA TELEVISION, DU SYSTEME DE SECURITE DE PROTECTION DES REGIES DE LA RADIO ET DE LA TELEVISION HEMICYCLE AU TITRE DES ANNEES 2025 ET 2026<\/td><td class=\"column-2\"><a href=\"https:\/\/assemblee-nationale.bj\/wp-content\/uploads\/PV-ATTRIBUTION-PROVISOIRE-ACQUISITION-MAINTENANCE-ENTRETIEN-MATERIELS-RADIO-.pdf\" rel=\"noopener\" target=\"_blank\">T\u00e9l\u00e9charger<\/a><\/td><td class=\"column-3\">17\/03\/2025<\/td><td class=\"column-4\"><\/td>\n<\/tr>\n<tr class=\"row-57 odd\">\n\t<td class=\"column-1\">PROCES-VERBAL D\u2019OUVERTURE DES PLIS POUR LA DRP RELATIVE AU RECRUTEMENT DE PRESTATAIRES DE SERVICES POUR LA CONCLUSION D'UN ACCORD CADRE RELATIF A L'ACQUISITION DE MATERIELS, A L'ENTRETIEN ET A LA MAINTENANCE DES MATERIELS ET EQUIPEMENTS DE LA RADIO, DE LA TELEVISION, DU SYSTEME DE SECURITE DE PROTECTION DES REGIES DE LA RADIO ET DE LA TELEVISION HEMICYCLE AU TITRE DES ANNEES 2025 ET 2026<\/td><td class=\"column-2\"><a href=\"https:\/\/assemblee-nationale.bj\/wp-content\/uploads\/PV-OUVERTURE-ACQUISITION-ENTRETIEN-MAINTENANCE-MATERIELS-EQUIPEMENTS-RADIO....pdf\" rel=\"noopener\" target=\"_blank\">T\u00e9l\u00e9charger<\/a><\/td><td class=\"column-3\">11\/03\/2025<\/td><td class=\"column-4\"><\/td>\n<\/tr>\n<tr class=\"row-58 even\">\n\t<td class=\"column-1\">AVIS DE DEMANDE DE RENSEIGNEMENTS ET DE PRIX  N\u00b0 001-25 DU 24 FEVRIER 2025 RELATIF AU RECRUTEMENT DE PRESTATAIRES DE SERVICES POUR LA CONCLUSION D'UN ACCORD CADRE RELATIF A L'ACQUISITION DE MATERIELS, A L'ENTRETIEN ET A LA MAINTENANCE DES MATERIELS ET EQUIPEMENTS DE LA RADIO, DE LA TELEVISION, DU SYSTEME DE SECURITE DE PROTECTION DES REGIES DE LA RADIO ET DE LA TELEVISION HEMICYCLE AU TITRE DES ANNEES 2025 ET 2026.<\/td><td class=\"column-2\"><a href=\"https:\/\/assemblee-nationale.bj\/wp-content\/uploads\/AVIS-DRP-001-DU-24-02-2025-ACQUISITION-MATERIEL-ENTRETIEN-ET-MAINTENANCE-MATERIEL-ETBEQUIPEMENTS-DSICOM.pdf\" rel=\"noopener\" target=\"_blank\">T\u00e9l\u00e9charger<\/a><\/td><td class=\"column-3\">24\/02\/2025<\/td><td class=\"column-4\"><\/td>\n<\/tr>\n<tr class=\"row-59 odd\">\n\t<td class=\"column-1\">RAPPORT D\u2019ANALYSE ET D\u2019EVALUATION DES OFFRES RE\u00c7UES EN REPONSE A L\u2019AVIS A MANISFESTATION D\u2019INTERET (AMI) N\u00b0001-25\/AN\/PT\/SGA\/PRMP\/A-PRMP\/S-PRMP DU 08 JANVIER  2025 RELATIF A LA CONSTITUTION DU REPERTOIRE DES FOURNISSEURS ET PRESTATAIRES DE SERVICES ET DES ENTREPRENEURS DE L\u2019ASSEMBLEE NATIONALE, GESTION 2025<\/td><td class=\"column-2\"><a href=\"https:\/\/assemblee-nationale.bj\/wp-content\/uploads\/RAEO-RECUES-EN-REPONSE-A-LAVIS-A-MANISFESTATION-DINTERET-N001-25ANPTSGAPRMPA-PRMPS-PRMP-DU-08-JANVIER-2025-RELATIF-A-LA-CONSTITUTION-DU-REPERTOIRE-DES-FOURNISSEURS.pdf\" rel=\"noopener\" target=\"_blank\">T\u00e9l\u00e9charger<\/a><\/td><td class=\"column-3\">24\/01\/2025<\/td><td class=\"column-4\"><\/td>\n<\/tr>\n<tr class=\"row-60 even\">\n\t<td class=\"column-1\">PROCES-VERBAL D\u2019OUVERTURE DES PLIS RELATIFS A LA CONSTITUTION DU REPERTOIRE DES ENTREPRENEURS, DES FOURNISSEURS ET PRESTATAIRES DE SERVICES DE L\u2019ASSEMBLEE NATIONALE, GESTION 2025<\/td><td class=\"column-2\"><a href=\"https:\/\/assemblee-nationale.bj\/wp-content\/uploads\/PROCES-VERBAL-DOUVERTURE-DES-PLIS-RELATIFS-A-LA-CONSTITUTION-DU-REPERTOIRE-DES-ENTREPRENEURS-DES-FOURNISSEURS-ET-PRESTATAIRES-DE-SERVICES-DE-LASSEMBLEE-NATIONALE-GESTION-2025.pdf\" rel=\"noopener\" target=\"_blank\">T\u00e9l\u00e9charger<\/a><\/td><td class=\"column-3\">23\/01\/2025<\/td><td class=\"column-4\"><\/td>\n<\/tr>\n<tr class=\"row-61 odd\">\n\t<td class=\"column-1\">PROCES-VERBAL DE NEGOCIATION DES PROPOSITIONS TECHNIQUES ET FINANCIERES POUR L\u2019AVIS A MANIFESTATION D\u2019INTERET RELATIF A LA SELECTION D\u2019UN CABINET POUR LE RECRUTEMENT D\u2019AGENTS AU PROFIT DU SECRETARIAT GENERAL ADMINISTRATIF DE L\u2019ASSEMBLEE NATIONALE<\/td><td class=\"column-2\"><a href=\"https:\/\/assemblee-nationale.bj\/wp-content\/uploads\/PROCES-VERBAL-DE-NEGOCIATION-DES-PROPOSITIONS-TECHNIQUES-ET-FINANCIERES-POUR-L\u2019AVIS-A-MANIFESTATION-.pdf\" rel=\"noopener\" target=\"_blank\">T\u00e9l\u00e9charger<\/a><\/td><td class=\"column-3\">17\/01\/2025<\/td><td class=\"column-4\"><\/td>\n<\/tr>\n<tr class=\"row-62 even\">\n\t<td class=\"column-1\">PLAN DE PASSATION DES MARCHES PUBLICS DE L' ASSEMBLEE NATIONALE, GESTION 2025 VERSION 1<\/td><td class=\"column-2\"><a href=\"https:\/\/assemblee-nationale.bj\/wp-content\/uploads\/PLAN-DE-PASSATION-DES-MARCHES-PUBLICS-DE-L-ASSEMBLEE-NATIONALE-GESTION-2025-VERSION-1.pdf\" rel=\"noopener\" target=\"_blank\">T\u00e9l\u00e9charger<\/a><\/td><td class=\"column-3\">14\/01\/2025<\/td><td class=\"column-4\"><\/td>\n<\/tr>\n<tr class=\"row-63 odd\">\n\t<td class=\"column-1\">AVIS D\u2019APPEL A MANIFESTATION D\u2019INTERET (AMI) DU PREMIER SEMESTRE POUR LA CONSTITUTION DU REPERTOIRE DES FOURNISSEURS, DES PRESTATAIRES DE SERVICES ET DES ENTREPRENEURS DE L\u2019ASSEMBLEE NATIONALE DU BENIN,<br \/>\nGESTION 2025<\/td><td class=\"column-2\"><a href=\"https:\/\/assemblee-nationale.bj\/wp-content\/uploads\/AVIS-D\u2019APPEL-A-MANIFESTATION-D\u2019INTERET-AMI-DU-PREMIER-SEMESTRE-POUR-LA-CONSTITUTION-DU-REPERTOIRE-DES-F.pdf\" rel=\"noopener\" target=\"_blank\">T\u00e9l\u00e9charger<\/a><\/td><td class=\"column-3\">08\/01\/2025<\/td><td class=\"column-4\"><\/td>\n<\/tr>\n<tr class=\"row-64 even\">\n\t<td class=\"column-1\">AVIS GENERAL DE PASSATION DES MARCHES, GESTION 2025<\/td><td class=\"column-2\"><a href=\"https:\/\/assemblee-nationale.bj\/wp-content\/uploads\/AVIS-GENERAL-DE-PASSATION-DES-MARCHES-GESTION-2025.pdf\" rel=\"noopener\" target=\"_blank\">T\u00e9l\u00e9charger<\/a><\/td><td class=\"column-3\">03\/01\/2025<\/td><td class=\"column-4\"><\/td>\n<\/tr>\n<tr class=\"row-65 odd\">\n\t<td class=\"column-1\">LISTE RESTREINTE DES CABINETS POUR L\u2019AVIS A MANIFESTATION D\u2019INTERET RELATIF A LA SELECTION D\u2019UN CABINET POUR LE RECRUTEMENT D\u2019AGENTS AU PROFIT DU SECRETARIAT GENERAL ADMINISTRATIF DE L\u2019ASSEMBLEE NATIONALE APRES EVALUATION DES OFFRES<\/td><td class=\"column-2\"><a href=\"https:\/\/assemblee-nationale.bj\/wp-content\/uploads\/LISTE-RESTREINTE-DES-CABINETS-POUR-L\u2019AVIS-A-MANIFESTATION-D\u2019INTERET-RELATIF-A-LA-SELECTION-D\u2019UN-CABINET-P-1.pdf\" rel=\"noopener\" target=\"_blank\">T\u00e9l\u00e9charger<\/a><\/td><td class=\"column-3\">31\/12\/2024<\/td><td class=\"column-4\"><\/td>\n<\/tr>\n<tr class=\"row-66 even\">\n\t<td class=\"column-1\">PROCES-VERBAL D\u2019OUVERTURE DES PLIS POUR L'AMI RELATIF A LA SELECTION D\u2019UN CABINET POUR LE RECRUTEMENT D\u2019AGENTS AU PROFIT DU SECRETARIAT GENERAL ADMINISTRATIF DE L\u2019ASSEMBLEE NATIONALE<\/td><td class=\"column-2\"><a href=\"https:\/\/assemblee-nationale.bj\/wp-content\/uploads\/PROCES-VERBAL-D\u2019OUVERTURE-DES-PLIS-POUR-LAMI-RELATIF-A-LA-SELECTION-D\u2019UN-CABINET-POUR-LE-RECRUTEMENT-D\u2019A.pdf\" rel=\"noopener\" target=\"_blank\">T\u00e9l\u00e9charger<\/a><\/td><td class=\"column-3\">26\/12\/2024<\/td><td class=\"column-4\"><\/td>\n<\/tr>\n<tr class=\"row-67 odd\">\n\t<td class=\"column-1\">AMI RELATIF A LA SELECTION D\u2019UN CABINET POUR LE RECRUTEMENT D\u2019AGENTS AU PROFIT DU SECRETARIAT GENERAL ADMINISTRATIF DE L\u2019ASSEMBLEE NATIONALE<\/td><td class=\"column-2\"><a href=\"https:\/\/assemblee-nationale.bj\/wp-content\/uploads\/AMI-RELATIF-A-LA-SELECTION-D\u2019UN-CABINET-POUR-LE-RECRUTEMENT-D\u2019AGENTS-AU-PROFIT-DU-SECRETARIAT-GENERAL-ADM.pdf\" rel=\"noopener\" target=\"_blank\">T\u00e9l\u00e9charger<\/a><\/td><td class=\"column-3\">12\/12\/2024<\/td><td class=\"column-4\"><\/td>\n<\/tr>\n<tr class=\"row-68 even\">\n\t<td class=\"column-1\">AVIS D\u2019ATTRIBUTION DEFINITIF DU MARCHE RELATIF A L'ACQUISITION DE SEPT (07) VEHICULES LEGERS AU PROFIT DES RESPONSABLES POLITICO-ADMINISTRATIFS DE L\u2019ASSEMBLEE NATIONALE<\/td><td class=\"column-2\"><a href=\"https:\/\/assemblee-nationale.bj\/wp-content\/uploads\/SOCIETE-SONAM-SARL-12-DECEMBRE-2024.pdf\" rel=\"noopener\" target=\"_blank\">T\u00e9l\u00e9charger<\/a><\/td><td class=\"column-3\">12\/12\/2024<\/td><td class=\"column-4\"><\/td>\n<\/tr>\n<tr class=\"row-69 odd\">\n\t<td class=\"column-1\">PROCES-VERBAL D\u2019ATTRIBUTION PROVISOIRE DU MARCHE  RELATIF AU RECRUTEMENT DE COMPAGNIES POUR LA CONCLUSION D\u2019UN ACCORD CADRE RELATIF A L\u2019ASSURANCE AUTOMOBILE AU PROFIT DE L\u2019ASSEMBLEE NATIONALE ET A L'ASSURANCE MALADIE, DECES AU PROFIT DES DEPUTES ET DU PERSONNEL PARLEMENTAIRE<\/td><td class=\"column-2\"><a href=\"https:\/\/assemblee-nationale.bj\/wp-content\/uploads\/PROCES-VERBAL-D\u2019ATTRIBUTION-PROVISOIRE-DU-MARCHE-RELATIF-AU-RECRUTEMENT-DE-COMPAGNIES-POUR-LA-CONCLUSION.pdf\" rel=\"noopener\" target=\"_blank\">T\u00e9l\u00e9charger<\/a><\/td><td class=\"column-3\">12\/12\/2024<\/td><td class=\"column-4\"><\/td>\n<\/tr>\n<tr class=\"row-70 even\">\n\t<td class=\"column-1\">PROCES-VERBAL D\u2019ATTRIBUTION PROVISOIRE DU MARCHE  RELATIF AU RECRUTEMENT DE COMPAGNIES POUR LA CONCLUSION D\u2019UN ACCORD CADRE RELATIF A L\u2019ASSURANCE AUTOMOBILE AU PROFIT DE L\u2019ASSEMBLEE NATIONALE ET A L'ASSURANCE MALADIE, DECES AU PROFIT DES DEPUTES ET DU PERSONNEL PARLEMENTAIRE<\/td><td class=\"column-2\"><a href=\"https:\/\/assemblee-nationale.bj\/wp-content\/uploads\/PROCES-VERBAL-D\u2019ATTRIBUTION-PROVISOIRE-DU-MARCHE-RELATIF-AU-RECRUTEMENT-DE-COMPAGNIES-POUR-LA-CONCLUSION.pdf\" rel=\"noopener\" target=\"_blank\">T\u00e9l\u00e9charger<\/a><\/td><td class=\"column-3\">12\/12\/2024<\/td><td class=\"column-4\"><\/td>\n<\/tr>\n<tr class=\"row-71 odd\">\n\t<td class=\"column-1\">PROCES-VERBAL D\u2019OUVERTURE DES PLIS POUR L'APPEL D'OFFRES OUVERT NATIONAL RELATIF AU RECRUTEMENT DE COMPAGNIES POUR LA CONCLUSION D\u2019UN ACCORD CADRE RELATIF A L\u2019ASSURANCE AUTOMOBILE AU PROFIT DE L\u2019ASSEMBLEE NATIONALE ET A L'ASSURANCE MALADIE, DECES AU PROFIT DES DEPUTES ET DU PERSONNEL PARLEMENTAIRE<\/td><td class=\"column-2\"><a href=\"https:\/\/assemblee-nationale.bj\/wp-content\/uploads\/PROCES-VERBAL-D\u2019OUVERTURE-DES-PLIS-POUR-LAPPEL-DOFFRES-OUVERT-NATIONAL-RELATIF-AU-RECRUTEMENT-DE-COMPAG.pdf\" rel=\"noopener\" target=\"_blank\">T\u00e9l\u00e9charger<\/a><\/td><td class=\"column-3\">06\/12\/2024<\/td><td class=\"column-4\"><\/td>\n<\/tr>\n<tr class=\"row-72 even\">\n\t<td class=\"column-1\">AVIS D'ATTRIBUTION DEFINITIF DU MARCHE RELATIF A L'ACQUISITION ET  A L' INSTALLATION D\u2019ANTIVIRUS RESEAU AU PROFIT DE<br \/>\nL\u2019ASSEMBLEE NATIONALE POUR LA PERIODE COUVRANT 2024 ET 2025<\/td><td class=\"column-2\"><a href=\"https:\/\/assemblee-nationale.bj\/wp-content\/uploads\/AURA-BENIN-COMPAGNIES-26-NOVEMBRE-2024.pdf\" rel=\"noopener\" target=\"_blank\">T\u00e9l\u00e9charger<\/a><\/td><td class=\"column-3\">26\/11\/2024<\/td><td class=\"column-4\"><\/td>\n<\/tr>\n<tr class=\"row-73 odd\">\n\t<td class=\"column-1\">AVIS D'APPEL D'OFFRES OUVERT NATIONAL RELATIF AU RECRUTEMENT DE COMPAGNIES POUR LA CONCLUSION D\u2019UN ACCORD CADRE RELATIF \u00c0 L\u2019ASSURANCE AUTOMOBILE AU PROFIT DE L\u2019ASSEMBL\u00c9E NATIONALE ET \u00c0 L'ASSURANCE MALADIE, D\u00c9C\u00c8S AU PROFIT DES D\u00c9PUT\u00c9S ET DU PERSONNEL PARLEMENTAIRE<\/td><td class=\"column-2\"><a href=\"https:\/\/assemblee-nationale.bj\/wp-content\/uploads\/Avis-DAO-ASSURANCE.pdf\" rel=\"noopener\" target=\"_blank\">T\u00e9l\u00e9charger<\/a><\/td><td class=\"column-3\">15\/11\/2024<\/td><td class=\"column-4\"><\/td>\n<\/tr>\n<tr class=\"row-74 even\">\n\t<td class=\"column-1\">AVIS D'ATTRIBUTION DEFINITIF DU MARCHE RELATIF A L'ENTRETIEN ET A LA MAINTENANCE DES EQUIPEMENTS DE LA RADIO, DE LA TELEVISION, DU SYSTEME DE SECURITE DE PROTECTION DES REGIES DE LA RADIO ET DE LA TELEVISION HEMICYCLE<\/td><td class=\"column-2\"><a href=\"https:\/\/assemblee-nationale.bj\/wp-content\/uploads\/BOIYINDOU-13-NOVEMBRE-2024.pdf\" rel=\"noopener\" target=\"_blank\">T\u00e9l\u00e9charger<\/a><\/td><td class=\"column-3\">13\/11\/2024<\/td><td class=\"column-4\"><\/td>\n<\/tr>\n<tr class=\"row-75 odd\">\n\t<td class=\"column-1\">PROCES-VERBAL D\u2019ATTRIBUTION PROVISOIRE DU MARCHE  RELATIF A L' ACQUISITION DE TREIZE (13) VEHICULES A QUATRE (04) ROUES : TROIS (03) VEHICULES 4*4 AU PROFIT DES AUTORITES POLITIQUES, UN (01) PICK UP AU PROFIT DE LA DIRECTION DES SERVICES DE L\u2019INFORMATION ET DE LA COMMUNICATION, UNE (01) AMBULANCE BIEN EQUIPEE ET UN (01) VEHICULE 4*4 AU PROFIT DU PARC AUTOMOBILE ET SEPT (07) VEHICULES LEGERS AU PROFIT DES RESPONSABLES POLITICO-ADMINISTRATIFS DE L\u2019ASSEMBLEE NATIONALE<\/td><td class=\"column-2\"><a href=\"https:\/\/assemblee-nationale.bj\/wp-content\/uploads\/PROCES-VERBAL-D\u2019ATTRIBUTION-PROVISOIRE-DU-MARCHE-RELATIF-A-L-ACQUISITION-DE-TREIZE-13-VEHICULES-A-QUA.pdf\" rel=\"noopener\" target=\"_blank\">T\u00e9l\u00e9charger<\/a><\/td><td class=\"column-3\">12\/11\/2024<\/td><td class=\"column-4\"><\/td>\n<\/tr>\n<tr class=\"row-76 even\">\n\t<td class=\"column-1\">AVIS D\u2019ATTRIBUTION DEFINITIF DU MARCHE RELATIF A L'ACQUISITION ET A L'INSTALLATION DE DIVERS MATERIELS, DES EQUIPEMENTS DE MUSIQUE, DE TRANSMISSION, DE PRODUCTION AUDIOVISUELLE ET RADIODIFFUSION AU PROFIT DE LA DIRECTION DES SERVICES DE L'INFORMATION ET DE LA COMMUNICATION<\/td><td class=\"column-2\"><a href=\"https:\/\/assemblee-nationale.bj\/wp-content\/uploads\/GROUPEMENT-BBE-PPBS-08-NOVEMBRE-2024.pdf\" rel=\"noopener\" target=\"_blank\">T\u00e9l\u00e9charger<\/a><\/td><td class=\"column-3\">08\/11\/2024<\/td><td class=\"column-4\"><\/td>\n<\/tr>\n<tr class=\"row-77 odd\">\n\t<td class=\"column-1\">AVIS D\u2019ATTRIBUTION DEFINITIF DU MARCHE RELATIF AU RECRUTEMENT D'UN PRESTATAIRE DE SERVICES POUR LA RELIURE DES DOCUMENTS D\u2019ARCHIVES, L\u2019EDITION DE LIVRES EN HOMMAGE AUX ANCIENS PRESIDENTS DE L\u2019ASSEMBLEE NATIONALE, L\u2019EDITION DE LA REVUE SEMESTRIELLE EN COULEUR, L\u2019EDITION DES JOURNAUX DES DEBATS PARLEMENTAIRES ET DES COMPTES RENDUS SOMMAIRES DES SEANCES PLENIERES AU PROFIT DE L\u2019ADMINISTRATION PARLEMENTAIRE<\/td><td class=\"column-2\"><a href=\"https:\/\/assemblee-nationale.bj\/wp-content\/uploads\/IMPRIMERIE-ARTS-INDUS-08-NOVEMBRE-2024.pdf\" rel=\"noopener\" target=\"_blank\">T\u00e9l\u00e9charger<\/a><\/td><td class=\"column-3\">08\/11\/2024<\/td><td class=\"column-4\"><\/td>\n<\/tr>\n<tr class=\"row-78 even\">\n\t<td class=\"column-1\">AVIS D\u2019ATTRIBUTION DEFINITIF DU MARCHE RELATIF A L'ACQUISITION ET A L'INSTALLATION DES MAT\u00c9RIELS ET \u00c9QUIPEMENTS INFORMATIQUES AU PROFIT DES AUTORIT\u00c9S POLITIQUES<\/td><td class=\"column-2\"><a href=\"https:\/\/assemblee-nationale.bj\/wp-content\/uploads\/SOCIETE-MIKEM-TECHNOLOGIES-SARL-08-NOVEMBRE-2024.pdf\" rel=\"noopener\" target=\"_blank\">T\u00e9l\u00e9charger<\/a><\/td><td class=\"column-3\">08\/11\/2024<\/td><td class=\"column-4\"><\/td>\n<\/tr>\n<tr class=\"row-79 odd\">\n\t<td class=\"column-1\">PROCES-VERBAL D\u2019OUVERTURE DES PLIS POUR L'APPEL D'OFFRES OUVERT NATIONAL RELATIF A L' ACQUISITION DE TREIZE (13) VEHICULES A QUATRE (04) ROUES : TROIS (03) VEHICULES 4*4 AU PROFIT DES AUTORITES POLITIQUES, UN (01) PICK UP AU PROFIT DE LA DIRECTION DES SERVICES DE L\u2019INFORMATION ET DE LA COMMUNICATION, UNE (01) AMBULANCE BIEN EQUIPEE ET UN (01) VEHICULE 4*4 AU PROFIT DU PARC AUTOMOBILE ET SEPT (07) VEHICULES LEGERS AU PROFIT DES RESPONSABLES POLITICO-ADMINISTRATIFS DE L\u2019ASSEMBLEE NATIONALE<\/td><td class=\"column-2\"><a href=\"https:\/\/assemblee-nationale.bj\/wp-content\/uploads\/PV-OUVERTURE-ACQUISITION-DE-13-VEHICULES.pdf\" rel=\"noopener\" target=\"_blank\">T\u00e9l\u00e9charger<\/a><\/td><td class=\"column-3\">06\/11\/2024<\/td><td class=\"column-4\"><\/td>\n<\/tr>\n<tr class=\"row-80 even\">\n\t<td class=\"column-1\">PROCES-VERBAL D\u2019ATTRIBUTION PROVISOIRE DU MARCHE RELATIF \u00c0 L\u2019ACQUISITION ET \u00c0 L\u2019INSTALLATION D\u2019UN LOGICIEL DE GESTION \u00c9LECTRONIQUE DES COURRIERS DE L\u2019ASSEMBL\u00c9E NATIONALE<\/td><td class=\"column-2\"><a href=\"https:\/\/assemblee-nationale.bj\/wp-content\/uploads\/PROCES-VERBAL-D\u2019ATTRIBUTION-PROVISOIRE-DU-MARCHE-RELATIF-\u00c0-L\u2019ACQUISITION-ET-\u00c0-L\u2019.pdf\" rel=\"noopener\" target=\"_blank\">T\u00e9l\u00e9charger<\/a><\/td><td class=\"column-3\">31\/10\/2024<\/td><td class=\"column-4\"><\/td>\n<\/tr>\n<tr class=\"row-81 odd\">\n\t<td class=\"column-1\">PROCES-VERBAL D\u2019OUVERTURE DES PLIS POUR LA RELANCE DE LA DEMANDE DE RENSEIGNEMENTS ET DE PRIX RELATIVE RELATIVE \u00c0 L\u2019ACQUISITION ET \u00c0 L\u2019INSTALLATION D\u2019UN LOGICIEL DE GESTION \u00c9LECTRONIQUE DES COURRIERS DE L\u2019ASSEMBL\u00c9E NATIONALE <\/td><td class=\"column-2\"><a href=\"https:\/\/assemblee-nationale.bj\/wp-content\/uploads\/PROCES-VERBAL-D\u2019OUVERTURE-DES-PLIS-POUR-LA-RELANCE-DE-LA-DEMANDE-DE-RENSEIGNEMENTS-ET-DE-PRIX-RELATIVE-RE.pdf\" rel=\"noopener\" target=\"_blank\">T\u00e9l\u00e9charger<\/a><\/td><td class=\"column-3\">24\/10\/2024<\/td><td class=\"column-4\"><\/td>\n<\/tr>\n<tr class=\"row-82 even\">\n\t<td class=\"column-1\">AVIS D'APPEL D'OFFRES OUVERT NATIONAL RELATIF A L' ACQUISITION DE TREIZE (13) VEHICULES A QUATRE (04) ROUES : TROIS (03) VEHICULES 4*4 AU PROFIT DES AUTORITES POLITIQUES, UN (01) PICK UP AU PROFIT DE LA DIRECTION DES SERVICES DE L\u2019INFORMATION ET DE LA COMMUNICATION, UNE (01) AMBULANCE BIEN EQUIPEE ET UN (01) VEHICULE 4*4 AU PROFIT DU PARC AUTOMOBILE ET SEPT (07) VEHICULES LEGERS AU PROFIT DES RESPONSABLES POLITICO-ADMINISTRATIFS DE L\u2019ASSEMBLEE NATIONALE<\/td><td class=\"column-2\"><a href=\"https:\/\/assemblee-nationale.bj\/wp-content\/uploads\/AVIS-DAO-13-VEHICULES.pdf\" rel=\"noopener\" target=\"_blank\">T\u00e9l\u00e9charger<\/a><\/td><td class=\"column-3\">16\/10\/2024<\/td><td class=\"column-4\"><\/td>\n<\/tr>\n<tr class=\"row-83 odd\">\n\t<td class=\"column-1\">AVIS DE  RELANCE DE LA DEMANDE DE RENSEIGNEMENTS ET DE PRIX RELATIF \u00c0 L\u2019ACQUISITION ET \u00c0 L\u2019INSTALLATION D\u2019UN LOGICIEL DE GESTION \u00c9LECTRONIQUE DES COURRIERS DE L\u2019ASSEMBL\u00c9E NATIONALE<\/td><td class=\"column-2\"><a href=\"https:\/\/assemblee-nationale.bj\/wp-content\/uploads\/AVIS-DRP-LOGICIEL-RELANCE-VF.pdf\" rel=\"noopener\" target=\"_blank\">T\u00e9l\u00e9charger<\/a><\/td><td class=\"column-3\">11\/10\/2024<\/td><td class=\"column-4\"><\/td>\n<\/tr>\n<tr class=\"row-84 even\">\n\t<td class=\"column-1\">PROCES-VERBAL D\u2019ATTRIBUTION PROVISOIRE DU MARCHE RELATIF A L\u2019ACCORD-CADRE POUR L\u2019ACQUISITION ET  L\u2019INSTALLATION D\u2019ANTIVIRUS RESEAU AU PROFIT DE L\u2019ASSEMBLEE NATIONALE AU TITRE DES ANNEES 2024, 2025 ET 2026<\/td><td class=\"column-2\"><a href=\"https:\/\/assemblee-nationale.bj\/wp-content\/uploads\/PROCES-VERBAL-D\u2019ATTRIBUTION-PROVISOIRE-DU-MARCHE-RELATIF-A-L\u2019ACCORD-CADRE-POUR-L\u2019ACQUISITION-ET-L\u2019INSTAL.pdf\" rel=\"noopener\" target=\"_blank\">T\u00e9l\u00e9charger<\/a><\/td><td class=\"column-3\">11\/10\/2024<\/td><td class=\"column-4\"><\/td>\n<\/tr>\n<tr class=\"row-85 odd\">\n\t<td class=\"column-1\">PROCES-VERBAL N\u00b0 101-10\/CCMP-AN\/2024 N'ENTERINANT PAS LES RESUTLATS D'EVALUATION DES OFFRES POUR LA DEMANDE DE RENSEIGNEMENTS ET DE PRIX RELATIVE  \u00c0 L\u2019ACQUISITION ET \u00c0 L\u2019INSTALLATION D\u2019UN LOGICIEL DE GESTION \u00c9LECTRONIQUE DES COURRIERS DE L\u2019ASSEMBL\u00c9E NATIONALE<\/td><td class=\"column-2\"><a href=\"https:\/\/assemblee-nationale.bj\/wp-content\/uploads\/PROCES-VERBAL-N\u00b0-101-10CCMP-AN2024-NENTERINANT-PAS-LES-RESUTLATS-DEVALUATION-DES-OFFRES-POUR-LA-DEMANDE.pdf\" rel=\"noopener\" target=\"_blank\">T\u00e9l\u00e9charger<\/a><\/td><td class=\"column-3\">02\/10\/2024<\/td><td class=\"column-4\"><\/td>\n<\/tr>\n<tr class=\"row-86 even\">\n\t<td class=\"column-1\">PROCES-VERBAL D'ATTRIBUTION PROVISOIRE DU MARCHE RELATIF AU RECRUTEMENT DE PRESTATAIRES DE SERVICES POUR L'ENTRETIEN ET LA MAINTENANCE DES EQUIPEMENTS DE LA RADIO, DE LA TELEVISION, DU SYSTEME DE SECURITE DE PROTECTION DES REGIES DE LA RADIO ET DE LA TELEVISION HEMICYCLE<\/td><td class=\"column-2\"><a href=\"https:\/\/assemblee-nationale.bj\/wp-content\/uploads\/PROCES-VERBAL-DATTRIBUTION-PROVISOIRE-DU-MARCHE-RELATIF-AU-RECRUTEMENT-DE-PRESTATAIRES-DE-SERVICES-POUR-.pdf\" rel=\"noopener\" target=\"_blank\">T\u00e9l\u00e9charger<\/a><\/td><td class=\"column-3\">02\/10\/2024<\/td><td class=\"column-4\"><\/td>\n<\/tr>\n<tr class=\"row-87 odd\">\n\t<td class=\"column-1\">PROCES-VERBAL D\u2019OUVERTURE DES PLIS POUR LA DEMANDE DE RENSEIGNEMENTS ET DE PRIX POUR  L\u2019ACCORD-CADRE RELATIF A L\u2019ACQUISITION ET A L\u2019INSTALLATION D\u2019ANTIVIRUS RESEAU AU PROFIT DE L\u2019ASSEMBLEE NATIONALE AU TITRE DES ANNEES 2024, 2025 ET 2026<\/td><td class=\"column-2\"><a href=\"https:\/\/assemblee-nationale.bj\/wp-content\/uploads\/PROCES-VERBAL-D\u2019OUVERTURE-DES-PLIS-POUR-LA-DEMANDE-DE-RENSEIGNEMENTS-ET-DE-PRIX-POUR-L\u2019ACCORD-CADRE-RELA.pdf\" rel=\"noopener\" target=\"_blank\">T\u00e9l\u00e9charger<\/a><\/td><td class=\"column-3\">27\/09\/2024<\/td><td class=\"column-4\"><\/td>\n<\/tr>\n<tr class=\"row-88 even\">\n\t<td class=\"column-1\">AVIS D\u2019ATTRIBUTION DEFINITIF DU MARCHE D'APPEL D'OFFRE OUVERT NATIONAL RELATIF A L\u2019ACQUISITION ET A L\u2019INSTALLATION DE MAT\u00c9RIELS DE BUREAU AU PROFIT DES AUTORIT\u00c9S POLITIQUES ET DE L'ADMINISTRATION PARLEMENTAIRE<\/td><td class=\"column-2\"><a href=\"https:\/\/assemblee-nationale.bj\/wp-content\/uploads\/SOCIETE-ETAMINF-25-SEPTEMBRE-2024.pdf\" rel=\"noopener\" target=\"_blank\">T\u00e9l\u00e9charger<\/a><\/td><td class=\"column-3\">25\/09\/2024<\/td><td class=\"column-4\"><\/td>\n<\/tr>\n<tr class=\"row-89 odd\">\n\t<td class=\"column-1\">AVIS D\u2019ATTRIBUTION DEFINITIF DU MARCHE D'APPEL D'OFFRE OUVERT NATIONAL RELATIF A L\u2019ACQUISITION ET A L\u2019INSTALLATION DE MOBILIERS DE BUREAU AU PROFIT DES AUTORIT\u00c9S POLITIQUES ET DE L'ADMINISTRATION PARLEMENTAIRE<\/td><td class=\"column-2\"><a href=\"https:\/\/assemblee-nationale.bj\/wp-content\/uploads\/ETS-DERCH-25-SEPTEMBRR-2024.pdf\" rel=\"noopener\" target=\"_blank\">T\u00e9l\u00e9charger<\/a><\/td><td class=\"column-3\">25\/09\/2024<\/td><td class=\"column-4\"><\/td>\n<\/tr>\n<tr class=\"row-90 even\">\n\t<td class=\"column-1\">PROCES-VERBAL D\u2019OUVERTURE DES PLIS POUR LA DEMANDE DE RENSEIGNEMENTS ET DE PRIX RELATIVE AU RECRUTEMENT DE PRESTATAIRES DE SERVICES POUR L'ENTRETIEN ET LA MAINTENANCE DES EQUIPEMENTS DE LA RADIO, DE LA TELEVISION, DU SYSTEME DE SECURITE DE PROTECTION DES REGIES DE LA RADIO ET DE LA TELEVISION HEMICYCLE<\/td><td class=\"column-2\"><a href=\"https:\/\/assemblee-nationale.bj\/wp-content\/uploads\/PROCES-VERBAL-D\u2019OUVERTURE-DES-PLIS-POUR-LA-DEMANDE-DE-RENSEIGNEMENTS-ET-DE-PRIX-RELATIVE-AU-RECRUTEMENT-D-2.pdf\" rel=\"noopener\" target=\"_blank\">T\u00e9l\u00e9charger<\/a><\/td><td class=\"column-3\">24\/09\/2024<\/td><td class=\"column-4\"><\/td>\n<\/tr>\n<tr class=\"row-91 odd\">\n\t<td class=\"column-1\">PROCES-VERBAL D'ATTRIBUTION PROVISOIRE DU MARCHE RELATIF AU RECRUTEMENT D'UN PRESTATAIRE DE SERVICES POUR LA RELIURE DES DOCUMENTS D\u2019ARCHIVES, L\u2019EDITION DE LIVRES EN HOMMAGES AUX ANCIENS PRESIDENTS DE L\u2019ASSEMBLEE NATIONALE, L\u2019EDITION DE LA REVUE SEMESTRIELLE EN COULEUR, L\u2019EDITION DES JOURNAUX DES DEBATS PARLEMENTAIRES ET DES COMPTES RENDUS SOMMAIRES DES SEANCES PLENIERES AU PROFIT DE L\u2019ADMINISTRATION PARLEMENTAIRE<\/td><td class=\"column-2\"><a href=\"https:\/\/assemblee-nationale.bj\/wp-content\/uploads\/PROCES-VERBAL-DATTRIBUTION-PROVISOIRE-DU-MARCHE-RELATIF-AU-RECRUTEMENT-DUN-PRESTATAIRE-DE-SERVICES-POUR.pdf\" rel=\"noopener\" target=\"_blank\">T\u00e9l\u00e9charger<\/a><\/td><td class=\"column-3\">23\/09\/2024<\/td><td class=\"column-4\"><\/td>\n<\/tr>\n<tr class=\"row-92 even\">\n\t<td class=\"column-1\">PROCES-VERBAL D\u2019OUVERTURE DES PLIS POUR LA DEMANDE DE RENSEIGNEMENTS ET DE PRIX RELATIVE RELATIVE \u00c0 L\u2019ACQUISITION ET \u00c0 L\u2019INSTALLATION D\u2019UN LOGICIEL DE GESTION \u00c9LECTRONIQUE DES COURRIERS DE L\u2019ASSEMBL\u00c9E NATIONALE<\/td><td class=\"column-2\"><a href=\"https:\/\/assemblee-nationale.bj\/wp-content\/uploads\/PROCES-VERBAL-D\u2019OUVERTURE-DES-PLIS-POUR-LA-DEMANDE-DE-RENSEIGNEMENTS-ET-DE-PRIX-RELATIVE-RELATIVE-\u00c0-L\u2019ACQ.pdf\" rel=\"noopener\" target=\"_blank\">T\u00e9l\u00e9charger<\/a><\/td><td class=\"column-3\">18\/09\/2024<\/td><td class=\"column-4\"><\/td>\n<\/tr>\n<tr class=\"row-93 odd\">\n\t<td class=\"column-1\">PROCES-VERBAL D\u2019OUVERTURE DES PLIS POUR LA DEMANDE DE RENSEIGNEMENTS ET DE PRIX RELATIVE AU RECRUTEMENT D'UN PRESTATAIRE DE SERVICES POUR LA RELIURE DES DOCUMENTS D\u2019ARCHIVES, L\u2019EDITION DE LIVRES EN HOMMAGES AUX ANCIENS PRESIDENTS DE L\u2019ASSEMBLEE NATIONALE, L\u2019EDITION DE LA REVUE SEMESTRIELLE EN COULEUR, L\u2019EDITION DES JOURNAUX DES DEBATS PARLEMENTAIRES ET DES COMPTES RENDUS SOMMAIRES DES SEANCES PLENIERES AU PROFIT DE L\u2019ADMINISTRATION PARLEMENTAIRE<\/td><td class=\"column-2\"><a href=\"https:\/\/assemblee-nationale.bj\/wp-content\/uploads\/PROCES-VERBAL-D\u2019OUVERTURE-DES-PLIS-POUR-LA-DEMANDE-DE-RENSEIGNEMENTS-ET-DE-PRIX-RELATIVE-AU-RECRUTEMENT-D.pdf\" rel=\"noopener\" target=\"_blank\">T\u00e9l\u00e9charger<\/a><\/td><td class=\"column-3\">17\/09\/2024<\/td><td class=\"column-4\"><\/td>\n<\/tr>\n<tr class=\"row-94 even\">\n\t<td class=\"column-1\">AVIS DE  DEMANDE DE RENSEIGNEMENTS ET DE PRIX POUR  L\u2019ACCORD-CADRE RELATIF A L\u2019ACQUISITION ET A L\u2019INSTALLATION D\u2019ANTIVIRUS RESEAU AU PROFIT DE L\u2019ASSEMBLEE NATIONALE AU TITRE DES ANNEES 2024, 2025 ET 2026<\/td><td class=\"column-2\"><a href=\"https:\/\/assemblee-nationale.bj\/wp-content\/uploads\/AVIS-DE-DEMANDE-DE-RENSEIGNEMENTS-ET-DE-PRIX-POUR-L\u2019ACCORD-CADRE-RELATIF-A-L\u2019ACQUISITION-ET-A-L\u2019INSTALL.pdf\" rel=\"noopener\" target=\"_blank\">T\u00e9l\u00e9charger<\/a><\/td><td class=\"column-3\">13\/09\/2024<\/td><td class=\"column-4\"><\/td>\n<\/tr>\n<tr class=\"row-95 odd\">\n\t<td class=\"column-1\">AVIS DE  DEMANDE DE RENSEIGNEMENTS ET DE PRIX POUR  RELATIF AU RECRUTEMENT DE PRESTATAIRES DE SERVICES POUR L'ENTRETIEN ET LA MAINTENANCE DES EQUIPEMENTS DE LA RADIO, DE LA TELEVISION, DU SYSTEME DE SECURITE DE PROTECTION DES REGIES DE LA RADIO ET DE LA TELEVISION HEMICYCLE<\/td><td class=\"column-2\"><a href=\"https:\/\/assemblee-nationale.bj\/wp-content\/uploads\/AVIS-DE-DEMANDE-DE-RENSEIGNEMENTS-ET-DE-PRIX-POUR-RELATIF-AU-RECRUTEMENT-DE-PRESTATAIRES-DE-SERVICES-PO.pdf\" rel=\"noopener\" target=\"_blank\">T\u00e9l\u00e9charger<\/a><\/td><td class=\"column-3\">10\/09\/2024<\/td><td class=\"column-4\"><\/td>\n<\/tr>\n<tr class=\"row-96 even\">\n\t<td class=\"column-1\">PROCES-VERBAL D\u2019ATTRIBUTION PROVISOIRE DU MARCHE RELATIF A L'ACQUISITION ET A L'INSTALLATION DE DIVERS MATERIELS, DES EQUIPEMENTS DE MUSIQUE, DE TRANSMISSION, DE PRODUCTION AUDIOVISUELLE ET RADIODIFFUSION AU PROFIT DE LA DIRECTION DES SERVICES DE L'INFORMATION ET DE LA COMMUNICATION<\/td><td class=\"column-2\"><a href=\"https:\/\/assemblee-nationale.bj\/wp-content\/uploads\/PROCES-VERBAL-D\u2019ATTRIBUTION-PROVISOIRE-DU-MARCHE-RELATIF-A-LACQUISITION-ET-A-LINSTALLATION-DE-DIVERS-MA.pdf\" rel=\"noopener\" target=\"_blank\">T\u00e9l\u00e9charger<\/a><\/td><td class=\"column-3\">10\/09\/2024<\/td><td class=\"column-4\"><\/td>\n<\/tr>\n<tr class=\"row-97 odd\">\n\t<td class=\"column-1\">PROCES-VERBAL D\u2019ATTRIBUTION PROVISOIRE DU MARCHE RELATIF A L\u2019ACQUISITION ET A L\u2019INSTALLATION DES MATERIELS ET EQUIPEMENTS INFORMATIQUES (ONDULEURS DE GRANDES CAPACITES, EQUIPEMENTS DE VISIOCONFERENCE ET DES LICENCES) AU PROFIT DE L\u2019ASSEMBLEE NATIONALE<\/td><td class=\"column-2\"><a href=\"https:\/\/assemblee-nationale.bj\/wp-content\/uploads\/PROCES-VERBAL-D\u2019ATTRIBUTION-PROVISOIRE-DU-MARCHE-RELATIF-A-L\u2019ACQUISITION-ET-A-L\u2019INSTALLATION-DES-MATERIEL-1.pdf\" rel=\"noopener\" target=\"_blank\">T\u00e9l\u00e9charger<\/a><\/td><td class=\"column-3\">10\/09\/2024<\/td><td class=\"column-4\"><\/td>\n<\/tr>\n<tr class=\"row-98 even\">\n\t<td class=\"column-1\">AVIS DE  DEMANDE DE RENSEIGNEMENTS ET DE PRIX RELATIF \u00c0 L\u2019ACQUISITION ET \u00c0 L\u2019INSTALLATION D\u2019UN LOGICIEL DE GESTION \u00c9LECTRONIQUE DES COURRIERS DE L\u2019ASSEMBL\u00c9E NATIONALE<\/td><td class=\"column-2\"><a href=\"https:\/\/assemblee-nationale.bj\/wp-content\/uploads\/AVIS-DE-DEMANDE-DE-RENSEIGNEMENTS-ET-DE-PRIX-RELATIF-\u00c0-L\u2019ACQUISITION-ET-\u00c0-L\u2019INSTALLATION-D\u2019UN-LOGICIEL-DE-GESTION-\u00c9LECTRONIQUE-DES-COURRIERS-DE-L\u2019ASSEMBL\u00c9E-NATIONALE.pdf\" rel=\"noopener\" target=\"_blank\">T\u00e9l\u00e9charger<\/a><\/td><td class=\"column-3\">04\/09\/2024<\/td><td class=\"column-4\"><\/td>\n<\/tr>\n<tr class=\"row-99 odd\">\n\t<td class=\"column-1\">AVIS DE  DEMANDE DE RENSEIGNEMENTS ET DE PRIX RELATIF AU RECRUTEMENT D'UN PRESTATAIRE DE SERVICES POUR LA RELIURE DES DOCUMENTS D\u2019ARCHIVES, L\u2019EDITION DE LIVRES EN HOMMAGES AUX ANCIENS PRESIDENTS DE L\u2019ASSEMBLEE NATIONALE, L\u2019EDITION DE LA REVUE SEMESTRIELLE EN COULEUR, L\u2019EDITION DES JOURNAUX DES DEBATS PARLEMENTAIRES ET DES COMPTES RENDUS SOMMAIRES DES SEANCES PLENIERES AU PROFIT DE L\u2019ADMINISTRATION PARLEMENTAIRE<\/td><td class=\"column-2\"><a href=\"https:\/\/assemblee-nationale.bj\/wp-content\/uploads\/AVIS-DE-DEMANDE-DE-RENSEIGNEMENTS-ET-DE-PRIX-RELATIF-AU-RECRUTEMENT-DUN-PRESTATAIRE-DE-SERVICES-POUR-LA.pdf\" rel=\"noopener\" target=\"_blank\">T\u00e9l\u00e9charger<\/a><\/td><td class=\"column-3\">03\/09\/2024<\/td><td class=\"column-4\"><\/td>\n<\/tr>\n<tr class=\"row-100 even\">\n\t<td class=\"column-1\">AVIS D\u2019ATTRIBUTION DEFINITIF DU MARCHE RELATIF AUX TRAVAUX D'AM\u00c9NAGEMENT ET DE R\u00c9FECTION DES B\u00c2TIMENTS DU SECR\u00c9TARIAT G\u00c9N\u00c9RAL ADMINISTRATIF DE L'ASSEMBL\u00c9E NATIONALE<\/td><td class=\"column-2\"><a href=\"https:\/\/assemblee-nationale.bj\/wp-content\/uploads\/SALEM-SYSTEME-02-SEPTEMBRE-2024.pdf\" rel=\"noopener\" target=\"_blank\">T\u00e9l\u00e9charger<\/a><\/td><td class=\"column-3\">02\/09\/2024<\/td><td class=\"column-4\"><\/td>\n<\/tr>\n<tr class=\"row-101 odd\">\n\t<td class=\"column-1\">PROCES-VERBAL D'OUVERTURE DES PLIS POUR L'APPEL D'OFFRES OUVERT NATIONAL RELATIF A L\u2019ACQUISITION ET A L\u2019INSTALLATION DES MATERIELS ET EQUIPEMENTS INFORMATIQUES (ONDULEURS DE GRANDES CAPACITES, EQUIPEMENTS DE VISIOCONFERENCE ET DES LICENCES) AU PROFIT DE L\u2019ASSEMBLEE NATIONALE<\/td><td class=\"column-2\"><a href=\"https:\/\/assemblee-nationale.bj\/wp-content\/uploads\/PROCES-VERBAL-DOUVERTURE-DES-PLIS-POUR-LAPPEL-DOFFRES-OUVERT-NATIONAL-RELATIF-A-L\u2019ACQUISITION-ET-A-L\u2019I.pdf\" rel=\"noopener\" target=\"_blank\">T\u00e9l\u00e9charger<\/a><\/td><td class=\"column-3\">30\/08\/2024<\/td><td class=\"column-4\"><\/td>\n<\/tr>\n<tr class=\"row-102 even\">\n\t<td class=\"column-1\">AVIS D\u2019ATTRIBUTION DEFINITIF DU MARCHE RELATIF AUX TRAVAUX D'AM\u00c9NAGEMENT ET DE R\u00c9FECTION DES B\u00c2TIMENTS DE LA RADIO H\u00c9MICYCLE ET DU GROUPE DE S\u00c9CURIT\u00c9 DE L'ASSEMBL\u00c9E NATIONALE<\/td><td class=\"column-2\"><a href=\"https:\/\/assemblee-nationale.bj\/wp-content\/uploads\/ETS-DERCH-29-AOUT-2024.pdf\" rel=\"noopener\" target=\"_blank\">T\u00e9l\u00e9charger<\/a><\/td><td class=\"column-3\">29\/08\/2024<\/td><td class=\"column-4\"><\/td>\n<\/tr>\n<tr class=\"row-103 odd\">\n\t<td class=\"column-1\">AVIS D'ATTRIBUTION DEFINITIF DU MARCHE RELATIF A L'ACQUISITION DE JACKETS AU PROFIT DES JOURNALISTES ET TECHNICIENS DE LA TELEVISION ET RADIO\u00a0HEMICYCLE<\/td><td class=\"column-2\"><a href=\"https:\/\/assemblee-nationale.bj\/wp-content\/uploads\/ETS-KOLAYINKA-MULTISERVICES-28-AOUT-2024.pdf\" rel=\"noopener\" target=\"_blank\">T\u00e9l\u00e9charger<\/a><\/td><td class=\"column-3\">28\/08\/2024<\/td><td class=\"column-4\"><\/td>\n<\/tr>\n<tr class=\"row-104 even\">\n\t<td class=\"column-1\">PLAN DE PASSATION DES MARCHES PUBLICS, VERSION N\u00b04 GESTION 2024<\/td><td class=\"column-2\"><a href=\"https:\/\/assemblee-nationale.bj\/wp-content\/uploads\/PLAN-DE-PASSATION-DES-MARCHES-PUBLICS-VERSION-N\u00b04-GESTION-2024.pdf\" rel=\"noopener\" target=\"_blank\">T\u00e9l\u00e9charger<\/a><\/td><td class=\"column-3\">21\/08\/2024<\/td><td class=\"column-4\"><\/td>\n<\/tr>\n<tr class=\"row-105 odd\">\n\t<td class=\"column-1\">AVIS D'APPEL D'OFFRES OUVERT NATIONAL RELATIF A L\u2019ACQUISITION ET A L\u2019INSTALLATION DES MATERIELS ET EQUIPEMENTS INFORMATIQUES (ONDULEURS DE GRANDES CAPACITES, EQUIPEMENTS DE VISIOCONFERENCE ET DES LICENCES) AU PROFIT DE L\u2019ASSEMBLEE NATIONALE<\/td><td class=\"column-2\"><a href=\"https:\/\/assemblee-nationale.bj\/wp-content\/uploads\/AVIS-DAPPEL-DOFFRES-OUVERT-NATIONAL-RELATIF-A-L\u2019ACQUISITION-ET-A-L\u2019INSTALLATION-DES-MATERIELS-ET-EQUIPE.pdf\" rel=\"noopener\" target=\"_blank\">T\u00e9l\u00e9charger<\/a><\/td><td class=\"column-3\">09\/08\/2024<\/td><td class=\"column-4\"><\/td>\n<\/tr>\n<tr class=\"row-106 even\">\n\t<td class=\"column-1\">PROCES-VERBAL D'OUVERTURE DES PLIS POUR LA DEMANDE DE RENSEIGNEMENTS ET DE PRIX RELATIF A L'ACQUISITION ET A L'INSTALLATION DE DIVERS MATERIELS, DES EQUIPEMENTS DE MUSIQUE, DE TRANSMISSION, DE PRODUCTION AUDIOVISUELLE ET RADIODIFFUSION AU PROFIT DE LA DIRECTION DES SERVICES DE L'INFORMATION ET DE LA\u00a0COMMUNICATION<\/td><td class=\"column-2\"><a href=\"https:\/\/assemblee-nationale.bj\/wp-content\/uploads\/PROCES-VERBAL-DOUVERTURE-DES-PLIS-POUR-LA-DEMANDE-DE-RENSEIGNEMENTS-ET-DE-PRIX-RELATIF-A-LACQUISITION-E.pdf\" rel=\"noopener\" target=\"_blank\">T\u00e9l\u00e9charger<\/a><\/td><td class=\"column-3\">30\/07\/2024<\/td><td class=\"column-4\"><\/td>\n<\/tr>\n<tr class=\"row-107 odd\">\n\t<td class=\"column-1\">PROCES-VERBAL D\u2019ATTRIBUTION PROVISOIRE DU MARCHE D'APPEL D'OFFRE OUVERT NATIONAL RELATIF A L\u2019ACQUISITION ET A L\u2019INSTALLATION DE MOBILIERS ET MATERIELS DE BUREAU AU PROFIT DES AUTORITES POLITIQUES ET DE L'ADMINISTRATION\u00a0PARLEMENTAIRE<\/td><td class=\"column-2\"><a href=\"https:\/\/assemblee-nationale.bj\/wp-content\/uploads\/PROCES-VERBAL-D\u2019ATTRIBUTION-PROVISOIRE-DU-MARCHE-DAPPEL-DOFFRE-OUVERT-NATIONAL-RELATIF-A-L\u2019ACQUISITION.pdf\" rel=\"noopener\" target=\"_blank\">T\u00e9l\u00e9charger<\/a><\/td><td class=\"column-3\">24\/07\/2024<\/td><td class=\"column-4\"><\/td>\n<\/tr>\n<tr class=\"row-108 even\">\n\t<td class=\"column-1\">RAPPORT D\u2019ANALYSE ET D\u2019EVALUATION DES OFFRES RE\u00c7UES EN REPONSE A L\u2019AVIS A MANISFESTATION D\u2019INTERET (AMI) N\u00b0002-24ANPTSGAPRMPA-PRMPS-PRMP DU 08 JUILLET 2024 RELATIF A L\u2019ACTUALISATION DU REPERTOIRE DES FOURNISSEURS ET PRESTATAIRES DE SERVICES ET DES ENTREPRENEURS DE L\u2019ASSEMBLEE NATIONALE, GESTION 2024<\/td><td class=\"column-2\"><a href=\"https:\/\/assemblee-nationale.bj\/wp-content\/uploads\/RAPPORT-D\u2019ANALYSE-ET-D\u2019EVALUATION-DES-OFFRES-RE\u00c7UES-EN-REPONSE-A-L\u2019AVIS-A-MANISFESTATION-D\u2019INTERET-AMI-.pdf\" rel=\"noopener\" target=\"_blank\">T\u00e9l\u00e9charger<\/a><\/td><td class=\"column-3\">24\/07\/2024<\/td><td class=\"column-4\"><\/td>\n<\/tr>\n<tr class=\"row-109 odd\">\n\t<td class=\"column-1\">PROCES-VERBAL D\u2019OUVERTURE DES PLIS RELATIFS A L\u2019ACTUALISATION DU REPERTOIRE DES ENTREPRENEURS, DES FOURNISSEURS ET PRESTATAIRES DE SERVICES DE L\u2019ASSEMBLEE NATIONALE, GESTION 2024<\/td><td class=\"column-2\"><a href=\"https:\/\/assemblee-nationale.bj\/wp-content\/uploads\/PROCES-VERBAL-D\u2019OUVERTURE-DES-PLIS-RELATIFS-A-L\u2019ACTUALISATION-DU-REPERTOIRE-DES-ENTREPRENEURS-DES-FOURNI.pdf\" rel=\"noopener\" target=\"_blank\">T\u00e9l\u00e9charger<\/a><\/td><td class=\"column-3\">23\/07\/2024<\/td><td class=\"column-4\"><\/td>\n<\/tr>\n<tr class=\"row-110 even\">\n\t<td class=\"column-1\">PROCES-VERBAL D'OUVERTURE DES PLIS POUR L'APPEL D'OFFRES OUVERT NATIONAL RELATIF A L\u2019ACQUISITION ET A L\u2019INSTALLATION DE MOBILIERS ET MATERIELS DE BUREAU AU PROFIT DES AUTORITES POLITIQUES ET DE L'ADMINISTRATION PARLEMENTAIRE<\/td><td class=\"column-2\"><a href=\"https:\/\/assemblee-nationale.bj\/wp-content\/uploads\/PROCES-VERBAL-DOUVERTURE-DES-PLIS-POUR-LAPPEL-DOFFRES-OUVERT-NATIONAL-RELATIF.pdf\" rel=\"noopener\" target=\"_blank\">T\u00e9l\u00e9charger<\/a><\/td><td class=\"column-3\">19\/07\/2024<\/td><td class=\"column-4\"><\/td>\n<\/tr>\n<tr class=\"row-111 odd\">\n\t<td class=\"column-1\">AVIS D'ATTRIBUTION DEFINITIF DU MARCHE RELATIF A L\u2019ENTRETIEN ET A LA REPARATION DES CIRCUITS ELECTRIQUES, DES BRASSEURS D'AIR ET DIVERS TRAVAUX D'ELECTRICITE AU PROFIT DE L\u2019ADMINISTRATION PARLEMENTAIRE  AU TITRE DE L' ANNEE 2024 (RELANCE)<\/td><td class=\"column-2\"><a href=\"https:\/\/assemblee-nationale.bj\/wp-content\/uploads\/ETS-ELECTRO-SOLEIL-17-JUILLET-2024.pdf\" rel=\"noopener\" target=\"_blank\">T\u00e9l\u00e9charger<\/a><\/td><td class=\"column-3\">17\/07\/2024<\/td><td class=\"column-4\"><\/td>\n<\/tr>\n<tr class=\"row-112 even\">\n\t<td class=\"column-1\">AVIS D'ATTRIBUTION DEFINITIF DU MARCHE RELATIF A L\u2019ENTRETIEN ET A LA REPARATION DE MOBILIERS ET MATERIELS DE BUREAU ET DIVERS TRAVAUX DE MENUISERIE AU PROFIT DE L\u2019ADMINISTRATION PARLEMENTAIRE  AU TITRE DE L' ANNEE 2024 (RELANCE)<\/td><td class=\"column-2\"><a href=\"https:\/\/assemblee-nationale.bj\/wp-content\/uploads\/ETS-GBOSSEGNON-17-JUILLET-2024.pdf\" rel=\"noopener\" target=\"_blank\">T\u00e9l\u00e9charger<\/a><\/td><td class=\"column-3\">17\/07\/2024<\/td><td class=\"column-4\"><\/td>\n<\/tr>\n<tr class=\"row-113 odd\">\n\t<td class=\"column-1\">AVIS D'ATTRIBUTION DEFINITIF DU MARCHE RELATIF  A L'ENTRETIEN ET A LA REPARATION DE SIX (06) VEHICULES ET DE QUATRE (04) MOTOS COMPOSES DE :  UN (01) VEHICULE A 4 ROUES MERCEDES BENZ, UN (01) VEHICULE A 4 ROUES NISSAN 4*4 DOUBLE CABINE, UN (01) VEHICULE A 4 ROUES SCANIA, UN (01) VEHICULE A 4 ROUES LAND CRUISER, DEUX (02) VEHICULES A 4 ROUES ISUZU ET QUATRE (04) MOTOS BMW AU TITRE DE L'ANNEE 2024<\/td><td class=\"column-2\"><a href=\"https:\/\/assemblee-nationale.bj\/wp-content\/uploads\/ETS-OKE-JOSPRO-17-JUILLET.pdf\" rel=\"noopener\" target=\"_blank\">T\u00e9l\u00e9charger<\/a><\/td><td class=\"column-3\">17\/07\/2024<\/td><td class=\"column-4\"><\/td>\n<\/tr>\n<tr class=\"row-114 even\">\n\t<td class=\"column-1\">AVIS D\u2019ATTRIBUTION DEFINITIF DU MARCHE RELATIF AU RECRUTEMENT D\u2019UN PRESTATAIRE DE SERVICES POUR LA CONCLUSION D'UN ACCORD CADRE RELATIF A L\u2019ENTRETIEN, LA REPARATION ET DIVERS TRAVAUX DE PLOMBERIE AU PROFIT DE L\u2019ADMINISTRATION PARLEMENTAIRE AU TITRE L'ANNEE 2024 (RELANCE)<\/td><td class=\"column-2\"><a href=\"https:\/\/assemblee-nationale.bj\/wp-content\/uploads\/ETS-VIMONIA-17-JUILLET-2024.pdf\" rel=\"noopener\" target=\"_blank\">T\u00e9l\u00e9charger<\/a><\/td><td class=\"column-3\">17\/07\/2024<\/td><td class=\"column-4\"><\/td>\n<\/tr>\n<tr class=\"row-115 odd\">\n\t<td class=\"column-1\">AVIS DE DEMANDE DE RENSEIGNEMENTS ET DE PRIX RELATIVE A L'ACQUISITION ET A L'INSTALLATION DE DIVERS MATERIELS, DES EQUIPEMENTS DE MUSIQUE, DE TRANSMISSION, DE PRODUCTION AUDIOVISUELLE ET RADIODIFFUSION AU PROFIT DE LA DIRECTION DES SERVICES DE L'INFORMATION ET DE LA COMMUNICATION<\/td><td class=\"column-2\"><a href=\"https:\/\/assemblee-nationale.bj\/wp-content\/uploads\/AVIS-DE-DEMANDE-DE-RENSEIGNEMENTS-ET-DE-PRIX-RELATIF-A-LACQUISITION-ET-A-LINSTALLATION-DE-DIVERS-MATERI.pdf\" rel=\"noopener\" target=\"_blank\">T\u00e9l\u00e9charger<\/a><\/td><td class=\"column-3\">16\/07\/2024<\/td><td class=\"column-4\"><\/td>\n<\/tr>\n<tr class=\"row-116 even\">\n\t<td class=\"column-1\">PROCES-VERBAL D\u2019ATTRIBUTION PROVISOIRE DU MARCHE D'APPEL D'OFFRE OUVERT NATIONAL RELATIF A LA SELECTION D'UNE ENTREPRISE POUR LES TRAVAUX D'AMENAGEMENT ET DE REFECTION DES BATIMENTS DU SECRETARIAT GENERAL ADMINISTRATIF, DE LA RADIO HEMICYCLE ET DU GROUPE DE SECURITE DE L'ASSEMBLEE NATIONALE<\/td><td class=\"column-2\"><a href=\"https:\/\/assemblee-nationale.bj\/wp-content\/uploads\/PROCES-VERBAL-D\u2019ATTRIBUTION-PROVISOIRE-DU-MARCHE-DAPPEL-DOFFRE-OUVERT-NATIONAL-RELATIF-A-LA-SELECTION-D.pdf\" rel=\"noopener\" target=\"_blank\">T\u00e9l\u00e9charger<\/a><\/td><td class=\"column-3\">12\/07\/2024<\/td><td class=\"column-4\"><\/td>\n<\/tr>\n<tr class=\"row-117 odd\">\n\t<td class=\"column-1\">AVIS D\u2019ATTRIBUTION DEFINITIF DU MARCHE RELATIF AUX TRAVAUX DE REALISATION DE SOCLE EN BETON ET D\u2019ABRI SOLIDE POUR INSTALLATION DE TROIS (03) GROUPES ELECTROGENES AU PROFIT DE L\u2019ASSEMBLEE NATIONALE<\/td><td class=\"column-2\"><a href=\"https:\/\/assemblee-nationale.bj\/wp-content\/uploads\/ETS-JEAD-09-JUILLET-2024.pdf\" rel=\"noopener\" target=\"_blank\">T\u00e9l\u00e9charger<\/a><\/td><td class=\"column-3\">09\/07\/2024<\/td><td class=\"column-4\"><\/td>\n<\/tr>\n<tr class=\"row-118 even\">\n\t<td class=\"column-1\">PROCES-VERBAL D\u2019ATTRIBUTION PROVISOIRE DU MARCHE POUR  LA RELANCE DE LA DRP RELATIVE A L'ACQUISITION DE JACKETS AU PROFIT DES JOURNALISTES ET TECHNICIENS DE LA TELEVISION ET RADIO HEMICYCLE<\/td><td class=\"column-2\"><a href=\"https:\/\/assemblee-nationale.bj\/wp-content\/uploads\/PV-attribution-provisoire-jackets.pdf\" rel=\"noopener\" target=\"_blank\">T\u00e9l\u00e9charger<\/a><\/td><td class=\"column-3\">09\/07\/2024<\/td><td class=\"column-4\"><\/td>\n<\/tr>\n<tr class=\"row-119 odd\">\n\t<td class=\"column-1\">AVIS D\u2019APPEL A MANIFESTATION D\u2019INTERET (AMI) DU SECOND SEMESTRE POUR L'ACTUALISATION DU REPERTOIRE DES FOURNISSEURS, DES PRESTATAIRES DE SERVICES ET DES ENTREPRENEURS DE L\u2019ASSEMBLEE NATIONALE DU BENIN,<br \/>\nGESTION 2024<\/td><td class=\"column-2\"><a href=\"https:\/\/assemblee-nationale.bj\/wp-content\/uploads\/AVIS-D\u2019APPEL-A-MANIFESTATION-D\u2019INTERET-AMI-DU-SECOND-SEMESTRE-POUR-LACTUALISATION-DU-REPERTOIRE-DES-FO.pdf\" rel=\"noopener\" target=\"_blank\">T\u00e9l\u00e9charger<\/a><\/td><td class=\"column-3\">08\/07\/2024<\/td><td class=\"column-4\"><\/td>\n<\/tr>\n<tr class=\"row-120 even\">\n\t<td class=\"column-1\">PROCES-VERBAL D'OUVERTURE DES PLIS POUR LA RELANCE DE LA DRP RELATIVE A L'ACQUISITION DE JACKETS AU PROFIT DES JOURNALISTES ET TECHNICIENS DE LA TELEVISION ET RADIO HEMICYCLE<\/td><td class=\"column-2\"><a href=\"https:\/\/assemblee-nationale.bj\/wp-content\/uploads\/PV-ouv-jackets.pdf\" rel=\"noopener\" target=\"_blank\">T\u00e9l\u00e9charger<\/a><\/td><td class=\"column-3\">03\/07\/2024<\/td><td class=\"column-4\"><\/td>\n<\/tr>\n<tr class=\"row-121 odd\">\n\t<td class=\"column-1\">AVIS D\u2019ATTRIBUTION DEFINITIF DU MARCHE RELATIF A L'ACQUISITION D\u2019UN (01) VEHICULE 4*4 AU PROFIT DU PRESIDENT DE L\u2019ASSEMBLEE NATIONALE<\/td><td class=\"column-2\"><a href=\"https:\/\/assemblee-nationale.bj\/wp-content\/uploads\/SOCIETE-CHALLENGE-ENTREPRISE-SARL-02-JUILLET-2024.pdf\" rel=\"noopener\" target=\"_blank\">T\u00e9l\u00e9charger<\/a><\/td><td class=\"column-3\">02\/07\/2024<\/td><td class=\"column-4\"><\/td>\n<\/tr>\n<tr class=\"row-122 even\">\n\t<td class=\"column-1\">PROCES-VERBAL D'OUVERTURE DES PLIS POUR L'APPEL D'OFFRE OUVERT NATIONAL RELATIF A LA SELECTION D'UNE ENTREPRISE POUR LES TRAVAUX D'AMENAGEMENT ET DE REFECTION DES BATIMENTS DU SECRETARIAT GENERAL ADMINISTRATIF, DE LA RADIO HEMICYCLE ET DU GROUPE DE SECURITE DE L'ASSEMBLEE NATIONALE<\/td><td class=\"column-2\"><a href=\"https:\/\/assemblee-nationale.bj\/wp-content\/uploads\/PV-OUVERTURE-TRAVAUX.pdf\" rel=\"noopener\" target=\"_blank\">T\u00e9l\u00e9charger<\/a><\/td><td class=\"column-3\">02\/07\/2024<\/td><td class=\"column-4\"><\/td>\n<\/tr>\n<tr class=\"row-123 odd\">\n\t<td class=\"column-1\">AVIS D'APPEL D'OFFRES OUVERT NATIONAL POUR LE DAO RELATIF A L\u2019ACQUISITION ET A L\u2019INSTALLATION DE MOBILIERS ET MATERIELS DE BUREAU AU PROFIT DES AUTORITES POLITIQUES ET DE L'ADMINISTRATION PARLEMENTAIRE<\/td><td class=\"column-2\"><a href=\"https:\/\/assemblee-nationale.bj\/wp-content\/uploads\/AVIS-DAPPEL-DOFFRES-OUVERT-NATIONAL-POUR-LE-DAO-RELATIF-A-L\u2019ACQUISITION-ET-A-L\u2019INSTALLATION-DE-MOBILIER.pdf\" rel=\"noopener\" target=\"_blank\">T\u00e9l\u00e9charger<\/a><\/td><td class=\"column-3\">28\/06\/2024<\/td><td class=\"column-4\"><\/td>\n<\/tr>\n<tr class=\"row-124 even\">\n\t<td class=\"column-1\">AVIS DE RELANCE DE LA DRP RELATIVE A L'ACQUISITION DE JACKETS AU PROFIT DES JOURNALISTES ET TECHNICIENS DE LA TELEVISION ET RADIO\u00a0HEMICYCLE<\/td><td class=\"column-2\"><a href=\"https:\/\/assemblee-nationale.bj\/wp-content\/uploads\/AVIS-DE-RELANCE.pdf\" rel=\"noopener\" target=\"_blank\">T\u00e9l\u00e9charger<\/a><\/td><td class=\"column-3\">26\/06\/2024<\/td><td class=\"column-4\"><\/td>\n<\/tr>\n<tr class=\"row-125 odd\">\n\t<td class=\"column-1\">PROC\u00c8S VERBAL DE CONSTATATION D\u2019INSUFFISANCE DE PLIS POUR LA DRP RELATIVE A L'ACQUISITION DE JACKETS AU PROFIT DES JOURNALISTES ET TECHNICIENS DE LA TELEVISION ET RADIO\u00a0HEMICYCLE<\/td><td class=\"column-2\"><a href=\"https:\/\/assemblee-nationale.bj\/wp-content\/uploads\/2024\/06\/PV-INSUFFISANCES-DE-PLIS.pdf\" rel=\"noopener\" target=\"_blank\">T\u00e9l\u00e9charger<\/a><\/td><td class=\"column-3\">18\/06\/2024<\/td><td class=\"column-4\"><\/td>\n<\/tr>\n<tr class=\"row-126 even\">\n\t<td class=\"column-1\">AVIS D'APPEL D'OFFRE OUVERT NATIONAL RELATIF A LA SELECTION D'UNE ENTREPRISE POUR LES TRAVAUX D'AMENAGEMENT ET DE REFECTION DES BATIMENTS DU SECRETARIAT GENERAL ADMINISTRATIF, DE LA RADIO HEMICYCLE ET DU GROUPE DE SECURITE DE L'ASSEMBLEE NATIONALE<\/td><td class=\"column-2\"><a href=\"https:\/\/assemblee-nationale.bj\/wp-content\/uploads\/AVSI-DAO-relatif-\u00e0-la-s\u00e9lection-dune-entreprise-pour-les-travaux-dam\u00e9nagement-et-de-r\u00e9fection-des-batim.pdf\" rel=\"noopener\" target=\"_blank\">T\u00e9l\u00e9charger<\/a><\/td><td class=\"column-3\">11\/06\/2024<\/td><td class=\"column-4\"><\/td>\n<\/tr>\n<tr class=\"row-127 odd\">\n\t<td class=\"column-1\"><\/td><td class=\"column-2\"><\/td><td class=\"column-3\"><\/td><td class=\"column-4\"><\/td>\n<\/tr>\n<tr class=\"row-128 even\">\n\t<td class=\"column-1\">AVIS D'ATTRIBUTION DEFINITIF DU MARCHE RELATIF A L\u2019ENTRETIEN ET A LA MAINTENANCE DE CENT SOIXANTE-DIX (170) CLIMATISEURS DU PALAIS DES GOUVERNEURS  AU TITRE DE L' ANNEE 2024<\/td><td class=\"column-2\"><a href=\"https:\/\/assemblee-nationale.bj\/wp-content\/uploads\/ETS-HAM-MOUK-10-06-2024.pdf\" rel=\"noopener\" target=\"_blank\">T\u00e9l\u00e9charger<\/a><\/td><td class=\"column-3\">10\/06\/2024<\/td><td class=\"column-4\"><\/td>\n<\/tr>\n<tr class=\"row-129 odd\">\n\t<td class=\"column-1\"><\/td><td class=\"column-2\"><\/td><td class=\"column-3\"><\/td><td class=\"column-4\"><\/td>\n<\/tr>\n<tr class=\"row-130 even\">\n\t<td class=\"column-1\">AVIS D'ATTRIBUTION DEFINITIF DU MARCHE RELATIF A L\u2019ENTRETIEN ET A LA MAINTENANCE DES GROUPES ELECTROGENES DU DOMICILE DU PRESIDENT DE L\u2019ASSEMBLEE NATIONALE, DU DOMICILE DES QUESTEURS, DU PALAIS DES GOUVERNEURS, DU SECRETARIAT GENERAL ADMINISTRATIF, DU BATIMENT DE L\u2019UNACEB, DE LA CELLULE D\u2019AUDIT INTERNE ET DU NOUVEAU BATIMENT DES CONSEILLERS TECHNIQUES (CT) ET CHARGES DE MISSION (CM)  AU TITRE DE L' ANNEE 2024<\/td><td class=\"column-2\"><a href=\"https:\/\/assemblee-nationale.bj\/wp-content\/uploads\/ETS-RCMTS-10-JUIN-2024.pdf\" rel=\"noopener\" target=\"_blank\">T\u00e9l\u00e9charger<\/a><\/td><td class=\"column-3\">10\/06\/2024<\/td><td class=\"column-4\"><\/td>\n<\/tr>\n<tr class=\"row-131 odd\">\n\t<td class=\"column-1\">AVIS D'ATTRIBUTION DEFINITIF DU MARCHE RELATIF A L\u2019ENTRETIEN ET A LA MAINTENANCE DE VINGT-NEUF (29) PHOTOCOPIEUSES DU PALAIS DES GOUVERNEURS, DU BATIMENT DE L\u2019IPAB, DE L\u2019UNACEB-PRMP-PARCPOGE ET DE LA CAI AU TITRE DE L' ANNEE 2024<\/td><td class=\"column-2\"><a href=\"https:\/\/assemblee-nationale.bj\/wp-content\/uploads\/ETS-CENTICE-10-JUIN-2024.pdf\" rel=\"noopener\" target=\"_blank\">T\u00e9l\u00e9charger<\/a><\/td><td class=\"column-3\">10\/06\/2024<\/td><td class=\"column-4\"><\/td>\n<\/tr>\n<tr class=\"row-132 even\">\n\t<td class=\"column-1\">AVIS DE DRP RELATIVE A L'ACQUISITION DE JACKETS AU PROFIT DES JOURNALISTES ET TECHNICIENS DE LA TELEVISION ET RADIO\u00a0HEMICYCLE<\/td><td class=\"column-2\"><a href=\"https:\/\/assemblee-nationale.bj\/wp-content\/uploads\/2024\/06\/AVIS-DRP-ACQUISITION-JACKETS.pdf\" rel=\"noopener\" target=\"_blank\">T\u00e9l\u00e9charger<\/a><\/td><td class=\"column-3\">05\/06\/2024<\/td><td class=\"column-4\"><\/td>\n<\/tr>\n<tr class=\"row-133 odd\">\n\t<td class=\"column-1\">PROCES-VERBAL D\u2019ATTRIBUTION PROVISOIRE DU MARCHE RELATIF AU RECRUTEMENT DE PRESTATAIRES DE SERVICES POUR LA CONCLUSION D'UN ACCORD CADRE RELATIF A L'ENTRETIEN, A LA REPARATION ET A LA MAINTENANCE DU MOBILIER ET MATERIEL (AUTRES QU\u2019INFORMATIQUES), DES OUTILLAGES TECHNIQUES, DES INSTALLATIONS (ELECTRIQUES, CLIMATISEURS, SANITAIRES, PLOMBERIES, ASCENSEURS) DE L'ASSEMBLEE NATIONALE, AU TITRE DES ANNEES 2024, 2025 ET 2026: RELANCE DES\u00a0LOTS\u00a06,\u00a07\u00a0ET\u00a08.<\/td><td class=\"column-2\"><a href=\"https:\/\/assemblee-nationale.bj\/wp-content\/uploads\/2024\/06\/PV-PROVISOIRE-MOBILIER.pdf\" rel=\"noopener\" target=\"_blank\">T\u00e9l\u00e9charger<\/a><\/td><td class=\"column-3\">05\/06\/2024<\/td><td class=\"column-4\"><\/td>\n<\/tr>\n<tr class=\"row-134 even\">\n\t<td class=\"column-1\"><\/td><td class=\"column-2\"><\/td><td class=\"column-3\"><\/td><td class=\"column-4\"><\/td>\n<\/tr>\n<tr class=\"row-135 odd\">\n\t<td class=\"column-1\">AVIS D'ATTRIBUTION DEFINITIF DU MARCHE RELATIF A L'ENTRETIEN ET A LA REPARATION DE QUARANTE-ET-UN (41) VEHICULES A 4 ROUES COMPOSES DE : UN (01) VEHICULE A 4 ROUES MERCEDES E200, VINGT (20) VEHICULES A 4 ROUES TOYOTA CAMRY, QUATORZE (14) VEHICULES A 4 ROUES TOYOTA PRADO, UN (01) VEHICULE A 4 ROUES MERCEDES GLS400, UN (01) VEHICULE A 4 ROUES LEXUS ES350, DEUX (02) VEHICULES A 4 ROUES RENAULT CAPTUR ET DEUX (02) VEHICULES A 4 ROUES NISSAN KICKS AU TITRE DE L' ANNEE 2024<\/td><td class=\"column-2\"><a href=\"https:\/\/assemblee-nationale.bj\/wp-content\/uploads\/ETS-OKE-JOSPRO-17-JUILLET.pdf\" rel=\"noopener\" target=\"_blank\">T\u00e9l\u00e9charger<\/a><\/td><td class=\"column-3\">03\/06\/2024<\/td><td class=\"column-4\"><\/td>\n<\/tr>\n<tr class=\"row-136 even\">\n\t<td class=\"column-1\">AVIS D'ATTRIBUTION DEFINITIF DU MARCHE RELATIF A L\u2019ENTRETIEN ET A LA MAINTENANCE DE CENT TRENTE-CINQ (135) CLIMATISEURS DU SECRETARIAT GENERAL ADMINISTRATIF, DE LA CELLULE D\u2019AUDIT INTERNE ET DES AUTRES STRUCTURES DU SGA  AU TITRE DE L' ANNEE 2024<\/td><td class=\"column-2\"><a href=\"https:\/\/assemblee-nationale.bj\/wp-content\/uploads\/ETS-ESPACE-FROID-31-MAI-2024.pdf\" rel=\"noopener\" target=\"_blank\">T\u00e9l\u00e9charger<\/a><\/td><td class=\"column-3\">31\/05\/2024<\/td><td class=\"column-4\"><\/td>\n<\/tr>\n<tr class=\"row-137 odd\">\n\t<td class=\"column-1\">AVIS D'ATTRIBUTION DEFINITIF DU MARCHE RELATIF A L\u2019ENTRETIEN ET A LA MAINTENANCE DE VINGT-HUIT (28) PHOTOCOPIEUSES DU SECRETARIAT GENERAL ADMINISTRATIF AU TITRE DE L'ANNEE 2024<\/td><td class=\"column-2\"><a href=\"https:\/\/assemblee-nationale.bj\/wp-content\/uploads\/ETS-VISAB-BENIN-30-MAI-2024.pdf\" rel=\"noopener\" target=\"_blank\">T\u00e9l\u00e9charger<\/a><\/td><td class=\"column-3\">30\/05\/2024<\/td><td class=\"column-4\"><\/td>\n<\/tr>\n<tr class=\"row-138 even\">\n\t<td class=\"column-1\">AVIS D'ATTRIBUTION DEFINITIF DU MARCHE RELATIF A L'ENTRETIEN ET A LA REPARATION DE VINGT-TROIS (23) VEHICULES A 4 ROUES ET DE CINQ (05) MOTOS COMPOSES DE : ONZE (11) VEHICULES A 4 ROUES HONDA CITY, UN (01) VEHICULE A 4 ROUES TOYOTA COROLLA , UN (01) VEHICULE A 4 ROUES HONDA ACCORD, UN (01) VEHICULE A 4 ROUES HONDA CIVIC, UN (01) VEHICULE A 4 ROUES CHANGAN ALSVIN, UN (01) VEHICULE A 4 ROUES CHANGAN HUNTER, UN (01) VEHICULE A 4 ROUES TOYOTA AVANZA, TROIS (03) VEHICULES A 4 ROUES TOYOTA HILUX PICK-UP, UN (01) VEHICULE A 4 ROUES CHRYSLER 300C,  UN (01) VEHICULE A 4 ROUES TOYOTA PRADO, UN (01) VEHICULE A 4 ROUES MITSUBISHI ET CINQ (05) MOTOS APSONIC AU TITRE DE L'ANNEE 2024<\/td><td class=\"column-2\"><a href=\"https:\/\/assemblee-nationale.bj\/wp-content\/uploads\/ETABLISSEMENT-NOUWASSE-27-MAI-2024.pdf\" rel=\"noopener\" target=\"_blank\">T\u00e9l\u00e9charger<\/a><\/td><td class=\"column-3\">27\/05\/2024<\/td><td class=\"column-4\"><\/td>\n<\/tr>\n<tr class=\"row-139 odd\">\n\t<td class=\"column-1\">AVIS D\u2019ATTRIBUTION DEFINITIF DU MARCHE RELATIF A L\u2019ACHAT DE PRODUIT D\u2019ENTRETIEN, DE FOURNITURES DE BUREAU OU D\u2019APPAREILS ELECTRIQUES AU PROFIT DE L\u2019ADMINISTRATION PARLEMENTAIRE  AU TITRE DE L'ANNEE 2024<\/td><td class=\"column-2\"><a href=\"https:\/\/assemblee-nationale.bj\/wp-content\/uploads\/ETAMINF-22-MAI-2024.pdf\" rel=\"noopener\" target=\"_blank\">T\u00e9l\u00e9charger<\/a><\/td><td class=\"column-3\">22\/05\/2024<\/td><td class=\"column-4\"><\/td>\n<\/tr>\n<tr class=\"row-140 even\">\n\t<td class=\"column-1\">AVIS D\u2019ATTRIBUTION DEFINITIF DU MARCHE RELATIF A L'ACQUISITION ET A L'INSTALLATION  DE SIX (06) CLIMATISEURS DE 2,5 CHEVAUX ET DE TRENTE-NEUF (39) CLIMATISEURS DE 2 CHEVAUX AU PROFIT DE L\u2019ADMINISTRATION PARLEMENTAIRE<\/td><td class=\"column-2\"><a href=\"https:\/\/assemblee-nationale.bj\/wp-content\/uploads\/ESPACE-FROID-21-MAI-2024.pdf\" rel=\"noopener\" target=\"_blank\">T\u00e9l\u00e9charger<\/a><\/td><td class=\"column-3\">21\/05\/2024<\/td><td class=\"column-4\"><\/td>\n<\/tr>\n<tr class=\"row-141 odd\">\n\t<td class=\"column-1\">AVIS D\u2019ATTRIBUTION DEFINITIF DU MARCHE RELATIF A L'ACQUISITION ET A L'INSTALLATION DE TROIS (03) GROUPES ELECTROGENES AU PROFIT DE L\u2019ADMINISTRATION PARLEMENTAIRE<\/td><td class=\"column-2\"><a href=\"https:\/\/assemblee-nationale.bj\/wp-content\/uploads\/ETS-JEAD-21-MAI-2024.pdf\" rel=\"noopener\" target=\"_blank\">T\u00e9l\u00e9charger<\/a><\/td><td class=\"column-3\">21\/05\/2024<\/td><td class=\"column-4\"><\/td>\n<\/tr>\n<tr class=\"row-142 even\">\n\t<td class=\"column-1\">AVIS D'ATTRIBUTION DEFINITIF DU MARCHE RELATIF A L\u2019ACHAT DES CONSOMMABLES INFORMATIQUES AU PROFIT DE L\u2019ADMINISTRATION PARLEMENTAIRE AU TITRE DE L'ANNE 2024<\/td><td class=\"column-2\"><a href=\"https:\/\/assemblee-nationale.bj\/wp-content\/uploads\/SOCIETE-ATHOMS-BUSINESS-SARL-17-MAI-2024.pdf\" rel=\"noopener\" target=\"_blank\">T\u00e9l\u00e9charger<\/a><\/td><td class=\"column-3\">17\/05\/2024<\/td><td class=\"column-4\"><\/td>\n<\/tr>\n<tr class=\"row-143 odd\">\n\t<td class=\"column-1\">AVIS D\u2019ATTRIBUTION DEFINITIF DU MARCHE RELATIF AUX SOINS DE BEAUTE ET DE MAQUILLAGE AU PROFIT DES JOURNALISTES PRESENTATEURS ET TOUTES AUTRES PERSONNES INTERVENANT A LA TELEVISION HEMICYCLE E  AU TITRE DE L'ANNEE 2024<\/td><td class=\"column-2\"><a href=\"https:\/\/assemblee-nationale.bj\/wp-content\/uploads\/ETS-SHINE-WITH-ME-08-MAI-2024.pdf\" rel=\"noopener\" target=\"_blank\">T\u00e9l\u00e9charger<\/a><\/td><td class=\"column-3\">08\/05\/2024<\/td><td class=\"column-4\"><\/td>\n<\/tr>\n<tr class=\"row-144 even\">\n\t<td class=\"column-1\">AVIS D\u2019ATTRIBUTION DEFINITIF DU MARCHE RELATIF AU RECRUTEMENT DE COMPAGNIES D\u2019ASSURANCE AUTOMOBILE AU PROFIT DE L\u2019ASSEMBLEE NATIONALE ET D\u2019ASSURANCE MALADIE, DECES AU PROFIT DES DEPUTES ET DU PERSONNEL PARLEMENTAIRE AU TITRE DE L'ANNEE 2024<\/td><td class=\"column-2\"><a href=\"https:\/\/assemblee-nationale.bj\/wp-content\/uploads\/SANLAM-ASSURANCE-BENIN-15-AVRIL-2024.pdf\" rel=\"noopener\" target=\"_blank\">T\u00e9l\u00e9charger<\/a><\/td><td class=\"column-3\">15\/04\/2024<\/td><td class=\"column-4\"><\/td>\n<\/tr>\n<tr class=\"row-145 odd\">\n\t<td class=\"column-1\">AVIS D\u2019ATTRIBUTION DEFINITIF DU MARCHE RELATIF AU RECRUTEMENT DE COMPAGNIES D\u2019ASSURANCE AUTOMOBILE AU PROFIT DE L\u2019ASSEMBLEE NATIONALE ET D\u2019ASSURANCE MALADIE, DECES AU PROFIT DES DEPUTES ET DU PERSONNEL PARLEMENTAIRE AU TITRE DE L'ANNEE 2024<\/td><td class=\"column-2\"><a href=\"https:\/\/assemblee-nationale.bj\/wp-content\/uploads\/SUNU-ASSURANCES-VIE-15-AVRIL-2024.pdf\" rel=\"noopener\" target=\"_blank\">T\u00e9l\u00e9charger<\/a><\/td><td class=\"column-3\">15\/04\/2024<\/td><td class=\"column-4\"><\/td>\n<\/tr>\n<tr class=\"row-146 even\">\n\t<td class=\"column-1\">AVIS D\u2019ATTRIBUTION DEFINITIF DU MARCHE RELATIF AU RECRUTEMENT DE COMPAGNIES D\u2019ASSURANCE AUTOMOBILE AU PROFIT DE L\u2019ASSEMBLEE NATIONALE ET D\u2019ASSURANCE MALADIE, DECES AU PROFIT DES DEPUTES ET DU PERSONNEL PARLEMENTAIRE AU TITRE DE L'ANNEE 2024<\/td><td class=\"column-2\"><a href=\"https:\/\/assemblee-nationale.bj\/wp-content\/uploads\/NSIA-ASSURANCE-15-AVRIL-2024.pdf\" rel=\"noopener\" target=\"_blank\">T\u00e9l\u00e9charger<\/a><\/td><td class=\"column-3\">15\/04\/2024<\/td><td class=\"column-4\"><\/td>\n<\/tr>\n<tr class=\"row-147 odd\">\n\t<td class=\"column-1\">AVIS D\u2019ATTRIBUTION DEFINITIF DU MARCHE RELATIF A L'ENTRETIEN ET AU NETTOYAGE DE L\u2019INTERIEUR ET LES ALENTOURS DES BUREAUX DES ANCIENS BATIMENTS, DU NOUVEAU BATIMENT DU SECRETARIAT GENERAL ADMINISTRATIF, DES BATIMENTS ABRITANT LA CELLULE D'AUDIT INTERNE (CAI) SITUEE A PORTO-NOVO AU QUARTIER DJASSIN NON LOIN DE LA CROIX ROUGE, LE PARCPOGE SITUE A PORTO-NOVO AU QUARTIER HOUEDAKOMEY ET L'IPAB SITUE A COTONOU AU QUARTIER GANHITO NON LOIN DE LA CENA AU TITRE DE L'ANNEE 2024<\/td><td class=\"column-2\"><a href=\"https:\/\/assemblee-nationale.bj\/wp-content\/uploads\/SOCIETE-CONSTELLA-02-AVRIL-2024.pdf\" rel=\"noopener\" target=\"_blank\">T\u00e9l\u00e9charger<\/a><\/td><td class=\"column-3\">02\/04\/2024<\/td><td class=\"column-4\"><\/td>\n<\/tr>\n<tr class=\"row-148 even\">\n\t<td class=\"column-1\">AVIS D\u2019ATTRIBUTION DEFINITIF DU MARCHE RELATIF A L'ENTRETIEN DES ESPACES VERTS DE L\u2019ASSEMBLEE NATIONALE ET SES ANNEXES (LOT UNIQUE)<\/td><td class=\"column-2\"><a href=\"https:\/\/assemblee-nationale.bj\/wp-content\/uploads\/CIPA-JESSOUGNON-02-AVRIL-2024.pdf\" rel=\"noopener\" target=\"_blank\">T\u00e9l\u00e9charger<\/a><\/td><td class=\"column-3\">02\/04\/2024<\/td><td class=\"column-4\"><\/td>\n<\/tr>\n<tr class=\"row-149 odd\">\n\t<td class=\"column-1\">AVIS D\u2019ATTRIBUTION DEFINITIF DU MARCHE RELATIF A L' ENTRETIEN ET AU NETTOYAGE DE L\u2019INTERIEUR ET LES ALENTOURS DES BUREAUX DU PALAIS DES GOUVERNEURS : HEMICYCLE, CABINET DU PRESIDENT DE L\u2019ASSEMBLEE NATIONALE, DES AUTRES MEMBRES DU BUREAU ET DES BUREAUX ANNEXES (DEPUTES, DOCUMENTATION ET TRANSCRIPTEURS), LE LOCAL DU GROUPE DE SECURITE, BATIMENT DES DEPUTES, DE LA RADIO ET DE LA TELEVISION HEMICYCLE, DE LA SALLE POLYVALENTE, DE TOUTE L\u2019ESPLANADE DU PALAIS DES GOUVERNEURS ET LE NOUVEAU BATIMENT ABRITANT LA CELLULE DE COMMUNICATION DU PRESIDENT DE L\u2019ASSEMBLEE NATIONALE, LA CELLULE JURIDIQUE ET AUTRES BUREAUX DE L\u2019ASSEMBLEE NATIONALE AU TITRE DE L'ANNEE 2024<\/td><td class=\"column-2\"><a href=\"https:\/\/assemblee-nationale.bj\/wp-content\/uploads\/SOCIETE-SERVICE7-02-AVRIL-2024.pdf\" rel=\"noopener\" target=\"_blank\">T\u00e9l\u00e9charger<\/a><\/td><td class=\"column-3\">02\/04\/2024<\/td><td class=\"column-4\"><\/td>\n<\/tr>\n<tr class=\"row-150 even\">\n\t<td class=\"column-1\">PROCES-VERBAL D'OUVERTURE DES PLIS POUR LA RELANCE DE LA  DRP RELATIF AU RECRUTEMENT DE PRESTATAIRES DE SERVICES POUR LA CONCLUSION D'UN ACCORD CADRE RELATIF A L'ENTRETIEN, A LA REPARATION ET A LA MAINTENANCE DU MOBILIER ET MATERIEL (AUTRES QU\u2019INFORMATIQUES), DES OUTILLAGES TECHNIQUES, DES INSTALLATIONS (ELECTRIQUES, CLIMATISEURS, SANITAIRES, PLOMBERIES, ASCENSEURS) DE L'ASSEMBLEE NATIONALE, AU TITRE DES ANNEES 2024, 2025 ET 2026,\u00a0LOT\u00a06,\u00a07\u00a0ET\u00a08.<\/td><td class=\"column-2\"><a href=\"https:\/\/assemblee-nationale.bj\/wp-content\/uploads\/2024\/05\/PV-OUVERTURE-MOBILIER.pdf\" rel=\"noopener\" target=\"_blank\">T\u00e9l\u00e9charger<\/a><\/td><td class=\"column-3\"><\/td><td class=\"column-4\"><\/td>\n<\/tr>\n<tr class=\"row-151 odd\">\n\t<td class=\"column-1\">PLAN DE PASSATION DES MARCHES PUBLICS DE L' ASSEMBLEE NATIONALE 2024, VERSION N\u00b0 3<\/td><td class=\"column-2\"><a href=\"https:\/\/assemblee-nationale.bj\/wp-content\/uploads\/2024\/05\/PPM-version-3.pdf\" rel=\"noopener\" target=\"_blank\">T\u00e9l\u00e9charger<\/a><\/td><td class=\"column-3\"><\/td><td class=\"column-4\"><\/td>\n<\/tr>\n<tr class=\"row-152 even\">\n\t<td class=\"column-1\">PROCES VERBAL D'ATTRIBUTION PROVISOIRE DU MARCHE  RELATIF A L'ACQUISITION D\u2019UN (01) VEHICULE 4 X 4 AU PROFIT DU PRESIDENT DE L\u2019ASSEMBLEE NATIONALE<\/td><td class=\"column-2\"><a href=\"https:\/\/assemblee-nationale.bj\/wp-content\/uploads\/2024\/05\/PV-ATTRIBUTION-PROVISOIRE-4-4-1.pdf\" rel=\"noopener\" target=\"_blank\">T\u00e9l\u00e9charger<\/a><\/td><td class=\"column-3\"><\/td><td class=\"column-4\"><\/td>\n<\/tr>\n<tr class=\"row-153 odd\">\n\t<td class=\"column-1\">PROCES VERBAL D'OUVERTURE DES PLIS POUR LE DAO  RELATIF A L'ACQUISITION D\u2019UN (01) VEHICULE 4 X 4 AU PROFIT DU PRESIDENT DE L\u2019ASSEMBLEE NATIONALE<\/td><td class=\"column-2\"><a href=\"https:\/\/assemblee-nationale.bj\/wp-content\/uploads\/2024\/05\/PV-OUVERTURE-4-4.pdf\" rel=\"noopener\" target=\"_blank\">T\u00e9l\u00e9charger<\/a><\/td><td class=\"column-3\"><\/td><td class=\"column-4\"><\/td>\n<\/tr>\n<tr class=\"row-154 even\">\n\t<td class=\"column-1\">AVIS DE RELANCE DE LA  DRP RELATIVE AU RECRUTEMENT DE PRESTATAIRES DE SERVICES POUR LA CONCLUSION D'UN ACCORD CADRE RELATIF A L'ENTRETIEN, A LA REPARATION ET A LA MAINTENANCE DU MOBILIER ET MATERIEL (AUTRES QU\u2019INFORMATIQUES), DES OUTILLAGES TECHNIQUES, DES INSTALLATIONS (ELECTRIQUES, CLIMATISEURS, SANITAIRES, PLOMBERIES, ASCENSEURS) DE L'ASSEMBLEE NATIONALE, AU TITRE DES ANNEES 2024, 2025 ET 2026,\u00a0LOTS\u00a06,\u00a07\u00a0et\u00a08.<\/td><td class=\"column-2\"><a href=\"https:\/\/assemblee-nationale.bj\/wp-content\/uploads\/2024\/06\/avis-relance.pdf\" rel=\"noopener\" target=\"_blank\">T\u00e9l\u00e9charger<\/a><\/td><td class=\"column-3\"><\/td><td class=\"column-4\"><\/td>\n<\/tr>\n<tr class=\"row-155 odd\">\n\t<td class=\"column-1\">AVIS D\u2019APPEL D\u2019OFFRES RELATIF A L\u2019ACQUISITION D\u2019UN (01) VEHICULE 4 X 4 AU PROFIT DU PRESIDENT DE L\u2019ASSEMBLEE NATIONALE<\/td><td class=\"column-2\"><a href=\"https:\/\/assemblee-nationale.bj\/wp-content\/uploads\/2024\/05\/AVIS-du-Dossier-dAppel-dOffres-relatif-\u00e0-lacquisition-dun-v\u00e9hicule-4x4-au-profit-du-Pr\u00e9sident-de-lAs.pdf\" rel=\"noopener\" target=\"_blank\">T\u00e9l\u00e9charger<\/a><\/td><td class=\"column-3\"><\/td><td class=\"column-4\"><\/td>\n<\/tr>\n<tr class=\"row-156 even\">\n\t<td class=\"column-1\">PLAN DE PASSATION DES MARCHES PUBLICS DE L' ASSEMBLEE NATIONALE 2024, VERSION N\u00b02<\/td><td class=\"column-2\"><a href=\"https:\/\/assemblee-nationale.bj\/wp-content\/uploads\/2024\/04\/PPM-vesion-2.pdf\" rel=\"noopener\" target=\"_blank\">T\u00e9l\u00e9charger<\/a><\/td><td class=\"column-3\"><\/td><td class=\"column-4\"><\/td>\n<\/tr>\n<tr class=\"row-157 odd\">\n\t<td class=\"column-1\">PROCES VERBAL D'ATTRIBUTION PROVISOIRE DU MARCHE RELATF AU RECRUTEMENT DE PRESTATAIRES DE SERVICES POUR LA CONCLUSION D'UN ACCORD CADRE RELATIF A L'ENTRETIEN, A LA REPARATION ET A LA MAINTENANCE DU MOBILIER ET MATERIEL (AUTRES QU\u2019INFORMATIQUES), DES OUTILLAGES TECHNIQUES, DES INSTALLATIONS (ELECTRIQUES, CLIMATISEURS, SANITAIRES, PLOMBERIES, ASCENSEURS) DE L'ASSEMBLEE NATIONALE, AU TITRE DES ANNEES 2024, 2025 ET 2026<\/td><td class=\"column-2\"><a href=\"https:\/\/assemblee-nationale.bj\/wp-content\/uploads\/2024\/04\/PV-PROVISOIRE-COPIEUR-CLIM-ET-GROUP.pdf\" rel=\"noopener\" target=\"_blank\">T\u00e9l\u00e9charger<\/a><\/td><td class=\"column-3\"><\/td><td class=\"column-4\"><\/td>\n<\/tr>\n<tr class=\"row-158 even\">\n\t<td class=\"column-1\">PROCES VERBAL D'ATTRIBUTION PROVISOIRE DU MARCHE  RELATIF A L'ACQUISITION ET A L'INSTALLATION DE TROIS (03) GROUPES ELECTROGENES DE SIX (06) CLIMATISEURS DE 2,5 CHEVAUX ET DE TRENTE-NEUF (39) CLIMATISEURS DE 2 CHEVAUX AU PROFIT DE L'ADMINISTRATION PARLEMENTAIRE<\/td><td class=\"column-2\"><a href=\"https:\/\/assemblee-nationale.bj\/wp-content\/uploads\/2024\/04\/PV-ATTRIBUTION-PROVISOIRE-GROUPE-ELECTROGENE.pdf\" rel=\"noopener\" target=\"_blank\">T\u00e9l\u00e9charger<\/a><\/td><td class=\"column-3\"><\/td><td class=\"column-4\"><\/td>\n<\/tr>\n<tr class=\"row-159 odd\">\n\t<td class=\"column-1\">PROCES VERBAL D'ATTRIBUTION PROVISOIRE DU MARCHE POUR L'ACCORD-CADRE RELATIF A L\u2019ACHAT DE FOURNITURES ET CONSOMMABLES DE BUREAU AU PROFIT DE L\u2019ADMINISTRATION PARLEMENTAIRE AU TITRE DES ANNEES 2024, 2025 ET 2026<\/td><td class=\"column-2\"><a href=\"https:\/\/assemblee-nationale.bj\/wp-content\/uploads\/2024\/04\/PV-ATTRIBUTION-FOURNITURES.pdf\" rel=\"noopener\" target=\"_blank\">T\u00e9l\u00e9charger<\/a><\/td><td class=\"column-3\"><\/td><td class=\"column-4\"><\/td>\n<\/tr>\n<tr class=\"row-160 even\">\n\t<td class=\"column-1\">PROCES VERBAL D'ATTRIBUTION DU MARCHE RELATF AU RECRUTEMENT DE PRESTATAIRES DE SERVICES POUR LA CONCLUSION D'UN ACCORD CADRE RELATIF A L'ENTRETIEN ET A LA REPARATION DU MATERIEL DE TRANSPORT DES MEMBRES DE LA CONFERENCE DES PRESIDENTS, DES AUTORITES ADMINISTRATIVES ET DU PARC AUTOMOBILE DE L'ASSEMBLEE NATIONALE AU TITRE DES ANNEES 2024, 2025 ET 2026<\/td><td class=\"column-2\"><a href=\"https:\/\/assemblee-nationale.bj\/wp-content\/uploads\/2024\/04\/PV-Attribution-provisoire-vehicules.pdf\" rel=\"noopener\" target=\"_blank\">T\u00e9l\u00e9charger<\/a><\/td><td class=\"column-3\"><\/td><td class=\"column-4\"><\/td>\n<\/tr>\n<tr class=\"row-161 odd\">\n\t<td class=\"column-1\">PROCES VERBAL D'OUVERTURE DES PLIS RELATIF A LA DRP POUR LE RECRUTEMENT DE PRESTATAIRES DE SERVICES POUR LA CONCLUSION D'UN ACCORD CADRE RELATIF A L'ENTRETIEN, A LA REPARATION ET A LA MAINTENANCE DU MOBILIER ET MATERIEL (AUTRES QU\u2019INFORMATIQUES), DES OUTILLAGES TECHNIQUES, DES INSTALLATIONS (ELECTRIQUES, CLIMATISEURS, SANITAIRES, PLOMBERIES, ASCENSEURS) DE L'ASSEMBLEE NATIONALE, AU TITRE DES ANNEES 2024, 2025 ET 2026<\/td><td class=\"column-2\"><a href=\"https:\/\/assemblee-nationale.bj\/wp-content\/uploads\/2024\/04\/PV-MOBILIER.pdf\" rel=\"noopener\" target=\"_blank\">T\u00e9l\u00e9charger<\/a><\/td><td class=\"column-3\"><\/td><td class=\"column-4\"><\/td>\n<\/tr>\n<tr class=\"row-162 even\">\n\t<td class=\"column-1\">PROCES VERBAL D'OUVERTURE DES PLIS POUR LE DAO RELATIF A L'ACQUISITION ET A L'INSTALLATION DE TROIS (03) GROUPES ELECTROGENES DE SIX (06) CLIMATISEURS DE 2,5 CHEVAUX ET DE TRENTE-NEUF (39) CLIMATISEURS DE 2 CHEVAUX AU PROFIT DE L'ADMINISTRATION PARLEMENTAIRE<\/td><td class=\"column-2\"><a href=\"https:\/\/assemblee-nationale.bj\/wp-content\/uploads\/2024\/04\/PV-OUVERTURES-CLIMATISEURS-ET-GROUPES-ELECTROGENES.pdf\" rel=\"noopener\" target=\"_blank\">T\u00e9l\u00e9charger<\/a><\/td><td class=\"column-3\"><\/td><td class=\"column-4\"><\/td>\n<\/tr>\n<tr class=\"row-163 odd\">\n\t<td class=\"column-1\">PV OUVERTURE DRP POUR L'ACCORD-CADRE RELATIF A L\u2019ACHAT DE FOURNITURES ET CONSOMMABLES DE BUREAU AU PROFIT DE L\u2019ADMINISTRATION PARLEMENTAIRE AU TITRE DES ANNEES 2024, 2025 ET 2026<\/td><td class=\"column-2\"><a href=\"https:\/\/assemblee-nationale.bj\/wp-content\/uploads\/2024\/03\/PV-OUVERTURE-DRP-pour-lAccord-cadre-relatif-\u00e0-l\u2019a_240326_051958.pdf\" rel=\"noopener\" target=\"_blank\">T\u00e9l\u00e9charger<\/a><\/td><td class=\"column-3\"><\/td><td class=\"column-4\"><\/td>\n<\/tr>\n<tr class=\"row-164 even\">\n\t<td class=\"column-1\">PV OUVERTURE DRP RELATIVE AU RECRUTEMENT DE PRESTATAIRES DE SERVICES POUR LA CONCLUSION D'UN ACCORD CADRE RELATIF \u00c0 L'ENTRETIEN ET \u00c0 LA R\u00c9PARATION DU MAT\u00c9RIEL DE TRANSPORT DES MEMBRES DE LA CONF\u00c9RENCE DES PR\u00c9SIDENTS, DES AUTORIT\u00c9S ADMINISTRATIVE ET DU PARC AUTOMOBILE DE L'ASSEMBLEE NATIONALE AU TITRE DES ANNEES 2024, 2025 ET 2026<\/td><td class=\"column-2\"><a href=\"https:\/\/assemblee-nationale.bj\/wp-content\/uploads\/2024\/03\/PV-OUVERTURE-DRP-RELATIF-AU-RECRUTEMENT-DE-PRESTATAIRES-DE-SERVICES-POUR-LA-CONCLUSION-DUN-ACCORD-CADRE-1.pdf\" rel=\"noopener\" target=\"_blank\">T\u00e9l\u00e9charger<\/a><\/td><td class=\"column-3\"><\/td><td class=\"column-4\"><\/td>\n<\/tr>\n<tr class=\"row-165 odd\">\n\t<td class=\"column-1\">AVIS DE DRP RELATIF AU RECRUTEMENT DE PRESTATAIRES DE SERVICES POUR LA CONCLUSION D'UN ACCORD CADRE RELATIF A L'ENTRETIEN, A LA REPARATION ET A LA MAINTENANCE DU MOBILIER ET MATERIEL (AUTRES QU\u2019INFORMATIQUES), DES OUTILLAGES TECHNIQUES, DES INSTALLATIONS (ELECTRIQUES, CLIMATISEURS, SANITAIRES, PLOMBERIES, ASCENSEURS) DE L'ASSEMBLEE NATIONALE, AU TITRE DES ANNEES 2024, 2025 ET 2026<\/td><td class=\"column-2\"><a href=\"https:\/\/assemblee-nationale.bj\/wp-content\/uploads\/2024\/03\/Avis-DRP-relatif-au-recrutement-de-prestataires-de_240326_152220.pdf\" rel=\"noopener\" target=\"_blank\">T\u00e9l\u00e9charger<\/a><\/td><td class=\"column-3\"><\/td><td class=\"column-4\"><\/td>\n<\/tr>\n<tr class=\"row-166 even\">\n\t<td class=\"column-1\">AVIS DAO RELATIF A L'ACQUISITION ET A L'INSTALLATION DE TROIS (03) GROUPES ELECTROGENES DE SIX (06) CLIMATISEURS DE 2,5 CHEVAUX ET DE TRENTE-NEUF (39) CLIMATISEURS DE 2 CHEVAUX AU PROFIT DE L'ADMINISTRATION PARLEMENTAIRE<\/td><td class=\"column-2\"><a href=\"https:\/\/assemblee-nationale.bj\/wp-content\/uploads\/2024\/03\/Avis-DAO-relatif-\u00e0-lacquisition-et-\u00e0-linstallati_240326_052300.pdf\" rel=\"noopener\" target=\"_blank\">T\u00e9l\u00e9charger<\/a><\/td><td class=\"column-3\"><\/td><td class=\"column-4\"><\/td>\n<\/tr>\n<tr class=\"row-167 odd\">\n\t<td class=\"column-1\">AVIS DE DRP RELATIF AU RECRUTEMENT DE PRESTATAIRES DE SERVICES POUR LA CONCLUSION D'UN ACCORD CADRE RELATIF \u00c0 L'ENTRETIEN ET \u00c0 LA R\u00c9PARATION DU MAT\u00c9RIEL DE TRANSPORT DES MEMBRES DE LA CONF\u00c9RENCE DES PR\u00c9SIDENTS, DES AUTORIT\u00c9S ADMINISTRATIVES ET DU PARC AUTOMOBILE DE L'ASSEMBL\u00c9E NATIONALE AU TITRE DES ANN\u00c9ES 2024, 2025 ET 2026<\/td><td class=\"column-2\"><a href=\"https:\/\/assemblee-nationale.bj\/wp-content\/uploads\/2024\/03\/AVIS-DRP-relatif-au-recrutement-de-prestataires-de-services-pour-la-conclusion-d.pdf\" rel=\"noopener\" target=\"_blank\">T\u00e9l\u00e9charger<\/a><\/td><td class=\"column-3\"><\/td><td class=\"column-4\"><\/td>\n<\/tr>\n<tr class=\"row-168 even\">\n\t<td class=\"column-1\">AVIS DAO POUR L\u2019ACCORD-CADRE RELATIF A L\u2019ACHAT DE FOURNITURES ET CONSOMMABLES DE BUREAU AU PROFIT DE L\u2019ADMINISTRATION PARLEMENTAIRE AU TITRE DES ANNEES 2024, 2025 ET 2026<\/td><td class=\"column-2\"><a href=\"https:\/\/assemblee-nationale.bj\/wp-content\/uploads\/2024\/03\/AVIS-DAO-relatif-\u00e0-lAccord-cadre-relatif-\u00e0-lachat-de-fournitures-et-de-consommables-de-bureau-au-profit-1-1.pdf\" rel=\"noopener\" target=\"_blank\">T\u00e9l\u00e9charger<\/a><\/td><td class=\"column-3\"><\/td><td class=\"column-4\"><\/td>\n<\/tr>\n<tr class=\"row-169 odd\">\n\t<td class=\"column-1\">PV D'ATTRIBUTION PROVISOIRE RELATIF AU RECRUTEMENT D'UN PRESTATAIRE DE SERVICE POUR LA CONCLUSION D'UN ACCORD CADRE RELATIF AUX SOINS DE BEAUTE ET DE MAQUILLAGE AU PROFIT DES JOURNALISTES PRESENTATEURS DE LA TELEVISION HEMICYCLE AU TITRE DES ANNEES 2024, 2025 et 2026<\/td><td class=\"column-2\"><a href=\"https:\/\/assemblee-nationale.bj\/wp-content\/uploads\/2024\/03\/PV-ATTRIBUTION-PROVISOIRE-relatif-au-Recrutement-dun-prestataire-de-services-pour-la-conclusion-dun-acc.pdf\" rel=\"noopener\" target=\"_blank\">T\u00e9l\u00e9charger<\/a><\/td><td class=\"column-3\"><\/td><td class=\"column-4\"><\/td>\n<\/tr>\n<tr class=\"row-170 even\">\n\t<td class=\"column-1\">PROCES VERBAL D'OUVERTURE DES PLIS RELATIF A LA DRP POUR LE RECRUTEMENT D'UN PRESTATAIRE DE SERVICES POUR LA CONCLUSION D'UN ACCORD CADRE RELATIF AUX SOINS DE BEAUTE ET DE MAQUILLAGE AU PROFIT DES JOURNALISTES PRESENTATEURS DE LA TELEVISION HEMICYCLE AU TITRE DES ANNEES 2024, 2025 et 2026<\/td><td class=\"column-2\"><a href=\"https:\/\/assemblee-nationale.bj\/wp-content\/uploads\/2024\/03\/PROCES-VERBAL-DOUVERTURE-DES-PLIS-RELATIF-A-LA-DRP-POUR-LE-RECRUTEMENT-DUN-PRESTATAIRE-DE-SERVICES-POUR.pdf\" rel=\"noopener\" target=\"_blank\">T\u00e9l\u00e9charger<\/a><\/td><td class=\"column-3\"><\/td><td class=\"column-4\"><\/td>\n<\/tr>\n<tr class=\"row-171 odd\">\n\t<td class=\"column-1\">AVIS DE LA DRP RELATIVE AU RECRUTEMENT D'UN PRESTATAIRE DE SERVICES POUR LA CONCLUSION D'UN ACCORD CADRE RELATIF AUX SOINS DE BEAUTE ET DE MAQUILLAGE AU PROFIT DES JOURNALISTES PRESENTATEURS DE LA TELEVISION HEMICYCLE AU TITRE DES ANNEES 2024, 2025 et 2026<\/td><td class=\"column-2\"><a href=\"https:\/\/assemblee-nationale.bj\/wp-content\/uploads\/2024\/03\/AVIS-DRP-relatif-au-Recrutement-dun-prestataire-de-services-pour-la-conclusion-dun-accord-cadre-relatif.pdf\" rel=\"noopener\" target=\"_blank\">T\u00e9l\u00e9charger<\/a><\/td><td class=\"column-3\"><\/td><td class=\"column-4\"><\/td>\n<\/tr>\n<tr class=\"row-172 even\">\n\t<td class=\"column-1\">AVIS D'ATTRIBUTION DEFINITIVE 2023<\/td><td class=\"column-2\"><a href=\"https:\/\/assemblee-nationale.bj\/wp-content\/uploads\/2024\/01\/AVIS-DATTRIBUTION-DEFINITIVE-2023.pdf\" rel=\"noopener\" target=\"_blank\">T\u00e9l\u00e9charger<\/a><\/td><td class=\"column-3\"><\/td><td class=\"column-4\"><\/td>\n<\/tr>\n<tr class=\"row-173 odd\">\n\t<td class=\"column-1\">AVIS D\u2019APPEL A MANIFESTATION D\u2019INTERET (AMI) DU PREMIER SEMESTRE POUR LA CONSTITUTION DU REPERTOIRE DES FOURNISSEURS, DES PRESTATAIRES DE SERVICES ET DES ENTREPRENEURS DE L\u2019ASSEMBLEE NATIONALE DU BENIN, <br \/>\nGESTION 2024<\/td><td class=\"column-2\"><a href=\"https:\/\/assemblee-nationale.bj\/wp-content\/uploads\/2024\/01\/ami-2024-1.pdf\" rel=\"noopener\" target=\"_blank\">T\u00e9l\u00e9charger<\/a><\/td><td class=\"column-3\"><\/td><td class=\"column-4\"><\/td>\n<\/tr>\n<tr class=\"row-174 even\">\n\t<td class=\"column-1\">PLAN DE PASSATION DES MARCHES PUBLICS DE L' ASSEMBLEE NATIONALE 2024<\/td><td class=\"column-2\"><a href=\"https:\/\/assemblee-nationale.bj\/wp-content\/uploads\/2024\/03\/PLAN-DE-PASSATION-DES-MARCHES-PUBLICS-DE-L-ASSEMBLEE-NATIONALE-2024.pdf\" rel=\"noopener\" target=\"_blank\">T\u00e9l\u00e9charger<\/a><\/td><td class=\"column-3\"><\/td><td class=\"column-4\"><\/td>\n<\/tr>\n<tr class=\"row-175 odd\">\n\t<td class=\"column-1\">AVIS GENERAL DE PASSATION DES MARCHES 2024<\/td><td class=\"column-2\"><a href=\"https:\/\/assemblee-nationale.bj\/wp-content\/uploads\/2024\/01\/AVIS-GENERAL-DE-PASSATION-DES-MARCHES-2024.pdf\" rel=\"noopener\" target=\"_blank\">T\u00e9l\u00e9charger<\/a><\/td><td class=\"column-3\"><\/td><td class=\"column-4\"><\/td>\n<\/tr>\n<tr class=\"row-176 even\">\n\t<td class=\"column-1\">PROCES VERBAL D'ATTRIBUTION PROVISOIRE DU MARCHE RELATIF A LA SELECTION D'UNE ENTREPRISE POUR LES TRAVAUX DE REFECTION ET D'EQUIPEMENTS DE LA SALLE D\u2019AUDIENCE ET DU DOMICILE DU PRESIDENT DE L'ASSEMBLEE\u00a0NATIONALE<\/td><td class=\"column-2\"><a href=\"https:\/\/assemblee-nationale.bj\/wp-content\/uploads\/2023\/11\/PROCES-VERBAL-DATTRIBUTION-PROVISOIRE-DU-MARCHE-RELATIF-A-LA-SELECTION-DUNE-ENTREPRISE-POUR-LES-TRAVAUX.pdf\" rel=\"noopener\" target=\"_blank\">T\u00e9l\u00e9charger<\/a><\/td><td class=\"column-3\"><\/td><td class=\"column-4\"><\/td>\n<\/tr>\n<tr class=\"row-177 odd\">\n\t<td class=\"column-1\">PROCES VERBAL D'OUVERTURE DES PLIS RELATIFS A LA DRP POUR LA SELECTION D'UNE ENTREPRISE POUR LES TRAVAUX DE REFECTION ET D'EQUIPEMENTS DE LA SALLE D\u2019AUDIENCE ET DU DOMICILE DU PRESIDENT DE L'ASSEMBLEE NATIONALE<\/td><td class=\"column-2\"><a href=\"https:\/\/assemblee-nationale.bj\/wp-content\/uploads\/2023\/11\/PV.pdf\" rel=\"noopener\" target=\"_blank\">T\u00e9l\u00e9charger<\/a><\/td><td class=\"column-3\"><\/td><td class=\"column-4\"><\/td>\n<\/tr>\n<tr class=\"row-178 even\">\n\t<td class=\"column-1\">AVIS DRP relative \u00e0 la s\u00e9lection d'une entreprise pour les travaux de r\u00e9fection et d'\u00e9quipements de la salle d'audience et du domicile du Pr\u00e9sident de l'Assembl\u00e9e nationale<\/td><td class=\"column-2\"><a href=\"https:\/\/assemblee-nationale.bj\/wp-content\/uploads\/2023\/11\/AVIS-DRP-relative-\u00e0-la-s\u00e9lection-d-une-entreprise-pour-les-travaux-de-r\u00e9fection-et-d\u00e9quipements-de-la-s.pdf\" rel=\"noopener\" target=\"_blank\">T\u00e9l\u00e9charger<\/a><\/td><td class=\"column-3\"><\/td><td class=\"column-4\"><\/td>\n<\/tr>\n<tr class=\"row-179 odd\">\n\t<td class=\"column-1\">PROCES VERBAL D'ATTRIBUTION PROVISOIRE DU MARCHE RELATIF A L\u2019ACQUISITION ET A L\u2019INSTALLATION DE MOBILIERS ET MATERIELS DE BUREAU (ARMOIRE DE RANGEMENT, BUREAU ET FAUTEUIL CADRE, BUREAU ET FAUTEUIL DIRECTEUR, BUREAU ET FAUTEUIL SECRETAIRE, CHAISE VISITEUR, GUERIDON ET SALON COMPLET) AU PROFIT DES AUTORITES POLITIQUES ET DE L'ADMINISTRATION PARLEMENTAIRE<\/td><td class=\"column-2\"><a href=\"https:\/\/assemblee-nationale.bj\/wp-content\/uploads\/2023\/11\/PROCES-VERBAL-DATTRIBUTION-PROVISOIRE-DU-MARCHE-RELATIF-A-L\u2019ACQUISITION-ET-A-L\u2019INSTALLATION-DE-MOBILIERS-ET-MATERIELS-DE-BUREAU.pdf\" rel=\"noopener\" target=\"_blank\">T\u00e9l\u00e9charger<\/a><\/td><td class=\"column-3\"><\/td><td class=\"column-4\"><\/td>\n<\/tr>\n<tr class=\"row-180 even\">\n\t<td class=\"column-1\">PROCES VERBAL D'OUVERTURE DES PLIS RELATIFS A LA DRP POUR LE RECRUTEMENT D'UN PRESTATAIRE DE SERVICES POUR LA NUMERISATION ET LA MISE EN PLACE D'UN SYSTEME DE GESTION PHYSIQUE ET ELECTRONIQUE DES COURRIERS DU SECRETARIAT GENERAL ADMINISTRATIF DE L'ASSEMBLEE\u00a0NATIONALE<\/td><td class=\"column-2\"><a href=\"https:\/\/assemblee-nationale.bj\/wp-content\/uploads\/2023\/11\/PROCES-VERBAL-DOUVERTURE-DES-PLIS-RELATIFS-A-LA-DRP-POUR-LE-RECRUTEMENT-DUN-PRESTATAIRE-DE-SERVICES-POUR-LA-NUMERISATION.pdf\" rel=\"noopener\" target=\"_blank\">T\u00e9l\u00e9charger<\/a><\/td><td class=\"column-3\"><\/td><td class=\"column-4\"><\/td>\n<\/tr>\n<tr class=\"row-181 odd\">\n\t<td class=\"column-1\">PV ATTRIBUTION DRP relative \u00e0 l'acquisition  et l'installation de mobiliers et mat\u00e9riels de bureau au profit des autorit\u00e9s politiques et de l'Administration parlementaire<\/td><td class=\"column-2\"><a href=\"https:\/\/assemblee-nationale.bj\/wp-content\/uploads\/2023\/10\/PV-ATTRIBUTION-DRP-relative-\u00e0-lacquisition-et-linstallation-de-mobiliers-et-m.pdf\" rel=\"noopener\" target=\"_blank\">T\u00e9l\u00e9charger<\/a><\/td><td class=\"column-3\"><\/td><td class=\"column-4\"><\/td>\n<\/tr>\n<tr class=\"row-182 even\">\n\t<td class=\"column-1\">PV Ouverture  DRP relative \u00e0 relative \u00e0 l'acquisition  et l'installation de mobiliers et mat\u00e9riels de bureau au profit des autorit\u00e9s politiques et de l'Administration parlementaire<\/td><td class=\"column-2\"><a href=\"https:\/\/assemblee-nationale.bj\/wp-content\/uploads\/2023\/10\/PV-Ouverture-DRP-relative-\u00e0-relative-\u00e0-lacquisition-et-linstallation-de-mobi.pdf\" rel=\"noopener\" target=\"_blank\">T\u00e9l\u00e9charger<\/a><\/td><td class=\"column-3\"><\/td><td class=\"column-4\"><\/td>\n<\/tr>\n<tr class=\"row-183 odd\">\n\t<td class=\"column-1\">AVIS DRP relative au recrutement d'un prestataire de services pour la num\u00e9risation et la mise en place d'un syst\u00e8me de gestion physique et \u00e9lectronique des courriers du Secr\u00e9tariat physique administratif de l'Assembl\u00e9e nationale<\/td><td class=\"column-2\"><a href=\"https:\/\/assemblee-nationale.bj\/wp-content\/uploads\/2023\/10\/AVIS-DRP-relative-au-recutement-dun-prestataire-de-services-pour-la-num\u00e9risatio.pdf\" rel=\"noopener\" target=\"_blank\">T\u00e9l\u00e9charger<\/a><\/td><td class=\"column-3\"><\/td><td class=\"column-4\"><\/td>\n<\/tr>\n<tr class=\"row-184 even\">\n\t<td class=\"column-1\">Avis DRP relative \u00e0 l'acquisition  et l'installation de mobiliers et mat\u00e9riels de bureau au profit des autorit\u00e9s politiques et de l'Administration parlementaire<\/td><td class=\"column-2\"><a href=\"https:\/\/assemblee-nationale.bj\/wp-content\/uploads\/2023\/10\/Avis-DRP-relative-\u00e0-lacquisition-et-linstallation-de-mobiliers-et-mat\u00e9riels-d.pdf\" rel=\"noopener\" target=\"_blank\">T\u00e9l\u00e9charger<\/a><\/td><td class=\"column-3\"><\/td><td class=\"column-4\"><\/td>\n<\/tr>\n<tr class=\"row-185 odd\">\n\t<td class=\"column-1\">PROCES VERBAL D'ATTRIBUTION PROVISOIRE DU MARCHE RELATIF A L' ACQUISITION DE VINGT-QUATRE (24) VEHICULES A QUATRE (04) ROUES : UN (01) VEHICULE 4*4, VINGT-DEUX (22) VEHICULES LEGERS ET UN (01) PICK-UP DOUBLE CABINE AU PROFIT DU PRESIDENT DE L\u2019ASSEMBLEE NATIONALE, DES PRESIDENTS DES COMMISSIONS PERMANENTES, DES PRESIDENTS DES GROUPES PARLEMENTAIRES, DES AUTORITES POLITICO-ADMINISTRATIVES ET DU PARC AUTOMOBILE DE L'ASSEMBLEE NATIONALE<\/td><td class=\"column-2\"><a href=\"https:\/\/assemblee-nationale.bj\/wp-content\/uploads\/2023\/10\/PV-attribution-vehicules.pdf\" rel=\"noopener\" target=\"_blank\">T\u00e9l\u00e9charger<\/a><\/td><td class=\"column-3\"><\/td><td class=\"column-4\"><\/td>\n<\/tr>\n<tr class=\"row-186 even\">\n\t<td class=\"column-1\">PLAN DE PASSATION DES MARCHES PUBLICS DE L' ASSEMBLEE NATIONALE 2023, VERSION N\u00b04 REVISE\u00a0LE\u00a016\/10\/2023<\/td><td class=\"column-2\"><a href=\"https:\/\/assemblee-nationale.bj\/wp-content\/uploads\/PPM-4.pdf\" rel=\"noopener\" target=\"_blank\">T\u00e9l\u00e9charger<\/a><\/td><td class=\"column-3\"><\/td><td class=\"column-4\"><\/td>\n<\/tr>\n<tr class=\"row-187 odd\">\n\t<td class=\"column-1\">PROCES VERBAL D'ATTRIBUTION PROVISOIRE DU MARCHE RELATIF AU RECRUTEMENT D'UN PRESTATAIRE DE SERVICES POUR LA MISE EN PLACE D\u2019UN DISPOSITIF DE SAUVEGARDE NAS AU PROFIT DE L'ASSEMBLEE NATIONALE<\/td><td class=\"column-2\"><a href=\"https:\/\/assemblee-nationale.bj\/wp-content\/uploads\/2023\/10\/PROCES-VERBAL-DATTRIBUTION-PROVISOIRE-DU-MARCHE-RELATIF-AU-RECRUTEMENT-DUN-PRESTATAIRE-DE-SERVICES-POUR-1.pdf\" rel=\"noopener\" target=\"_blank\">T\u00e9l\u00e9charger<\/a><\/td><td class=\"column-3\"><\/td><td class=\"column-4\"><\/td>\n<\/tr>\n<tr class=\"row-188 even\">\n\t<td class=\"column-1\">PROCES VERBAL D'ATTRIBUTION PROVISOIRE DU MARCHE RELATIF A L\u2019ACQUISITION DE LICENCE GROUPE MICROSOFT WINDOWS PRO ET DE LICENCE OFFICE PRO AU PROFIT DE L'ASSEMBLEE\u00a0NATIONALE<\/td><td class=\"column-2\"><a href=\"https:\/\/assemblee-nationale.bj\/wp-content\/uploads\/2023\/10\/PROCES-VERBAL-DATTRIBUTION-PROVISOIRE-DU-MARCHE-RELATIF-A-L\u2019ACQUISITION-DE-LICENCE-GROUPE-MICROSOFT-WIND.pdf\" rel=\"noopener\" target=\"_blank\">T\u00e9l\u00e9charger<\/a><\/td><td class=\"column-3\"><\/td><td class=\"column-4\"><\/td>\n<\/tr>\n<tr class=\"row-189 odd\">\n\t<td class=\"column-1\">PROCES VERBAL D'ATTRIBUTION PROVISOIRE DU MARCHE RELATIF AU RECRUTEMENT D'UN PRESTATAIRE DE SERVICES POUR L'EDITION DE LA REVUE SEMESTRIELLE EN COULEUR, L'EDITION DES JOURNAUX DES DEBATS PARLEMENTAIRES ET DES COMPTES RENDUS SOMMAIRES DES SEANCES PLENIERES AU PROFIT DE L'ADMINISTRATION\u00a0PARLEMENTAIRE<\/td><td class=\"column-2\"><a href=\"https:\/\/assemblee-nationale.bj\/wp-content\/uploads\/2023\/10\/PROCES-VERBAL-DATTRIBUTION-PROVISOIRE-DU-MARCHE-RELATIF-AU-RECRUTEMENT-DUN-PRESTATAIRE-DE-SERVICES-POUR.pdf\" rel=\"noopener\" target=\"_blank\">T\u00e9l\u00e9charger<\/a><\/td><td class=\"column-3\"><\/td><td class=\"column-4\"><\/td>\n<\/tr>\n<tr class=\"row-190 even\">\n\t<td class=\"column-1\">PROCES VERBAL D'ATTRIBUTION PROVISOIRE DU MARCHE RELATIF AU RECRUTEMENT D\u2019UN PRESTATAIRE DE SERVICES POUR LA CONFECTION DES TENUES DES HUISSIERS\u00a0PARLEMENTAIRES<\/td><td class=\"column-2\"><a href=\"https:\/\/assemblee-nationale.bj\/wp-content\/uploads\/2023\/10\/PROCES-VERBAL-DATTRIBUTION-PROVISOIRE-DU-MARCHE-RELATIF-AU-RECRUTEMENT-D\u2019UN-PRESTATAIRE-DE-SERVICES-POUR.pdf\" rel=\"noopener\" target=\"_blank\">T\u00e9l\u00e9charger<\/a><\/td><td class=\"column-3\"><\/td><td class=\"column-4\"><\/td>\n<\/tr>\n<tr class=\"row-191 odd\">\n\t<td class=\"column-1\">PROCES VERBAL D'ATTRIBUTION PROVISOIRE DU MARCHE RELATIF A L'ACQUISITION ET L'INSTALLATION D'ANTIVIRUS RE\u0301SEAU AU PROFIT DE L'ASSEMBLEE\u00a0NATIONALE<\/td><td class=\"column-2\"><a href=\"https:\/\/assemblee-nationale.bj\/wp-content\/uploads\/2023\/10\/PROCES-VERBAL-DATTRIBUTION-PROVISOIRE-DU-MARCHE-RELATIF-A-LACQUISITION-ET-LINSTALLATION-DANTIVIRUS-RE.pdf\" rel=\"noopener\" target=\"_blank\">T\u00e9l\u00e9charger<\/a><\/td><td class=\"column-3\"><\/td><td class=\"column-4\"><\/td>\n<\/tr>\n<tr class=\"row-192 even\">\n\t<td class=\"column-1\">PROCES VERBAL D'OUVERTURE DES PLIS RELATIFS A LA DRP POUR LE RECRUTEMENT D'UN PRESTATAIRE DE SERVICES POUR LA MISE EN PLACE D'UN DISPOSITIF DE SAUVEGARDE NAS AU PROFIT DE L'ASSEMBLEE\u00a0NATIONALE<\/td><td class=\"column-2\"><a href=\"https:\/\/assemblee-nationale.bj\/wp-content\/uploads\/2023\/10\/PROCES-VERBAL-DOUVERTURE-DES-PLIS-RELATIFS-A-LA-DRP-POUR-LE-RECRUTEMENT-DUN-PR.pdf\" rel=\"noopener\" target=\"_blank\">T\u00e9l\u00e9charger<\/a><\/td><td class=\"column-3\"><\/td><td class=\"column-4\"><\/td>\n<\/tr>\n<tr class=\"row-193 odd\">\n\t<td class=\"column-1\">PROCES VERBAL D'OUVERTURE DES PLIS RELATIFS AU DAO POURL\u2019ACQUISITION DE VINGT-QUATRE (24) VEHICULES A QUATRE (04) ROUES  UN (01) VEHICULE 44, VINGT-DEUX (22) VEHICULES LEGERS ET UN (01) PICK-UP DOUBLE CABINE AU PROFIT DU PRESIDENT DE L\u2019ASSEMBLE<\/td><td class=\"column-2\"><a href=\"https:\/\/assemblee-nationale.bj\/wp-content\/uploads\/2023\/09\/vehicules.pdf\" rel=\"noopener\" target=\"_blank\">T\u00e9l\u00e9charger<\/a><\/td><td class=\"column-3\"><\/td><td class=\"column-4\"><\/td>\n<\/tr>\n<tr class=\"row-194 even\">\n\t<td class=\"column-1\">PROCES VERBAL D'OUVERTURE DES PLIS RELATIFS A LA DRP POUR LE RECRUTEMENT D\u2019UN PRESTATAIRE DE SERVICES POUR LA CONFECTION DES TENUES DES HUISSIERS PARLEMENTAIRES<\/td><td class=\"column-2\"><a href=\"https:\/\/assemblee-nationale.bj\/wp-content\/uploads\/2023\/09\/PROCES-VERBAL-DOUVERTURE-DES-PLIS-RELATIFS-A-LA-DRP-POUR-LE-RECRUTEMENT-D\u2019UN-PRESTATAIRE-DE-SERVICES-POU.pdf\" rel=\"noopener\" target=\"_blank\">T\u00e9l\u00e9charger<\/a><\/td><td class=\"column-3\"><\/td><td class=\"column-4\"><\/td>\n<\/tr>\n<tr class=\"row-195 odd\">\n\t<td class=\"column-1\">PROCES VERBAL D'OUVERTURE DES PLIS RELATIFS A LA DRP POUR L'ACQUISITION ET L'INSTALLATION D'ANTIVIRUS RESEAU AU PROFIT DE L'ASSEMBLE NATIONALE<\/td><td class=\"column-2\"><a href=\"https:\/\/assemblee-nationale.bj\/wp-content\/uploads\/2023\/09\/PROCES-VERBAL-DOUVERTURE-DES-PLIS-RELATIFS-A-LA-DRP-POUR-LACQUISITION-ET-LINSTALLATION-DANTIVIRUS-RES.pdf\" rel=\"noopener\" target=\"_blank\">T\u00e9l\u00e9charger<\/a><\/td><td class=\"column-3\"><\/td><td class=\"column-4\"><\/td>\n<\/tr>\n<tr class=\"row-196 even\">\n\t<td class=\"column-1\">AVIS DE LA DRP RELATIVE AU RECRUTEMENT D'UN PRESTATAIRE DE SERVICES POUR LA MISE EN PLACE D'UN DISPOSITIF DE SAUVEGARDE NAS AU PROFIT DE L'ASSEMBLEE NATIONALE<\/td><td class=\"column-2\"><a href=\"https:\/\/assemblee-nationale.bj\/wp-content\/uploads\/2023\/09\/AVIS-DE-LA-DRP-RELATIVE-AU-RECRUTEMENT-DUN-PRESTATAIRE-DE-SERVICES-POUR-LA-MISE-EN-PLACE-DUN-DISPOSITIF.pdf\" rel=\"noopener\" target=\"_blank\">T\u00e9l\u00e9charger<\/a><\/td><td class=\"column-3\"><\/td><td class=\"column-4\"><\/td>\n<\/tr>\n<tr class=\"row-197 odd\">\n\t<td class=\"column-1\">PROCES VERBAL D'OUVERTURE DES PLIS RELATIFS A LA DRP POUR LE RECRUTEMENT D'UN PRESTATAIRE DE SERVICES POUR L'EDITION DE LA REVUE SEMESTRIELLE EN COULEUR, L'EDITION DES JOURNAUX DES DEBATS PARLEMENTAIRES ET DES COMPTES RENDUS SOMMAIRES DES SEANCES PLENIERES AU PROFIT DE L'ADMINISTRATION PARLEMENTAIRE<\/td><td class=\"column-2\"><a href=\"https:\/\/assemblee-nationale.bj\/wp-content\/uploads\/2023\/09\/PROCES-VERBAL-DOUVERTURE-DES-PLIS-RELATIFS-A-LA-DRP-POUR-LE-RECRUTEMENT-DUN-PRESTATAIRE-DE-SERVICES-POU-1.pdf\" rel=\"noopener\" target=\"_blank\">T\u00e9l\u00e9charger<\/a><\/td><td class=\"column-3\"><\/td><td class=\"column-4\"><\/td>\n<\/tr>\n<tr class=\"row-198 even\">\n\t<td class=\"column-1\">PV D\u2019ATTRIBUTION PROVISOIRE RELATIVE A LA DAO POUR LA SELECTION D'UNE ENTREPRISE POUR LES TRAVAUX DE REFECTION ET D'EQUIPEMENTS DU CABINET DU PRESIDENT DE L'ASSEMBLEE NATIONALE ET DES BUREAUX DES AUTRES MEMBRES DE LA CONFERENCE DES PRESIDENTS DE L'ASSEMBLEE NATIONALE<\/td><td class=\"column-2\"><a href=\"https:\/\/assemblee-nationale.bj\/wp-content\/uploads\/2023\/09\/PV-DATTRIBUTION-TRAVAUX.pdf\" rel=\"noopener\" target=\"_blank\">T\u00e9l\u00e9charger<\/a><\/td><td class=\"column-3\"><\/td><td class=\"column-4\"><\/td>\n<\/tr>\n<tr class=\"row-199 odd\">\n\t<td class=\"column-1\">PV D'ATTRIBUTION PROVISOIRE DE LA DRP RELATIVE A L'ACQUISITION ET A L'INSTALLATION DES EQUIPEMENTS ET MATERIELS AU PROFIT DE LA TELEVISION HEMICYCLE<\/td><td class=\"column-2\"><a href=\"https:\/\/assemblee-nationale.bj\/wp-content\/uploads\/2023\/09\/PV-ATTRIBUTION-EQUIPEMENTS-TV.pdf\" rel=\"noopener\" target=\"_blank\">T\u00e9l\u00e9charger<\/a><\/td><td class=\"column-3\"><\/td><td class=\"column-4\"><\/td>\n<\/tr>\n<tr class=\"row-200 even\">\n\t<td class=\"column-1\">PV Ouverture DRP relative \u00e0 l'acquisition de licence groupe Microsoft Windows pro et de Licence Office pro au profit de l'Assembl\u00e9e nationale<\/td><td class=\"column-2\"><a href=\"https:\/\/assemblee-nationale.bj\/wp-content\/uploads\/2023\/09\/PV-Ouverture-DRP-relative-\u00e0-lacquisition-de-licence-groupe-Microsoft-Windows-pro-et-de-Licence-Office-pr.pdf\" rel=\"noopener\" target=\"_blank\">T\u00e9l\u00e9charger<\/a><\/td><td class=\"column-3\"><\/td><td class=\"column-4\"><\/td>\n<\/tr>\n<tr class=\"row-201 odd\">\n\t<td class=\"column-1\">AVIS DE LA DRP RELATIVE AU RECRUTEMENT D'UN PRESTATAIRE DE SERVICES POUR LA CONFECTION DES TENUES DES HUISSIERS PARLEMENTAIRES<\/td><td class=\"column-2\"><a href=\"https:\/\/assemblee-nationale.bj\/wp-content\/uploads\/2023\/09\/AVIS-DE-LA-DRP-RELATIVE-AU-RECRUTEMENT-DUN-PRESTATAIRE-DE-SERVICES-POUR-LA-CONFECTION-DES-TENUES-DES-HUI.pdf\" rel=\"noopener\" target=\"_blank\">T\u00e9l\u00e9charger<\/a><\/td><td class=\"column-3\"><\/td><td class=\"column-4\"><\/td>\n<\/tr>\n<tr class=\"row-202 even\">\n\t<td class=\"column-1\">AVIS DE LA DRP RELATIVE A L'ACQUISITION ET L'INSTALLATION D'ANTIVIRUS RE\u0301SEAU AU PROFIT DE L'ASSEMBLEE NATIONALE<\/td><td class=\"column-2\"><a href=\"https:\/\/assemblee-nationale.bj\/wp-content\/uploads\/2023\/09\/AVIS-DE-LA-DRP-RELATIVE-A-LACQUISITION-ET-LINSTALLATION-DANTIVIRUS-RE\u0301SEAU-AU-PROFIT-DE-LASSEMBLE.pdf\" rel=\"noopener\" target=\"_blank\">T\u00e9l\u00e9charger<\/a><\/td><td class=\"column-3\"><\/td><td class=\"column-4\"><\/td>\n<\/tr>\n<tr class=\"row-203 odd\">\n\t<td class=\"column-1\">AVIS DE LA DAO RELATIVE A L\u2019ACQUISITION DE VINGT-QUATRE  (24) VEHICULES A QUATRE (04) ROUES AU PROFIT DU PRESIDENT DE L\u2019ASSEMBLEE NATIONALE, DES PRESIDENTS DES COMMISSIONS PERMANENTES, DES PRESIDENTS DES GROUPES PARLEMENTAIRES, DES AUTORITES POLITICO-ADMINISTRATIVES ET DU PARC AUTOMOBILE DE L'ASSEMBLEE NATIONALE<\/td><td class=\"column-2\"><a href=\"https:\/\/assemblee-nationale.bj\/wp-content\/uploads\/2023\/09\/AVIS-DE-LA-DAO-RELATIVE-A-L\u2019ACQUISITION-DE-VINGT-QUATRE-24-VEHICULES-A-QUATRE-04-ROUES-AU-PROFIT.pdf\" rel=\"noopener\" target=\"_blank\">T\u00e9l\u00e9charger<\/a><\/td><td class=\"column-3\"><\/td><td class=\"column-4\"><\/td>\n<\/tr>\n<tr class=\"row-204 even\">\n\t<td class=\"column-1\">Avis DRP relatif au recrutement d\u2019un prestataire de services pour l\u2019\u00e9dition de la revue semestrielle en couleur, l\u2019\u00e9dition des journaux des d\u00e9bats parlementaires et des comptes rendus sommaires des s\u00e9ances pl\u00e9ni\u00e8res au profit de l\u2019Administration parlementaire<\/td><td class=\"column-2\"><a href=\"https:\/\/assemblee-nationale.bj\/wp-content\/uploads\/2023\/09\/Avis-DRP-relatif-au-recrutement-d\u2019un-prestataire-de-services-pour-l\u2019\u00e9dition-de-la-revue-semestrielle-en-c.pdf\" rel=\"noopener\" target=\"_blank\">T\u00e9l\u00e9charger<\/a><\/td><td class=\"column-3\"><\/td><td class=\"column-4\"><\/td>\n<\/tr>\n<tr class=\"row-205 odd\">\n\t<td class=\"column-1\">AVIS DRP relatif \u00e0 l'acquisition de licence groupe Microsoft Windows Pro et de licence office pro au profit de l'Assembl\u00e9e nationale<\/td><td class=\"column-2\"><a href=\"https:\/\/assemblee-nationale.bj\/wp-content\/uploads\/2023\/08\/AVIS-DRP-relatif-\u00e0-lacquisition-de-licence-groupe-Microsoft-Windows-Pro-et-de-l.pdf\" rel=\"noopener\" target=\"_blank\">T\u00e9l\u00e9charger<\/a><\/td><td class=\"column-3\"><\/td><td class=\"column-4\"><\/td>\n<\/tr>\n<tr class=\"row-206 even\">\n\t<td class=\"column-1\">PV Ouverture de la relance de la DRP n\u00b0006 du 11 juillet 2023 relatif \u00e0 l'acquisition et l'installation des \u00e9quipements et mat\u00e9riels au profit de la T\u00e9l\u00e9vision H\u00e9micycle<\/td><td class=\"column-2\"><a href=\"https:\/\/assemblee-nationale.bj\/wp-content\/uploads\/2023\/08\/PV-Ouverture-de-la-relance-de-la-DRP-n\u00b0006-du-11-juillet-2023-relatif-\u00e0-lacquis.pdf\" rel=\"noopener\" target=\"_blank\">T\u00e9l\u00e9charger<\/a><\/td><td class=\"column-3\"><\/td><td class=\"column-4\"><\/td>\n<\/tr>\n<tr class=\"row-207 odd\">\n\t<td class=\"column-1\">PV Ouverture AON relatif \u00e0 la s\u00e9lection d'une entreprise pour les travaux de r\u00e9fection et d'\u00e9quipements du cabinet du Pr\u00e9sident de l'Assembl\u00e9e nationale et des bureaux des autres membres de la conf\u00e9rence des Pr\u00e9sidents de l'Assembl\u00e9e nationale<\/td><td class=\"column-2\"><a href=\"https:\/\/assemblee-nationale.bj\/wp-content\/uploads\/2023\/08\/PV-Ouverture-AON-relatif-\u00e0-la-S\u00e9lection-dune-entreprise-pour-les-travaux-de-r\u00e9f.pdf\" rel=\"noopener\" target=\"_blank\">T\u00e9l\u00e9charger<\/a><\/td><td class=\"column-3\"><\/td><td class=\"column-4\"><\/td>\n<\/tr>\n<tr class=\"row-208 even\">\n\t<td class=\"column-1\">Plan de Passation des March\u00e9s Publics version num\u00e9ro 3 Gestion 2023<\/td><td class=\"column-2\"><a href=\"https:\/\/assemblee-nationale.bj\/wp-content\/uploads\/2023\/08\/Plan-de-Passation-des-March\u00e9s-Publics-version-num\u00e9ro-3-Gestion-2023.pdf\" rel=\"noopener\" target=\"_blank\">T\u00e9l\u00e9charger<\/a><\/td><td class=\"column-3\"><\/td><td class=\"column-4\"><\/td>\n<\/tr>\n<tr class=\"row-209 odd\">\n\t<td class=\"column-1\">Avis de relance de la DRP n\u00b0006 du 11 juillet 2023 relatif \u00e0 l'acquisition et \u00e0 l'installation des \u00e9quipements et mat\u00e9riels au profit de la T\u00e9l\u00e9vision\u00a0H\u00e9micycle<\/td><td class=\"column-2\"><a href=\"https:\/\/assemblee-nationale.bj\/wp-content\/uploads\/2023\/08\/Avis-de-relance-de-la-DRP-n\u00b0006-du-11-juillet-2023-relatif-\u00e0-lacquisition-et-l.pdf\" rel=\"noopener\" target=\"_blank\">T\u00e9l\u00e9charger<\/a><\/td><td class=\"column-3\"><\/td><td class=\"column-4\"><\/td>\n<\/tr>\n<tr class=\"row-210 even\">\n\t<td class=\"column-1\">AVIS AON relatif \u00e0 la S\u00e9lection d'une entreprise pour les travaux de r\u00e9fection et d'\u00e9quipements du cabinet du Pr\u00e9sident de l'Assembl\u00e9e nationale et des bureaux des autres membres de la conf\u00e9rence des Pr\u00e9sidents de l'Assembl\u00e9e\u00a0nationale<\/td><td class=\"column-2\"><a href=\"https:\/\/assemblee-nationale.bj\/wp-content\/uploads\/2023\/08\/AVIS-AON-relatif-\u00e0-la-S\u00e9lection-dune-entreprise-pour-les-travaux-de-r\u00e9fection-e.pdf\" rel=\"noopener\" target=\"_blank\">T\u00e9l\u00e9charger<\/a><\/td><td class=\"column-3\"><\/td><td class=\"column-4\"><\/td>\n<\/tr>\n<tr class=\"row-211 odd\">\n\t<td class=\"column-1\">PV d'infructuosit\u00e9 de la DRP relative \u00e0 l'acquisition et l'installation des \u00e9quipements et mat\u00e9riels au profit de la T\u00e9l\u00e9vision H\u00e9micycle<\/td><td class=\"column-2\"><a href=\"https:\/\/assemblee-nationale.bj\/wp-content\/uploads\/2023\/07\/PV-dinfructuosit\u00e9-de-la-DRP-relative-\u00e0-lacquisition-et-linstallation-des-\u00e9qui.pdf\" rel=\"noopener\" target=\"_blank\">T\u00e9l\u00e9charger<\/a><\/td><td class=\"column-3\"><\/td><td class=\"column-4\"><\/td>\n<\/tr>\n<tr class=\"row-212 even\">\n\t<td class=\"column-1\">PV Attribution Provisoire  de la DRP relative au recrutement d'un prestataire de services pour les travaux d'\u00e9dition et d'impression de la biographie des d\u00e9put\u00e9s des 7\u00e8 et 8\u00e8 l\u00e9gislature de l'Assembl\u00e9e nationale du B\u00e9nin<\/td><td class=\"column-2\"><a href=\"https:\/\/assemblee-nationale.bj\/wp-content\/uploads\/2023\/07\/PV-Attribution-Provisoire-de-la-DRP-relative-au-recrutement-dun-prestataire-de.pdf\" rel=\"noopener\" target=\"_blank\">T\u00e9l\u00e9charger<\/a><\/td><td class=\"column-3\"><\/td><td class=\"column-4\"><\/td>\n<\/tr>\n<tr class=\"row-213 odd\">\n\t<td class=\"column-1\">PV d'ouverture des plis relatifs \u00e0 la DRP relative au recrutement d'un prestataire de services pour les travaux d'\u00e9dition et d'impression de la biographie des d\u00e9put\u00e9s des 7\u00e8 et 8\u00e8 l\u00e9gislature de l'Assembl\u00e9e nationale du B\u00e9nin <\/td><td class=\"column-2\"><a href=\"https:\/\/assemblee-nationale.bj\/wp-content\/uploads\/2023\/07\/PV-douverture-des-plis-relatifs-\u00e0-la-DRP-relative-au-recrutement-dun-prestatai.pdf\" rel=\"noopener\" target=\"_blank\">T\u00e9l\u00e9charger<\/a><\/td><td class=\"column-3\"><\/td><td class=\"column-4\"><\/td>\n<\/tr>\n<tr class=\"row-214 even\">\n\t<td class=\"column-1\">Avis de la DRP relative \u00e0 l'acquisition et \u00e0 l'installation des \u00e9quipements et mat\u00e9riels au profit de la T\u00e9l\u00e9vision H\u00e9micycle<\/td><td class=\"column-2\"><a href=\"https:\/\/assemblee-nationale.bj\/wp-content\/uploads\/2023\/07\/Avis-de-la-DRP-relative-\u00e0-lacquisition-et-\u00e0-linstallation-des-\u00e9quipements-et-m.pdf\" rel=\"noopener\" target=\"_blank\">T\u00e9l\u00e9charger<\/a><\/td><td class=\"column-3\"><\/td><td class=\"column-4\"><\/td>\n<\/tr>\n<tr class=\"row-215 odd\">\n\t<td class=\"column-1\">Rapport AMI 2\u00e8 SEMESTRE <\/td><td class=\"column-2\"><a href=\"https:\/\/assemblee-nationale.bj\/wp-content\/uploads\/2023\/08\/Rapport-AMI-2\u00e8-SEM.pdf\" rel=\"noopener\" target=\"_blank\">T\u00e9l\u00e9charger<\/a><\/td><td class=\"column-3\"><\/td><td class=\"column-4\"><\/td>\n<\/tr>\n<tr class=\"row-216 even\">\n\t<td class=\"column-1\">PV Ouverture AMI 2\u00e8 SEMESTRE <\/td><td class=\"column-2\"><a href=\"https:\/\/assemblee-nationale.bj\/wp-content\/uploads\/2023\/08\/PV-Ouverture-AMI-2\u00e8-SEM.pdf\" rel=\"noopener\" target=\"_blank\">T\u00e9l\u00e9charger<\/a><\/td><td class=\"column-3\"><\/td><td class=\"column-4\"><\/td>\n<\/tr>\n<tr class=\"row-217 odd\">\n\t<td class=\"column-1\">PV ATTRIBUTION PROVISOIRE DU MARCHE RELATIF A L\u2019ACQUISITION ET INSTALLATION DE TROIS (03) GROUPES ELECTROGENES AU PROFIT DES QUESTEURS ET DE L'ADMINISTRATION PARLEMENTAIRE DE L'ASSEMBLEE NATIONALE<\/td><td class=\"column-2\"><a href=\"https:\/\/assemblee-nationale.bj\/wp-content\/uploads\/2023\/07\/PV-ATTRIBUTION-PROVISOIRE-DU-MARCHE-RELATIF-A-L\u2019ACQUISITION-ET-INSTALLATION-DE-TROIS-03-GROUPES-ELECTROGENES-AU-PROFIT-DES-QUESTEURS-ET-DE-LADMINISTRATION-PARLEMENTAIRE-DE-LASSEMBLEE-NATIONALE.pdf\" rel=\"noopener\" target=\"_blank\">T\u00e9l\u00e9charger<\/a><\/td><td class=\"column-3\"><\/td><td class=\"column-4\"><\/td>\n<\/tr>\n<tr class=\"row-218 even\">\n\t<td class=\"column-1\">AVIS de la DRP relative au recrutement d'un prestataire de services pour les travaux d'\u00e9dition et d'impression de la biographie des d\u00e9put\u00e9s des 7\u00e8 et 8\u00e8 l\u00e9gislature de l'Assembl\u00e9e nationale du B\u00e9nin<\/td><td class=\"column-2\"><a href=\"https:\/\/assemblee-nationale.bj\/wp-content\/uploads\/2023\/07\/AVIS-de-la-DRP-relative-au-recrutement-dun-prestataire-de-services-pour-les-tra.pdf\" rel=\"noopener\" target=\"_blank\">T\u00e9l\u00e9charger<\/a><\/td><td class=\"column-3\"><\/td><td class=\"column-4\"><\/td>\n<\/tr>\n<tr class=\"row-219 odd\">\n\t<td class=\"column-1\">PV d'infructuosit\u00e9 de la relance de la DRP relative au recrutement d\u2019un prestataire de services pour la confection des tenues des huissiers parlementaires<\/td><td class=\"column-2\"><a href=\"https:\/\/assemblee-nationale.bj\/wp-content\/uploads\/2023\/07\/PV-dinfructuosit\u00e9-de-la-relance-de-la-DRP-relative-au-recrutement-d\u2019un-prestataire-de-services-pour-la-confection-des-tenues-des-huissiers-parlementaires.pdf\" rel=\"noopener\" target=\"_blank\">T\u00e9l\u00e9charger<\/a><\/td><td class=\"column-3\"><\/td><td class=\"column-4\"><\/td>\n<\/tr>\n<tr class=\"row-220 even\">\n\t<td class=\"column-1\">Avis de relance de la DRP relative au recrutement d\u2019un prestataire de services pour la confection des tenues des huissiers parlementaires<\/td><td class=\"column-2\"><a href=\"https:\/\/assemblee-nationale.bj\/wp-content\/uploads\/2023\/07\/Avis-de-relance-de-la-DRP-relative-au-recrutement-d\u2019un-prestataire-de-services-p.pdf\" rel=\"noopener\" target=\"_blank\">T\u00e9l\u00e9charger<\/a><\/td><td class=\"column-3\"><\/td><td class=\"column-4\"><\/td>\n<\/tr>\n<tr class=\"row-221 odd\">\n\t<td class=\"column-1\">PV OUVERTURE relatif \u00e0 l'acquisition et l'installation de trois (03) groupes \u00e9lectrog\u00e8nes au profit des questeurs et de l'administration parlementaire de l'Assembl\u00e9e nationale<\/td><td class=\"column-2\"><a href=\"https:\/\/assemblee-nationale.bj\/wp-content\/uploads\/2023\/07\/PV-OUVERTURE-relatif-\u00e0-lacquisition-et-linstallation-de-trois-03-groupes-\u00e9lectrog\u00e8nes-au-profit-des-questeurs-et-de-ladministration-parlementaire-de-lAssembl\u00e9e-nationale.pdf\" rel=\"noopener\" target=\"_blank\">T\u00e9l\u00e9charger<\/a><\/td><td class=\"column-3\"><\/td><td class=\"column-4\"><\/td>\n<\/tr>\n<tr class=\"row-222 even\">\n\t<td class=\"column-1\">Avis \u00e0 manisfestation d'int\u00e9ret (AMI) du second semestre pour la constitution du r\u00e9pertoire des fournisseurs, des prestataires de services et des entrepreneurs de l'Assembl\u00e9e nationale du B\u00e9nin, gestion 2023<\/td><td class=\"column-2\"><a href=\"https:\/\/assemblee-nationale.bj\/wp-content\/uploads\/2023\/07\/AMI-2nd-SEMESTRE.pdf\" rel=\"noopener\" target=\"_blank\">T\u00e9l\u00e9charger<\/a><\/td><td class=\"column-3\"><\/td><td class=\"column-4\"><\/td>\n<\/tr>\n<tr class=\"row-223 odd\">\n\t<td class=\"column-1\">Avis DRP relatif \u00e0 l'Acquisition et l'installation de trois (03) Groupes \u00e9lectrog\u00e8nes au profit des questeurs et de l'administration parlementaire de l'Assembl\u00e9e nationale<\/td><td class=\"column-2\"><a href=\"https:\/\/assemblee-nationale.bj\/wp-content\/uploads\/2023\/07\/Avis-DRP-relatif-\u00e0-lAcquisition-et-linstallation-de-trois-03-Groupes-\u00e9lectro.pdf\" rel=\"noopener\" target=\"_blank\">T\u00e9l\u00e9charger<\/a><\/td><td class=\"column-3\"><\/td><td class=\"column-4\"><\/td>\n<\/tr>\n<tr class=\"row-224 even\">\n\t<td class=\"column-1\">PV ATTRIBUTION PROVISOIRE relatif \u00e0 l\u2019acquisition et \u00e0 l\u2019installation de divers mat\u00e9riels informatiques et \u00e9lectriques  au profit de l\u2019Assembl\u00e9e nationale, des d\u00e9put\u00e9s et de certains suppl\u00e9ants des d\u00e9put\u00e9s de l\u2019Assembl\u00e9e nationale<\/td><td class=\"column-2\"><a href=\"https:\/\/assemblee-nationale.bj\/wp-content\/uploads\/2023\/06\/PV-ATTRIBUTION-PROVISOIRE-relatif-\u00e0-l\u2019acquisition-et-\u00e0-l\u2019installation-de-divers-mat\u00e9riels-informatiques-et-\u00e9lectriques-au-profit-de-l\u2019Assembl\u00e9e-nationale.pdf\" rel=\"noopener\" target=\"_blank\">T\u00e9l\u00e9charger<\/a><\/td><td class=\"column-3\"><\/td><td class=\"column-4\"><\/td>\n<\/tr>\n<tr class=\"row-225 odd\">\n\t<td class=\"column-1\">PV d'infructuosit\u00e9 de la DRP relative au recrutement d'un prestataire de services pour la confection des tenues des huissiers parlementaires<\/td><td class=\"column-2\"><a href=\"https:\/\/assemblee-nationale.bj\/wp-content\/uploads\/2023\/06\/PV-dinfructuosit\u00e9-de-la-DRP-relative-au-recrutement-dun-prestataire-de-service.pdf\" rel=\"noopener\" target=\"_blank\">T\u00e9l\u00e9charger<\/a><\/td><td class=\"column-3\"><\/td><td class=\"column-4\"><\/td>\n<\/tr>\n<tr class=\"row-226 even\">\n\t<td class=\"column-1\">Avis de DRP relative au recrutement d'un prestataire de services pour la confection des tenues des huissiers parlemmentaires<\/td><td class=\"column-2\"><a href=\"https:\/\/assemblee-nationale.bj\/wp-content\/uploads\/2023\/06\/Avis-de-DRP-relative-au-recrutement-dun-prestataire-de-services-pour-la-confect.pdf\" rel=\"noopener\" target=\"_blank\">T\u00e9l\u00e9charger<\/a><\/td><td class=\"column-3\"><\/td><td class=\"column-4\"><\/td>\n<\/tr>\n<tr class=\"row-227 odd\">\n\t<td class=\"column-1\">PV Ouverture DAO acquisition et installation de divers Mat\u00e9riels informatiques et \u00e9lectriques au profit de l'Assembl\u00e9e nationale, des d\u00e9put\u00e9s et de certains suppl\u00e9ants des d\u00e9put\u00e9s de l'Assembl\u00e9e nationale<\/td><td class=\"column-2\"><a href=\"https:\/\/assemblee-nationale.bj\/wp-content\/uploads\/2023\/06\/PV-Ouverture-DAO-acquisition-et-installationde-divers-Mat\u00e9riels-informatiques-et-\u00e9lectriques-au-profit-de-lAssembl\u00e9e-nationale.pdf\" rel=\"noopener\" target=\"_blank\">T\u00e9l\u00e9charger<\/a><\/td><td class=\"column-3\"><\/td><td class=\"column-4\"><\/td>\n<\/tr>\n<tr class=\"row-228 even\">\n\t<td class=\"column-1\">PV d'attribution relatif \u00e0 l'achat de fournitures et consommables de bureau au profit l'administration parlementaire<\/td><td class=\"column-2\"><a href=\"https:\/\/assemblee-nationale.bj\/wp-content\/uploads\/2023\/06\/PV_dattribution_relatif_\u00e0_lachat_de_fournitures_et_consommables_de_bureau_au_profit_ladministration_parlementaire.pdf\" rel=\"noopener\" target=\"_blank\">T\u00e9l\u00e9charger<\/a><\/td><td class=\"column-3\"><\/td><td class=\"column-4\"><\/td>\n<\/tr>\n<tr class=\"row-229 odd\">\n\t<td class=\"column-1\">Avis DAO acquisition et installation de divers Mat\u00e9riels informatiques et \u00e9lectriques au profit de l'Assembl\u00e9e nationale, des d\u00e9put\u00e9s et de certains suppl\u00e9ants des d\u00e9put\u00e9s de l'Assembl\u00e9e nationale<\/td><td class=\"column-2\"><a href=\"https:\/\/assemblee-nationale.bj\/wp-content\/uploads\/2023\/06\/Avis-DAO-acquisition-et-installationde-divers-Mat\u00e9riels-informatiques-et-\u00e9lectri.pdf\" rel=\"noopener\" target=\"_blank\">T\u00e9l\u00e9charger<\/a><\/td><td class=\"column-3\"><\/td><td class=\"column-4\"><\/td>\n<\/tr>\n<tr class=\"row-230 even\">\n\t<td class=\"column-1\">PV Ouverture DRP relative \u00e0 l' Achat de fournitures et consommables de bureau au profit de l'Administration parlementaire<\/td><td class=\"column-2\"><a href=\"https:\/\/assemblee-nationale.bj\/wp-content\/uploads\/2023\/06\/PV-Ouverture-DRP-relative-\u00e0-l-Achat-de-fournitures-et-consommables-de-bureau-au-profit-de-lAdministration-parlementaire.pdf\" rel=\"noopener\" target=\"_blank\">T\u00e9l\u00e9charger<\/a><\/td><td class=\"column-3\"><\/td><td class=\"column-4\"><\/td>\n<\/tr>\n<tr class=\"row-231 odd\">\n\t<td class=\"column-1\">Avis de Demande de Renseignements et de Prix relatif \u00e0 l'achat de fournitures et consommables de bureau au profit de l'Administration<\/td><td class=\"column-2\"><a href=\"https:\/\/assemblee-nationale.bj\/wp-content\/uploads\/2023\/06\/Avis-de-Demande-de-Renseignements-et-de-Prix-relatif-\u00e0-lachat-de-fournitures-et-consommables-de-bureau-au-profit-de-lAdministration-parlementaire.pdf\" rel=\"noopener\" target=\"_blank\">T\u00e9l\u00e9charger<\/a><\/td><td class=\"column-3\"><\/td><td class=\"column-4\"><\/td>\n<\/tr>\n<tr class=\"row-232 even\">\n\t<td class=\"column-1\">Plan de Passation des March\u00e9s Publics r\u00e9vis\u00e9 Version n\u00b02 de l'Assembl\u00e9e nationale<\/td><td class=\"column-2\"><a href=\"https:\/\/assemblee-nationale.bj\/wp-content\/uploads\/2023\/05\/Plan-de-Passation-des-March\u00e9s-Publics-r\u00e9vis\u00e9-Version-n\u00b02-de-lAssembl\u00e9e-nationale.pdf\" rel=\"noopener\" target=\"_blank\">T\u00e9l\u00e9charger<\/a><\/td><td class=\"column-3\"><\/td><td class=\"column-4\"><\/td>\n<\/tr>\n<tr class=\"row-233 odd\">\n\t<td class=\"column-1\">Rapport AMI 1er SEM 2023<\/td><td class=\"column-2\"><a href=\"https:\/\/assemblee-nationale.bj\/wp-content\/uploads\/2023\/08\/Rapport-AMI-1er-SEM-2023.pdf\" rel=\"noopener\" target=\"_blank\">T\u00e9l\u00e9charger<\/a><\/td><td class=\"column-3\"><\/td><td class=\"column-4\"><\/td>\n<\/tr>\n<tr class=\"row-234 even\">\n\t<td class=\"column-1\">PV Ouverture Ami 1er SEM 2023<\/td><td class=\"column-2\"><a href=\"https:\/\/assemblee-nationale.bj\/wp-content\/uploads\/2023\/08\/PV-Ouverture-Ami-1er-SEM-2023.pdf\" rel=\"noopener\" target=\"_blank\">T\u00e9l\u00e9charger<\/a><\/td><td class=\"column-3\"><\/td><td class=\"column-4\"><\/td>\n<\/tr>\n<tr class=\"row-235 odd\">\n\t<td class=\"column-1\">Avis \u00e0 Manifestation d'Int\u00e9ret du 1er semestre 2023 relatif au r\u00e9pertoire des fournisseurs, des prestataires et des entrepreneurs de l'Assembl\u00e9e nationale<\/td><td class=\"column-2\"><a href=\"https:\/\/assemblee-nationale.bj\/wp-content\/uploads\/2023\/05\/Avis-\u00e0-Manifestation-dInt\u00e9ret-du-1er-semestre-2023-relatif-au-r\u00e9pertoire-des-fournisseurs-des-prestataires-et-des-entrepreneurs-de-lAssembl\u00e9e-nationale.pdf\" rel=\"noopener\" target=\"_blank\">T\u00e9l\u00e9charger<\/a><\/td><td class=\"column-3\"><\/td><td class=\"column-4\"><\/td>\n<\/tr>\n<tr class=\"row-236 even\">\n\t<td class=\"column-1\">PV attribution DRP relatif au Recrutement d'un prestataire de services pour la conclusion d'un accord cadre relatif \u00e0 l'entretien des espaces verts de l'AN et ses annexes(prorogation)<\/td><td class=\"column-2\"><a href=\"https:\/\/assemblee-nationale.bj\/wp-content\/uploads\/2023\/04\/PV-attribution-DRP-relatif-au-Recrutement-dun-prestataire-de-services-pour-la-conclusion-dun-accord-cadre-relatif-\u00e0-lentretien-des-espaces-verts-de-lAN-et-ses-annexesprorogation.pdf\" rel=\"noopener\" target=\"_blank\">T\u00e9l\u00e9charger<\/a><\/td><td class=\"column-3\"><\/td><td class=\"column-4\"><\/td>\n<\/tr>\n<tr class=\"row-237 odd\">\n\t<td class=\"column-1\">PV d'ouverture DRP relatif au recrutement d'un prestataire de services pour la conclusion d'un accord cadre relatif \u00e0 l'entretien espaces verts de l'Assembl\u00e9e nationale et ses annexes au titres des ann\u00e9es 2023 2024 2025<\/td><td class=\"column-2\"><a href=\"https:\/\/assemblee-nationale.bj\/wp-content\/uploads\/2023\/04\/PV-douverture-DRP-relatif-au-recrutement-dun-prerstataire-de-services-\u00e0-lentretien-espaces-verts-de-lAssembl\u00e9e-nationale-et-ses-annexes-au-titres-des-ann\u00e9es-2023-2024-2025.pdf\" rel=\"noopener\" target=\"_blank\">T\u00e9l\u00e9charger<\/a><\/td><td class=\"column-3\"><\/td><td class=\"column-4\"><\/td>\n<\/tr>\n<tr class=\"row-238 even\">\n\t<td class=\"column-1\">Avis DRP relatif au Recrutement d'un prestataire de services pour la conclusion d'un accord cadre relatif \u00e0 l'entretien des espaces verts de l'AN et ses annexes(prorogation de d\u00e9lai)<\/td><td class=\"column-2\"><a href=\"https:\/\/assemblee-nationale.bj\/wp-content\/uploads\/2023\/03\/Avis-DRP-relatif-au-Recrutement-dun-prestataire-de-services-pour-la-conclusion-dun-accord-cadre-relatif-\u00e0-lentretien-des-espaces-verts-de-lAN-et-ses-annexesprorogation-de-d\u00e9lai.pdf\" rel=\"noopener\" target=\"_blank\">T\u00e9l\u00e9charger<\/a><\/td><td class=\"column-3\"><\/td><td class=\"column-4\"><\/td>\n<\/tr>\n<tr class=\"row-239 odd\">\n\t<td class=\"column-1\">PV d'attribution provisoire relatif au DAO AU RECRUTEMENT DE PRESTATAIRES DE SERVICES POUR LA CONCLUSION D\u2019UN ACCORD CADRE RELATIF A L\u2019ENTRETIEN ET AU NETTOYAGE DES BATIMENTS ADMINISTRATIFS DE L\u2019ASSEMBLEE NATIONALE ET SES ANNEXES<\/td><td class=\"column-2\"><a href=\"https:\/\/assemblee-nationale.bj\/wp-content\/uploads\/2023\/03\/PV-dattribution-provisoire-relatif-au-DAO-AU-RECRUTEMENT-DE-PRESTATAIRES-DE-SERVICES-POUR-LA-CONCLUSION-D\u2019UN-ACCORD-CADRE-RELATIF-A-L\u2019ENTRETIEN-ET-AU-NETTOYAGE.pdf\" rel=\"noopener\" target=\"_blank\">T\u00e9l\u00e9charger<\/a><\/td><td class=\"column-3\"><\/td><td class=\"column-4\"><\/td>\n<\/tr>\n<tr class=\"row-240 even\">\n\t<td class=\"column-1\">PV CONSTATATION INSUFFISANCE DE PLIS relatif \u00e0 la DRP recrutement d'un prestataire de service pour la conclusion d'un accord cadre relatif \u00e0 l'entretien espaces verts<\/td><td class=\"column-2\"><a href=\"https:\/\/assemblee-nationale.bj\/wp-content\/uploads\/2023\/03\/PV-CONSTATATION-INSUFFISANCE-DE-PLIS-relatif\u00e0-la-DRP-recrutement-dun-prestatire-de-service-pour-la-conclusion-dun-accord-cadre-relatif-\u00e0-lentretien-espaces-verts.pdf\" rel=\"noopener\" target=\"_blank\">T\u00e9l\u00e9charger<\/a><\/td><td class=\"column-3\"><\/td><td class=\"column-4\"><\/td>\n<\/tr>\n<tr class=\"row-241 odd\">\n\t<td class=\"column-1\">Avis DRP relatif au Recrutement d'un prestataire de services pour la conclusion d'un accord cadre relatif \u00e0 l'entretien des espaces verts de l'Assembl\u00e9e nationale et ses annexes 23,24,25<\/td><td class=\"column-2\"><a href=\"https:\/\/assemblee-nationale.bj\/wp-content\/uploads\/2023\/03\/Avis-DRP-relatif-au-Recrutement-dun-prestataire-de-services-pour-la-conclusion-dun-accord-cadre-relatif-\u00e0-lentretien-des-espaces-verts-de-lAssembl\u00e9e-nationale-et-ses-annexes-232425.pdf\" rel=\"noopener\" target=\"_blank\">T\u00e9l\u00e9charger<\/a><\/td><td class=\"column-3\"><\/td><td class=\"column-4\"><\/td>\n<\/tr>\n<tr class=\"row-242 even\">\n\t<td class=\"column-1\">PV Ouverture du DAO relatif au recrutement de prestataires de services pour la conclusion d'un accord cadre relatif \u00e0 l'entretien et au nettoyage des batiments administratifs de l'Assembl\u00e9e<\/td><td class=\"column-2\"><a href=\"https:\/\/assemblee-nationale.bj\/wp-content\/uploads\/2023\/03\/PV-Ouverture-du-DAO-relatif-au-recrutement-de-prestataires-de-services-pour-la-conclusion-dun-accord-cadre-relatif-\u00e0-lentretien-et-au-nettoyage-des-batiments-administratifs-de-lAssembl\u00e9e.pdf\" rel=\"noopener\" target=\"_blank\">T\u00e9l\u00e9charger<\/a><\/td><td class=\"column-3\"><\/td><td class=\"column-4\"><\/td>\n<\/tr>\n<tr class=\"row-243 odd\">\n\t<td class=\"column-1\">AVIS DAO RELATIF AU RECRUTEMENT DE PRESTATAIRES DE SERVICES POUR LA CONCLUSION D\u2019UN ACCORD CADRE RELATIF A L\u2019ENTRETIEN ET AU NETTOYAGE DES BATIMENTS ADMINISTRATIFS DE L\u2019ASSEMBLEE NATIONALE ET SES ANNEXES AU TITRE DES ANNEES 2023, 2024 ET 2025<\/td><td class=\"column-2\"><a href=\"https:\/\/assemblee-nationale.bj\/wp-content\/uploads\/2023\/03\/AVIS-DAO-RELATIF-AU-RECRUTEMENT-DE-PRESTATAIRES-DE-SERVICES-POUR-LA-CONCLUSION-DUN-ACCORD-CADRE-RELATIF-A-L\u2019ENTRETIEN-ET-AU-NETTOYAGE-DES-BATIMENTS-ADMINISTRATIFS-2023-2024-ET-2025.pdf\" rel=\"noopener\" target=\"_blank\">T\u00e9l\u00e9charger<\/a><\/td><td class=\"column-3\"><\/td><td class=\"column-4\"><\/td>\n<\/tr>\n<tr class=\"row-244 even\">\n\t<td class=\"column-1\">Avis d\u2019appel \u00e0 manifestation d\u2019int\u00e9r\u00eat (AMI) pour la constitution du r\u00e9pertoire des fournisseurs, des prestataires de services et des entrepreneurs de l\u2019Assembl\u00e9e nationale du B\u00e9nin, gestion 2023<\/td><td class=\"column-2\"><a href=\"https:\/\/assemblee-nationale.bj\/wp-content\/uploads\/2023\/01\/Avis-d\u2019appel-\u00e0-manifestation-d\u2019int\u00e9r\u00eat-AMI-pour-la-constitution-du-r\u00e9pertoire-des-fournisseurs-des-prestataires-de-services-et-des-entrepreneurs-de-l\u2019Assembl\u00e9e-nationale-du-B\u00e9nin-gestion-2023..pdf\" rel=\"noopener\" target=\"_blank\">T\u00e9l\u00e9charger<\/a><\/td><td class=\"column-3\"><\/td><td class=\"column-4\"><\/td>\n<\/tr>\n<tr class=\"row-245 odd\">\n\t<td class=\"column-1\">Avis d'attribution definitive du march\u00e9 relatif \u00e0 la s\u00e9lection d'une entreprise de BTP pour la r\u00e9alisation des travaux de r\u00e9fection de la salle polyvalente KOLAWOLE IDJI de l'Assembl\u00e9e nationale<\/td><td class=\"column-2\"><a href=\"https:\/\/assemblee-nationale.bj\/wp-content\/uploads\/2023\/01\/Avis-dattribution-definitive-du-march\u00e9-relatif-\u00e0-la-s\u00e9lection-dune-entreprise-de-BTP-pour-la-r\u00e9alisation-des-travaux-de-r\u00e9fection-de-la-salle-polyvalente-KOLAWOLE-IDJI-de-lAssembl\u00e9e-nationale.pdf\" rel=\"noopener\" target=\"_blank\">T\u00e9l\u00e9charger<\/a><\/td><td class=\"column-3\"><\/td><td class=\"column-4\"><\/td>\n<\/tr>\n<tr class=\"row-246 even\">\n\t<td class=\"column-1\">Avis d'attribution definitive du march\u00e9 relatif \u00e0 l'acquisition d'amplificateur, d'exciteur et d'une table de mixage au profit de la radio Hemicycle de l'Assembl\u00e9e nationale<\/td><td class=\"column-2\"><a href=\"https:\/\/assemblee-nationale.bj\/wp-content\/uploads\/2023\/01\/Avis-dattribution-definitive-du-march\u00e9-relatif-\u00e0-lacquisition-damplificateur-dexciteur-et-dune-table-de-mixage-au-profit-de-la-radio-Hemicycle-de-lAssembl\u00e9e-nationale.pdf\" rel=\"noopener\" target=\"_blank\">T\u00e9l\u00e9charger<\/a><\/td><td class=\"column-3\"><\/td><td class=\"column-4\"><\/td>\n<\/tr>\n<tr class=\"row-247 odd\">\n\t<td class=\"column-1\">Avis d'attribution definitive du march\u00e9 relatif au recrutement d'un prestataire de services pour les soins de beaut\u00e9 et de maquillage au profit des journalistes pr\u00e9sentateurs de la tv hemicycle<\/td><td class=\"column-2\"><a href=\"https:\/\/assemblee-nationale.bj\/wp-content\/uploads\/2023\/01\/Avis-dattribution-definitive-du-march\u00e9-relatif-au-recrutement-dun-prestataire-de-services-pour-les-soins-de-beaut\u00e9-et-de-maquillage-au-profit-des-journalistes-pr\u00e9sentateurs-de-la-tv-hemicycle.pdf\" rel=\"noopener\" target=\"_blank\">T\u00e9l\u00e9charger<\/a><\/td><td class=\"column-3\"><\/td><td class=\"column-4\"><\/td>\n<\/tr>\n<tr class=\"row-248 even\">\n\t<td class=\"column-1\">Avis G\u00e9n\u00e9ral de Passation des March\u00e9s Publics Gestion 2023<\/td><td class=\"column-2\"><a href=\"https:\/\/assemblee-nationale.bj\/wp-content\/uploads\/2023\/01\/Avis-G\u00e9n\u00e9ral-de-Passation-des-March\u00e9s-Publics-Gestion-2023.pdf\" rel=\"noopener\" target=\"_blank\">T\u00e9l\u00e9charger<\/a><\/td><td class=\"column-3\"><\/td><td class=\"column-4\"><\/td>\n<\/tr>\n<tr class=\"row-249 odd\">\n\t<td class=\"column-1\">PV Attribution Provisoire DRP 10-22 du 28 11 22 relatif au recrutement d'un prestataire de service pour les travaux d'\u00e9dition, d'impression et de mise sur cl\u00e9 USB personnalis\u00e9e du recueil des rapports d'activit\u00e9s du Pr\u00e9sident de l'Assembl\u00e9e nationale<\/td><td class=\"column-2\"><a href=\"https:\/\/assemblee-nationale.bj\/wp-content\/uploads\/2022\/12\/PV-Attribution-Provisoire-DRP-10-22-du-28-11-22-relatif-au-recrutement-dun-prestataire-de-service-pour-les-travaux-d\u00e9dition.pdf\" rel=\"noopener\" target=\"_blank\">T\u00e9l\u00e9charger<\/a><\/td><td class=\"column-3\"><\/td><td class=\"column-4\"><\/td>\n<\/tr>\n<tr class=\"row-250 even\">\n\t<td class=\"column-1\">PV Attribution AOON 002 22 du 24 11 22 relatif \u00e0 l'acquisition de cocardes, d'\u00e9charpes, et d'insignes au profit des d\u00e9put\u00e9s de la 9\u00e8me l\u00e9gislature<\/td><td class=\"column-2\"><a href=\"https:\/\/assemblee-nationale.bj\/wp-content\/uploads\/2022\/12\/PV-Attribution-AOON-002-22-du-24-11-22-relatif-\u00e0-lacquisition-de-cocardes-d\u00e9charpes-et-dinsignes-au-profit-des-d\u00e9put\u00e9s-de-la-9\u00e8me-l\u00e9gislature.pdf\" rel=\"noopener\" target=\"_blank\">T\u00e9l\u00e9charger<\/a><\/td><td class=\"column-3\"><\/td><td class=\"column-4\"><\/td>\n<\/tr>\n<tr class=\"row-251 odd\">\n\t<td class=\"column-1\">PV Ouverture DRP 10-22 du 28 11 22 relatif au recrutement d'un prestataire de service pour les travaux d'\u00e9dition, d'impression et de mise sur cl\u00e9 USB personnalis\u00e9e du recueil des rapports d'activit\u00e9s<\/td><td class=\"column-2\"><a href=\"https:\/\/assemblee-nationale.bj\/wp-content\/uploads\/2022\/12\/PV-Ouverture-DRP-10-22-du-28-11-22-relatif-au-recrutement-dun-prestataire-de-service-pour-les-travaux-d\u00e9dition.pdf\" rel=\"noopener\" target=\"_blank\">T\u00e9l\u00e9charger<\/a><\/td><td class=\"column-3\"><\/td><td class=\"column-4\"><\/td>\n<\/tr>\n<tr class=\"row-252 even\">\n\t<td class=\"column-1\">PV Ouverture AAO 002 du 24 11 22 relatif \u00e0 l'acquisition de cocardes, d'\u00e9charpes et d'insignes au profit des D\u00e9put\u00e9s de la 9\u00e8me l\u00e9gislature<\/td><td class=\"column-2\"><a href=\"https:\/\/assemblee-nationale.bj\/wp-content\/uploads\/2022\/12\/PV-Ouverture-AAO-002-du-24-11-22-relatif-\u00e0-lacquisition-de-cocardes-d\u00e9charpes-et-dinsignes-au-profit-des-D\u00e9put\u00e9s-de-la-9\u00e8me-l\u00e9gislature.pdf\" rel=\"noopener\" target=\"_blank\">T\u00e9l\u00e9charger<\/a><\/td><td class=\"column-3\"><\/td><td class=\"column-4\"><\/td>\n<\/tr>\n<tr class=\"row-253 odd\">\n\t<td class=\"column-1\">Avis de DAO relative \u00e0 l\u2019acquisition de cocardes, d\u2019\u00e9charpes et d\u2019insignes au profit des D\u00e9putes de la 9\u00e8me l\u00e9gislature<\/td><td class=\"column-2\"><a href=\"https:\/\/assemblee-nationale.bj\/wp-content\/uploads\/2022\/12\/Avis-de-DAO-relative-\u00e0-l\u2019acquisition-de-cocardes-d\u2019\u00e9charpes-et-d\u2019insignes-au-profit-des-D\u00e9putes-de-la-9\u00e8me-l\u00e9gislature.pdf\" rel=\"noopener\" target=\"_blank\">T\u00e9l\u00e9charger<\/a><\/td><td class=\"column-3\"><\/td><td class=\"column-4\"><\/td>\n<\/tr>\n<tr class=\"row-254 even\">\n\t<td class=\"column-1\">Avis de DRP relatif au recrutement d'un prestataire de service pour les travaux d'\u00e9dition, d'impression et de mise sur cl\u00e9 USB personnalis\u00e9e du recueil des rapports d'activit\u00e9s du Pr\u00e9sident de l'Assembl\u00e9e nationale de la 8\u00e8me L\u00e9gislature<\/td><td class=\"column-2\"><a href=\"https:\/\/assemblee-nationale.bj\/wp-content\/uploads\/2022\/12\/Avis-de-DRP-relatif-au-recrutement-dun-prestataire-de-service-pour-les-travaux-d\u00e9dition-dimpression-et-de-mise-sur-cl\u00e9-USB-personnalis\u00e9e-du-recueil-des-rapports-dactivit\u00e9s-du-Pr\u00e9sident-de-lAsse.pdf\" rel=\"noopener\" target=\"_blank\">T\u00e9l\u00e9charger<\/a><\/td><td class=\"column-3\"><\/td><td class=\"column-4\"><\/td>\n<\/tr>\n<tr class=\"row-255 odd\">\n\t<td class=\"column-1\">PV d'Attribution Provisoire Relatif \u00c0 La DRP Relative \u00e0 L'Acquisition et \u00e0 l'installation de divers mat\u00e9riels informatiques et \u00e9lectriques Relance au profit de l'Assembl\u00e9e nationale <\/td><td class=\"column-2\"><a href=\"https:\/\/assemblee-nationale.bj\/wp-content\/uploads\/2022\/12\/PV-dATTRI-PROVISOIRE-RELATIF-A-LA-DRP-RELTIVE-LACQUISITION-ET-A-LINSTALLATION-DE-DIVERS-MATERIELS-INFORMATIQUES-ET-ELECTRIQUES-RELANCE-AU-PROFIT-DE-LASSEMBLEE-NATIONALE.pdf\" rel=\"noopener\" target=\"_blank\">T\u00e9l\u00e9charger<\/a><\/td><td class=\"column-3\"><\/td><td class=\"column-4\"><\/td>\n<\/tr>\n<tr class=\"row-256 even\">\n\t<td class=\"column-1\">PV d'Ouverture relatif \u00e0 la DRP relative \u00e0 l'Acquisition et l'installation de divers mat\u00e9riels informatiques et \u00e9lectriques au profit de l'Assembl\u00e9e nationale et de certains mat\u00e9riels pour le fonctionnement de la mezzanine  (Relance)<\/td><td class=\"column-2\"><a href=\"https:\/\/assemblee-nationale.bj\/wp-content\/uploads\/2022\/11\/PV-dOuverture-relatif-\u00e0-la-DRP-relative-\u00e0-lAcquisition-et-linstallation-de-divers-mat\u00e9riels-informatiques-et-\u00e9lectriques-au-profit-de-lAssembl\u00e9e-nationaleRelance.pdf\" rel=\"noopener\" target=\"_blank\">T\u00e9l\u00e9charger<\/a><\/td><td class=\"column-3\"><\/td><td class=\"column-4\"><\/td>\n<\/tr>\n<tr class=\"row-257 odd\">\n\t<td class=\"column-1\">Avis de DRP relatif \u00e0 l'acquisition et l'installation de divers mat\u00e9riels informatiques et \u00e9lectriques au profit de l'Assembl\u00e9e nationale et de certains mat\u00e9riels pour le fonctionnement des appareils de la mezzanine (Relance)<\/td><td class=\"column-2\"><a href=\"https:\/\/assemblee-nationale.bj\/wp-content\/uploads\/2022\/11\/Avis-de-DRP-relatif-\u00e0-lacquisition-et-linstallation-de-divers-mat\u00e9riels-informatiques-et-\u00e9lectriques-au-profit-de-lAssembl\u00e9e-nationale-Relance.pdf\" rel=\"noopener\" target=\"_blank\">T\u00e9l\u00e9charger<\/a><\/td><td class=\"column-3\"><\/td><td class=\"column-4\"><\/td>\n<\/tr>\n<tr class=\"row-258 even\">\n\t<td class=\"column-1\">PV DE CONSTATATION D'ABSENCE DE PLIS<\/td><td class=\"column-2\"><a href=\"https:\/\/assemblee-nationale.bj\/wp-content\/uploads\/2022\/11\/PV-DE-CONSTATATION-DABSENCE-DE-PLIS.pdf\" rel=\"noopener\" target=\"_blank\">T\u00e9l\u00e9charger<\/a><\/td><td class=\"column-3\"><\/td><td class=\"column-4\"><\/td>\n<\/tr>\n<tr class=\"row-259 odd\">\n\t<td class=\"column-1\">Plan de Passation des March\u00e9s Publics Version N\u00ba4 r\u00e9vis\u00e9 le 14\/11\/2022<\/td><td class=\"column-2\"><a href=\"https:\/\/assemblee-nationale.bj\/wp-content\/uploads\/2022\/11\/PPMP-REVISE-VERSION-N\u00ba4-2022.pdf\" rel=\"noopener\" target=\"_blank\">T\u00e9l\u00e9charger<\/a><\/td><td class=\"column-3\"><\/td><td class=\"column-4\"><\/td>\n<\/tr>\n<tr class=\"row-260 even\">\n\t<td class=\"column-1\">Avis de Demande et de renseignements de prix relatif \u00e0 l'acquisition et l'installation de divers mat\u00e9riels informatiques et \u00e9lectriques  au profit de l'Assembl\u00e9e nationale et de certains mat\u00e9riels pour le fonctionnement des appareils de la mezzanine de l'Assembl\u00e9e nationale<\/td><td class=\"column-2\"><a href=\"https:\/\/assemblee-nationale.bj\/wp-content\/uploads\/2022\/11\/AVIS-DRP-n\u00b0008-22.pdf\" rel=\"noopener\" target=\"_blank\">T\u00e9l\u00e9charger<\/a><\/td><td class=\"column-3\"><\/td><td class=\"column-4\"><\/td>\n<\/tr>\n<tr class=\"row-261 odd\">\n\t<td class=\"column-1\">PV d'attribution provisoire relatif \u00e0 la DRP relative \u00e0 l'acquisition d'une cam\u00e9ra HF d'un moniteur de contr\u00f4le et de deux onduleurs au profit de la t\u00e9l\u00e9vision H\u00e9micycle<\/td><td class=\"column-2\"><a href=\"https:\/\/assemblee-nationale.bj\/wp-content\/uploads\/2022\/10\/PV-dattribution-provisoire-relatif-\u00e0-la-DRP-relative-\u00e0-lacquisition-dune-cam\u00e9ra-HF-dun-moniteur-de-controle-et-de-deux-onduleurs-au-profit-de-la-t\u00e9l\u00e9vision-H\u00e9micycle.pdf\" rel=\"noopener\" target=\"_blank\">T\u00e9l\u00e9charger<\/a><\/td><td class=\"column-3\"><\/td><td class=\"column-4\"><\/td>\n<\/tr>\n<tr class=\"row-262 even\">\n\t<td class=\"column-1\">PV d'Attribution provisoire relative au recrutement de prestataires de services pour l\u2019entretien et le nettoyage des b\u00e2timents administratifs de l\u2019Assembl\u00e9e nationale et ses annexes au titre de l\u2019ann\u00e9e 2022 (Relance Lot 3)<\/td><td class=\"column-2\"><a href=\"https:\/\/assemblee-nationale.bj\/wp-content\/uploads\/2022\/09\/PV-dAttribution-provisoire-relative-au-recrutement-de-prestataires-de-services-pour-l\u2019entretien-et-le-nettoyage-des-b\u00e2timents-administratifs-de-l\u2019Assembl\u00e9e-nationale.pdf\" rel=\"noopener\" target=\"_blank\">T\u00e9l\u00e9charger<\/a><\/td><td class=\"column-3\"><\/td><td class=\"column-4\"><\/td>\n<\/tr>\n<tr class=\"row-263 odd\">\n\t<td class=\"column-1\">PV d'ouverture relatif \u00e0 la demande de renseignements et de prix relative \u00e0 l'acquisition d'une cam\u00e9ra baladeuse HF d'un moniteur de controle et de deux onduleurs au profit de la T\u00e9l\u00e9vision H\u00e9micycle<\/td><td class=\"column-2\"><a href=\"https:\/\/assemblee-nationale.bj\/wp-content\/uploads\/2022\/09\/PV-douverture-relatif-\u00e0-la-demande-de-renseignements-et-de-prix-relative-\u00e0-lacquisition-dune-cam\u00e9ra-baladeuse-HF-dun-moniteur-de-controle-.pdf\" rel=\"noopener\" target=\"_blank\">T\u00e9l\u00e9charger<\/a><\/td><td class=\"column-3\"><\/td><td class=\"column-4\"><\/td>\n<\/tr>\n<tr class=\"row-264 even\">\n\t<td class=\"column-1\">Avis de demande et de renseignements de prix relatif \u00e0 l'acquisition d'une cam\u00e9ra baladeuse HF, d'un moniteur de controle et de deux onduleurs au profit de la T\u00e9l\u00e9vision H\u00e9micycle<\/td><td class=\"column-2\"><a href=\"https:\/\/assemblee-nationale.bj\/wp-content\/uploads\/2022\/09\/Avis-de-demande-et-de-renseignements-de-prix-relatif-\u00e0-lacquisition-dune-cam\u00e9ra-baladeuse-HF-dun-moniteur-de-controle-et-de-deux-onduleurs-au-profit-de-la-T\u00e9l\u00e9vision-H\u00e9micycle.pdf\" rel=\"noopener\" target=\"_blank\">T\u00e9l\u00e9charger<\/a><\/td><td class=\"column-3\"><\/td><td class=\"column-4\"><\/td>\n<\/tr>\n<tr class=\"row-265 odd\">\n\t<td class=\"column-1\">PV d'Ouverture relatif \u00e0 l'Appel d'Offres relatif au recrutement d'un prestataire de services pour l'entretien et le nettoyage des b\u00e2timents administratifs de l'Assembl\u00e9e nationale et ses annexes au titre de l'ann\u00e9e 2022 (Relance Lot 3)<\/td><td class=\"column-2\"><a href=\"https:\/\/assemblee-nationale.bj\/wp-content\/uploads\/2022\/09\/PV-dOuverture-relatif-\u00e0-lAppel-dOffres-relatif-au-recrutrement-dun-prestataire-de-services-pour-lentretien-et-le-nettoyage-des-batiments-administratifs-de-lAssembl\u00e9e-nationale-et-ses-annexes-au.pdf\" rel=\"noopener\" target=\"_blank\">T\u00e9l\u00e9charger<\/a><\/td><td class=\"column-3\"><\/td><td class=\"column-4\"><\/td>\n<\/tr>\n<tr class=\"row-266 even\">\n\t<td class=\"column-1\">AVIS d'Appel d'Offres relatif au recrutement de prestataires de services pour l'entretien et le nettoyage des b\u00e2timents administratifs de l'Assembl\u00e9e nationale  et ses annexes au titre de l'ann\u00e9e 2022 (Relance Lot 3)<\/td><td class=\"column-2\"><a href=\"https:\/\/assemblee-nationale.bj\/wp-content\/uploads\/2022\/09\/AVIS-dAppel-dOffres-relatif-au-recrutement-de-prestataires-de-services-pour-lentretien-et-le-nettoyage-des-batiments-administratifs-de-lAssembl\u00e9e-nationale-et-ses-annexes-au-titre-de-lann\u00e9e-202.pdf\" rel=\"noopener\" target=\"_blank\">T\u00e9l\u00e9charger<\/a><\/td><td class=\"column-3\"><\/td><td class=\"column-4\"><\/td>\n<\/tr>\n<tr class=\"row-267 odd\">\n\t<td class=\"column-1\">PV Attribution provisoire relatif \u00e0 la Demande de Renseignements et de Prix relative \u00e0 l'acquisition d'Antivirus r\u00e9seau au profit de l'assembl\u00e9e nationale<\/td><td class=\"column-2\"><a href=\"https:\/\/assemblee-nationale.bj\/wp-content\/uploads\/2022\/08\/PV-Attribution-provisoire-relatif-\u00e0-la-Demande-de-Renseignements-et-de-Prix-relative-\u00e0-lacquisition-dAntivirus-r\u00e9seau-au-profit-de-lassembl\u00e9e-nationale.pdf\" rel=\"noopener\" target=\"_blank\">T\u00e9l\u00e9charger<\/a><\/td><td class=\"column-3\"><\/td><td class=\"column-4\"><\/td>\n<\/tr>\n<tr class=\"row-268 even\">\n\t<td class=\"column-1\">PV d'Ouverture des plis relatif \u00e0 l'Acquisition d'antivirus r\u00e9seau au profit de l'Assembl\u00e9e nationale <\/td><td class=\"column-2\"><a href=\"https:\/\/assemblee-nationale.bj\/wp-content\/uploads\/2022\/08\/PV-dOuverture-des-plis-relatif-\u00e0-lAcquisition-dantivirus-r\u00e9seau-au-profit-de-lAssembl\u00e9e-nationle.pdf\" rel=\"noopener\" target=\"_blank\">T\u00e9l\u00e9charger<\/a><\/td><td class=\"column-3\"><\/td><td class=\"column-4\"><\/td>\n<\/tr>\n<tr class=\"row-269 odd\">\n\t<td class=\"column-1\">Avis de Demande de Renseignements et de Prix relatifs \u00e0 l'Acquisition d'antivirus r\u00e9seau au profit de l'Assembl\u00e9e nationale<\/td><td class=\"column-2\"><a href=\"https:\/\/assemblee-nationale.bj\/wp-content\/uploads\/2022\/08\/AVIS-DRP-ANTI-VIRUS-1.pdf\" rel=\"noopener\" target=\"_blank\">T\u00e9l\u00e9charger<\/a><\/td><td class=\"column-3\"><\/td><td class=\"column-4\"><\/td>\n<\/tr>\n<tr class=\"row-270 even\">\n\t<td class=\"column-1\">Plan de passation des march\u00e9s publics version n\u00b03, gestion 2022<\/td><td class=\"column-2\"><a href=\"https:\/\/assemblee-nationale.bj\/wp-content\/uploads\/2022\/07\/PLAN-DE-PASSATION-DES-MARCHES-PUBLICS-VERSION-N\u00b03-GESTION-2022.pdf\" rel=\"noopener\" target=\"_blank\">T\u00e9l\u00e9charger<\/a><\/td><td class=\"column-3\"><\/td><td class=\"column-4\"><\/td>\n<\/tr>\n<tr class=\"row-271 odd\">\n\t<td class=\"column-1\">Rapport d'analyse et d'\u00e9valuation des offres re\u00e7u en r\u00e9ponses \u00e0 l'avis \u00e0 manifestation d'int\u00e9r\u00eat (ami) N\u00b0002 PT SGA PRMP A-PRMP S-PRMP du 04 juillet 2022<\/td><td class=\"column-2\"><a href=\"https:\/\/assemblee-nationale.bj\/wp-content\/uploads\/2022\/07\/RAPPORT-DANALYSE-ET-DEVALLUATION-DES-OFFRES-RECU-EN-REPONSES-A-LAVIS-A-MANIFESTATION-DINTERET-AMI-N\u00b0002-PT-SGA-PRMP-A-PRMP-S-PRMP-DU-04-JUILLET-2022.pdf\" rel=\"noopener\" target=\"_blank\">T\u00e9l\u00e9charger<\/a><\/td><td class=\"column-3\"><\/td><td class=\"column-4\"><\/td>\n<\/tr>\n<tr class=\"row-272 even\">\n\t<td class=\"column-1\">PV d'ouverture des plis relatifs \u00e0 l'actualisation du r\u00e9pertoire des entrepreneurs, des fournisseurs et prestataires de services de l'Assembl\u00e9e nationale, gestion 2022<\/td><td class=\"column-2\"><a href=\"https:\/\/assemblee-nationale.bj\/wp-content\/uploads\/2022\/07\/PV-douverture-des-plis-relatifs-\u00e0-lactualisation-du-r\u00e9pertoire-des-entrepreneurs-des-fournisseurs-et-prestataires-de-services-de-lAssembl\u00e9e-nationale-gestion-2022.pdf\" rel=\"noopener\" target=\"_blank\">T\u00e9l\u00e9charger<\/a><\/td><td class=\"column-3\"><\/td><td class=\"column-4\"><\/td>\n<\/tr>\n<tr class=\"row-273 odd\">\n\t<td class=\"column-1\">PV d'Attribution provisoire (Lot 2 et Lot 3) relative au recrutement de prestataires de services pour l\u2019entretien et le nettoyage des b\u00e2timents administratifs de l\u2019Assembl\u00e9e nationale et ses annexes<\/td><td class=\"column-2\"><a href=\"https:\/\/assemblee-nationale.bj\/wp-content\/uploads\/2022\/07\/PV-dAttribution-provisoire-Lot-2-et-Lot-3-relative-au-recrutement-de-prestataires-de-services-pour-l\u2019entretien-et-le-nettoyage-des-b\u00e2timents-administratifs-.pdf\" rel=\"noopener\" target=\"_blank\">T\u00e9l\u00e9charger<\/a><\/td><td class=\"column-3\"><\/td><td class=\"column-4\"><\/td>\n<\/tr>\n<tr class=\"row-274 even\">\n\t<td class=\"column-1\">Avis d'attribution d\u00e9finitive du march\u00e9 relatif \u00e0 l'acquisition et l'installation de mobiliers et mat\u00e9riels de burau au profit des autorit\u00e9s politiques et de l'administration parlementaire<\/td><td class=\"column-2\"><a href=\"https:\/\/assemblee-nationale.bj\/wp-content\/uploads\/2022\/07\/avis-dattrbution-d\u00e9finitive-du-march\u00e9-relatif-\u00e0-lacquisition-et-linstallation-de-mobiliers-et-mat\u00e9riels-de-burau-au-profit-des-autorit\u00e9s-politiques-et-de-ladministration-parlementaire.pdf\" rel=\"noopener\" target=\"_blank\">T\u00e9l\u00e9charger<\/a><\/td><td class=\"column-3\"><\/td><td class=\"column-4\"><\/td>\n<\/tr>\n<tr class=\"row-275 odd\">\n\t<td class=\"column-1\">Avis d'attribution d\u00e9finitive du march\u00e9 relatif au recrutement de prestataires de services pour l'entretien et la maintenance des photocopieuses et des climatiseurs de l'Assembl\u00e9e nationale LOT 3<\/td><td class=\"column-2\"><a href=\"https:\/\/assemblee-nationale.bj\/wp-content\/uploads\/2022\/07\/avis-dattribution-d\u00e9finitive-du-march\u00e9-relatif-au-recrutment-de-prestataires-de-services-pour-lentretien-et-la-maintenance-des-photocopieuses-et-des-climatiseurs-de-lAssembl\u00e9e-nationale-LOT-3.pdf\" rel=\"noopener\" target=\"_blank\">T\u00e9l\u00e9charger<\/a><\/td><td class=\"column-3\"><\/td><td class=\"column-4\"><\/td>\n<\/tr>\n<tr class=\"row-276 even\">\n\t<td class=\"column-1\">Avis d'attribution d\u00e9finitive du march\u00e9 relatif au recrutement de prestataires de services pour l'entretien et la r\u00e9paration des v\u00e9hicules \u00e0 deux (02) et \u00e0 quatre (04) roues,  LOT 3<\/td><td class=\"column-2\"><a href=\"https:\/\/assemblee-nationale.bj\/wp-content\/uploads\/2022\/07\/avis-dattribution-d\u00e9finitive-du-march\u00e9-relatif-au-recrutement-de-prestataires-de-services-pour-lentretien-et-la-r\u00e9paration-des-v\u00e9hicules-\u00e0-deux-02-et-\u00e0-quatre-04-roues-LOT-3.pdf\" rel=\"noopener\" target=\"_blank\">T\u00e9l\u00e9charger<\/a><\/td><td class=\"column-3\"><\/td><td class=\"column-4\"><\/td>\n<\/tr>\n<tr class=\"row-277 odd\">\n\t<td class=\"column-1\">Avis d'attribution d\u00e9finitive du march\u00e9 relatif au recrutement de prestataires de services pour l'entretien et la maintenance des photocopieuses et des climatiseurs de l'Assembl\u00e9e nationale LOT 2<\/td><td class=\"column-2\"><a href=\"https:\/\/assemblee-nationale.bj\/wp-content\/uploads\/2022\/07\/avis-dattribution-d\u00e9finitive-du-march\u00e9-relatif-au-recrutment-de-prestataires-de-services-pour-lentretien-et-la-maintenance-des-photocopieuses-et-des-climatiseurs-de-lAssembl\u00e9e-nationale-LOT-2.pdf\" rel=\"noopener\" target=\"_blank\">T\u00e9l\u00e9charger<\/a><\/td><td class=\"column-3\"><\/td><td class=\"column-4\"><\/td>\n<\/tr>\n<tr class=\"row-278 even\">\n\t<td class=\"column-1\">Avis d'attribution d\u00e9finitive du march\u00e9 relatif au recrutement de prestataires de services pour l'entretien et la r\u00e9paration des v\u00e9hicules \u00e0 deux (02) et \u00e0 quatre (04) roues,  LOT 5<\/td><td class=\"column-2\"><a href=\"https:\/\/assemblee-nationale.bj\/wp-content\/uploads\/2022\/07\/avis-dattribution-d\u00e9finitive-du-march\u00e9-relatif-au-recrutement-de-prestataires-de-services-pour-lentretien-et-la-r\u00e9paration-des-v\u00e9hicules-\u00e0-deux-02-et-\u00e0-quatre-04-roues-LOT-5.pdf\" rel=\"noopener\" target=\"_blank\">T\u00e9l\u00e9charger<\/a><\/td><td class=\"column-3\"><\/td><td class=\"column-4\"><\/td>\n<\/tr>\n<tr class=\"row-279 odd\">\n\t<td class=\"column-1\">Avis d'attribution d\u00e9finitive du march\u00e9 relatif au recrutement de prestataires de services pour l'entretien des espaces verts de l'Assembl\u00e9e nationale au titre de l'ann\u00e9e 2022<\/td><td class=\"column-2\"><a href=\"https:\/\/assemblee-nationale.bj\/wp-content\/uploads\/2022\/07\/avis-dattribution-d\u00e9finitive-du-march\u00e9-relatif-au-recrutement-de-prestataires-de-services-pour-lentretien-des-espaces-verts-de-lAssembl\u00e9e-nationale-au-titre-de-lann\u00e9e-2022.pdf\" rel=\"noopener\" target=\"_blank\">T\u00e9l\u00e9charger<\/a><\/td><td class=\"column-3\"><\/td><td class=\"column-4\"><\/td>\n<\/tr>\n<tr class=\"row-280 even\">\n\t<td class=\"column-1\">Avis d'attribution d\u00e9finitive du march\u00e9 relatif au recrutement de prestataires de services pour l'entretien et la r\u00e9paration des v\u00e9hicules \u00e0 deux (02) et \u00e0 quatre (04) roues,  LOT 4<\/td><td class=\"column-2\"><a href=\"https:\/\/assemblee-nationale.bj\/wp-content\/uploads\/2022\/07\/avis-dattribution-d\u00e9finitive-du-march\u00e9-relatif-au-recrutement-de-prestataires-de-services-pour-lentretien-et-la-r\u00e9paration-des-v\u00e9hicules-\u00e0-deux-02-et-\u00e0-quatre-04-roues-LOT-4.pdf\" rel=\"noopener\" target=\"_blank\">T\u00e9l\u00e9charger<\/a><\/td><td class=\"column-3\"><\/td><td class=\"column-4\"><\/td>\n<\/tr>\n<tr class=\"row-281 odd\">\n\t<td class=\"column-1\">Avis d'attribution d\u00e9finitive du march\u00e9 relatif au recrutement de prestataires de services pour l'entretien et la maintenance des photocopieuses et des climatiseurs de l'Assembl\u00e9e nationale LOT 1<\/td><td class=\"column-2\"><a href=\"https:\/\/assemblee-nationale.bj\/wp-content\/uploads\/2022\/07\/avis-dattribution-d\u00e9finitive-du-march\u00e9-relatif-au-recrutment-de-prestataires-de-services-pour-lentretien-et-la-maintenance-des-photocopieuses-et-des-climatiseurs-de-lAssembl\u00e9e-nationale-LOT-1.pdf\" rel=\"noopener\" target=\"_blank\">T\u00e9l\u00e9charger<\/a><\/td><td class=\"column-3\"><\/td><td class=\"column-4\"><\/td>\n<\/tr>\n<tr class=\"row-282 even\">\n\t<td class=\"column-1\">Avis d'attribution d\u00e9finitive du march\u00e9 relatif au recrutement de prestataires de services pour l'entretien et la maintenance des photocopieuses et des climatiseurs de l'Assembl\u00e9e nationale LOT 4<\/td><td class=\"column-2\"><a href=\"https:\/\/assemblee-nationale.bj\/wp-content\/uploads\/2022\/07\/avis-dattribution-d\u00e9finitive-du-march\u00e9-relatif-au-recrutment-de-prestataires-de-services-pour-lentretien-et-la-maintenance-des-photocopieuses-et-des-climatiseurs-de-lAssembl\u00e9e-nationale-LOT-4.pdf\" rel=\"noopener\" target=\"_blank\">T\u00e9l\u00e9charger<\/a><\/td><td class=\"column-3\"><\/td><td class=\"column-4\"><\/td>\n<\/tr>\n<tr class=\"row-283 odd\">\n\t<td class=\"column-1\">Avis d'attribution d\u00e9finitive du march\u00e9 relatif au recrutement de prestataires de services pour l'entretien et la r\u00e9paration des v\u00e9hicules \u00e0 deux (02) et \u00e0 quatre (04) roues,  LOT 2<\/td><td class=\"column-2\"><a href=\"https:\/\/assemblee-nationale.bj\/wp-content\/uploads\/2022\/07\/avis-dattribution-d\u00e9finitive-du-march\u00e9-relatif-au-recrutement-de-prestataires-de-services-pour-lentretien-et-la-r\u00e9paration-des-v\u00e9hicules-\u00e0-deux-02-et-\u00e0-quatre-04-roues-LOT-2.pdf\" rel=\"noopener\" target=\"_blank\">T\u00e9l\u00e9charger<\/a><\/td><td class=\"column-3\"><\/td><td class=\"column-4\"><\/td>\n<\/tr>\n<tr class=\"row-284 even\">\n\t<td class=\"column-1\">Avis d'attribution d\u00e9finitive du march\u00e9 relatif au recrutement de prestataires de services pour l'entretien et la r\u00e9paration des v\u00e9hicules \u00e0 deux (02) et \u00e0 quatre (04) roues,  LOT 1<\/td><td class=\"column-2\"><a href=\"https:\/\/assemblee-nationale.bj\/wp-content\/uploads\/2022\/07\/avis-dattribution-d\u00e9finitive-du-march\u00e9-relatif-au-recrutement-de-prestataires-de-services-pour-lentretien-et-la-r\u00e9paration-des-v\u00e9hicules-\u00e0-deux-02-et-\u00e0-quatre-04-roues-LOT-1.pdf\" rel=\"noopener\" target=\"_blank\">T\u00e9l\u00e9charger<\/a><\/td><td class=\"column-3\"><\/td><td class=\"column-4\"><\/td>\n<\/tr>\n<tr class=\"row-285 odd\">\n\t<td class=\"column-1\">Avis d'attribution d\u00e9finitive du march\u00e9 relatif au recrutement de prestataires de services pour l'\u00e9dition de revue semestrielle en couleur, l'\u00e9dition des journaux des d\u00e9bats parlementaires et des com<\/td><td class=\"column-2\"><a href=\"https:\/\/assemblee-nationale.bj\/wp-content\/uploads\/2022\/07\/avis-dattribution-d\u00e9finitive-du-march\u00e9-relatif-au-recrutement-de-prestataires-de-services-pour-l\u00e9dition-de-revue-semestrielle-en-couleur-l\u00e9dition-des-journaux-des-d\u00e9bats-parlem.pdf\" rel=\"noopener\" target=\"_blank\">T\u00e9l\u00e9charger<\/a><\/td><td class=\"column-3\"><\/td><td class=\"column-4\"><\/td>\n<\/tr>\n<tr class=\"row-286 even\">\n\t<td class=\"column-1\">Avis d'attribution d\u00e9finitive du march\u00e9 relatif \u00e0 l'achat de fournitures et consommables de bureau au profit de l'administration parlementaire, LOT 3<\/td><td class=\"column-2\"><a href=\"https:\/\/assemblee-nationale.bj\/wp-content\/uploads\/2022\/07\/avis-dattribution-d\u00e9finitive-du-march\u00e9-relatif-\u00e0-lachat-de-fournitures-et-consommables-de-bureau-au-profit-de-ladministration-parlementaire-LOT-3.pdf\" rel=\"noopener\" target=\"_blank\">T\u00e9l\u00e9charger<\/a><\/td><td class=\"column-3\"><\/td><td class=\"column-4\"><\/td>\n<\/tr>\n<tr class=\"row-287 odd\">\n\t<td class=\"column-1\">Avis d'attribution d\u00e9finitive du march\u00e9 relatif \u00e0 l'achat de fournitures et consommables de bureau au profit de l'administration parlementaire, LOT 1<\/td><td class=\"column-2\"><a href=\"https:\/\/assemblee-nationale.bj\/wp-content\/uploads\/2022\/07\/avis-dattribution-d\u00e9finitive-du-march\u00e9-relatif-\u00e0-lachat-de-fournitures-et-consommables-de-bureau-au-profit-de-ladministration-parlementaire-LOT-1.pdf\" rel=\"noopener\" target=\"_blank\">T\u00e9l\u00e9charger<\/a><\/td><td class=\"column-3\"><\/td><td class=\"column-4\"><\/td>\n<\/tr>\n<tr class=\"row-288 even\">\n\t<td class=\"column-1\">Avis d'attribution d\u00e9finitive du march\u00e9 relatif \u00e0 la pr\u00e9voyance d\u00e9c\u00e8s des d\u00e9put\u00e9s et du personnel administratif de l'Assembl\u00e9e nationale<\/td><td class=\"column-2\"><a href=\"https:\/\/assemblee-nationale.bj\/wp-content\/uploads\/2022\/07\/avis-dattribution-d\u00e9finitive-du-march\u00e9-relatif-\u00e0-la-pr\u00e9voyance-d\u00e9c\u00e8s-des-d\u00e9put\u00e9s-et-du-personnel-administratif-de-lAssembl\u00e9e-nationale.pdf\" rel=\"noopener\" target=\"_blank\">T\u00e9l\u00e9charger<\/a><\/td><td class=\"column-3\"><\/td><td class=\"column-4\"><\/td>\n<\/tr>\n<tr class=\"row-289 odd\">\n\t<td class=\"column-1\">Avis d'attribution d\u00e9finitive du march\u00e9 relatif \u00e0 l'achat de fournitures et consommables de bureau au profit de l'administration parlementaire, LOT 2<\/td><td class=\"column-2\"><a href=\"https:\/\/assemblee-nationale.bj\/wp-content\/uploads\/2022\/07\/avis-dattribution-d\u00e9finitive-du-march\u00e9-relatif-\u00e0-lachat-de-fournitures-et-consommables-de-bureau-au-profit-de-ladministration-parlementaire-LOT-2.pdf\" rel=\"noopener\" target=\"_blank\">T\u00e9l\u00e9charger<\/a><\/td><td class=\"column-3\"><\/td><td class=\"column-4\"><\/td>\n<\/tr>\n<tr class=\"row-290 even\">\n\t<td class=\"column-1\">Avis d'attribution d\u00e9finitive du march\u00e9 relatif \u00e0 la couverture de 138 v\u00e9hicules \u00e0 04 roues des d\u00e9put\u00e9s, des autorit\u00e9s administrative, du parc automobile et de 03 motos au profit de l'Assembl\u00e9e nationale<\/td><td class=\"column-2\"><a href=\"https:\/\/assemblee-nationale.bj\/wp-content\/uploads\/2022\/07\/avis-dattribution-d\u00e9finitive-de-march\u00e9-relatif-\u00e0-la-couverture-de-138-v\u00e9hicules-\u00e0-04-roues-des-d\u00e9put\u00e9s-des-autorit\u00e9s-administrative-du-parc-automobile-et-de-03-motos.pdf\" rel=\"noopener\" target=\"_blank\">T\u00e9l\u00e9charger<\/a><\/td><td class=\"column-3\"><\/td><td class=\"column-4\"><\/td>\n<\/tr>\n<tr class=\"row-291 odd\">\n\t<td class=\"column-1\">PV d'Attribution provisoire (Lot 1) relative au recrutement de prestataires de services pour l\u2019entretien et le nettoyage des b\u00e2timents administratifs de l\u2019Assembl\u00e9e nationale et ses annexes au titre de l\u2019ann\u00e9e 2022<\/td><td class=\"column-2\"><a href=\"https:\/\/assemblee-nationale.bj\/wp-content\/uploads\/2022\/07\/PV-dAttribution-provisoire-Lot-1-relative-au-recrutement-de-prestataires-de-services-pour-lentretien-et-le-nettoyage-des-batiments-administratifs-de-lAssembl\u00e9e-nationale-et-ses-annexes-2022.pdf\" rel=\"noopener\" target=\"_blank\">T\u00e9l\u00e9charger<\/a><\/td><td class=\"column-3\"><\/td><td class=\"column-4\"><\/td>\n<\/tr>\n<tr class=\"row-292 even\">\n\t<td class=\"column-1\">PV d'Attribution provisoire relatif \u00e0 la DRP n\u00b0005-22 AN PT SGA PRMP A-PRMP S-PRMP du 07 06 2022, relative \u00e0 l'acquisition de divers mat\u00e9riels de transmission au profit de l'escorte du PAN<\/td><td class=\"column-2\"><a href=\"https:\/\/assemblee-nationale.bj\/wp-content\/uploads\/2022\/07\/PV-dAttribution-provisoire-relatif-\u00e0-la-DRP-n\u00b0005-22-AN-PT-SGA-PRMP-A-PRMP-S-PRMP-du-07-06-2022-relative-\u00e0-lacquisition-de-divers-mat\u00e9riels-de-transmission-au-profit-de-lescorte-du-PAN.pdf\" rel=\"noopener\" target=\"_blank\">T\u00e9l\u00e9charger<\/a><\/td><td class=\"column-3\"><\/td><td class=\"column-4\"><\/td>\n<\/tr>\n<tr class=\"row-293 odd\">\n\t<td class=\"column-1\">Avis d'appel \u00e0 manifestation d'int\u00e9r\u00eat pour l'actualisation du r\u00e9pertoire des fournisseurs et prestataires de services de l'Assembl\u00e9e nationale du B\u00e9nin, gestion 2022<\/td><td class=\"column-2\"><a href=\"https:\/\/assemblee-nationale.bj\/wp-content\/uploads\/2022\/07\/AMI-n\u00b0002-22-AN-PT-SGA-PRMP-A-PRMP-S-PRMP-du-04-07-2022.pdf\" rel=\"noopener\" target=\"_blank\">T\u00e9l\u00e9charger<\/a><\/td><td class=\"column-3\"><\/td><td class=\"column-4\"><\/td>\n<\/tr>\n<tr class=\"row-294 even\">\n\t<td class=\"column-1\">PV d'ouverture des plis DRP n\u00b0005 AN PT SGA PRMP A-PRMP S-PRMP du 07 06 22 relatif \u00e0 l'Acquisition de divers mat\u00e9riels de transmission au profit de l'escorte du PAN<\/td><td class=\"column-2\"><a href=\"https:\/\/assemblee-nationale.bj\/wp-content\/uploads\/2022\/06\/PV-douverture-des-plis-DRP-n\u00b0005-AN-PT-SGA-PRMP-A-PRMP-S-PRMP-du-07-06-22-relatif-\u00e0-lAcquisition-de-divers-mat\u00e9riels-de-transmission-au-profit-de-lescorte-du-PAN.pdf\" rel=\"noopener\" target=\"_blank\">T\u00e9l\u00e9charger<\/a><\/td><td class=\"column-3\"><\/td><td class=\"column-4\"><\/td>\n<\/tr>\n<tr class=\"row-295 odd\">\n\t<td class=\"column-1\">DRP N\u2070 005-22 du 07\/06\/22 Acquisition de divers mat\u00e9riels de transmission<\/td><td class=\"column-2\"><a href=\"https:\/\/assemblee-nationale.bj\/wp-content\/uploads\/2022\/06\/Avis-n\u00b0005-22-AN-PT-du-07-06-2022-relatif-\u00e0-la-DRP-pour-lAquisition-de-Divers-Mat\u00e9riels-de-Transmission-au-profit-de-lEscorte-du-PAN.pdf\" rel=\"noopener\" target=\"_blank\">T\u00e9l\u00e9charger<\/a><\/td><td class=\"column-3\"><\/td><td class=\"column-4\"><\/td>\n<\/tr>\n<tr class=\"row-296 even\">\n\t<td class=\"column-1\">PV ATTRIBUTION PROVISOIRE MATERIEL ET MOBILIER n\u2070 004-22\/AN\/PT\/SGA\/PRMP\/A-PRMP\/S-PRMP du 12\/05\/2022<\/td><td class=\"column-2\"><a href=\"https:\/\/assemblee-nationale.bj\/wp-content\/uploads\/2022\/06\/PV-ATTRIBUTION-PROVISOIRE-MATERIEL-ET-MOBILIER.pdf\" rel=\"noopener\" target=\"_blank\">T\u00e9l\u00e9charger<\/a><\/td><td class=\"column-3\"><\/td><td class=\"column-4\"><\/td>\n<\/tr>\n<tr class=\"row-297 odd\">\n\t<td class=\"column-1\">PV d'ouverture mat\u00e9riels et mobiliers n\u2070 004-22\/AN\/PT\/SGA\/PRMP\/A-PRMP\/S-PRMP du 12\/05\/2022<\/td><td class=\"column-2\"><a href=\"https:\/\/assemblee-nationale.bj\/wp-content\/uploads\/2022\/05\/PV-douverture-mat\u00e9riels-et-mobiliers.pdf\" rel=\"noopener\" target=\"_blank\">T\u00e9l\u00e9charger<\/a><\/td><td class=\"column-3\"><\/td><td class=\"column-4\"><\/td>\n<\/tr>\n<tr class=\"row-298 even\">\n\t<td class=\"column-1\">DRP n\u2070 004-22\/AN\/PT\/SGA\/PRMP\/A-PRMP\/S-PRMP du 12\/05\/2022 relative \u00e0 l'acquisition et l'installation de mobilier<\/td><td class=\"column-2\"><a href=\"https:\/\/assemblee-nationale.bj\/wp-content\/uploads\/2022\/05\/AVIS-Acquisition-et-Installation-mobilier.pdf\" rel=\"noopener\" target=\"_blank\">T\u00e9l\u00e9charger<\/a><\/td><td class=\"column-3\"><\/td><td class=\"column-4\"><\/td>\n<\/tr>\n<tr class=\"row-299 odd\">\n\t<td class=\"column-1\">PROCES VERBAL D'ATTRIBUTION PROVISOIRE (Demande de renseignements et de prix n\u00b0 003-22\/AN\/PT\/SGA\/PRMP\/A-PRMP\/S-PRMP du 26\/04\/2022)<\/td><td class=\"column-2\"><a href=\"https:\/\/assemblee-nationale.bj\/wp-content\/uploads\/2022\/05\/PV-ATTRIBUTION-PROVISOIRE-RELANCE-LOT1.pdf\" rel=\"noopener\" target=\"_blank\">T\u00e9l\u00e9charger<\/a><\/td><td class=\"column-3\"><\/td><td class=\"column-4\"><\/td>\n<\/tr>\n<tr class=\"row-300 even\">\n\t<td class=\"column-1\">PROCES VERBAL D'OUVERTURE DES OFFRES (Demande de renseignements et de prix n\u00b0 003-22\/AN\/PT\/SGA\/PRMP\/A-PRMP\/S-PRMP du 26\/04\/2022 Relance lot 1)<\/td><td class=\"column-2\"><a href=\"https:\/\/assemblee-nationale.bj\/wp-content\/uploads\/2022\/05\/PV-OUVERTURE-DES-OFFRES.pdf\" rel=\"noopener\" target=\"_blank\">T\u00e9l\u00e9charger<\/a><\/td><td class=\"column-3\"><\/td><td class=\"column-4\"><\/td>\n<\/tr>\n<tr class=\"row-301 odd\">\n\t<td class=\"column-1\">PROCES VERBAL D'ATTRIBUTION PROVISOIRE (Demande de renseignements et de prix n\u00b0 002-22\/AN\/PT\/SGA\/PRMP\/A-PRMP\/S-PRMP du 05\/04\/2022)<\/td><td class=\"column-2\"><a href=\"https:\/\/assemblee-nationale.bj\/wp-content\/uploads\/2022\/05\/PV-ATTRIBUTION.pdf\" rel=\"noopener\" target=\"_blank\">T\u00e9l\u00e9charger<\/a><\/td><td class=\"column-3\"><\/td><td class=\"column-4\"><\/td>\n<\/tr>\n<tr class=\"row-302 even\">\n\t<td class=\"column-1\">AVIS DE DEMANDE DE RENSEIGMENT ET DE PRIX (RELANCE DU LOT1)<\/td><td class=\"column-2\"><a href=\"https:\/\/assemblee-nationale.bj\/wp-content\/uploads\/2022\/05\/AVIS-RELANCE-LOT1.pdf\" rel=\"noopener\" target=\"_blank\">T\u00e9l\u00e9charger<\/a><\/td><td class=\"column-3\"><\/td><td class=\"column-4\"><\/td>\n<\/tr>\n<tr class=\"row-303 odd\">\n\t<td class=\"column-1\">ADDENDUM N\u00b01 AU DRP N\u00b0003-21\/AN\/PT\/SGA\/PRMP\/S-PRMP DU 29 AVRIL 2021 RELATIF A L'ACQUISITION D'ANTIVIRUS RESEAU AU PROFIT DE L'ASSEMBLEE NATIONALE<\/td><td class=\"column-2\"><a href=\"https:\/\/assemblee-nationale.bj\/wp-content\/uploads\/2021\/05\/F_AN_1.5.pdf\" rel=\"noopener\" target=\"_blank\">T\u00e9l\u00e9charger<\/a><\/td><td class=\"column-3\"><\/td><td class=\"column-4\"><\/td>\n<\/tr>\n<tr class=\"row-304 even\">\n\t<td class=\"column-1\">ADDENDUM N\u00b01 AU DRP N\u00b0004-21\/AN\/PT\/SGA\/PRMP\/S-PRMP DU 29 AVRIL 2021 RELATIF A L'ACHAT DE FOURNITURE AU PROFIT DE L'ASSEMBLEE NATIONALE DANS LE CADRE DE LA RIPOSTE CONTRE LA COVID-19<\/td><td class=\"column-2\"><a href=\"https:\/\/assemblee-nationale.bj\/wp-content\/uploads\/2021\/05\/F_AN_1.7.pdf\" rel=\"noopener\" target=\"_blank\">T\u00e9l\u00e9charger<\/a><\/td><td class=\"column-3\"><\/td><td class=\"column-4\"><\/td>\n<\/tr>\n<tr class=\"row-305 odd\">\n\t<td class=\"column-1\">ADDENDUM N\u00b01 AU DRP N\u00b0001-21\/AN\/PT\/SGA\/PRMP\/S-PRMP DU 28 AVRIL 2021 RELATIF AU RECRUTEMENT DE PRESTATAIRES DE SERVICES POUR L'ENTRETIEN ET LA REPARATION DES VEHICULES A 2 ROUES ET A 4 ROUES AU PROFIT DE L'ASSEMBLEE NATIONALE<\/td><td class=\"column-2\"><a href=\"https:\/\/assemblee-nationale.bj\/wp-content\/uploads\/2021\/05\/S_AN_2.1.pdf\" rel=\"noopener\" target=\"_blank\">T\u00e9l\u00e9charger<\/a><\/td><td class=\"column-3\"><\/td><td class=\"column-4\"><\/td>\n<\/tr>\n<tr class=\"row-306 even\">\n\t<td class=\"column-1\">ADDENDUM N\u00b01 AU DRP N\u00b0002-21\/AN\/PT\/SGA\/PRMP\/S-PRMP DU 28 AVRIL 2021 RELATIF AU RECRUTEMENT DE PRESTATAIRES DE SERVICES POUR L'ENTRETIEN ET LA MAINTENANCE DES PHOTOCOPIEUSES, DES CLIMATISEURS ET DE 3 GROUPES ELECTROGENES AU PROFIT DE L'ASSEMBLEE NATIONALE<\/td><td class=\"column-2\"><a href=\"https:\/\/assemblee-nationale.bj\/wp-content\/uploads\/2021\/05\/S_AN_2.2.pdf\" rel=\"noopener\" target=\"_blank\">T\u00e9l\u00e9charger<\/a><\/td><td class=\"column-3\"><\/td><td class=\"column-4\"><\/td>\n<\/tr>\n<tr class=\"row-307 odd\">\n\t<td class=\"column-1\">ADDENDUM N\u00b01 AU DRP N\u00b0005-21\/AN\/PT\/SGA\/PRMP\/S-PRMP DU 29 AVRIL 2021 RELATIF AU RECRUTEMENT DE SOCIETE D'ENTRETIEN DES ESPACES VERTS DE L'ASSEMBLEE NATIONALE<\/td><td class=\"column-2\"><a href=\"https:\/\/assemblee-nationale.bj\/wp-content\/uploads\/2021\/05\/S_AN_2.3.pdf\" rel=\"noopener\" target=\"_blank\">T\u00e9l\u00e9charger<\/a><\/td><td class=\"column-3\"><\/td><td class=\"column-4\"><\/td>\n<\/tr>\n<tr class=\"row-308 even\">\n\t<td class=\"column-1\">ADDENDUM N\u00b02 AU DRP N\u00b0002-21\/AN\/PT\/SGA\/PRMP\/S-PRMP DU 28 AVRIL 2021 RELATIF AU RECRUTEMENT DE PRESTATAIRES DE SERVICES POUR L'ENTRETIEN ET LA MAINTENANCE DES PHOTOCOPIEUSES, DES CLIMATISEURS ET DE 3 GROUPES ELECTROGENES AU PROFIT DE L'ASSEMBLEE NATIONALE<\/td><td class=\"column-2\"><a href=\"https:\/\/assemblee-nationale.bj\/wp-content\/uploads\/2021\/06\/addendum-2-copieurs.pdf\">T\u00e9l\u00e9charger<\/a><\/td><td class=\"column-3\"><\/td><td class=\"column-4\"><\/td>\n<\/tr>\n<tr class=\"row-309 odd\">\n\t<td class=\"column-1\">ADDENDUM N\u00b01 AU DRP N\u00b0008-21\/AN\/PT\/SGA\/PRMP\/S-PRMP DU 20 DECEMBRE 2021 RELATIF A SELECTION DE PRESTATAIRE DE SERVICE POUR LA RELIURE DES DOCUMENTS D'ARCHIVES AU PROFIT DE L'ASSEMBLEE NATIONALE<\/td><td class=\"column-2\"><a href=\"https:\/\/assemblee-nationale.bj\/wp-content\/uploads\/2022\/01\/ADDENDUM-n\u00b01.pdf\" rel=\"noopener\" target=\"_blank\">T\u00e9l\u00e9charger<\/a><\/td><td class=\"column-3\"><\/td><td class=\"column-4\"><\/td>\n<\/tr>\n<tr class=\"row-310 even\">\n\t<td class=\"column-1\">APPEL A CANDIDATURE POUR LE RECRUTEMENT DE DEUX PERSONNES QUALIFIEES SPECIALISTES DES APPLICATIONS INFORMATIQUES POUR LE COMPTE DE L'AUTORITE DE PROTECTION DES DONNEES PERSONNELLES (APDP)<\/td><td class=\"column-2\"><a href=\"https:\/\/assemblee-nationale.bj\/wp-content\/uploads\/2020\/07\/appel-a-candidature-recrutement-APDP.pdf\" rel=\"noopener\" target=\"_blank\">T\u00e9l\u00e9charger<\/a><\/td><td class=\"column-3\"><\/td><td class=\"column-4\"><\/td>\n<\/tr>\n<tr class=\"row-311 odd\">\n\t<td class=\"column-1\">AVIS A MANIFESTATION D\u2019INT\u00c9R\u00caT 2021 <\/td><td class=\"column-2\"><a href=\"https:\/\/assemblee-nationale.bj\/wp-content\/uploads\/2021\/04\/AMI-2021-avril.pdf\" rel=\"noopener\" target=\"_blank\">T\u00e9l\u00e9charger<\/a><\/td><td class=\"column-3\"><\/td><td class=\"column-4\"><\/td>\n<\/tr>\n<tr class=\"row-312 even\">\n\t<td class=\"column-1\">AVIS A MANIFESTATION D\u2019INT\u00c9R\u00caT 2022<\/td><td class=\"column-2\"><a href=\"https:\/\/assemblee-nationale.bj\/wp-content\/uploads\/2022\/01\/AMI.pdf\" rel=\"noopener\" target=\"_blank\">T\u00e9l\u00e9charger<\/a><\/td><td class=\"column-3\"><\/td><td class=\"column-4\"><\/td>\n<\/tr>\n<tr class=\"row-313 odd\">\n\t<td class=\"column-1\">AVIS D'APPEL PUBLIC A CANDIDATURE DE MARCHE PUBLIC<\/td><td class=\"column-2\"><a href=\"https:\/\/assemblee-nationale.bj\/wp-content\/uploads\/2020\/05\/DRP-FC-AC.pdf\" rel=\"noopener\" target=\"_blank\">T\u00e9l\u00e9charger<\/a><\/td><td class=\"column-3\"><\/td><td class=\"column-4\"><\/td>\n<\/tr>\n<tr class=\"row-314 even\">\n\t<td class=\"column-1\">AVIS D'APPEL PUBLIC A CANDIDATURE DE MARCHE PUBLIC DAO N\u00b0001-22\/AN\/PT\/SGA\/PRMP\/S-PRMP DU 07 MARS 2022<\/td><td class=\"column-2\"><a href=\"https:\/\/assemblee-nationale.bj\/wp-content\/uploads\/2022\/03\/AVIS-DAO-2022.pdf\" rel=\"noopener\" target=\"_blank\">T\u00e9l\u00e9charger<\/a><\/td><td class=\"column-3\"><\/td><td class=\"column-4\"><\/td>\n<\/tr>\n<tr class=\"row-315 odd\">\n\t<td class=\"column-1\">AVIS D'APPEL PUBLIC A CANDIDATURE DE MARCHE PUBLIC DRP N\u00b0001-20\/AN\/PT\/SGA\/PRMP\/S-PRMP DU 22 JUIN 2020<\/td><td class=\"column-2\"><a href=\"https:\/\/assemblee-nationale.bj\/wp-content\/uploads\/2020\/06\/AAP-DRP-Fournitures-relanc\u00e9-AN-Juin-2020.pdf\" rel=\"noopener\" target=\"_blank\">T\u00e9l\u00e9charger<\/a><\/td><td class=\"column-3\"><\/td><td class=\"column-4\"><\/td>\n<\/tr>\n<tr class=\"row-316 even\">\n\t<td class=\"column-1\">AVIS D'APPEL PUBLIC A CANDIDATURE DE MARCHE PUBLIC DRP N\u00b0002-20\/AN\/PT\/SGA\/PRMP\/S-PRMP DU 01 JUILLET 2020<\/td><td class=\"column-2\"><a href=\"https:\/\/assemblee-nationale.bj\/wp-content\/uploads\/2020\/07\/aapc-drp-papier-entete.pdf\" rel=\"noopener\" target=\"_blank\">T\u00e9l\u00e9charger<\/a><\/td><td class=\"column-3\"><\/td><td class=\"column-4\"><\/td>\n<\/tr>\n<tr class=\"row-317 odd\">\n\t<td class=\"column-1\">AVIS D'APPEL PUBLIC A CANDIDATURE DE MARCHE PUBLIC DRP N\u00b0003-20\/AN\/PT\/SGA\/PRMP\/S-PRMP DU 01 JUILLET 2020<\/td><td class=\"column-2\"><a href=\"https:\/\/assemblee-nationale.bj\/wp-content\/uploads\/2020\/07\/aapc-drp-habillement.pdf\" rel=\"noopener\" target=\"_blank\">T\u00e9l\u00e9charger<\/a><\/td><td class=\"column-3\"><\/td><td class=\"column-4\"><\/td>\n<\/tr>\n<tr class=\"row-318 even\">\n\t<td class=\"column-1\">AVIS D'APPEL PUBLIC A CANDIDATURE DE MARCHE PUBLIC DRP N\u00b0004-20\/AN\/PT\/SGA\/PRMP\/S-PRMP DU 27 JUILLET 2020<\/td><td class=\"column-2\"><a href=\"https:\/\/assemblee-nationale.bj\/wp-content\/uploads\/2020\/07\/aapmp-drp-travaux-refection.pdf\" rel=\"noopener\" target=\"_blank\">T\u00e9l\u00e9charger<\/a><\/td><td class=\"column-3\"><\/td><td class=\"column-4\"><\/td>\n<\/tr>\n<tr class=\"row-319 odd\">\n\t<td class=\"column-1\">AVIS D'APPEL PUBLIC A CANDIDATURE DE MARCHE PUBLIC DRP N\u00b0004-21\/AN\/PT\/SGA\/PRMP\/S-PRMP DU 29 AVRIL 2021<\/td><td class=\"column-2\"><a href=\"https:\/\/assemblee-nationale.bj\/wp-content\/uploads\/2021\/04\/AAPCMP-Fourniture-COVID-19.pdf\" rel=\"noopener\" target=\"_blank\">T\u00e9l\u00e9charger<\/a><\/td><td class=\"column-3\"><\/td><td class=\"column-4\"><\/td>\n<\/tr>\n<tr class=\"row-320 even\">\n\t<td class=\"column-1\">AVIS D'APPEL PUBLIC A CANDIDATURE DE MARCHE PUBLIC DRP N\u00b0001-21\/AN\/PT\/SGA\/PRMP\/S-PRMP DU 28 AVRIL 2021<\/td><td class=\"column-2\"><a href=\"https:\/\/assemblee-nationale.bj\/wp-content\/uploads\/2021\/04\/AAPCMP-Entretien-v\u00e9hicules-AN-2021.pdf\" rel=\"noopener\" target=\"_blank\">T\u00e9l\u00e9charger<\/a><\/td><td class=\"column-3\"><\/td><td class=\"column-4\"><\/td>\n<\/tr>\n<tr class=\"row-321 odd\">\n\t<td class=\"column-1\">AVIS D'APPEL PUBLIC A CANDIDATURE DE MARCHE PUBLIC DRP N\u00b0005-21\/AN\/PT\/SGA\/PRMP\/S-PRMP DU 29 AVRIL 2021<\/td><td class=\"column-2\"><a href=\"https:\/\/assemblee-nationale.bj\/wp-content\/uploads\/2021\/04\/AAPCMP-Entretien-espace-vert-AN-2021.pdf\" rel=\"noopener\" target=\"_blank\">T\u00e9l\u00e9charger<\/a><\/td><td class=\"column-3\"><\/td><td class=\"column-4\"><\/td>\n<\/tr>\n<tr class=\"row-322 even\">\n\t<td class=\"column-1\">AVIS D'APPEL PUBLIC A CANDIDATURE DE MARCHE PUBLIC DRP N\u00b0002-21\/AN\/PT\/SGA\/PRMP\/S-PRMP DU 28 AVRIL 2021<\/td><td class=\"column-2\"><a href=\"https:\/\/assemblee-nationale.bj\/wp-content\/uploads\/2021\/04\/AAPCMP-Entretien-copieurs-clims-GE-AN-2021.pdf\" rel=\"noopener\" target=\"_blank\">T\u00e9l\u00e9charger<\/a><\/td><td class=\"column-3\"><\/td><td class=\"column-4\"><\/td>\n<\/tr>\n<tr class=\"row-323 odd\">\n\t<td class=\"column-1\">AVIS D'APPEL PUBLIC A CANDIDATURE DE MARCHE PUBLIC DRP N\u00b0003-21\/AN\/PT\/SGA\/PRMP\/S-PRMP DU 29 AVRIL 2021<\/td><td class=\"column-2\"><a href=\"https:\/\/assemblee-nationale.bj\/wp-content\/uploads\/2021\/04\/AAPCMP-Acquisition-Antivirus-AN-2021.pdf\" rel=\"noopener\" target=\"_blank\">T\u00e9l\u00e9charger<\/a><\/td><td class=\"column-3\"><\/td><td class=\"column-4\"><\/td>\n<\/tr>\n<tr class=\"row-324 even\">\n\t<td class=\"column-1\">AVIS D'APPEL PUBLIC A CANDIDATURE DE MARCHE PUBLIC DRP N\u00b0006-21\/AN\/PT\/SGA\/PRMP\/S-PRMP DU 13 JUILLET 2021<\/td><td class=\"column-2\"><a href=\"https:\/\/assemblee-nationale.bj\/wp-content\/uploads\/2021\/08\/avis-DRP-006.pdf\" rel=\"noopener\" target=\"_blank\">T\u00e9l\u00e9charger<\/a><\/td><td class=\"column-3\"><\/td><td class=\"column-4\"><\/td>\n<\/tr>\n<tr class=\"row-325 odd\">\n\t<td class=\"column-1\">AVIS D'APPEL PUBLIC A CANDIDATURE DE MARCHE PUBLIC DRP N\u00b0007-21\/AN\/PT\/SGA\/PRMP\/S-PRMP DU 03 AO\u00dcT 2021<\/td><td class=\"column-2\"><a href=\"https:\/\/assemblee-nationale.bj\/wp-content\/uploads\/2021\/08\/AVIS-DRP-007-1.pdf\" rel=\"noopener\" target=\"_blank\">T\u00e9l\u00e9charger<\/a><\/td><td class=\"column-3\"><\/td><td class=\"column-4\"><\/td>\n<\/tr>\n<tr class=\"row-326 even\">\n\t<td class=\"column-1\">AVIS D'APPEL PUBLIC A CANDIDATURE DE MARCHE PUBLIC DRP N\u00b0008-21\/AN\/PT\/SGA\/PRMP\/S-PRMP DU 20 DECEMBRE 2021<\/td><td class=\"column-2\"><a href=\"https:\/\/assemblee-nationale.bj\/wp-content\/uploads\/2022\/01\/publication-reliure.pdf\" rel=\"noopener\" target=\"_blank\">T\u00e9l\u00e9charger<\/a><\/td><td class=\"column-3\"><\/td><td class=\"column-4\"><\/td>\n<\/tr>\n<tr class=\"row-327 odd\">\n\t<td class=\"column-1\">AVIS D'APPEL PUBLIC A CANDIDATURE DE MARCHE PUBLIC DRP N\u00b0001-22\/AN\/PT\/SGA\/PRMP\/S-PRMP DU 24 MARS 2022<\/td><td class=\"column-2\"><a href=\"https:\/\/assemblee-nationale.bj\/wp-content\/uploads\/2022\/04\/AVIS-DRP-1-Fournitures-2022.pdf\" rel=\"noopener\" target=\"_blank\">T\u00e9l\u00e9charger<\/a><\/td><td class=\"column-3\"><\/td><td class=\"column-4\"><\/td>\n<\/tr>\n<tr class=\"row-328 even\">\n\t<td class=\"column-1\">AVIS D'APPEL PUBLIC A CANDIDATURE DE MARCHE PUBLIC DRP N\u00b0002-22\/AN\/PT\/SGA\/PRMP\/S-PRMP DU 05 AVRIL 2022<\/td><td class=\"column-2\"><a href=\"https:\/\/assemblee-nationale.bj\/wp-content\/uploads\/2022\/04\/AVIS-DRP-ENTRETIEN-ESPACES-VERTS.pdf\" rel=\"noopener\" target=\"_blank\">T\u00e9l\u00e9charger<\/a><\/td><td class=\"column-3\"><\/td><td class=\"column-4\"><\/td>\n<\/tr>\n<tr class=\"row-329 odd\">\n\t<td class=\"column-1\">AVIS DE PASSATION DES MARCHES DE SERVICES DAO N\u00b0001-21\/AN\/PT\/SGA\/PRMP\/S-PRMP DU 05 NOVEMBRE 2021<\/td><td class=\"column-2\"><a href=\"https:\/\/assemblee-nationale.bj\/wp-content\/uploads\/2021\/11\/AVIS-DAPPEL-DOFFRES.pdf\" rel=\"noopener\" target=\"_blank\">T\u00e9l\u00e9charger<\/a><\/td><td class=\"column-3\"><\/td><td class=\"column-4\"><\/td>\n<\/tr>\n<tr class=\"row-330 even\">\n\t<td class=\"column-1\">AVIS GENERAL DE PASSATION DES MARCHES GESTION 2020<\/td><td class=\"column-2\"><a href=\"https:\/\/assemblee-nationale.bj\/wp-content\/uploads\/2020\/05\/AVIS-GENERAL-DE-PPM.pdf\" rel=\"noopener\" target=\"_blank\">T\u00e9l\u00e9charger<\/a><\/td><td class=\"column-3\"><\/td><td class=\"column-4\"><\/td>\n<\/tr>\n<tr class=\"row-331 odd\">\n\t<td class=\"column-1\">AVIS GENERAL DE PASSATION DES MARCHES GESTION 2021<\/td><td class=\"column-2\"><a href=\"https:\/\/assemblee-nationale.bj\/wp-content\/uploads\/2021\/03\/Avis-g\u00e9n\u00e9ral-de-passation-des-march\u00e9s-2021.pdf\" rel=\"noopener\" target=\"_blank\">T\u00e9l\u00e9charger<\/a><\/td><td class=\"column-3\"><\/td><td class=\"column-4\"><\/td>\n<\/tr>\n<tr class=\"row-332 even\">\n\t<td class=\"column-1\">AVIS GENERAL DE PASSATION DES MARCHES GESTION 2022<\/td><td class=\"column-2\"><a href=\"https:\/\/assemblee-nationale.bj\/wp-content\/uploads\/2022\/01\/AVIS-GENERAL-DE-PASSATION-DES-MARCHES-PUBLICS-GESTION-2022.pdf\" rel=\"noopener\" target=\"_blank\">T\u00e9l\u00e9charger<\/a><\/td><td class=\"column-3\"><\/td><td class=\"column-4\"><\/td>\n<\/tr>\n<tr class=\"row-333 odd\">\n\t<td class=\"column-1\">LETTRE DE CONSULTATION DC N\u00b0002-21\/AN\/PT\/SGA\/PRMP\/S-PRMP DU 23 JUILLET 2021<\/td><td class=\"column-2\"><a href=\"https:\/\/assemblee-nationale.bj\/wp-content\/uploads\/2021\/09\/Lettre-de-consultation.pdf\" rel=\"noopener\" target=\"_blank\">T\u00e9l\u00e9charger<\/a><\/td><td class=\"column-3\"><\/td><td class=\"column-4\"><\/td>\n<\/tr>\n<tr class=\"row-334 even\">\n\t<td class=\"column-1\">LISTE DES CANDIDATS PRESELECTIONNES A LA TROISIEME MANDATURE DU PARLEMENT DES JEUNES DU BENIN (PJB 2020-2023)<\/td><td class=\"column-2\"><a href=\"https:\/\/assemblee-nationale.bj\/wp-content\/uploads\/2020\/11\/Liste-d\u00e9finitive-des-candidats-pr\u00e9s\u00e9lectionn\u00e9s-pour-le-test-de-recrutement-PJB-2020.pdf\" rel=\"noopener\" target=\"_blank\">T\u00e9l\u00e9charger<\/a><\/td><td class=\"column-3\"><\/td><td class=\"column-4\"><\/td>\n<\/tr>\n<tr class=\"row-335 odd\">\n\t<td class=\"column-1\">PLAN DE PASSATION DES MARCHES ASSEMBLEE NATIONALE 2021<\/td><td class=\"column-2\"><a href=\"https:\/\/assemblee-nationale.bj\/wp-content\/uploads\/2021\/03\/Plan-de-Passation-des-march\u00e9s-2021-Bon-\u00e0-publier.pdf\" rel=\"noopener\" target=\"_blank\">T\u00e9l\u00e9charger<\/a><\/td><td class=\"column-3\"><\/td><td class=\"column-4\"><\/td>\n<\/tr>\n<tr class=\"row-336 even\">\n\t<td class=\"column-1\">PLAN DE PASSATION DES MARCHES ASSEMBLEE NATIONALE 2022<\/td><td class=\"column-2\"><a href=\"https:\/\/assemblee-nationale.bj\/wp-content\/uploads\/2022\/02\/PPMP-2022.pdf\" rel=\"noopener\" target=\"_blank\">T\u00e9l\u00e9charger<\/a><\/td><td class=\"column-3\"><\/td><td class=\"column-4\"><\/td>\n<\/tr>\n<tr class=\"row-337 odd\">\n\t<td class=\"column-1\">PLAN REVISE VERSION 1 DE PASSATION DES MARCHES ASSEMBLEE NATIONALE 2022<\/td><td class=\"column-2\"><a href=\"https:\/\/assemblee-nationale.bj\/wp-content\/uploads\/2022\/03\/PPM-2022-Plan-r\u00e9vis\u00e9e.pdf\" rel=\"noopener\" target=\"_blank\">T\u00e9l\u00e9charger<\/a><\/td><td class=\"column-3\"><\/td><td class=\"column-4\"><\/td>\n<\/tr>\n<tr class=\"row-338 even\">\n\t<td class=\"column-1\">PLAN REVISE VERSION 4 DE PASSATION DES MARCHES ASSEMBLEE NATIONALE 2021<\/td><td class=\"column-2\"><a href=\"https:\/\/assemblee-nationale.bj\/wp-content\/uploads\/2021\/08\/PPM-2021-version-4-Vu-APROUVE-ET-VALIDE-PAR-LE-PAN.pdf\">T\u00e9l\u00e9charger<\/a><\/td><td class=\"column-3\"><\/td><td class=\"column-4\"><\/td>\n<\/tr>\n<tr class=\"row-339 odd\">\n\t<td class=\"column-1\">PLAN REVISE VERSION 6 DE PASSATION DES MARCHES ASSEMBLEE NATIONALE 2021<\/td><td class=\"column-2\"><a href=\"https:\/\/assemblee-nationale.bj\/wp-content\/uploads\/2021\/11\/PPM-V6.pdf\" rel=\"noopener\" target=\"_blank\">T\u00e9l\u00e9charger<\/a><\/td><td class=\"column-3\"><\/td><td class=\"column-4\"><\/td>\n<\/tr>\n<tr class=\"row-340 even\">\n\t<td class=\"column-1\">PROCES VERBAL D'ATTRIBUTION PROVISOIRE N\u00b0 002\/18\/06\/2020<\/td><td class=\"column-2\"><a href=\"https:\/\/assemblee-nationale.bj\/wp-content\/uploads\/2020\/06\/PV-attribution-provisoire-DRP-fournitures-AN-Juin-2020.pdf\" rel=\"noopener\" target=\"_blank\">T\u00e9l\u00e9charger<\/a><\/td><td class=\"column-3\"><\/td><td class=\"column-4\"><\/td>\n<\/tr>\n<tr class=\"row-341 odd\">\n\t<td class=\"column-1\">PROCES VERBAL D'ATTRIBUTION PROVISOIRE N\u00b0 003\/29\/06\/2020<\/td><td class=\"column-2\"><a href=\"https:\/\/assemblee-nationale.bj\/wp-content\/uploads\/2020\/07\/PV-dattribution-provisoire-fournitures-Lot-2-Juin-2020.pdf\" rel=\"noopener\" target=\"_blank\">T\u00e9l\u00e9charger<\/a><\/td><td class=\"column-3\"><\/td><td class=\"column-4\"><\/td>\n<\/tr>\n<tr class=\"row-342 even\">\n\t<td class=\"column-1\">PROCES VERBAL D'ATTRIBUTION PROVISOIRE N\u00b0 001\/19\/05\/2021<\/td><td class=\"column-2\"><a href=\"https:\/\/assemblee-nationale.bj\/wp-content\/uploads\/2021\/06\/pv-vehicules.pdf\" rel=\"noopener\" target=\"_blank\">T\u00e9l\u00e9charger<\/a><\/td><td class=\"column-3\"><\/td><td class=\"column-4\"><\/td>\n<\/tr>\n<tr class=\"row-343 odd\">\n\t<td class=\"column-1\">PROCES VERBAL D'ATTRIBUTION PROVISOIRE N\u00b0 005\/21\/05\/2021<\/td><td class=\"column-2\"><a href=\"https:\/\/assemblee-nationale.bj\/wp-content\/uploads\/2021\/06\/pv-espaces-verts.pdf\" rel=\"noopener\" target=\"_blank\">T\u00e9l\u00e9charger<\/a><\/td><td class=\"column-3\"><\/td><td class=\"column-4\"><\/td>\n<\/tr>\n<tr class=\"row-344 even\">\n\t<td class=\"column-1\">PROCES VERBAL D'ATTRIBUTION PROVISOIRE N\u00b0 004\/25\/05\/2021<\/td><td class=\"column-2\"><a href=\"https:\/\/assemblee-nationale.bj\/wp-content\/uploads\/2021\/06\/pv-covid.pdf\" rel=\"noopener\" target=\"_blank\">T\u00e9l\u00e9charger<\/a><\/td><td class=\"column-3\"><\/td><td class=\"column-4\"><\/td>\n<\/tr>\n<tr class=\"row-345 odd\">\n\t<td class=\"column-1\">PROCES VERBAL D'ATTRIBUTION PROVISOIRE N\u00b0 003\/21\/05\/2021<\/td><td class=\"column-2\"><a href=\"https:\/\/assemblee-nationale.bj\/wp-content\/uploads\/2021\/06\/pv-antivirus1.pdf\" rel=\"noopener\" target=\"_blank\">T\u00e9l\u00e9charger<\/a><\/td><td class=\"column-3\"><\/td><td class=\"column-4\"><\/td>\n<\/tr>\n<tr class=\"row-346 even\">\n\t<td class=\"column-1\">PROCES VERBAL D'ATTRIBUTION PROVISOIRE N\u00b0 002\/24\/06\/2021<\/td><td class=\"column-2\"><a href=\"https:\/\/assemblee-nationale.bj\/wp-content\/uploads\/2021\/07\/pv-attribution-DRP-OO2.pdf\" rel=\"noopener\" target=\"_blank\">T\u00e9l\u00e9charger<\/a><\/td><td class=\"column-3\"><\/td><td class=\"column-4\"><\/td>\n<\/tr>\n<tr class=\"row-347 odd\">\n\t<td class=\"column-1\">PROCES VERBAL D'ATTRIBUTION PROVISOIRE N\u00b0 002\/02\/08\/2021<\/td><td class=\"column-2\"><a href=\"https:\/\/assemblee-nationale.bj\/wp-content\/uploads\/2021\/09\/PV-attribution-internet-PAN.pdf\" rel=\"noopener\" target=\"_blank\">T\u00e9l\u00e9charger<\/a><\/td><td class=\"column-3\"><\/td><td class=\"column-4\"><\/td>\n<\/tr>\n<tr class=\"row-348 even\">\n\t<td class=\"column-1\">PROCES VERBAL D'ATTRIBUTION PROVISOIRE N\u00b0 007\/25\/08\/2021<\/td><td class=\"column-2\"><a href=\"https:\/\/assemblee-nationale.bj\/wp-content\/uploads\/2021\/11\/PV-ATTRIBUTION-DRP-007.pdf\" rel=\"noopener\" target=\"_blank\">T\u00e9l\u00e9charger<\/a><\/td><td class=\"column-3\"><\/td><td class=\"column-4\"><\/td>\n<\/tr>\n<tr class=\"row-349 odd\">\n\t<td class=\"column-1\">PROCES VERBAL D'ATTRIBUTION PROVISOIRE N\u00b0 001\/08\/12\/2021<\/td><td class=\"column-2\"><a href=\"https:\/\/assemblee-nationale.bj\/wp-content\/uploads\/2022\/01\/pv-attribution-provisoire-.pdf\" rel=\"noopener\" target=\"_blank\">T\u00e9l\u00e9charger<\/a><\/td><td class=\"column-3\"><\/td><td class=\"column-4\"><\/td>\n<\/tr>\n<tr class=\"row-350 even\">\n\t<td class=\"column-1\">PROCES VERBAL D'ATTRIBUTION PROVISOIRE N\u00b0 008-21\/06\/01\/2022<\/td><td class=\"column-2\"><a href=\"https:\/\/assemblee-nationale.bj\/wp-content\/uploads\/2022\/01\/PV-ATTRIBUTION-RELIURE.pdf\" rel=\"noopener\" target=\"_blank\">T\u00e9l\u00e9charger<\/a><\/td><td class=\"column-3\"><\/td><td class=\"column-4\"><\/td>\n<\/tr>\n<tr class=\"row-351 odd\">\n\t<td class=\"column-1\">PROCES VERBAL D'ATTRIBUTION PROVISOIRE N\u00b0001-22\/AN\/PT\/SGA\/PRMP\/S-PRMP DU 24 MARS 2022<\/td><td class=\"column-2\"><a href=\"https:\/\/assemblee-nationale.bj\/wp-content\/uploads\/2022\/04\/PV-DATTRIBUTION-PROVISOIRE-DRPN\u00b0001-22.pdf\" rel=\"noopener\" target=\"_blank\">T\u00e9l\u00e9charger<\/a><\/td><td class=\"column-3\"><\/td><td class=\"column-4\"><\/td>\n<\/tr>\n<tr class=\"row-352 even\">\n\t<td class=\"column-1\">PROCES VERBAL D'OUVERTURE DES OFFRES DAO N\u00b0001-22\/AN\/PT\/SGA\/PRMP\/S-PRMP DU 07 MARS 2022<\/td><td class=\"column-2\"><a href=\"https:\/\/assemblee-nationale.bj\/wp-content\/uploads\/2022\/04\/PV-DOUVERTURE-DAO-ENTRETIEN-BATIMENTS.pdf\" rel=\"noopener\" target=\"_blank\">T\u00e9lecharger<\/a><\/td><td class=\"column-3\"><\/td><td class=\"column-4\"><\/td>\n<\/tr>\n<tr class=\"row-353 odd\">\n\t<td class=\"column-1\">PROCES VERBAL D'OUVERTURE DES OFFRES DRP N\u00b0001-22\/AN\/PT\/SGA\/PRMP\/S-PRMP DU 24 MARS 2022<\/td><td class=\"column-2\"><a href=\"https:\/\/assemblee-nationale.bj\/wp-content\/uploads\/2022\/04\/PV-OUVERTURE-DRP-FOURNITURES-2022.pdf\" rel=\"noopener\" target=\"_blank\">T\u00e9lecharger<\/a><\/td><td class=\"column-3\"><\/td><td class=\"column-4\"><\/td>\n<\/tr>\n<tr class=\"row-354 even\">\n\t<td class=\"column-1\">PROCES VERBAL D'OUVERTURE DES OFFRES DRP N\u00b0002-22\/AN\/PT\/SGA\/PRMP\/S-PRMP DU 05 AVRIL 2022<\/td><td class=\"column-2\"><a href=\"https:\/\/assemblee-nationale.bj\/wp-content\/uploads\/2022\/04\/PV-OUVERTURE-DRP-002-2022.pdf\" rel=\"noopener\" target=\"_blank\">T\u00e9l\u00e9charger<\/a><\/td><td class=\"column-3\"><\/td><td class=\"column-4\"><\/td>\n<\/tr>\n<tr class=\"row-355 odd\">\n\t<td class=\"column-1\">PROCES VERBAL D'OUVERTURE DES OFFRES N\u00b0 001\/29\/05\/2020<\/td><td class=\"column-2\"><a href=\"https:\/\/assemblee-nationale.bj\/wp-content\/uploads\/2020\/06\/PV-Ouverture-DRP-Fournitures-Mai-2020.pdf\" rel=\"noopener\" target=\"_blank\">T\u00e9l\u00e9charger<\/a><\/td><td class=\"column-3\"><\/td><td class=\"column-4\"><\/td>\n<\/tr>\n<tr class=\"row-356 even\">\n\t<td class=\"column-1\">PROCES VERBAL D'OUVERTURE DES OFFRES N\u00b0 003\/14\/05\/2021<\/td><td class=\"column-2\"><a href=\"https:\/\/assemblee-nationale.bj\/wp-content\/uploads\/2021\/06\/pv-antivirus.pdf\">T\u00e9l\u00e9charger<\/a><\/td><td class=\"column-3\"><\/td><td class=\"column-4\"><\/td>\n<\/tr>\n<tr class=\"row-357 odd\">\n\t<td class=\"column-1\">PROCES VERBAL D'OUVERTURE DES OFFRES N\u00b0 005\/14\/05\/2021<\/td><td class=\"column-2\"><a href=\"https:\/\/assemblee-nationale.bj\/wp-content\/uploads\/2021\/06\/pv-espaces-vert.pdf\">T\u00e9l\u00e9charger<\/a><\/td><td class=\"column-3\"><\/td><td class=\"column-4\"><\/td>\n<\/tr>\n<tr class=\"row-358 even\">\n\t<td class=\"column-1\">PROCES VERBAL D'OUVERTURE DES OFFRES N\u00b0 001\/12\/05\/2021<\/td><td class=\"column-2\"><a href=\"https:\/\/assemblee-nationale.bj\/wp-content\/uploads\/2021\/06\/PV-V\u00e9hicules.pdf\">T\u00e9l\u00e9charger<\/a><\/td><td class=\"column-3\"><\/td><td class=\"column-4\"><\/td>\n<\/tr>\n<tr class=\"row-359 odd\">\n\t<td class=\"column-1\">PROCES VERBAL D'OUVERTURE DES OFFRES N\u00b0 004\/14\/05\/2021<\/td><td class=\"column-2\"><a href=\"https:\/\/assemblee-nationale.bj\/wp-content\/uploads\/2021\/06\/PV-ouverture-COVID-19.pdf\">T\u00e9l\u00e9charger<\/a><\/td><td class=\"column-3\"><\/td><td class=\"column-4\"><\/td>\n<\/tr>\n<tr class=\"row-360 even\">\n\t<td class=\"column-1\">PROCES VERBAL D'OUVERTURE DES OFFRES N\u00b0 002\/18\/05\/2021<\/td><td class=\"column-2\"><a href=\"https:\/\/assemblee-nationale.bj\/wp-content\/uploads\/2021\/06\/PV-douverture-entretien-copieurs-clims-GE.pdf\">T\u00e9l\u00e9charger<\/a><\/td><td class=\"column-3\"><\/td><td class=\"column-4\"><\/td>\n<\/tr>\n<tr class=\"row-361 odd\">\n\t<td class=\"column-1\">PROCES VERBAL D'OUVERTURE DES OFFRES N\u00b0 006\/28\/07\/2021<\/td><td class=\"column-2\"><a href=\"https:\/\/assemblee-nationale.bj\/wp-content\/uploads\/2021\/08\/PV-douverture-DRP-006.pdf\" rel=\"noopener\" target=\"_blank\">T\u00e9l\u00e9charger<\/a><\/td><td class=\"column-3\"><\/td><td class=\"column-4\"><\/td>\n<\/tr>\n<tr class=\"row-362 even\">\n\t<td class=\"column-1\">PROCES VERBAL D'OUVERTURE DES OFFRES N\u00b0 007\/17\/08\/2021<\/td><td class=\"column-2\"><a href=\"https:\/\/assemblee-nationale.bj\/wp-content\/uploads\/2021\/08\/Proc\u00e8s-verbal-douverture-des-plis-n\u00b0007_17_08_2021.pdf\" rel=\"noopener\" target=\"_blank\">T\u00e9l\u00e9charger<\/a><\/td><td class=\"column-3\"><\/td><td class=\"column-4\"><\/td>\n<\/tr>\n<tr class=\"row-363 odd\">\n\t<td class=\"column-1\">PROCES VERBAL D'OUVERTURE DES OFFRES N\u00b0 006\/26\/08\/2021 RELANCE<\/td><td class=\"column-2\"><a href=\"https:\/\/assemblee-nationale.bj\/wp-content\/uploads\/2021\/09\/PV-ouverture-groupes-\u00e9lectrog\u00e8nes-relance.pdf\" rel=\"noopener\" target=\"_blank\">T\u00e9l\u00e9charger<\/a><\/td><td class=\"column-3\"><\/td><td class=\"column-4\"><\/td>\n<\/tr>\n<tr class=\"row-364 even\">\n\t<td class=\"column-1\">PROCES VERBAL D'OUVERTURE DES OFFRES N\u00b0 002\/30\/07\/2021<\/td><td class=\"column-2\"><a href=\"https:\/\/assemblee-nationale.bj\/wp-content\/uploads\/2021\/09\/PV-douverture-internet-PAN.pdf\" rel=\"noopener\" target=\"_blank\">T\u00e9l\u00e9charger<\/a><\/td><td class=\"column-3\"><\/td><td class=\"column-4\"><\/td>\n<\/tr>\n<tr class=\"row-365 odd\">\n\t<td class=\"column-1\">PROCES VERBAL D'OUVERTURE DES OFFRES N\u00b0 001\/29\/11\/2021<\/td><td class=\"column-2\"><a href=\"https:\/\/assemblee-nationale.bj\/wp-content\/uploads\/2021\/12\/PV-dOuverture-n\u00b0001-du-29-11.pdf\" rel=\"noopener\" target=\"_blank\">T\u00e9l\u00e9charger<\/a><\/td><td class=\"column-3\"><\/td><td class=\"column-4\"><\/td>\n<\/tr>\n<tr class=\"row-366 even\">\n\t<td class=\"column-1\">PROCES VERBAL D'OUVERTURE DES OFFRES N\u00b0 008-21\/04\/01\/2022<\/td><td class=\"column-2\"><a href=\"https:\/\/assemblee-nationale.bj\/wp-content\/uploads\/2022\/01\/PV-Ouverture-reliure.pdf\" rel=\"noopener\" target=\"_blank\">T\u00e9l\u00e9charger<\/a><\/td><td class=\"column-3\"><\/td><td class=\"column-4\"><\/td>\n<\/tr>\n<tr class=\"row-367 odd\">\n\t<td class=\"column-1\"><\/td><td class=\"column-2\"><\/td><td class=\"column-3\"><\/td><td class=\"column-4\"><\/td>\n<\/tr>\n<\/tbody>\n<\/table>\n<!-- #tablepress-58 from cache -->\n<\/div>\n\t\t<\/div><\/div><div id=\"pgc-878-2-2\"  class=\"panel-grid-cell panel-grid-cell-empty\" ><\/div><\/div><\/div><div id=\"pg-878-3\"  class=\"panel-grid panel-has-style\" ><div class=\"panel-row-style panel-row-style-for-878-3\" ><div id=\"pgc-878-3-0\"  class=\"panel-grid-cell\" ><div id=\"panel-878-3-0-0\" class=\"so-panel widget widget_text panel-first-child panel-last-child\" data-index=\"5\" >\t\t\t<div class=\"textwidget\"><p>&nbsp;<\/p>\n<p>&nbsp;<\/p>\n<\/div>\n\t\t<\/div><\/div><\/div><\/div><\/div>","protected":false},"excerpt":{"rendered":"<p>Espace de t\u00e9l\u00e9chargement &nbsp; &nbsp;<\/p>\n","protected":false},"author":10,"featured_media":0,"parent":1473,"menu_order":0,"comment_status":"closed","ping_status":"closed","template":"","meta":{"footnotes":""},"categories":[1],"tags":[],"class_list":["post-878","page","type-page","status-publish","hentry","category-uncategorized"],"_links":{"self":[{"href":"https:\/\/assemblee-nationale.bj\/index.php\/wp-json\/wp\/v2\/pages\/878","targetHints":{"allow":["GET"]}}],"collection":[{"href":"https:\/\/assemblee-nationale.bj\/index.php\/wp-json\/wp\/v2\/pages"}],"about":[{"href":"https:\/\/assemblee-nationale.bj\/index.php\/wp-json\/wp\/v2\/types\/page"}],"author":[{"embeddable":true,"href":"https:\/\/assemblee-nationale.bj\/index.php\/wp-json\/wp\/v2\/users\/10"}],"replies":[{"embeddable":true,"href":"https:\/\/assemblee-nationale.bj\/index.php\/wp-json\/wp\/v2\/comments?post=878"}],"version-history":[{"count":3,"href":"https:\/\/assemblee-nationale.bj\/index.php\/wp-json\/wp\/v2\/pages\/878\/revisions"}],"predecessor-version":[{"id":1776,"href":"https:\/\/assemblee-nationale.bj\/index.php\/wp-json\/wp\/v2\/pages\/878\/revisions\/1776"}],"up":[{"embeddable":true,"href":"https:\/\/assemblee-nationale.bj\/index.php\/wp-json\/wp\/v2\/pages\/1473"}],"wp:attachment":[{"href":"https:\/\/assemblee-nationale.bj\/index.php\/wp-json\/wp\/v2\/media?parent=878"}],"wp:term":[{"taxonomy":"category","embeddable":true,"href":"https:\/\/assemblee-nationale.bj\/index.php\/wp-json\/wp\/v2\/categories?post=878"},{"taxonomy":"post_tag","embeddable":true,"href":"https:\/\/assemblee-nationale.bj\/index.php\/wp-json\/wp\/v2\/tags?post=878"}],"curies":[{"name":"wp","href":"https:\/\/api.w.org\/{rel}","templated":true}]}}